{"id":9766,"date":"2022-03-04T16:57:07","date_gmt":"2022-03-04T16:57:07","guid":{"rendered":"https:\/\/theartoftastingportugal.com\/experiencias-2\/"},"modified":"2023-03-01T17:09:09","modified_gmt":"2023-03-01T17:09:09","slug":"experiencias","status":"publish","type":"page","link":"https:\/\/theartoftastingportugal.com\/en\/experiencias\/","title":{"rendered":"Gastronomic Experiences"},"content":{"rendered":"<!--themify_builder_content-->\n<div id=\"themify_builder_content-9766\" data-postid=\"9766\" class=\"themify_builder_content themify_builder_content-9766 themify_builder tf_clear\">\n    \t<!-- module_row -->\n\t<div  data-css_id=\"qmcy27\" data-lazy=\"1\" class=\"module_row themify_builder_row banner-default text-center experiencias fullcover fullwidth tb_qmcy27 tb_first tf_clearfix\" >\n\t    <div class=\"tf_abs builder_row_cover\"><\/div>\t\t<div class=\"row_inner col_align_middle tf_box tf_w tf_rel\">\n\t\t\t<div  data-lazy=\"1\" class=\"module_column tb-column col-full first tb_hol627 tf_box\">\n\t    \t    \t        <div class=\"tb-column-inner tf_box tf_w\">\n\t\t    <!-- module fancy heading -->\n<div  class=\"module module-fancy-heading tb_k23a27  tb_hide_divider\" data-lazy=\"1\">\n        <h1 class=\"fancy-heading\">\n    <span  class=\"main-head tf_block\">\n\t\t\t\t\tGastronomic\t\t    <\/span>\n    <span class=\"sub-head tf_block tf_rel\">\n\t\t\t\t\tExperiences\t\t    <\/span>\n    <\/h1>\n<\/div>\n<!-- \/module fancy heading -->\n\t        <\/div>\n\t    \t<\/div>\n\t\t    <\/div>\n\t    <!-- \/row_inner -->\n\t<\/div>\n\t<!-- \/module_row -->\n\t\t<!-- module_row -->\n\t<div  data-css_id=\"3mm917\" data-lazy=\"1\" class=\"module_row themify_builder_row fullwidth tb_3mm917 tf_clearfix\" >\n\t    \t\t<div class=\"row_inner col_align_top tf_box tf_w tf_rel\">\n\t\t\t<div  data-lazy=\"1\" class=\"module_column tb-column col-full first tb_z77h18 tf_box\">\n\t    \t    \t        <div class=\"tb-column-inner tf_box tf_w\">\n\t\t    <!-- module menu -->\n<div  class=\"module module-menu tb_pi9f18 sticky-menu-default mobile-menu-slide tf_textc\" data-menu-style=\"mobile-menu-slide\" data-menu-breakpoint=\"0\" data-element-id=\"tb_pi9f18\" data-lazy=\"1\" data-sticky-active=\"{&quot;d&quot;:{&quot;stick&quot;:{&quot;v&quot;:&quot;103&quot;}},&quot;tl&quot;:{&quot;stick&quot;:{&quot;v&quot;:&quot;90&quot;}},&quot;t&quot;:{&quot;stick&quot;:{&quot;v&quot;:&quot;65&quot;}},&quot;m&quot;:{&quot;stick&quot;:{&quot;v&quot;:&quot;65&quot;}}}\">\n    \t\n\t<div class=\"module-menu-container tf_textc\"><ul id=\"menu-menu-experiencias-en\" class=\"ui tf_clearfix nav tf_rel fullwidth tb_default_color \"><li id=\"menu-item-12452\" class=\"menu-item-product_cat-830 menu-item menu-item-type-taxonomy menu-item-object-product_cat menu-item-12452\"><a href=\"https:\/\/theartoftastingportugal.com\/en\/product-category\/region\/azores\/\">Azores<\/a><\/li>\n<li id=\"menu-item-12451\" class=\"menu-item-product_cat-831 menu-item menu-item-type-taxonomy menu-item-object-product_cat menu-item-12451\"><a href=\"https:\/\/theartoftastingportugal.com\/en\/product-category\/region\/alentejo-and-ribatejo\/\">Alentejo and Ribatejo<\/a><\/li>\n<li id=\"menu-item-12454\" class=\"menu-item-product_cat-832 menu-item menu-item-type-taxonomy menu-item-object-product_cat menu-item-12454\"><a href=\"https:\/\/theartoftastingportugal.com\/en\/product-category\/region\/algarve-en\/\">Algarve<\/a><\/li>\n<li id=\"menu-item-12453\" class=\"menu-item-product_cat-833 menu-item menu-item-type-taxonomy menu-item-object-product_cat menu-item-12453\"><a href=\"https:\/\/theartoftastingportugal.com\/en\/product-category\/region\/center\/\">Center<\/a><\/li>\n<li id=\"menu-item-12449\" class=\"menu-item-product_cat-838 menu-item menu-item-type-taxonomy menu-item-object-product_cat menu-item-12449\"><a href=\"https:\/\/theartoftastingportugal.com\/en\/product-category\/region\/lisbon\/\">Lisbon<\/a><\/li>\n<li id=\"menu-item-12455\" class=\"menu-item-product_cat-834 menu-item menu-item-type-taxonomy menu-item-object-product_cat menu-item-12455\"><a href=\"https:\/\/theartoftastingportugal.com\/en\/product-category\/region\/madeira-en\/\">Madeira<\/a><\/li>\n<li id=\"menu-item-12450\" class=\"menu-item-product_cat-839 menu-item menu-item-type-taxonomy menu-item-object-product_cat menu-item-12450\"><a href=\"https:\/\/theartoftastingportugal.com\/en\/product-category\/region\/oporto-and-north\/\">Oporto and North<\/a><\/li>\n<\/ul><\/div>\t\t<style>\n\t\t\t.mobile-menu-module[data-module=\"tb_pi9f18\"] {\n\t\t\t\tright: -300px;\n\t\t\t}\n\t\t<\/style>\n\t<\/div>\n<!-- \/module menu -->\n\t        <\/div>\n\t    \t<\/div>\n\t\t    <\/div>\n\t    <!-- \/row_inner -->\n\t<\/div>\n\t<!-- \/module_row -->\n\t\t<!-- module_row -->\n\t<div  data-lazy=\"1\" class=\"module_row themify_builder_row tb_tbqa741 tf_clearfix\" >\n\t    \t\t<div class=\"row_inner col_align_top tf_box tf_w tf_rel\">\n\t\t\t<div  data-lazy=\"1\" class=\"module_column tb-column col-full first tb_c0jw741 tf_box\">\n\t    \t    \t        <div class=\"tb-column-inner tf_box tf_w\">\n\t\t    <!-- module plain text -->\n<div  class=\"module module-plain-text tb_ij46935 intro-text-regioes\" data-lazy=\"1\">\n        <div class=\"tb_text_wrap\">\n\t<p>Discover our country through the hands of Chefs, the true ambassadors of portuguese gastronomy. The gastronomic experiences unite the best products with the most renowned chefs, and make known the essence of our territory..<\/p>\n\n<div class=\"divider-wrap\">\n<div class=\"divider-vertical\"><\/div>\n<\/div>    <\/div>\n<\/div>\n<!-- \/module plain text -->\t        <\/div>\n\t    \t<\/div>\n\t\t    <\/div>\n\t    <!-- \/row_inner -->\n\t<\/div>\n\t<!-- \/module_row -->\n\t\t<!-- module_row -->\n\t<div  data-css_id=\"ns1r833\" data-lazy=\"1\" class=\"module_row themify_builder_row experiencias-slider-wrap repeat fullwidth tb_ns1r833 tf_clearfix\" >\n\t    \t\t<div class=\"row_inner col_align_top tf_box tf_w tf_rel\">\n\t\t\t<div  data-lazy=\"1\" class=\"module_column tb-column col-full first tb_82f3833 tf_box\">\n\t    \t    \t        <div class=\"tb-column-inner tf_box tf_w\">\n\t\t    <!-- module fancy heading -->\n<div  class=\"module module-fancy-heading tb_57gj834  tb_hide_divider\" data-lazy=\"1\">\n        <h2 class=\"fancy-heading tf_textc\">\n    <span  class=\"main-head tf_block\">\n\t\t\t\t\tOporto and North\t\t    <\/span>\n    <span class=\"sub-head tf_block tf_rel\">\n\t\t\t\t\t\t\t    <\/span>\n    <\/h2>\n<\/div>\n<!-- \/module fancy heading -->\n\n\t<div  id=\"tb_dscu320\" class=\"module woocommerce module-products tb_dscu320   themify_builder_slider_vertical\" data-lazy=\"1\">\n\t\t\t\t\t<div  data-visible=\"4\" data-tbreakpoints=\"1024\" data-mob-visible=\"1\" data-mbreakpoints=\"600\" data-scroll=\"1\" data-speed=\"1\" data-wrapvar=\"0\" data-slider_nav=\"1\" data-pager=\"0\" data-effect=\"scroll\" data-height=\"auto\" data-css_url=\"https:\/\/theartoftastingportugal.com\/wp-content\/plugins\/builder-woocommerce\/assets\/modules\/slider.css,https:\/\/theartoftastingportugal.com\/wp-content\/themes\/themify-ultra\/themify\/themify-builder\/css\/modules\/sliders\/carousel.css\" data-nav_out=\"1\" class=\"loops-wrapper products wc-products tf_swiper-container tf_carousel tf_rel tf_overflow slider-default classic tf_clearfix\" data-lazy=\"1\">\n\t\t\t\t\t\t\t<ul class=\"tf_swiper-wrapper tf_lazy tf_rel tf_w tf_h\">\n\t\t\t\t\t\t\t\t\t\t\t\t\t\t<li class=\"post tf_swiper-slide slide-wrap tf_lazy has-post-title has-post-date no-post-category no-post-tag has-post-comment has-post-author product type-product post-9803 status-publish instock product_cat-oporto-and-north has-post-thumbnail shipping-taxable purchasable product-type-phive_booking\">\n\t\t\t\t\t\t\t\t\t\t\t\t\t\t\t<div class=\"slide-inner-wrap\">\n\t\t\t\t\t\t\t\t\t\t\t\t\t\t\t\n\t\t\t\t\t\t\t\t\t\t\t\t\t\t\t\t\t\t\t\t\t\t\t\t\t\t<figure class=\"post-image\">\n            \t<a href=\"https:\/\/theartoftastingportugal.com\/en\/product\/intimate-kitchen-with-chef-rui-paula\/\" title=\"Intimate kitchen with Chef Rui Paula\"><img src=\"data:image\/svg+xml;charset=UTF-8,%3Csvg%20xmlns%3D%22http%3A%2F%2Fwww.w3.org%2F2000%2Fsvg%22%20width%3D%22450%22%20height%3D%22450%22%3E%3Cg%20fill%3D%22%23d7d6d4%22%3E%3Crect%20width%3D%22150%22%20height%3D%22150%22%2F%3E%3Crect%20width%3D%22150%22%20height%3D%22150%22%20fill%3D%22%23f9fbfa%22%20x%3D%22150%22%2F%3E%3Crect%20width%3D%22150%22%20height%3D%22150%22%20fill%3D%22%239b918f%22%20x%3D%22300%22%2F%3E%3Crect%20width%3D%22150%22%20height%3D%22150%22%20fill%3D%22%23f2f2f2%22%20y%3D%22150%22%2F%3E%3Crect%20width%3D%22150%22%20height%3D%22150%22%20fill%3D%22%23f4f2f3%22%20x%3D%22150%22%20y%3D%22150%22%2F%3E%3Crect%20width%3D%22150%22%20height%3D%22150%22%20fill%3D%22%23a67660%22%20x%3D%22300%22%20y%3D%22150%22%2F%3E%3Crect%20width%3D%22150%22%20height%3D%22150%22%20fill%3D%22%23e17575%22%20y%3D%22300%22%2F%3E%3Crect%20width%3D%22150%22%20height%3D%22150%22%20fill%3D%22%23d8d6d9%22%20x%3D%22150%22%20y%3D%22300%22%2F%3E%3Crect%20width%3D%22150%22%20height%3D%22150%22%20fill%3D%22%23cdcbce%22%20x%3D%22300%22%20y%3D%22300%22%2F%3E%3C%2Fg%3E%3C%2Fsvg%3E\" decoding=\"async\" data-lazy=\"1\" loading=\"lazy\" data-tf-src=\"https:\/\/theartoftastingportugal.com\/wp-content\/uploads\/2021\/01\/rui-paula-3-450x450.jpg\" width=\"450\" height=\"450\" class=\"tf_svg_lazy wp-post-image wp-image-7039\" title=\"rui-paula-3\" alt=\"rui-paula-3\" data-tf-srcset=\"https:\/\/theartoftastingportugal.com\/wp-content\/uploads\/2021\/01\/rui-paula-3-450x450.jpg 450w, https:\/\/theartoftastingportugal.com\/wp-content\/uploads\/2021\/01\/rui-paula-3-300x300.jpg 300w, https:\/\/theartoftastingportugal.com\/wp-content\/uploads\/2021\/01\/rui-paula-3-100x100.jpg 100w, https:\/\/theartoftastingportugal.com\/wp-content\/uploads\/2021\/01\/rui-paula-3-600x600.jpg 600w, https:\/\/theartoftastingportugal.com\/wp-content\/uploads\/2021\/01\/rui-paula-3-150x150.jpg 150w, https:\/\/theartoftastingportugal.com\/wp-content\/uploads\/2021\/01\/rui-paula-3-768x768.jpg 768w, https:\/\/theartoftastingportugal.com\/wp-content\/uploads\/2021\/01\/rui-paula-3-360x360.jpg 360w, https:\/\/theartoftastingportugal.com\/wp-content\/uploads\/2021\/01\/rui-paula-3-365x365.jpg 365w, https:\/\/theartoftastingportugal.com\/wp-content\/uploads\/2021\/01\/rui-paula-3.jpg 1000w\" data-tf-sizes=\"(max-width: 450px) 100vw, 450px\" \/><noscript><img loading=\"lazy\" data-tf-not-load src=\"https:\/\/theartoftastingportugal.com\/wp-content\/uploads\/2021\/01\/rui-paula-3-450x450.jpg\" width=\"450\" height=\"450\" class=\"wp-post-image wp-image-7039\" title=\"rui-paula-3\" alt=\"rui-paula-3\" srcset=\"https:\/\/theartoftastingportugal.com\/wp-content\/uploads\/2021\/01\/rui-paula-3-450x450.jpg 450w, https:\/\/theartoftastingportugal.com\/wp-content\/uploads\/2021\/01\/rui-paula-3-300x300.jpg 300w, https:\/\/theartoftastingportugal.com\/wp-content\/uploads\/2021\/01\/rui-paula-3-100x100.jpg 100w, https:\/\/theartoftastingportugal.com\/wp-content\/uploads\/2021\/01\/rui-paula-3-600x600.jpg 600w, https:\/\/theartoftastingportugal.com\/wp-content\/uploads\/2021\/01\/rui-paula-3-150x150.jpg 150w, https:\/\/theartoftastingportugal.com\/wp-content\/uploads\/2021\/01\/rui-paula-3-768x768.jpg 768w, https:\/\/theartoftastingportugal.com\/wp-content\/uploads\/2021\/01\/rui-paula-3-360x360.jpg 360w, https:\/\/theartoftastingportugal.com\/wp-content\/uploads\/2021\/01\/rui-paula-3-365x365.jpg 365w, https:\/\/theartoftastingportugal.com\/wp-content\/uploads\/2021\/01\/rui-paula-3.jpg 1000w\" sizes=\"(max-width: 450px) 100vw, 450px\" \/><\/noscript><\/a>\n    <\/figure>\t\t\t\t\t\t\t\t\t<div class=\"info-experiencias\">Le\u00e7a da Palmeira | 2-6 people<\/div>\t\t\t\t\t\t\t\t\n\t\t\t\t\t\t\t\t<div class=\"post-content\">\n\t\t\t\t\t\t\t\t\t\t\t\t\t\t\t\t\t\t\n\t\t\t\t\t\t\t\t\t\t\t\t\t\t\t\t\t\t\t\t\t\t\t\t\t\t\t\t\t\t\t\t\t\t\t\t\t\t<h3 class=\"woocommerce-loop-product__title\">\n\t\t\t\t\t\t\t\t\t\t\t\t\t\t\t\t\t\t\t\t\t\t\t<a href=\"https:\/\/theartoftastingportugal.com\/en\/product\/intimate-kitchen-with-chef-rui-paula\/\" title=\"Intimate kitchen with Chef Rui Paula\">\n\t\t\t\t\t\t\t\t\t\t\t\t\n\t\t\t\t\t\t\t\t\t\t\t\tIntimate kitchen with Chef Rui Paula\n\t\t\t\t\t\t\t\t\t\t\t\t\t\t\t\t\t\t\t\t\t\t\t\t<\/a>\n\t\t\t\t\t\t\t\t\t\t\t\t\t\t\t\t\t\t\t\t\t<\/h3>\n\t\t\t\t\t\t\t\t\t\t\t\t\t\t\t\t\t\t\t  \n\n\t\t\t\t\t\t\t\t\t\t\t\t\t\t\t\t\t<\/div>\n\t\t\t\t\t\t\t\t\t\t\t\t\t<\/div>\n\t\t\t\t\t\t\t\t\t\t\t\t<\/li>\n\t\t\t\t\t\t\t\t\t\t\t\t<li class=\"post tf_swiper-slide slide-wrap tf_lazy has-post-title has-post-date no-post-category no-post-tag has-post-comment has-post-author product type-product post-9827 status-publish instock product_cat-oporto-and-north has-post-thumbnail shipping-taxable purchasable product-type-phive_booking\">\n\t\t\t\t\t\t\t\t\t\t\t\t\t\t\t<div class=\"slide-inner-wrap\">\n\t\t\t\t\t\t\t\t\t\t\t\t\t\t\t\n\t\t\t\t\t\t\t\t\t\t\t\t\t\t\t\t\t\t\t\t\t\t\t\t\t\t<figure class=\"post-image\">\n            \t<a href=\"https:\/\/theartoftastingportugal.com\/en\/product\/covelas-farm\/\" title=\"Covela&#8217;s Farm\"><img src=\"data:image\/svg+xml;charset=UTF-8,%3Csvg%20xmlns%3D%22http%3A%2F%2Fwww.w3.org%2F2000%2Fsvg%22%20width%3D%22450%22%20height%3D%22450%22%3E%3Cg%20fill%3D%22%232f628d%22%3E%3Crect%20width%3D%22150%22%20height%3D%22150%22%2F%3E%3Crect%20width%3D%22150%22%20height%3D%22150%22%20fill%3D%22%2387a6c3%22%20x%3D%22150%22%2F%3E%3Crect%20width%3D%22150%22%20height%3D%22150%22%20fill%3D%22%235d7c99%22%20x%3D%22300%22%2F%3E%3Crect%20width%3D%22150%22%20height%3D%22150%22%20fill%3D%22%23738585%22%20y%3D%22150%22%2F%3E%3Crect%20width%3D%22150%22%20height%3D%22150%22%20fill%3D%22%23b1d0c1%22%20x%3D%22150%22%20y%3D%22150%22%2F%3E%3Crect%20width%3D%22150%22%20height%3D%22150%22%20fill%3D%22%23adc1ca%22%20x%3D%22300%22%20y%3D%22150%22%2F%3E%3Crect%20width%3D%22150%22%20height%3D%22150%22%20fill%3D%22%2313779b%22%20y%3D%22300%22%2F%3E%3Crect%20width%3D%22150%22%20height%3D%22150%22%20fill%3D%22%2300749f%22%20x%3D%22150%22%20y%3D%22300%22%2F%3E%3Crect%20width%3D%22150%22%20height%3D%22150%22%20fill%3D%22%2329400c%22%20x%3D%22300%22%20y%3D%22300%22%2F%3E%3C%2Fg%3E%3C%2Fsvg%3E\" decoding=\"async\" data-lazy=\"1\" loading=\"lazy\" data-tf-src=\"https:\/\/theartoftastingportugal.com\/wp-content\/uploads\/2022\/03\/experiencia-casa-da-covela-SQUARE-450x450.jpg\" width=\"450\" height=\"450\" class=\"tf_svg_lazy wp-post-image wp-image-15157\" title=\"experiencia-casa-da-covela-SQUARE\" alt=\"experiencia-casa-da-covela-SQUARE\" data-tf-srcset=\"https:\/\/theartoftastingportugal.com\/wp-content\/uploads\/2022\/03\/experiencia-casa-da-covela-SQUARE-450x450.jpg 450w, https:\/\/theartoftastingportugal.com\/wp-content\/uploads\/2022\/03\/experiencia-casa-da-covela-SQUARE-300x300.jpg 300w, https:\/\/theartoftastingportugal.com\/wp-content\/uploads\/2022\/03\/experiencia-casa-da-covela-SQUARE-150x150.jpg 150w, https:\/\/theartoftastingportugal.com\/wp-content\/uploads\/2022\/03\/experiencia-casa-da-covela-SQUARE-768x768.jpg 768w, https:\/\/theartoftastingportugal.com\/wp-content\/uploads\/2022\/03\/experiencia-casa-da-covela-SQUARE-600x600.jpg 600w, https:\/\/theartoftastingportugal.com\/wp-content\/uploads\/2022\/03\/experiencia-casa-da-covela-SQUARE-100x100.jpg 100w, https:\/\/theartoftastingportugal.com\/wp-content\/uploads\/2022\/03\/experiencia-casa-da-covela-SQUARE.jpg 1000w\" data-tf-sizes=\"(max-width: 450px) 100vw, 450px\" \/><noscript><img loading=\"lazy\" data-tf-not-load src=\"https:\/\/theartoftastingportugal.com\/wp-content\/uploads\/2022\/03\/experiencia-casa-da-covela-SQUARE-450x450.jpg\" width=\"450\" height=\"450\" class=\"wp-post-image wp-image-15157\" title=\"experiencia-casa-da-covela-SQUARE\" alt=\"experiencia-casa-da-covela-SQUARE\" srcset=\"https:\/\/theartoftastingportugal.com\/wp-content\/uploads\/2022\/03\/experiencia-casa-da-covela-SQUARE-450x450.jpg 450w, https:\/\/theartoftastingportugal.com\/wp-content\/uploads\/2022\/03\/experiencia-casa-da-covela-SQUARE-300x300.jpg 300w, https:\/\/theartoftastingportugal.com\/wp-content\/uploads\/2022\/03\/experiencia-casa-da-covela-SQUARE-150x150.jpg 150w, https:\/\/theartoftastingportugal.com\/wp-content\/uploads\/2022\/03\/experiencia-casa-da-covela-SQUARE-768x768.jpg 768w, https:\/\/theartoftastingportugal.com\/wp-content\/uploads\/2022\/03\/experiencia-casa-da-covela-SQUARE-600x600.jpg 600w, https:\/\/theartoftastingportugal.com\/wp-content\/uploads\/2022\/03\/experiencia-casa-da-covela-SQUARE-100x100.jpg 100w, https:\/\/theartoftastingportugal.com\/wp-content\/uploads\/2022\/03\/experiencia-casa-da-covela-SQUARE.jpg 1000w\" sizes=\"(max-width: 450px) 100vw, 450px\" \/><\/noscript><\/a>\n    <\/figure>\t\t\t\t\t\t\t\t\t<div class=\"info-experiencias\">Douro | 6-8 people<\/div>\t\t\t\t\t\t\t\t\n\t\t\t\t\t\t\t\t<div class=\"post-content\">\n\t\t\t\t\t\t\t\t\t\t\t\t\t\t\t\t\t\t\n\t\t\t\t\t\t\t\t\t\t\t\t\t\t\t\t\t\t\t\t\t\t\t\t\t\t\t\t\t\t\t\t\t\t\t\t\t\t<h3 class=\"woocommerce-loop-product__title\">\n\t\t\t\t\t\t\t\t\t\t\t\t\t\t\t\t\t\t\t\t\t\t\t<a href=\"https:\/\/theartoftastingportugal.com\/en\/product\/covelas-farm\/\" title=\"Covela&#8217;s Farm\">\n\t\t\t\t\t\t\t\t\t\t\t\t\n\t\t\t\t\t\t\t\t\t\t\t\tCovela&#8217;s Farm\n\t\t\t\t\t\t\t\t\t\t\t\t\t\t\t\t\t\t\t\t\t\t\t\t<\/a>\n\t\t\t\t\t\t\t\t\t\t\t\t\t\t\t\t\t\t\t\t\t<\/h3>\n\t\t\t\t\t\t\t\t\t\t\t\t\t\t\t\t\t\t\t  \n\n\t\t\t\t\t\t\t\t\t\t\t\t\t\t\t\t\t<\/div>\n\t\t\t\t\t\t\t\t\t\t\t\t\t<\/div>\n\t\t\t\t\t\t\t\t\t\t\t\t<\/li>\n\t\t\t\t\t\t\t\t\t\t\t\t<li class=\"post tf_swiper-slide slide-wrap tf_lazy has-post-title has-post-date no-post-category no-post-tag has-post-comment has-post-author product type-product post-16755 status-publish instock product_cat-oporto-and-north has-post-thumbnail shipping-taxable purchasable product-type-phive_booking yith-wcbm-product-has-badges\">\n\t\t\t\t\t\t\t\t\t\t\t\t\t\t\t<div class=\"slide-inner-wrap\">\n\t\t\t\t\t\t\t\t\t\t\t\t\t\t\t\n\t\t\t\t\t\t\t\t\t\t\t\t\t\t\t\t\t\t\t\t\t\t\t\t\t\t<div class='container-image-and-badge  '><figure class=\"post-image\">\n            \t<a href=\"https:\/\/theartoftastingportugal.com\/en\/product\/chef-rui-paula-gastronomic-experience\/\" title=\"Chef Rui Paula Gastronomic Experience\"><img src=\"data:image\/svg+xml;charset=UTF-8,%3Csvg%20xmlns%3D%22http%3A%2F%2Fwww.w3.org%2F2000%2Fsvg%22%20width%3D%22450%22%20height%3D%22450%22%3E%3Cg%20fill%3D%22%23464739%22%3E%3Crect%20width%3D%22150%22%20height%3D%22150%22%2F%3E%3Crect%20width%3D%22150%22%20height%3D%22150%22%20fill%3D%22%23535045%22%20x%3D%22150%22%2F%3E%3Crect%20width%3D%22150%22%20height%3D%22150%22%20fill%3D%22%233d4238%22%20x%3D%22300%22%2F%3E%3Crect%20width%3D%22150%22%20height%3D%22150%22%20fill%3D%22%23656c68%22%20y%3D%22150%22%2F%3E%3Crect%20width%3D%22150%22%20height%3D%22150%22%20fill%3D%22%2352595c%22%20x%3D%22150%22%20y%3D%22150%22%2F%3E%3Crect%20width%3D%22150%22%20height%3D%22150%22%20fill%3D%22%236f7172%22%20x%3D%22300%22%20y%3D%22150%22%2F%3E%3Crect%20width%3D%22150%22%20height%3D%22150%22%20fill%3D%22%237a8589%22%20y%3D%22300%22%2F%3E%3Crect%20width%3D%22150%22%20height%3D%22150%22%20fill%3D%22%23687177%22%20x%3D%22150%22%20y%3D%22300%22%2F%3E%3Crect%20width%3D%22150%22%20height%3D%22150%22%20fill%3D%22%23f5f1ee%22%20x%3D%22300%22%20y%3D%22300%22%2F%3E%3C%2Fg%3E%3C%2Fsvg%3E\" decoding=\"async\" data-lazy=\"1\" loading=\"lazy\" data-tf-src=\"https:\/\/theartoftastingportugal.com\/wp-content\/uploads\/2025\/01\/9-1024x436-450x450.png\" width=\"450\" height=\"450\" class=\"tf_svg_lazy wp-post-image wp-image-16745\" title=\"9\" alt=\"9\" data-tf-srcset=\"https:\/\/theartoftastingportugal.com\/wp-content\/uploads\/2025\/01\/9-1024x436-450x450.png 450w, https:\/\/theartoftastingportugal.com\/wp-content\/uploads\/2025\/01\/9-150x150.png 150w, https:\/\/theartoftastingportugal.com\/wp-content\/uploads\/2025\/01\/9-300x300.png 300w, https:\/\/theartoftastingportugal.com\/wp-content\/uploads\/2025\/01\/9-100x100.png 100w\" data-tf-sizes=\"(max-width: 450px) 100vw, 450px\" \/><noscript><img loading=\"lazy\" data-tf-not-load src=\"https:\/\/theartoftastingportugal.com\/wp-content\/uploads\/2025\/01\/9-1024x436-450x450.png\" width=\"450\" height=\"450\" class=\"wp-post-image wp-image-16745\" title=\"9\" alt=\"9\" srcset=\"https:\/\/theartoftastingportugal.com\/wp-content\/uploads\/2025\/01\/9-1024x436-450x450.png 450w, https:\/\/theartoftastingportugal.com\/wp-content\/uploads\/2025\/01\/9-150x150.png 150w, https:\/\/theartoftastingportugal.com\/wp-content\/uploads\/2025\/01\/9-300x300.png 300w, https:\/\/theartoftastingportugal.com\/wp-content\/uploads\/2025\/01\/9-100x100.png 100w\" sizes=\"(max-width: 450px) 100vw, 450px\" \/><\/noscript><\/a>\n    <\/figure><div class='yith-wcbm-badge yith-wcbm-badge-15452 yith-wcbm-badge-image yith-wcbm-badge--on-product-16755' data-position='{&quot;top&quot;:&quot;0&quot;,&quot;right&quot;:&quot;auto&quot;,&quot;bottom&quot;:&quot;auto&quot;,&quot;left&quot;:&quot;auto&quot;,&quot;center&quot;:&quot;0&quot;}' data-transform=\"translateX(-50%)\">\n\t<div class='yith-wcbm-badge__wrap'>\n\t\t<img src=\"\/\/theartoftastingportugal.com\/wp-content\/plugins\/yith-woocommerce-badges-management\/assets\/images\/image-badges\/1.svg\" alt=\"YITH Badge\"\/>\n\t<\/div>\n<\/div>\n<!--yith-wcbm-badge-->\n<\/div><!--container-image-and-badge-->\t\t\t\t\t\t\t\t\t<div class=\"info-experiencias\">Douro | 2-6 people<\/div>\t\t\t\t\t\t\t\t\n\t\t\t\t\t\t\t\t<div class=\"post-content\">\n\t\t\t\t\t\t\t\t\t\t\t\t\t\t\t\t\t\t\n\t\t\t\t\t\t\t\t\t\t\t\t\t\t\t\t\t\t\t\t\t\t\t\t\t\t\t\t\t\t\t\t\t\t\t\t\t\t<h3 class=\"woocommerce-loop-product__title\">\n\t\t\t\t\t\t\t\t\t\t\t\t\t\t\t\t\t\t\t\t\t\t\t<a href=\"https:\/\/theartoftastingportugal.com\/en\/product\/chef-rui-paula-gastronomic-experience\/\" title=\"Chef Rui Paula Gastronomic Experience\">\n\t\t\t\t\t\t\t\t\t\t\t\t\n\t\t\t\t\t\t\t\t\t\t\t\tChef Rui Paula Gastronomic Experience\n\t\t\t\t\t\t\t\t\t\t\t\t\t\t\t\t\t\t\t\t\t\t\t\t<\/a>\n\t\t\t\t\t\t\t\t\t\t\t\t\t\t\t\t\t\t\t\t\t<\/h3>\n\t\t\t\t\t\t\t\t\t\t\t\t\t\t\t\t\t\t\t  \n\n\t\t\t\t\t\t\t\t\t\t\t\t\t\t\t\t\t<\/div>\n\t\t\t\t\t\t\t\t\t\t\t\t\t<\/div>\n\t\t\t\t\t\t\t\t\t\t\t\t<\/li>\n\t\t\t\t\t\t\t\t\t\t\t\t<li class=\"post tf_swiper-slide slide-wrap tf_lazy has-post-title has-post-date no-post-category no-post-tag has-post-comment has-post-author product type-product post-16248 status-publish instock product_cat-oporto-and-north has-post-thumbnail shipping-taxable purchasable product-type-phive_booking yith-wcbm-product-has-badges\">\n\t\t\t\t\t\t\t\t\t\t\t\t\t\t\t<div class=\"slide-inner-wrap\">\n\t\t\t\t\t\t\t\t\t\t\t\t\t\t\t\n\t\t\t\t\t\t\t\t\t\t\t\t\t\t\t\t\t\t\t\t\t\t\t\t\t\t<div class='container-image-and-badge  '><figure class=\"post-image\">\n            \t<a href=\"https:\/\/theartoftastingportugal.com\/en\/product\/chef-oscar-geadas-gastronomic-experience\/\" title=\"Chef \u00d3scar Geadas gastronomic experience\"><img src=\"data:image\/svg+xml;charset=UTF-8,%3Csvg%20xmlns%3D%22http%3A%2F%2Fwww.w3.org%2F2000%2Fsvg%22%20width%3D%22450%22%20height%3D%22450%22%3E%3Cg%20fill%3D%22%23afc3db%22%3E%3Crect%20width%3D%22150%22%20height%3D%22150%22%2F%3E%3Crect%20width%3D%22150%22%20height%3D%22150%22%20fill%3D%22%239cb4d0%22%20x%3D%22150%22%2F%3E%3Crect%20width%3D%22150%22%20height%3D%22150%22%20fill%3D%22%238faac8%22%20x%3D%22300%22%2F%3E%3Crect%20width%3D%22150%22%20height%3D%22150%22%20fill%3D%22%23dee1e6%22%20y%3D%22150%22%2F%3E%3Crect%20width%3D%22150%22%20height%3D%22150%22%20fill%3D%22%23dbdee3%22%20x%3D%22150%22%20y%3D%22150%22%2F%3E%3Crect%20width%3D%22150%22%20height%3D%22150%22%20fill%3D%22%23deddd9%22%20x%3D%22300%22%20y%3D%22150%22%2F%3E%3Crect%20width%3D%22150%22%20height%3D%22150%22%20fill%3D%22%23cfcfcd%22%20y%3D%22300%22%2F%3E%3Crect%20width%3D%22150%22%20height%3D%22150%22%20fill%3D%22%23bcc0bf%22%20x%3D%22150%22%20y%3D%22300%22%2F%3E%3Crect%20width%3D%22150%22%20height%3D%22150%22%20fill%3D%22%23989174%22%20x%3D%22300%22%20y%3D%22300%22%2F%3E%3C%2Fg%3E%3C%2Fsvg%3E\" decoding=\"async\" data-lazy=\"1\" loading=\"lazy\" data-tf-src=\"https:\/\/theartoftastingportugal.com\/wp-content\/uploads\/2023\/12\/DJI_0032-1-1024x768-450x450.jpg\" width=\"450\" height=\"450\" class=\"tf_svg_lazy wp-post-image wp-image-16246\" title=\"DJI_0032\" alt=\"DJI_0032\" data-tf-srcset=\"https:\/\/theartoftastingportugal.com\/wp-content\/uploads\/2023\/12\/DJI_0032-1-1024x768-450x450.jpg 450w, https:\/\/theartoftastingportugal.com\/wp-content\/uploads\/2023\/12\/DJI_0032-1-150x150.jpg 150w, https:\/\/theartoftastingportugal.com\/wp-content\/uploads\/2023\/12\/DJI_0032-1-300x300.jpg 300w, https:\/\/theartoftastingportugal.com\/wp-content\/uploads\/2023\/12\/DJI_0032-1-100x100.jpg 100w\" data-tf-sizes=\"(max-width: 450px) 100vw, 450px\" \/><noscript><img loading=\"lazy\" data-tf-not-load src=\"https:\/\/theartoftastingportugal.com\/wp-content\/uploads\/2023\/12\/DJI_0032-1-1024x768-450x450.jpg\" width=\"450\" height=\"450\" class=\"wp-post-image wp-image-16246\" title=\"DJI_0032\" alt=\"DJI_0032\" srcset=\"https:\/\/theartoftastingportugal.com\/wp-content\/uploads\/2023\/12\/DJI_0032-1-1024x768-450x450.jpg 450w, https:\/\/theartoftastingportugal.com\/wp-content\/uploads\/2023\/12\/DJI_0032-1-150x150.jpg 150w, https:\/\/theartoftastingportugal.com\/wp-content\/uploads\/2023\/12\/DJI_0032-1-300x300.jpg 300w, https:\/\/theartoftastingportugal.com\/wp-content\/uploads\/2023\/12\/DJI_0032-1-100x100.jpg 100w\" sizes=\"(max-width: 450px) 100vw, 450px\" \/><\/noscript><\/a>\n    <\/figure><div class='yith-wcbm-badge yith-wcbm-badge-15452 yith-wcbm-badge-image yith-wcbm-badge--on-product-16248' data-position='{&quot;top&quot;:&quot;0&quot;,&quot;right&quot;:&quot;auto&quot;,&quot;bottom&quot;:&quot;auto&quot;,&quot;left&quot;:&quot;auto&quot;,&quot;center&quot;:&quot;0&quot;}' data-transform=\"translateX(-50%)\">\n\t<div class='yith-wcbm-badge__wrap'>\n\t\t<img src=\"\/\/theartoftastingportugal.com\/wp-content\/plugins\/yith-woocommerce-badges-management\/assets\/images\/image-badges\/1.svg\" alt=\"YITH Badge\"\/>\n\t<\/div>\n<\/div>\n<!--yith-wcbm-badge-->\n<\/div><!--container-image-and-badge-->\t\t\t\t\t\t\t\t\t<div class=\"info-experiencias\">Bragan\u00e7a | 2-10  people<\/div>\t\t\t\t\t\t\t\t\n\t\t\t\t\t\t\t\t<div class=\"post-content\">\n\t\t\t\t\t\t\t\t\t\t\t\t\t\t\t\t\t\t\n\t\t\t\t\t\t\t\t\t\t\t\t\t\t\t\t\t\t\t\t\t\t\t\t\t\t\t\t\t\t\t\t\t\t\t\t\t\t<h3 class=\"woocommerce-loop-product__title\">\n\t\t\t\t\t\t\t\t\t\t\t\t\t\t\t\t\t\t\t\t\t\t\t<a href=\"https:\/\/theartoftastingportugal.com\/en\/product\/chef-oscar-geadas-gastronomic-experience\/\" title=\"Chef \u00d3scar Geadas gastronomic experience\">\n\t\t\t\t\t\t\t\t\t\t\t\t\n\t\t\t\t\t\t\t\t\t\t\t\tChef \u00d3scar Geadas gastronomic experience\n\t\t\t\t\t\t\t\t\t\t\t\t\t\t\t\t\t\t\t\t\t\t\t\t<\/a>\n\t\t\t\t\t\t\t\t\t\t\t\t\t\t\t\t\t\t\t\t\t<\/h3>\n\t\t\t\t\t\t\t\t\t\t\t\t\t\t\t\t\t\t\t  \n\n\t\t\t\t\t\t\t\t\t\t\t\t\t\t\t\t\t<\/div>\n\t\t\t\t\t\t\t\t\t\t\t\t\t<\/div>\n\t\t\t\t\t\t\t\t\t\t\t\t<\/li>\n\t\t\t\t\t\t\t\t\t\t\t\t<li class=\"post tf_swiper-slide slide-wrap tf_lazy has-post-title has-post-date no-post-category no-post-tag has-post-comment has-post-author product type-product post-16350 status-publish instock product_cat-oporto-and-north has-post-thumbnail shipping-taxable purchasable product-type-phive_booking yith-wcbm-product-has-badges\">\n\t\t\t\t\t\t\t\t\t\t\t\t\t\t\t<div class=\"slide-inner-wrap\">\n\t\t\t\t\t\t\t\t\t\t\t\t\t\t\t\n\t\t\t\t\t\t\t\t\t\t\t\t\t\t\t\t\t\t\t\t\t\t\t\t\t\t<div class='container-image-and-badge  '><figure class=\"post-image\">\n            \t<a href=\"https:\/\/theartoftastingportugal.com\/en\/product\/chef-arnaldo-azevedos-gastronomic-experience\/\" title=\"Chef Arnaldo Azevedo&#8217;s gastronomic experience\"><img src=\"data:image\/svg+xml;charset=UTF-8,%3Csvg%20xmlns%3D%22http%3A%2F%2Fwww.w3.org%2F2000%2Fsvg%22%20width%3D%22450%22%20height%3D%22450%22%3E%3Cg%20fill%3D%22%23e0dee3%22%3E%3Crect%20width%3D%22150%22%20height%3D%22150%22%2F%3E%3Crect%20width%3D%22150%22%20height%3D%22150%22%20fill%3D%22%23e3e2e7%22%20x%3D%22150%22%2F%3E%3Crect%20width%3D%22150%22%20height%3D%22150%22%20fill%3D%22%238c7259%22%20x%3D%22300%22%2F%3E%3Crect%20width%3D%22150%22%20height%3D%22150%22%20y%3D%22150%22%2F%3E%3Crect%20width%3D%22150%22%20height%3D%22150%22%20fill%3D%22%23e5e3e6%22%20x%3D%22150%22%20y%3D%22150%22%2F%3E%3Crect%20width%3D%22150%22%20height%3D%22150%22%20fill%3D%22%23d0b997%22%20x%3D%22300%22%20y%3D%22150%22%2F%3E%3Crect%20width%3D%22150%22%20height%3D%22150%22%20fill%3D%22%23ba895e%22%20y%3D%22300%22%2F%3E%3Crect%20width%3D%22150%22%20height%3D%22150%22%20fill%3D%22%238a5d48%22%20x%3D%22150%22%20y%3D%22300%22%2F%3E%3Crect%20width%3D%22150%22%20height%3D%22150%22%20fill%3D%22%23c5ab9a%22%20x%3D%22300%22%20y%3D%22300%22%2F%3E%3C%2Fg%3E%3C%2Fsvg%3E\" decoding=\"async\" data-lazy=\"1\" loading=\"lazy\" data-tf-src=\"https:\/\/theartoftastingportugal.com\/wp-content\/uploads\/2024\/03\/20230302_VIlaFoz_LR-35-683x1024-450x450.jpg\" width=\"450\" height=\"450\" class=\"tf_svg_lazy wp-post-image wp-image-16330\" title=\"20230302_VIlaFoz_LR-35\" alt=\"20230302_VIlaFoz_LR-35\" data-tf-srcset=\"https:\/\/theartoftastingportugal.com\/wp-content\/uploads\/2024\/03\/20230302_VIlaFoz_LR-35-683x1024-450x450.jpg 450w, https:\/\/theartoftastingportugal.com\/wp-content\/uploads\/2024\/03\/20230302_VIlaFoz_LR-35-150x150.jpg 150w, https:\/\/theartoftastingportugal.com\/wp-content\/uploads\/2024\/03\/20230302_VIlaFoz_LR-35-300x300.jpg 300w, https:\/\/theartoftastingportugal.com\/wp-content\/uploads\/2024\/03\/20230302_VIlaFoz_LR-35-100x100.jpg 100w\" data-tf-sizes=\"(max-width: 450px) 100vw, 450px\" \/><noscript><img loading=\"lazy\" data-tf-not-load src=\"https:\/\/theartoftastingportugal.com\/wp-content\/uploads\/2024\/03\/20230302_VIlaFoz_LR-35-683x1024-450x450.jpg\" width=\"450\" height=\"450\" class=\"wp-post-image wp-image-16330\" title=\"20230302_VIlaFoz_LR-35\" alt=\"20230302_VIlaFoz_LR-35\" srcset=\"https:\/\/theartoftastingportugal.com\/wp-content\/uploads\/2024\/03\/20230302_VIlaFoz_LR-35-683x1024-450x450.jpg 450w, https:\/\/theartoftastingportugal.com\/wp-content\/uploads\/2024\/03\/20230302_VIlaFoz_LR-35-150x150.jpg 150w, https:\/\/theartoftastingportugal.com\/wp-content\/uploads\/2024\/03\/20230302_VIlaFoz_LR-35-300x300.jpg 300w, https:\/\/theartoftastingportugal.com\/wp-content\/uploads\/2024\/03\/20230302_VIlaFoz_LR-35-100x100.jpg 100w\" sizes=\"(max-width: 450px) 100vw, 450px\" \/><\/noscript><\/a>\n    <\/figure><div class='yith-wcbm-badge yith-wcbm-badge-15452 yith-wcbm-badge-image yith-wcbm-badge--on-product-16350' data-position='{&quot;top&quot;:&quot;0&quot;,&quot;right&quot;:&quot;auto&quot;,&quot;bottom&quot;:&quot;auto&quot;,&quot;left&quot;:&quot;auto&quot;,&quot;center&quot;:&quot;0&quot;}' data-transform=\"translateX(-50%)\">\n\t<div class='yith-wcbm-badge__wrap'>\n\t\t<img src=\"\/\/theartoftastingportugal.com\/wp-content\/plugins\/yith-woocommerce-badges-management\/assets\/images\/image-badges\/1.svg\" alt=\"YITH Badge\"\/>\n\t<\/div>\n<\/div>\n<!--yith-wcbm-badge-->\n<\/div><!--container-image-and-badge-->\t\t\t\t\t\t\t\t\t<div class=\"info-experiencias\">Oporto | 2 people<\/div>\t\t\t\t\t\t\t\t\n\t\t\t\t\t\t\t\t<div class=\"post-content\">\n\t\t\t\t\t\t\t\t\t\t\t\t\t\t\t\t\t\t\n\t\t\t\t\t\t\t\t\t\t\t\t\t\t\t\t\t\t\t\t\t\t\t\t\t\t\t\t\t\t\t\t\t\t\t\t\t\t<h3 class=\"woocommerce-loop-product__title\">\n\t\t\t\t\t\t\t\t\t\t\t\t\t\t\t\t\t\t\t\t\t\t\t<a href=\"https:\/\/theartoftastingportugal.com\/en\/product\/chef-arnaldo-azevedos-gastronomic-experience\/\" title=\"Chef Arnaldo Azevedo&#8217;s gastronomic experience\">\n\t\t\t\t\t\t\t\t\t\t\t\t\n\t\t\t\t\t\t\t\t\t\t\t\tChef Arnaldo Azevedo&#8217;s gastronomic experience\n\t\t\t\t\t\t\t\t\t\t\t\t\t\t\t\t\t\t\t\t\t\t\t\t<\/a>\n\t\t\t\t\t\t\t\t\t\t\t\t\t\t\t\t\t\t\t\t\t<\/h3>\n\t\t\t\t\t\t\t\t\t\t\t\t\t\t\t\t\t\t\t  \n\n\t\t\t\t\t\t\t\t\t\t\t\t\t\t\t\t\t<\/div>\n\t\t\t\t\t\t\t\t\t\t\t\t\t<\/div>\n\t\t\t\t\t\t\t\t\t\t\t\t<\/li>\n\t\t\t\t\t\t\t\t\t\t\t\t<li class=\"post tf_swiper-slide slide-wrap tf_lazy has-post-title has-post-date no-post-category no-post-tag has-post-comment has-post-author product type-product post-9812 status-publish instock product_cat-oporto-and-north has-post-thumbnail shipping-taxable purchasable product-type-phive_booking\">\n\t\t\t\t\t\t\t\t\t\t\t\t\t\t\t<div class=\"slide-inner-wrap\">\n\t\t\t\t\t\t\t\t\t\t\t\t\t\t\t\n\t\t\t\t\t\t\t\t\t\t\t\t\t\t\t\t\t\t\t\t\t\t\t\t\t\t<figure class=\"post-image\">\n            \t<a href=\"https:\/\/theartoftastingportugal.com\/en\/product\/experiencia-gastronomica-chef-luis-gaspar\/\" title=\"Autochthonous Races with Chef Luis Gaspar\"><img src=\"data:image\/svg+xml;charset=UTF-8,%3Csvg%20xmlns%3D%22http%3A%2F%2Fwww.w3.org%2F2000%2Fsvg%22%20width%3D%22450%22%20height%3D%22450%22%3E%3Cg%20fill%3D%22%23976b62%22%3E%3Crect%20width%3D%22150%22%20height%3D%22150%22%2F%3E%3Crect%20width%3D%22150%22%20height%3D%22150%22%20fill%3D%22%23cf641e%22%20x%3D%22150%22%2F%3E%3Crect%20width%3D%22150%22%20height%3D%22150%22%20fill%3D%22%23f9e8ce%22%20x%3D%22300%22%2F%3E%3Crect%20width%3D%22150%22%20height%3D%22150%22%20fill%3D%22%23180606%22%20y%3D%22150%22%2F%3E%3Crect%20width%3D%22150%22%20height%3D%22150%22%20fill%3D%22%23b38683%22%20x%3D%22150%22%20y%3D%22150%22%2F%3E%3Crect%20width%3D%22150%22%20height%3D%22150%22%20fill%3D%22%23f8aba1%22%20x%3D%22300%22%20y%3D%22150%22%2F%3E%3Crect%20width%3D%22150%22%20height%3D%22150%22%20fill%3D%22%23350d03%22%20y%3D%22300%22%2F%3E%3Crect%20width%3D%22150%22%20height%3D%22150%22%20fill%3D%22%23ffbcad%22%20x%3D%22150%22%20y%3D%22300%22%2F%3E%3Crect%20width%3D%22150%22%20height%3D%22150%22%20fill%3D%22%23561c10%22%20x%3D%22300%22%20y%3D%22300%22%2F%3E%3C%2Fg%3E%3C%2Fsvg%3E\" decoding=\"async\" data-lazy=\"1\" loading=\"lazy\" data-tf-src=\"https:\/\/theartoftastingportugal.com\/wp-content\/uploads\/2022\/03\/Experiencia-Gastronomica-Chef-Luis-Gaspar-SQUARE-450x450.jpg\" width=\"450\" height=\"450\" class=\"tf_svg_lazy wp-post-image wp-image-15165\" title=\"Experi\u00eancia Gastron\u00f3mica Chef Luis Gaspar-SQUARE\" alt=\"Experi\u00eancia Gastron\u00f3mica Chef Luis Gaspar-SQUARE\" data-tf-srcset=\"https:\/\/theartoftastingportugal.com\/wp-content\/uploads\/2022\/03\/Experiencia-Gastronomica-Chef-Luis-Gaspar-SQUARE-450x450.jpg 450w, https:\/\/theartoftastingportugal.com\/wp-content\/uploads\/2022\/03\/Experiencia-Gastronomica-Chef-Luis-Gaspar-SQUARE-300x300.jpg 300w, https:\/\/theartoftastingportugal.com\/wp-content\/uploads\/2022\/03\/Experiencia-Gastronomica-Chef-Luis-Gaspar-SQUARE-150x150.jpg 150w, https:\/\/theartoftastingportugal.com\/wp-content\/uploads\/2022\/03\/Experiencia-Gastronomica-Chef-Luis-Gaspar-SQUARE-768x768.jpg 768w, https:\/\/theartoftastingportugal.com\/wp-content\/uploads\/2022\/03\/Experiencia-Gastronomica-Chef-Luis-Gaspar-SQUARE-600x600.jpg 600w, https:\/\/theartoftastingportugal.com\/wp-content\/uploads\/2022\/03\/Experiencia-Gastronomica-Chef-Luis-Gaspar-SQUARE-100x100.jpg 100w, https:\/\/theartoftastingportugal.com\/wp-content\/uploads\/2022\/03\/Experiencia-Gastronomica-Chef-Luis-Gaspar-SQUARE.jpg 1000w\" data-tf-sizes=\"(max-width: 450px) 100vw, 450px\" \/><noscript><img loading=\"lazy\" data-tf-not-load src=\"https:\/\/theartoftastingportugal.com\/wp-content\/uploads\/2022\/03\/Experiencia-Gastronomica-Chef-Luis-Gaspar-SQUARE-450x450.jpg\" width=\"450\" height=\"450\" class=\"wp-post-image wp-image-15165\" title=\"Experi\u00eancia Gastron\u00f3mica Chef Luis Gaspar-SQUARE\" alt=\"Experi\u00eancia Gastron\u00f3mica Chef Luis Gaspar-SQUARE\" srcset=\"https:\/\/theartoftastingportugal.com\/wp-content\/uploads\/2022\/03\/Experiencia-Gastronomica-Chef-Luis-Gaspar-SQUARE-450x450.jpg 450w, https:\/\/theartoftastingportugal.com\/wp-content\/uploads\/2022\/03\/Experiencia-Gastronomica-Chef-Luis-Gaspar-SQUARE-300x300.jpg 300w, https:\/\/theartoftastingportugal.com\/wp-content\/uploads\/2022\/03\/Experiencia-Gastronomica-Chef-Luis-Gaspar-SQUARE-150x150.jpg 150w, https:\/\/theartoftastingportugal.com\/wp-content\/uploads\/2022\/03\/Experiencia-Gastronomica-Chef-Luis-Gaspar-SQUARE-768x768.jpg 768w, https:\/\/theartoftastingportugal.com\/wp-content\/uploads\/2022\/03\/Experiencia-Gastronomica-Chef-Luis-Gaspar-SQUARE-600x600.jpg 600w, https:\/\/theartoftastingportugal.com\/wp-content\/uploads\/2022\/03\/Experiencia-Gastronomica-Chef-Luis-Gaspar-SQUARE-100x100.jpg 100w, https:\/\/theartoftastingportugal.com\/wp-content\/uploads\/2022\/03\/Experiencia-Gastronomica-Chef-Luis-Gaspar-SQUARE.jpg 1000w\" sizes=\"(max-width: 450px) 100vw, 450px\" \/><\/noscript><\/a>\n    <\/figure>\t\t\t\t\t\t\t\t\t<div class=\"info-experiencias\">Esposende | 2-8 people<\/div>\t\t\t\t\t\t\t\t\n\t\t\t\t\t\t\t\t<div class=\"post-content\">\n\t\t\t\t\t\t\t\t\t\t\t\t\t\t\t\t\t\t\n\t\t\t\t\t\t\t\t\t\t\t\t\t\t\t\t\t\t\t\t\t\t\t\t\t\t\t\t\t\t\t\t\t\t\t\t\t\t<h3 class=\"woocommerce-loop-product__title\">\n\t\t\t\t\t\t\t\t\t\t\t\t\t\t\t\t\t\t\t\t\t\t\t<a href=\"https:\/\/theartoftastingportugal.com\/en\/product\/experiencia-gastronomica-chef-luis-gaspar\/\" title=\"Autochthonous Races with Chef Luis Gaspar\">\n\t\t\t\t\t\t\t\t\t\t\t\t\n\t\t\t\t\t\t\t\t\t\t\t\tAutochthonous Races with Chef Luis Gaspar\n\t\t\t\t\t\t\t\t\t\t\t\t\t\t\t\t\t\t\t\t\t\t\t\t<\/a>\n\t\t\t\t\t\t\t\t\t\t\t\t\t\t\t\t\t\t\t\t\t<\/h3>\n\t\t\t\t\t\t\t\t\t\t\t\t\t\t\t\t\t\t\t  \n\n\t\t\t\t\t\t\t\t\t\t\t\t\t\t\t\t\t<\/div>\n\t\t\t\t\t\t\t\t\t\t\t\t\t<\/div>\n\t\t\t\t\t\t\t\t\t\t\t\t<\/li>\n\t\t\t\t\t\t\t\t\t\t\t\t\t\t<\/ul>\n\t\t\t\t\t\t<\/div>\n\t\t\t\t<\/div>\n\t\t        <\/div>\n\t    \t<\/div>\n\t\t    <\/div>\n\t    <!-- \/row_inner -->\n\t<\/div>\n\t<!-- \/module_row -->\n\t\t<!-- module_row -->\n\t<div  data-css_id=\"njna79\" data-lazy=\"1\" class=\"module_row themify_builder_row experiencias-slider-wrap repeat fullwidth tb_njna79 tf_clearfix\" >\n\t    \t\t<div class=\"row_inner col_align_top tf_box tf_w tf_rel\">\n\t\t\t<div  data-lazy=\"1\" class=\"module_column tb-column col-full first tb_97ej79 tf_box\">\n\t    \t    \t        <div class=\"tb-column-inner tf_box tf_w\">\n\t\t    <!-- module plain text -->\n<div  class=\"module module-plain-text tb_tvz7741 intro-text-regioes\" data-lazy=\"1\">\n        <div class=\"tb_text_wrap\">\n\t<div class=\"divider-wrap\">\n<div class=\"divider-vertical\"><\/div>\n<\/div>    <\/div>\n<\/div>\n<!-- \/module plain text --><!-- module fancy heading -->\n<div  class=\"module module-fancy-heading tb_7yw979  tb_hide_divider\" data-lazy=\"1\">\n        <h2 class=\"fancy-heading tf_textc\">\n    <span  class=\"main-head tf_block\">\n\t\t\t\t\tLisbon\t\t    <\/span>\n    <span class=\"sub-head tf_block tf_rel\">\n\t\t\t\t\t\t\t    <\/span>\n    <\/h2>\n<\/div>\n<!-- \/module fancy heading -->\n\n\t<div  id=\"tb_75s6334\" class=\"module woocommerce module-products tb_75s6334   themify_builder_slider_vertical\" data-lazy=\"1\">\n\t\t\t\t\t<div  data-visible=\"4\" data-tbreakpoints=\"1024\" data-mob-visible=\"1\" data-mbreakpoints=\"600\" data-scroll=\"1\" data-speed=\"1\" data-wrapvar=\"0\" data-slider_nav=\"1\" data-pager=\"0\" data-effect=\"scroll\" data-height=\"auto\" data-css_url=\"https:\/\/theartoftastingportugal.com\/wp-content\/plugins\/builder-woocommerce\/assets\/modules\/slider.css,https:\/\/theartoftastingportugal.com\/wp-content\/themes\/themify-ultra\/themify\/themify-builder\/css\/modules\/sliders\/carousel.css\" data-nav_out=\"1\" class=\"loops-wrapper products wc-products tf_swiper-container tf_carousel tf_rel tf_overflow slider-default classic tf_clearfix\" data-lazy=\"1\">\n\t\t\t\t\t\t\t<ul class=\"tf_swiper-wrapper tf_lazy tf_rel tf_w tf_h\">\n\t\t\t\t\t\t\t\t\t\t\t\t\t\t<li class=\"post tf_swiper-slide slide-wrap tf_lazy has-post-title has-post-date no-post-category no-post-tag has-post-comment has-post-author product type-product post-9796 status-publish instock product_cat-destaques-home-en product_cat-lisbon has-post-thumbnail shipping-taxable purchasable product-type-phive_booking yith-wcbm-product-has-badges\">\n\t\t\t\t\t\t\t\t\t\t\t\t\t\t\t<div class=\"slide-inner-wrap\">\n\t\t\t\t\t\t\t\t\t\t\t\t\t\t\t\n\t\t\t\t\t\t\t\t\t\t\t\t\t\t\t\t\t\t\t\t\t\t\t\t\t\t<div class='container-image-and-badge  '><figure class=\"post-image\">\n            \t<a href=\"https:\/\/theartoftastingportugal.com\/en\/product\/experience-lisbon-with-chef-henrique-sa-pessoa\/\" title=\"Experience Lisbon with Chef Henrique S\u00e1 Pessoa\"><img src=\"data:image\/svg+xml;charset=UTF-8,%3Csvg%20xmlns%3D%22http%3A%2F%2Fwww.w3.org%2F2000%2Fsvg%22%20width%3D%22450%22%20height%3D%22450%22%3E%3Cg%20fill%3D%22%23112838%22%3E%3Crect%20width%3D%22150%22%20height%3D%22150%22%2F%3E%3Crect%20width%3D%22150%22%20height%3D%22150%22%20fill%3D%22%230a2337%22%20x%3D%22150%22%2F%3E%3Crect%20width%3D%22150%22%20height%3D%22150%22%20fill%3D%22%23052035%22%20x%3D%22300%22%2F%3E%3Crect%20width%3D%22150%22%20height%3D%22150%22%20fill%3D%22%23052035%22%20y%3D%22150%22%2F%3E%3Crect%20width%3D%22150%22%20height%3D%22150%22%20fill%3D%22%2364696d%22%20x%3D%22150%22%20y%3D%22150%22%2F%3E%3Crect%20width%3D%22150%22%20height%3D%22150%22%20fill%3D%22%23344846%22%20x%3D%22300%22%20y%3D%22150%22%2F%3E%3Crect%20width%3D%22150%22%20height%3D%22150%22%20fill%3D%22%23847136%22%20y%3D%22300%22%2F%3E%3Crect%20width%3D%22150%22%20height%3D%22150%22%20fill%3D%22%23d2d1d7%22%20x%3D%22150%22%20y%3D%22300%22%2F%3E%3Crect%20width%3D%22150%22%20height%3D%22150%22%20fill%3D%22%23a58c85%22%20x%3D%22300%22%20y%3D%22300%22%2F%3E%3C%2Fg%3E%3C%2Fsvg%3E\" decoding=\"async\" data-lazy=\"1\" loading=\"lazy\" data-tf-src=\"https:\/\/theartoftastingportugal.com\/wp-content\/uploads\/2020\/12\/exp-sa-pessoa-4-450x450.jpg\" width=\"450\" height=\"450\" class=\"tf_svg_lazy wp-post-image wp-image-6953\" title=\"exp-sa-pessoa-4\" alt=\"exp-sa-pessoa-4\" data-tf-srcset=\"https:\/\/theartoftastingportugal.com\/wp-content\/uploads\/2020\/12\/exp-sa-pessoa-4-450x450.jpg 450w, https:\/\/theartoftastingportugal.com\/wp-content\/uploads\/2020\/12\/exp-sa-pessoa-4-300x300.jpg 300w, https:\/\/theartoftastingportugal.com\/wp-content\/uploads\/2020\/12\/exp-sa-pessoa-4-100x100.jpg 100w, https:\/\/theartoftastingportugal.com\/wp-content\/uploads\/2020\/12\/exp-sa-pessoa-4-600x600.jpg 600w, https:\/\/theartoftastingportugal.com\/wp-content\/uploads\/2020\/12\/exp-sa-pessoa-4-150x150.jpg 150w, https:\/\/theartoftastingportugal.com\/wp-content\/uploads\/2020\/12\/exp-sa-pessoa-4-768x768.jpg 768w, https:\/\/theartoftastingportugal.com\/wp-content\/uploads\/2020\/12\/exp-sa-pessoa-4-400x400.jpg 400w, https:\/\/theartoftastingportugal.com\/wp-content\/uploads\/2020\/12\/exp-sa-pessoa-4.jpg 1000w\" data-tf-sizes=\"(max-width: 450px) 100vw, 450px\" \/><noscript><img loading=\"lazy\" data-tf-not-load src=\"https:\/\/theartoftastingportugal.com\/wp-content\/uploads\/2020\/12\/exp-sa-pessoa-4-450x450.jpg\" width=\"450\" height=\"450\" class=\"wp-post-image wp-image-6953\" title=\"exp-sa-pessoa-4\" alt=\"exp-sa-pessoa-4\" srcset=\"https:\/\/theartoftastingportugal.com\/wp-content\/uploads\/2020\/12\/exp-sa-pessoa-4-450x450.jpg 450w, https:\/\/theartoftastingportugal.com\/wp-content\/uploads\/2020\/12\/exp-sa-pessoa-4-300x300.jpg 300w, https:\/\/theartoftastingportugal.com\/wp-content\/uploads\/2020\/12\/exp-sa-pessoa-4-100x100.jpg 100w, https:\/\/theartoftastingportugal.com\/wp-content\/uploads\/2020\/12\/exp-sa-pessoa-4-600x600.jpg 600w, https:\/\/theartoftastingportugal.com\/wp-content\/uploads\/2020\/12\/exp-sa-pessoa-4-150x150.jpg 150w, https:\/\/theartoftastingportugal.com\/wp-content\/uploads\/2020\/12\/exp-sa-pessoa-4-768x768.jpg 768w, https:\/\/theartoftastingportugal.com\/wp-content\/uploads\/2020\/12\/exp-sa-pessoa-4-400x400.jpg 400w, https:\/\/theartoftastingportugal.com\/wp-content\/uploads\/2020\/12\/exp-sa-pessoa-4.jpg 1000w\" sizes=\"(max-width: 450px) 100vw, 450px\" \/><\/noscript><\/a>\n    <\/figure><div class='yith-wcbm-badge yith-wcbm-badge-15452 yith-wcbm-badge-image yith-wcbm-badge--on-product-9796' data-position='{&quot;top&quot;:&quot;0&quot;,&quot;right&quot;:&quot;auto&quot;,&quot;bottom&quot;:&quot;auto&quot;,&quot;left&quot;:&quot;auto&quot;,&quot;center&quot;:&quot;0&quot;}' data-transform=\"translateX(-50%)\">\n\t<div class='yith-wcbm-badge__wrap'>\n\t\t<img src=\"\/\/theartoftastingportugal.com\/wp-content\/plugins\/yith-woocommerce-badges-management\/assets\/images\/image-badges\/1.svg\" alt=\"YITH Badge\"\/>\n\t<\/div>\n<\/div>\n<!--yith-wcbm-badge-->\n<\/div><!--container-image-and-badge-->\t\t\t\t\t\t\t\t\t<div class=\"info-experiencias\">Lisboa | 2-8 people<\/div>\t\t\t\t\t\t\t\t\n\t\t\t\t\t\t\t\t<div class=\"post-content\">\n\t\t\t\t\t\t\t\t\t\t\t\t\t\t\t\t\t\t\n\t\t\t\t\t\t\t\t\t\t\t\t\t\t\t\t\t\t\t\t\t\t\t\t\t\t\t\t\t\t\t\t\t\t\t\t\t\t<h3 class=\"woocommerce-loop-product__title\">\n\t\t\t\t\t\t\t\t\t\t\t\t\t\t\t\t\t\t\t\t\t\t\t<a href=\"https:\/\/theartoftastingportugal.com\/en\/product\/experience-lisbon-with-chef-henrique-sa-pessoa\/\" title=\"Experience Lisbon with Chef Henrique S\u00e1 Pessoa\">\n\t\t\t\t\t\t\t\t\t\t\t\t\n\t\t\t\t\t\t\t\t\t\t\t\tExperience Lisbon with Chef Henrique S\u00e1 Pessoa\n\t\t\t\t\t\t\t\t\t\t\t\t\t\t\t\t\t\t\t\t\t\t\t\t<\/a>\n\t\t\t\t\t\t\t\t\t\t\t\t\t\t\t\t\t\t\t\t\t<\/h3>\n\t\t\t\t\t\t\t\t\t\t\t\t\t\t\t\t\t\t\t  \n\n\t\t\t\t\t\t\t\t\t\t\t\t\t\t\t\t\t<\/div>\n\t\t\t\t\t\t\t\t\t\t\t\t\t<\/div>\n\t\t\t\t\t\t\t\t\t\t\t\t<\/li>\n\t\t\t\t\t\t\t\t\t\t\t\t<li class=\"post tf_swiper-slide slide-wrap tf_lazy has-post-title has-post-date no-post-category no-post-tag has-post-comment has-post-author product type-product post-9806 status-publish instock product_cat-lisbon has-post-thumbnail shipping-taxable purchasable product-type-phive_booking\">\n\t\t\t\t\t\t\t\t\t\t\t\t\t\t\t<div class=\"slide-inner-wrap\">\n\t\t\t\t\t\t\t\t\t\t\t\t\t\t\t\n\t\t\t\t\t\t\t\t\t\t\t\t\t\t\t\t\t\t\t\t\t\t\t\t\t\t<figure class=\"post-image\">\n            \t<a href=\"https:\/\/theartoftastingportugal.com\/en\/product\/experiencia-gastronomica-chef-carlos-afonso\/\" title=\"Chef Carlos Afonso Gastronomic Experience\"><img src=\"data:image\/svg+xml;charset=UTF-8,%3Csvg%20xmlns%3D%22http%3A%2F%2Fwww.w3.org%2F2000%2Fsvg%22%20width%3D%22450%22%20height%3D%22450%22%3E%3Cg%20fill%3D%22%23e8e3e0%22%3E%3Crect%20width%3D%22150%22%20height%3D%22150%22%2F%3E%3Crect%20width%3D%22150%22%20height%3D%22150%22%20fill%3D%22%23f7edeb%22%20x%3D%22150%22%2F%3E%3Crect%20width%3D%22150%22%20height%3D%22150%22%20fill%3D%22%23dcd2d1%22%20x%3D%22300%22%2F%3E%3Crect%20width%3D%22150%22%20height%3D%22150%22%20fill%3D%22%23956743%22%20y%3D%22150%22%2F%3E%3Crect%20width%3D%22150%22%20height%3D%22150%22%20fill%3D%22%23f9e0a7%22%20x%3D%22150%22%20y%3D%22150%22%2F%3E%3Crect%20width%3D%22150%22%20height%3D%22150%22%20fill%3D%22%23faf4c0%22%20x%3D%22300%22%20y%3D%22150%22%2F%3E%3Crect%20width%3D%22150%22%20height%3D%22150%22%20fill%3D%22%236f7279%22%20y%3D%22300%22%2F%3E%3Crect%20width%3D%22150%22%20height%3D%22150%22%20fill%3D%22%23a4816b%22%20x%3D%22150%22%20y%3D%22300%22%2F%3E%3Crect%20width%3D%22150%22%20height%3D%22150%22%20fill%3D%22%23a14e00%22%20x%3D%22300%22%20y%3D%22300%22%2F%3E%3C%2Fg%3E%3C%2Fsvg%3E\" decoding=\"async\" data-lazy=\"1\" loading=\"lazy\" data-tf-src=\"https:\/\/theartoftastingportugal.com\/wp-content\/uploads\/2022\/03\/Experiencia-Carlos-Afonso-SQUARE-450x450.jpg\" width=\"450\" height=\"450\" class=\"tf_svg_lazy wp-post-image wp-image-15171\" title=\"Experi\u00eancia Carlos Afonso-SQUARE\" alt=\"Experi\u00eancia Carlos Afonso-SQUARE\" data-tf-srcset=\"https:\/\/theartoftastingportugal.com\/wp-content\/uploads\/2022\/03\/Experiencia-Carlos-Afonso-SQUARE-450x450.jpg 450w, https:\/\/theartoftastingportugal.com\/wp-content\/uploads\/2022\/03\/Experiencia-Carlos-Afonso-SQUARE-300x300.jpg 300w, https:\/\/theartoftastingportugal.com\/wp-content\/uploads\/2022\/03\/Experiencia-Carlos-Afonso-SQUARE-150x150.jpg 150w, https:\/\/theartoftastingportugal.com\/wp-content\/uploads\/2022\/03\/Experiencia-Carlos-Afonso-SQUARE-768x768.jpg 768w, https:\/\/theartoftastingportugal.com\/wp-content\/uploads\/2022\/03\/Experiencia-Carlos-Afonso-SQUARE-600x600.jpg 600w, https:\/\/theartoftastingportugal.com\/wp-content\/uploads\/2022\/03\/Experiencia-Carlos-Afonso-SQUARE-100x100.jpg 100w, https:\/\/theartoftastingportugal.com\/wp-content\/uploads\/2022\/03\/Experiencia-Carlos-Afonso-SQUARE.jpg 1000w\" data-tf-sizes=\"(max-width: 450px) 100vw, 450px\" \/><noscript><img loading=\"lazy\" data-tf-not-load src=\"https:\/\/theartoftastingportugal.com\/wp-content\/uploads\/2022\/03\/Experiencia-Carlos-Afonso-SQUARE-450x450.jpg\" width=\"450\" height=\"450\" class=\"wp-post-image wp-image-15171\" title=\"Experi\u00eancia Carlos Afonso-SQUARE\" alt=\"Experi\u00eancia Carlos Afonso-SQUARE\" srcset=\"https:\/\/theartoftastingportugal.com\/wp-content\/uploads\/2022\/03\/Experiencia-Carlos-Afonso-SQUARE-450x450.jpg 450w, https:\/\/theartoftastingportugal.com\/wp-content\/uploads\/2022\/03\/Experiencia-Carlos-Afonso-SQUARE-300x300.jpg 300w, https:\/\/theartoftastingportugal.com\/wp-content\/uploads\/2022\/03\/Experiencia-Carlos-Afonso-SQUARE-150x150.jpg 150w, https:\/\/theartoftastingportugal.com\/wp-content\/uploads\/2022\/03\/Experiencia-Carlos-Afonso-SQUARE-768x768.jpg 768w, https:\/\/theartoftastingportugal.com\/wp-content\/uploads\/2022\/03\/Experiencia-Carlos-Afonso-SQUARE-600x600.jpg 600w, https:\/\/theartoftastingportugal.com\/wp-content\/uploads\/2022\/03\/Experiencia-Carlos-Afonso-SQUARE-100x100.jpg 100w, https:\/\/theartoftastingportugal.com\/wp-content\/uploads\/2022\/03\/Experiencia-Carlos-Afonso-SQUARE.jpg 1000w\" sizes=\"(max-width: 450px) 100vw, 450px\" \/><\/noscript><\/a>\n    <\/figure>\t\t\t\t\t\t\t\t\t<div class=\"info-experiencias\">Cascais | 2-8 people<\/div>\t\t\t\t\t\t\t\t\n\t\t\t\t\t\t\t\t<div class=\"post-content\">\n\t\t\t\t\t\t\t\t\t\t\t\t\t\t\t\t\t\t\n\t\t\t\t\t\t\t\t\t\t\t\t\t\t\t\t\t\t\t\t\t\t\t\t\t\t\t\t\t\t\t\t\t\t\t\t\t\t<h3 class=\"woocommerce-loop-product__title\">\n\t\t\t\t\t\t\t\t\t\t\t\t\t\t\t\t\t\t\t\t\t\t\t<a href=\"https:\/\/theartoftastingportugal.com\/en\/product\/experiencia-gastronomica-chef-carlos-afonso\/\" title=\"Chef Carlos Afonso Gastronomic Experience\">\n\t\t\t\t\t\t\t\t\t\t\t\t\n\t\t\t\t\t\t\t\t\t\t\t\tChef Carlos Afonso Gastronomic Experience\n\t\t\t\t\t\t\t\t\t\t\t\t\t\t\t\t\t\t\t\t\t\t\t\t<\/a>\n\t\t\t\t\t\t\t\t\t\t\t\t\t\t\t\t\t\t\t\t\t<\/h3>\n\t\t\t\t\t\t\t\t\t\t\t\t\t\t\t\t\t\t\t  \n\n\t\t\t\t\t\t\t\t\t\t\t\t\t\t\t\t\t<\/div>\n\t\t\t\t\t\t\t\t\t\t\t\t\t<\/div>\n\t\t\t\t\t\t\t\t\t\t\t\t<\/li>\n\t\t\t\t\t\t\t\t\t\t\t\t<li class=\"post tf_swiper-slide slide-wrap tf_lazy has-post-title has-post-date no-post-category no-post-tag has-post-comment has-post-author product type-product post-16411 status-publish instock product_cat-lisbon has-post-thumbnail shipping-taxable purchasable product-type-phive_booking yith-wcbm-product-has-badges\">\n\t\t\t\t\t\t\t\t\t\t\t\t\t\t\t<div class=\"slide-inner-wrap\">\n\t\t\t\t\t\t\t\t\t\t\t\t\t\t\t\n\t\t\t\t\t\t\t\t\t\t\t\t\t\t\t\t\t\t\t\t\t\t\t\t\t\t<div class='container-image-and-badge  '><figure class=\"post-image\">\n            \t<a href=\"https:\/\/theartoftastingportugal.com\/en\/product\/chef-andre-cruzs-gastronomic-experience\/\" title=\"Chef Andr\u00e9 Cruz&#8217;s gastronomic experience\"><img src=\"data:image\/svg+xml;charset=UTF-8,%3Csvg%20xmlns%3D%22http%3A%2F%2Fwww.w3.org%2F2000%2Fsvg%22%20width%3D%22450%22%20height%3D%22450%22%3E%3Cg%20fill%3D%22%23544500%22%3E%3Crect%20width%3D%22150%22%20height%3D%22150%22%2F%3E%3Crect%20width%3D%22150%22%20height%3D%22150%22%20fill%3D%22%23493733%22%20x%3D%22150%22%2F%3E%3Crect%20width%3D%22150%22%20height%3D%22150%22%20fill%3D%22%23cb9d5f%22%20x%3D%22300%22%2F%3E%3Crect%20width%3D%22150%22%20height%3D%22150%22%20fill%3D%22%23c3a275%22%20y%3D%22150%22%2F%3E%3Crect%20width%3D%22150%22%20height%3D%22150%22%20fill%3D%22%23ddbda8%22%20x%3D%22150%22%20y%3D%22150%22%2F%3E%3Crect%20width%3D%22150%22%20height%3D%22150%22%20fill%3D%22%23b8a193%22%20x%3D%22300%22%20y%3D%22150%22%2F%3E%3Crect%20width%3D%22150%22%20height%3D%22150%22%20fill%3D%22%23d0b3a1%22%20y%3D%22300%22%2F%3E%3Crect%20width%3D%22150%22%20height%3D%22150%22%20fill%3D%22%23034a4e%22%20x%3D%22150%22%20y%3D%22300%22%2F%3E%3Crect%20width%3D%22150%22%20height%3D%22150%22%20fill%3D%22%23008581%22%20x%3D%22300%22%20y%3D%22300%22%2F%3E%3C%2Fg%3E%3C%2Fsvg%3E\" decoding=\"async\" data-lazy=\"1\" loading=\"lazy\" data-tf-src=\"https:\/\/theartoftastingportugal.com\/wp-content\/uploads\/2024\/05\/ACruz_LocalStar_February24-6-1024x768-450x450.jpg\" width=\"450\" height=\"450\" class=\"tf_svg_lazy wp-post-image wp-image-16397\" title=\"ACruz_LocalStar_February24-6\" alt=\"ACruz_LocalStar_February24-6\" data-tf-srcset=\"https:\/\/theartoftastingportugal.com\/wp-content\/uploads\/2024\/05\/ACruz_LocalStar_February24-6-1024x768-450x450.jpg 450w, https:\/\/theartoftastingportugal.com\/wp-content\/uploads\/2024\/05\/ACruz_LocalStar_February24-6-150x150.jpg 150w, https:\/\/theartoftastingportugal.com\/wp-content\/uploads\/2024\/05\/ACruz_LocalStar_February24-6-300x300.jpg 300w, https:\/\/theartoftastingportugal.com\/wp-content\/uploads\/2024\/05\/ACruz_LocalStar_February24-6-100x100.jpg 100w\" data-tf-sizes=\"(max-width: 450px) 100vw, 450px\" \/><noscript><img loading=\"lazy\" data-tf-not-load src=\"https:\/\/theartoftastingportugal.com\/wp-content\/uploads\/2024\/05\/ACruz_LocalStar_February24-6-1024x768-450x450.jpg\" width=\"450\" height=\"450\" class=\"wp-post-image wp-image-16397\" title=\"ACruz_LocalStar_February24-6\" alt=\"ACruz_LocalStar_February24-6\" srcset=\"https:\/\/theartoftastingportugal.com\/wp-content\/uploads\/2024\/05\/ACruz_LocalStar_February24-6-1024x768-450x450.jpg 450w, https:\/\/theartoftastingportugal.com\/wp-content\/uploads\/2024\/05\/ACruz_LocalStar_February24-6-150x150.jpg 150w, https:\/\/theartoftastingportugal.com\/wp-content\/uploads\/2024\/05\/ACruz_LocalStar_February24-6-300x300.jpg 300w, https:\/\/theartoftastingportugal.com\/wp-content\/uploads\/2024\/05\/ACruz_LocalStar_February24-6-100x100.jpg 100w\" sizes=\"(max-width: 450px) 100vw, 450px\" \/><\/noscript><\/a>\n    <\/figure><div class='yith-wcbm-badge yith-wcbm-badge-15452 yith-wcbm-badge-image yith-wcbm-badge--on-product-16411' data-position='{&quot;top&quot;:&quot;0&quot;,&quot;right&quot;:&quot;auto&quot;,&quot;bottom&quot;:&quot;auto&quot;,&quot;left&quot;:&quot;auto&quot;,&quot;center&quot;:&quot;0&quot;}' data-transform=\"translateX(-50%)\">\n\t<div class='yith-wcbm-badge__wrap'>\n\t\t<img src=\"\/\/theartoftastingportugal.com\/wp-content\/plugins\/yith-woocommerce-badges-management\/assets\/images\/image-badges\/1.svg\" alt=\"YITH Badge\"\/>\n\t<\/div>\n<\/div>\n<!--yith-wcbm-badge-->\n<\/div><!--container-image-and-badge-->\t\t\t\t\t\t\t\t\t<div class=\"info-experiencias\">Set\u00fabal | 2-6 people<\/div>\t\t\t\t\t\t\t\t\n\t\t\t\t\t\t\t\t<div class=\"post-content\">\n\t\t\t\t\t\t\t\t\t\t\t\t\t\t\t\t\t\t\n\t\t\t\t\t\t\t\t\t\t\t\t\t\t\t\t\t\t\t\t\t\t\t\t\t\t\t\t\t\t\t\t\t\t\t\t\t\t<h3 class=\"woocommerce-loop-product__title\">\n\t\t\t\t\t\t\t\t\t\t\t\t\t\t\t\t\t\t\t\t\t\t\t<a href=\"https:\/\/theartoftastingportugal.com\/en\/product\/chef-andre-cruzs-gastronomic-experience\/\" title=\"Chef Andr\u00e9 Cruz&#8217;s gastronomic experience\">\n\t\t\t\t\t\t\t\t\t\t\t\t\n\t\t\t\t\t\t\t\t\t\t\t\tChef Andr\u00e9 Cruz&#8217;s gastronomic experience\n\t\t\t\t\t\t\t\t\t\t\t\t\t\t\t\t\t\t\t\t\t\t\t\t<\/a>\n\t\t\t\t\t\t\t\t\t\t\t\t\t\t\t\t\t\t\t\t\t<\/h3>\n\t\t\t\t\t\t\t\t\t\t\t\t\t\t\t\t\t\t\t  \n\n\t\t\t\t\t\t\t\t\t\t\t\t\t\t\t\t\t<\/div>\n\t\t\t\t\t\t\t\t\t\t\t\t\t<\/div>\n\t\t\t\t\t\t\t\t\t\t\t\t<\/li>\n\t\t\t\t\t\t\t\t\t\t\t\t\t\t<\/ul>\n\t\t\t\t\t\t<\/div>\n\t\t\t\t<\/div>\n\t\t        <\/div>\n\t    \t<\/div>\n\t\t    <\/div>\n\t    <!-- \/row_inner -->\n\t<\/div>\n\t<!-- \/module_row -->\n\t\t<!-- module_row -->\n\t<div  data-css_id=\"g5bo178\" data-lazy=\"1\" class=\"module_row themify_builder_row experiencias-slider-wrap repeat fullwidth tb_g5bo178 tf_clearfix\" >\n\t    \t\t<div class=\"row_inner col_align_top tf_box tf_w tf_rel\">\n\t\t\t<div  data-lazy=\"1\" class=\"module_column tb-column col-full first tb_0dv2178 tf_box\">\n\t    \t    \t        <div class=\"tb-column-inner tf_box tf_w\">\n\t\t    <!-- module plain text -->\n<div  class=\"module module-plain-text tb_frjl178 intro-text-regioes\" data-lazy=\"1\">\n        <div class=\"tb_text_wrap\">\n\t<div class=\"divider-wrap\">\n<div class=\"divider-vertical\"><\/div>\n<\/div>    <\/div>\n<\/div>\n<!-- \/module plain text --><!-- module fancy heading -->\n<div  class=\"module module-fancy-heading tb_aa8z179  tb_hide_divider\" data-lazy=\"1\">\n        <h2 class=\"fancy-heading tf_textc\">\n    <span  class=\"main-head tf_block\">\n\t\t\t\t\tAlentejo and Ribatejo\t\t    <\/span>\n    <span class=\"sub-head tf_block tf_rel\">\n\t\t\t\t\t\t\t    <\/span>\n    <\/h2>\n<\/div>\n<!-- \/module fancy heading -->\n\n\t<div  id=\"tb_lkyi179\" class=\"module woocommerce module-products tb_lkyi179   themify_builder_slider_vertical\" data-lazy=\"1\">\n\t\t\t\t\t<div  data-visible=\"4\" data-tbreakpoints=\"1024\" data-mob-visible=\"1\" data-mbreakpoints=\"600\" data-scroll=\"1\" data-speed=\"1\" data-wrapvar=\"0\" data-slider_nav=\"1\" data-pager=\"0\" data-effect=\"scroll\" data-height=\"auto\" data-css_url=\"https:\/\/theartoftastingportugal.com\/wp-content\/plugins\/builder-woocommerce\/assets\/modules\/slider.css,https:\/\/theartoftastingportugal.com\/wp-content\/themes\/themify-ultra\/themify\/themify-builder\/css\/modules\/sliders\/carousel.css\" data-nav_out=\"1\" class=\"loops-wrapper products wc-products tf_swiper-container tf_carousel tf_rel tf_overflow slider-default classic tf_clearfix\" data-lazy=\"1\">\n\t\t\t\t\t\t\t<ul class=\"tf_swiper-wrapper tf_lazy tf_rel tf_w tf_h\">\n\t\t\t\t\t\t\t\t\t\t\t\t\t\t<li class=\"post tf_swiper-slide slide-wrap tf_lazy has-post-title has-post-date no-post-category no-post-tag has-post-comment has-post-author product type-product post-9822 status-publish instock product_cat-alentejo-and-ribatejo product_cat-destaques-home-en has-post-thumbnail shipping-taxable purchasable product-type-phive_booking\">\n\t\t\t\t\t\t\t\t\t\t\t\t\t\t\t<div class=\"slide-inner-wrap\">\n\t\t\t\t\t\t\t\t\t\t\t\t\t\t\t\n\t\t\t\t\t\t\t\t\t\t\t\t\t\t\t\t\t\t\t\t\t\t\t\t\t\t<figure class=\"post-image\">\n            \t<a href=\"https:\/\/theartoftastingportugal.com\/en\/product\/vineyard-coelheiros\/\" title=\"Vineyard Coelheiros\"><img src=\"data:image\/svg+xml;charset=UTF-8,%3Csvg%20xmlns%3D%22http%3A%2F%2Fwww.w3.org%2F2000%2Fsvg%22%20width%3D%22450%22%20height%3D%22450%22%3E%3Cg%20fill%3D%22%237f733f%22%3E%3Crect%20width%3D%22150%22%20height%3D%22150%22%2F%3E%3Crect%20width%3D%22150%22%20height%3D%22150%22%20fill%3D%22%23ecd58f%22%20x%3D%22150%22%2F%3E%3Crect%20width%3D%22150%22%20height%3D%22150%22%20fill%3D%22%23fdefc2%22%20x%3D%22300%22%2F%3E%3Crect%20width%3D%22150%22%20height%3D%22150%22%20fill%3D%22%23da9c53%22%20y%3D%22150%22%2F%3E%3Crect%20width%3D%22150%22%20height%3D%22150%22%20fill%3D%22%23c7a973%22%20x%3D%22150%22%20y%3D%22150%22%2F%3E%3Crect%20width%3D%22150%22%20height%3D%22150%22%20fill%3D%22%23edd693%22%20x%3D%22300%22%20y%3D%22150%22%2F%3E%3Crect%20width%3D%22150%22%20height%3D%22150%22%20fill%3D%22%23986d67%22%20y%3D%22300%22%2F%3E%3Crect%20width%3D%22150%22%20height%3D%22150%22%20fill%3D%22%234c1018%22%20x%3D%22150%22%20y%3D%22300%22%2F%3E%3Crect%20width%3D%22150%22%20height%3D%22150%22%20fill%3D%22%23a9792f%22%20x%3D%22300%22%20y%3D%22300%22%2F%3E%3C%2Fg%3E%3C%2Fsvg%3E\" decoding=\"async\" data-lazy=\"1\" loading=\"lazy\" data-tf-src=\"https:\/\/theartoftastingportugal.com\/wp-content\/uploads\/2022\/03\/Experiencia-Herdade-dos-Coelheiros-SQUARE-450x450.jpg\" width=\"450\" height=\"450\" class=\"tf_svg_lazy wp-post-image wp-image-15163\" title=\"Experi\u00eancia Herdade dos Coelheiros-SQUARE\" alt=\"Experi\u00eancia Herdade dos Coelheiros-SQUARE\" data-tf-srcset=\"https:\/\/theartoftastingportugal.com\/wp-content\/uploads\/2022\/03\/Experiencia-Herdade-dos-Coelheiros-SQUARE-450x450.jpg 450w, https:\/\/theartoftastingportugal.com\/wp-content\/uploads\/2022\/03\/Experiencia-Herdade-dos-Coelheiros-SQUARE-300x300.jpg 300w, https:\/\/theartoftastingportugal.com\/wp-content\/uploads\/2022\/03\/Experiencia-Herdade-dos-Coelheiros-SQUARE-150x150.jpg 150w, https:\/\/theartoftastingportugal.com\/wp-content\/uploads\/2022\/03\/Experiencia-Herdade-dos-Coelheiros-SQUARE-768x768.jpg 768w, https:\/\/theartoftastingportugal.com\/wp-content\/uploads\/2022\/03\/Experiencia-Herdade-dos-Coelheiros-SQUARE-600x600.jpg 600w, https:\/\/theartoftastingportugal.com\/wp-content\/uploads\/2022\/03\/Experiencia-Herdade-dos-Coelheiros-SQUARE-100x100.jpg 100w, https:\/\/theartoftastingportugal.com\/wp-content\/uploads\/2022\/03\/Experiencia-Herdade-dos-Coelheiros-SQUARE.jpg 1000w\" data-tf-sizes=\"(max-width: 450px) 100vw, 450px\" \/><noscript><img loading=\"lazy\" data-tf-not-load src=\"https:\/\/theartoftastingportugal.com\/wp-content\/uploads\/2022\/03\/Experiencia-Herdade-dos-Coelheiros-SQUARE-450x450.jpg\" width=\"450\" height=\"450\" class=\"wp-post-image wp-image-15163\" title=\"Experi\u00eancia Herdade dos Coelheiros-SQUARE\" alt=\"Experi\u00eancia Herdade dos Coelheiros-SQUARE\" srcset=\"https:\/\/theartoftastingportugal.com\/wp-content\/uploads\/2022\/03\/Experiencia-Herdade-dos-Coelheiros-SQUARE-450x450.jpg 450w, https:\/\/theartoftastingportugal.com\/wp-content\/uploads\/2022\/03\/Experiencia-Herdade-dos-Coelheiros-SQUARE-300x300.jpg 300w, https:\/\/theartoftastingportugal.com\/wp-content\/uploads\/2022\/03\/Experiencia-Herdade-dos-Coelheiros-SQUARE-150x150.jpg 150w, https:\/\/theartoftastingportugal.com\/wp-content\/uploads\/2022\/03\/Experiencia-Herdade-dos-Coelheiros-SQUARE-768x768.jpg 768w, https:\/\/theartoftastingportugal.com\/wp-content\/uploads\/2022\/03\/Experiencia-Herdade-dos-Coelheiros-SQUARE-600x600.jpg 600w, https:\/\/theartoftastingportugal.com\/wp-content\/uploads\/2022\/03\/Experiencia-Herdade-dos-Coelheiros-SQUARE-100x100.jpg 100w, https:\/\/theartoftastingportugal.com\/wp-content\/uploads\/2022\/03\/Experiencia-Herdade-dos-Coelheiros-SQUARE.jpg 1000w\" sizes=\"(max-width: 450px) 100vw, 450px\" \/><\/noscript><\/a>\n    <\/figure>\t\t\t\t\t\t\t\t\t<div class=\"info-experiencias\">Arraiolos | 2-8 people<\/div>\t\t\t\t\t\t\t\t\n\t\t\t\t\t\t\t\t<div class=\"post-content\">\n\t\t\t\t\t\t\t\t\t\t\t\t\t\t\t\t\t\t\n\t\t\t\t\t\t\t\t\t\t\t\t\t\t\t\t\t\t\t\t\t\t\t\t\t\t\t\t\t\t\t\t\t\t\t\t\t\t<h3 class=\"woocommerce-loop-product__title\">\n\t\t\t\t\t\t\t\t\t\t\t\t\t\t\t\t\t\t\t\t\t\t\t<a href=\"https:\/\/theartoftastingportugal.com\/en\/product\/vineyard-coelheiros\/\" title=\"Vineyard Coelheiros\">\n\t\t\t\t\t\t\t\t\t\t\t\t\n\t\t\t\t\t\t\t\t\t\t\t\tVineyard Coelheiros\n\t\t\t\t\t\t\t\t\t\t\t\t\t\t\t\t\t\t\t\t\t\t\t\t<\/a>\n\t\t\t\t\t\t\t\t\t\t\t\t\t\t\t\t\t\t\t\t\t<\/h3>\n\t\t\t\t\t\t\t\t\t\t\t\t\t\t\t\t\t\t\t  \n\n\t\t\t\t\t\t\t\t\t\t\t\t\t\t\t\t\t<\/div>\n\t\t\t\t\t\t\t\t\t\t\t\t\t<\/div>\n\t\t\t\t\t\t\t\t\t\t\t\t<\/li>\n\t\t\t\t\t\t\t\t\t\t\t\t<li class=\"post tf_swiper-slide slide-wrap tf_lazy has-post-title has-post-date no-post-category no-post-tag has-post-comment has-post-author product type-product post-10044 status-publish instock product_cat-alentejo-and-ribatejo has-post-thumbnail shipping-taxable purchasable product-type-phive_booking\">\n\t\t\t\t\t\t\t\t\t\t\t\t\t\t\t<div class=\"slide-inner-wrap\">\n\t\t\t\t\t\t\t\t\t\t\t\t\t\t\t\n\t\t\t\t\t\t\t\t\t\t\t\t\t\t\t\t\t\t\t\t\t\t\t\t\t\t<figure class=\"post-image\">\n            \t<a href=\"https:\/\/theartoftastingportugal.com\/en\/product\/scent-of-alentejo-with-chef-miguel-laffan\/\" title=\"Scent of Alentejo with Chef Miguel Laffan\"><img src=\"data:image\/svg+xml;charset=UTF-8,%3Csvg%20xmlns%3D%22http%3A%2F%2Fwww.w3.org%2F2000%2Fsvg%22%20width%3D%22450%22%20height%3D%22450%22%3E%3Cg%20fill%3D%22%23b4bca7%22%3E%3Crect%20width%3D%22150%22%20height%3D%22150%22%2F%3E%3Crect%20width%3D%22150%22%20height%3D%22150%22%20fill%3D%22%237e9d64%22%20x%3D%22150%22%2F%3E%3Crect%20width%3D%22150%22%20height%3D%22150%22%20fill%3D%22%23c7a48e%22%20x%3D%22300%22%2F%3E%3Crect%20width%3D%22150%22%20height%3D%22150%22%20fill%3D%22%23415937%22%20y%3D%22150%22%2F%3E%3Crect%20width%3D%22150%22%20height%3D%22150%22%20fill%3D%22%23101f08%22%20x%3D%22150%22%20y%3D%22150%22%2F%3E%3Crect%20width%3D%22150%22%20height%3D%22150%22%20fill%3D%22%23282e14%22%20x%3D%22300%22%20y%3D%22150%22%2F%3E%3Crect%20width%3D%22150%22%20height%3D%22150%22%20fill%3D%22%23011a00%22%20y%3D%22300%22%2F%3E%3Crect%20width%3D%22150%22%20height%3D%22150%22%20fill%3D%22%23000900%22%20x%3D%22150%22%20y%3D%22300%22%2F%3E%3Crect%20width%3D%22150%22%20height%3D%22150%22%20fill%3D%22%23a29181%22%20x%3D%22300%22%20y%3D%22300%22%2F%3E%3C%2Fg%3E%3C%2Fsvg%3E\" decoding=\"async\" data-lazy=\"1\" loading=\"lazy\" data-tf-src=\"https:\/\/theartoftastingportugal.com\/wp-content\/uploads\/2022\/03\/Experiencia-Chef-Miguel-Laffan-mercado-SQUARE-450x450.jpg\" width=\"450\" height=\"450\" class=\"tf_svg_lazy wp-post-image wp-image-15137\" title=\"Experiencia Chef Miguel Laffan mercado-SQUARE\" alt=\"Experiencia Chef Miguel Laffan mercado-SQUARE\" data-tf-srcset=\"https:\/\/theartoftastingportugal.com\/wp-content\/uploads\/2022\/03\/Experiencia-Chef-Miguel-Laffan-mercado-SQUARE-450x450.jpg 450w, https:\/\/theartoftastingportugal.com\/wp-content\/uploads\/2022\/03\/Experiencia-Chef-Miguel-Laffan-mercado-SQUARE-300x300.jpg 300w, https:\/\/theartoftastingportugal.com\/wp-content\/uploads\/2022\/03\/Experiencia-Chef-Miguel-Laffan-mercado-SQUARE-150x150.jpg 150w, https:\/\/theartoftastingportugal.com\/wp-content\/uploads\/2022\/03\/Experiencia-Chef-Miguel-Laffan-mercado-SQUARE-768x768.jpg 768w, https:\/\/theartoftastingportugal.com\/wp-content\/uploads\/2022\/03\/Experiencia-Chef-Miguel-Laffan-mercado-SQUARE-600x600.jpg 600w, https:\/\/theartoftastingportugal.com\/wp-content\/uploads\/2022\/03\/Experiencia-Chef-Miguel-Laffan-mercado-SQUARE-100x100.jpg 100w, https:\/\/theartoftastingportugal.com\/wp-content\/uploads\/2022\/03\/Experiencia-Chef-Miguel-Laffan-mercado-SQUARE.jpg 1000w\" data-tf-sizes=\"(max-width: 450px) 100vw, 450px\" \/><noscript><img loading=\"lazy\" data-tf-not-load src=\"https:\/\/theartoftastingportugal.com\/wp-content\/uploads\/2022\/03\/Experiencia-Chef-Miguel-Laffan-mercado-SQUARE-450x450.jpg\" width=\"450\" height=\"450\" class=\"wp-post-image wp-image-15137\" title=\"Experiencia Chef Miguel Laffan mercado-SQUARE\" alt=\"Experiencia Chef Miguel Laffan mercado-SQUARE\" srcset=\"https:\/\/theartoftastingportugal.com\/wp-content\/uploads\/2022\/03\/Experiencia-Chef-Miguel-Laffan-mercado-SQUARE-450x450.jpg 450w, https:\/\/theartoftastingportugal.com\/wp-content\/uploads\/2022\/03\/Experiencia-Chef-Miguel-Laffan-mercado-SQUARE-300x300.jpg 300w, https:\/\/theartoftastingportugal.com\/wp-content\/uploads\/2022\/03\/Experiencia-Chef-Miguel-Laffan-mercado-SQUARE-150x150.jpg 150w, https:\/\/theartoftastingportugal.com\/wp-content\/uploads\/2022\/03\/Experiencia-Chef-Miguel-Laffan-mercado-SQUARE-768x768.jpg 768w, https:\/\/theartoftastingportugal.com\/wp-content\/uploads\/2022\/03\/Experiencia-Chef-Miguel-Laffan-mercado-SQUARE-600x600.jpg 600w, https:\/\/theartoftastingportugal.com\/wp-content\/uploads\/2022\/03\/Experiencia-Chef-Miguel-Laffan-mercado-SQUARE-100x100.jpg 100w, https:\/\/theartoftastingportugal.com\/wp-content\/uploads\/2022\/03\/Experiencia-Chef-Miguel-Laffan-mercado-SQUARE.jpg 1000w\" sizes=\"(max-width: 450px) 100vw, 450px\" \/><\/noscript><\/a>\n    <\/figure>\t\t\t\t\t\t\t\t\t<div class=\"info-experiencias\">Monforte | 2-20 people<\/div>\t\t\t\t\t\t\t\t\n\t\t\t\t\t\t\t\t<div class=\"post-content\">\n\t\t\t\t\t\t\t\t\t\t\t\t\t\t\t\t\t\t\n\t\t\t\t\t\t\t\t\t\t\t\t\t\t\t\t\t\t\t\t\t\t\t\t\t\t\t\t\t\t\t\t\t\t\t\t\t\t<h3 class=\"woocommerce-loop-product__title\">\n\t\t\t\t\t\t\t\t\t\t\t\t\t\t\t\t\t\t\t\t\t\t\t<a href=\"https:\/\/theartoftastingportugal.com\/en\/product\/scent-of-alentejo-with-chef-miguel-laffan\/\" title=\"Scent of Alentejo with Chef Miguel Laffan\">\n\t\t\t\t\t\t\t\t\t\t\t\t\n\t\t\t\t\t\t\t\t\t\t\t\tScent of Alentejo with Chef Miguel Laffan\n\t\t\t\t\t\t\t\t\t\t\t\t\t\t\t\t\t\t\t\t\t\t\t\t<\/a>\n\t\t\t\t\t\t\t\t\t\t\t\t\t\t\t\t\t\t\t\t\t<\/h3>\n\t\t\t\t\t\t\t\t\t\t\t\t\t\t\t\t\t\t\t  \n\n\t\t\t\t\t\t\t\t\t\t\t\t\t\t\t\t\t<\/div>\n\t\t\t\t\t\t\t\t\t\t\t\t\t<\/div>\n\t\t\t\t\t\t\t\t\t\t\t\t<\/li>\n\t\t\t\t\t\t\t\t\t\t\t\t<li class=\"post tf_swiper-slide slide-wrap tf_lazy has-post-title has-post-date no-post-category no-post-tag has-post-comment has-post-author product type-product post-12646 status-publish instock product_cat-alentejo-and-ribatejo has-post-thumbnail shipping-taxable purchasable product-type-phive_booking\">\n\t\t\t\t\t\t\t\t\t\t\t\t\t\t\t<div class=\"slide-inner-wrap\">\n\t\t\t\t\t\t\t\t\t\t\t\t\t\t\t\n\t\t\t\t\t\t\t\t\t\t\t\t\t\t\t\t\t\t\t\t\t\t\t\t\t\t<figure class=\"post-image\">\n            \t<a href=\"https:\/\/theartoftastingportugal.com\/en\/product\/lagar-museu\/\" title=\"Lagar Museu\"><img src=\"data:image\/svg+xml;charset=UTF-8,%3Csvg%20xmlns%3D%22http%3A%2F%2Fwww.w3.org%2F2000%2Fsvg%22%20width%3D%22450%22%20height%3D%22450%22%3E%3Cg%20fill%3D%22%2379a78b%22%3E%3Crect%20width%3D%22150%22%20height%3D%22150%22%2F%3E%3Crect%20width%3D%22150%22%20height%3D%22150%22%20fill%3D%22%23d9b2a3%22%20x%3D%22150%22%2F%3E%3Crect%20width%3D%22150%22%20height%3D%22150%22%20fill%3D%22%23846258%22%20x%3D%22300%22%2F%3E%3Crect%20width%3D%22150%22%20height%3D%22150%22%20fill%3D%22%2375a18a%22%20y%3D%22150%22%2F%3E%3Crect%20width%3D%22150%22%20height%3D%22150%22%20fill%3D%22%236f9580%22%20x%3D%22150%22%20y%3D%22150%22%2F%3E%3Crect%20width%3D%22150%22%20height%3D%22150%22%20fill%3D%22%237f5642%22%20x%3D%22300%22%20y%3D%22150%22%2F%3E%3Crect%20width%3D%22150%22%20height%3D%22150%22%20fill%3D%22%23d8e3e9%22%20y%3D%22300%22%2F%3E%3Crect%20width%3D%22150%22%20height%3D%22150%22%20fill%3D%22%23d3e4ec%22%20x%3D%22150%22%20y%3D%22300%22%2F%3E%3Crect%20width%3D%22150%22%20height%3D%22150%22%20fill%3D%22%23d9e4ea%22%20x%3D%22300%22%20y%3D%22300%22%2F%3E%3C%2Fg%3E%3C%2Fsvg%3E\" decoding=\"async\" data-lazy=\"1\" loading=\"lazy\" data-tf-src=\"https:\/\/theartoftastingportugal.com\/wp-content\/uploads\/2022\/05\/Experiencia-Azeite-Casa-Anadia-SQUARE-450x450.jpg\" width=\"450\" height=\"450\" class=\"tf_svg_lazy wp-post-image wp-image-15116\" title=\"Experi\u00eancia Azeite Casa Anadia-SQUARE\" alt=\"Experi\u00eancia Azeite Casa Anadia-SQUARE\" data-tf-srcset=\"https:\/\/theartoftastingportugal.com\/wp-content\/uploads\/2022\/05\/Experiencia-Azeite-Casa-Anadia-SQUARE-450x450.jpg 450w, https:\/\/theartoftastingportugal.com\/wp-content\/uploads\/2022\/05\/Experiencia-Azeite-Casa-Anadia-SQUARE-300x300.jpg 300w, https:\/\/theartoftastingportugal.com\/wp-content\/uploads\/2022\/05\/Experiencia-Azeite-Casa-Anadia-SQUARE-150x150.jpg 150w, https:\/\/theartoftastingportugal.com\/wp-content\/uploads\/2022\/05\/Experiencia-Azeite-Casa-Anadia-SQUARE-768x768.jpg 768w, https:\/\/theartoftastingportugal.com\/wp-content\/uploads\/2022\/05\/Experiencia-Azeite-Casa-Anadia-SQUARE-600x600.jpg 600w, https:\/\/theartoftastingportugal.com\/wp-content\/uploads\/2022\/05\/Experiencia-Azeite-Casa-Anadia-SQUARE-100x100.jpg 100w, https:\/\/theartoftastingportugal.com\/wp-content\/uploads\/2022\/05\/Experiencia-Azeite-Casa-Anadia-SQUARE.jpg 1000w\" data-tf-sizes=\"(max-width: 450px) 100vw, 450px\" \/><noscript><img loading=\"lazy\" data-tf-not-load src=\"https:\/\/theartoftastingportugal.com\/wp-content\/uploads\/2022\/05\/Experiencia-Azeite-Casa-Anadia-SQUARE-450x450.jpg\" width=\"450\" height=\"450\" class=\"wp-post-image wp-image-15116\" title=\"Experi\u00eancia Azeite Casa Anadia-SQUARE\" alt=\"Experi\u00eancia Azeite Casa Anadia-SQUARE\" srcset=\"https:\/\/theartoftastingportugal.com\/wp-content\/uploads\/2022\/05\/Experiencia-Azeite-Casa-Anadia-SQUARE-450x450.jpg 450w, https:\/\/theartoftastingportugal.com\/wp-content\/uploads\/2022\/05\/Experiencia-Azeite-Casa-Anadia-SQUARE-300x300.jpg 300w, https:\/\/theartoftastingportugal.com\/wp-content\/uploads\/2022\/05\/Experiencia-Azeite-Casa-Anadia-SQUARE-150x150.jpg 150w, https:\/\/theartoftastingportugal.com\/wp-content\/uploads\/2022\/05\/Experiencia-Azeite-Casa-Anadia-SQUARE-768x768.jpg 768w, https:\/\/theartoftastingportugal.com\/wp-content\/uploads\/2022\/05\/Experiencia-Azeite-Casa-Anadia-SQUARE-600x600.jpg 600w, https:\/\/theartoftastingportugal.com\/wp-content\/uploads\/2022\/05\/Experiencia-Azeite-Casa-Anadia-SQUARE-100x100.jpg 100w, https:\/\/theartoftastingportugal.com\/wp-content\/uploads\/2022\/05\/Experiencia-Azeite-Casa-Anadia-SQUARE.jpg 1000w\" sizes=\"(max-width: 450px) 100vw, 450px\" \/><\/noscript><\/a>\n    <\/figure>\t\t\t\t\t\t\t\t\t<div class=\"info-experiencias\">Abrantes | 2-20 people<\/div>\t\t\t\t\t\t\t\t\n\t\t\t\t\t\t\t\t<div class=\"post-content\">\n\t\t\t\t\t\t\t\t\t\t\t\t\t\t\t\t\t\t\n\t\t\t\t\t\t\t\t\t\t\t\t\t\t\t\t\t\t\t\t\t\t\t\t\t\t\t\t\t\t\t\t\t\t\t\t\t\t<h3 class=\"woocommerce-loop-product__title\">\n\t\t\t\t\t\t\t\t\t\t\t\t\t\t\t\t\t\t\t\t\t\t\t<a href=\"https:\/\/theartoftastingportugal.com\/en\/product\/lagar-museu\/\" title=\"Lagar Museu\">\n\t\t\t\t\t\t\t\t\t\t\t\t\n\t\t\t\t\t\t\t\t\t\t\t\tLagar Museu\n\t\t\t\t\t\t\t\t\t\t\t\t\t\t\t\t\t\t\t\t\t\t\t\t<\/a>\n\t\t\t\t\t\t\t\t\t\t\t\t\t\t\t\t\t\t\t\t\t<\/h3>\n\t\t\t\t\t\t\t\t\t\t\t\t\t\t\t\t\t\t\t  \n\n\t\t\t\t\t\t\t\t\t\t\t\t\t\t\t\t\t<\/div>\n\t\t\t\t\t\t\t\t\t\t\t\t\t<\/div>\n\t\t\t\t\t\t\t\t\t\t\t\t<\/li>\n\t\t\t\t\t\t\t\t\t\t\t\t<li class=\"post tf_swiper-slide slide-wrap tf_lazy has-post-title has-post-date no-post-category no-post-tag has-post-comment has-post-author product type-product post-16497 status-publish instock product_cat-alentejo-and-ribatejo has-post-thumbnail shipping-taxable purchasable product-type-phive_booking yith-wcbm-product-has-badges\">\n\t\t\t\t\t\t\t\t\t\t\t\t\t\t\t<div class=\"slide-inner-wrap\">\n\t\t\t\t\t\t\t\t\t\t\t\t\t\t\t\n\t\t\t\t\t\t\t\t\t\t\t\t\t\t\t\t\t\t\t\t\t\t\t\t\t\t<div class='container-image-and-badge  '><figure class=\"post-image\">\n            \t<a href=\"https:\/\/theartoftastingportugal.com\/en\/product\/gastronomic-experience-rodrigo-castelo\/\" title=\"Gastronomic Experience Rodrigo Castelo\"><img src=\"data:image\/svg+xml;charset=UTF-8,%3Csvg%20xmlns%3D%22http%3A%2F%2Fwww.w3.org%2F2000%2Fsvg%22%20width%3D%22450%22%20height%3D%22450%22%3E%3Cg%20fill%3D%22%23e9e4e6%22%3E%3Crect%20width%3D%22150%22%20height%3D%22150%22%2F%3E%3Crect%20width%3D%22150%22%20height%3D%22150%22%20fill%3D%22%23e6e1e7%22%20x%3D%22150%22%2F%3E%3Crect%20width%3D%22150%22%20height%3D%22150%22%20fill%3D%22%23e2e2e7%22%20x%3D%22300%22%2F%3E%3Crect%20width%3D%22150%22%20height%3D%22150%22%20fill%3D%22%23cac4c9%22%20y%3D%22150%22%2F%3E%3Crect%20width%3D%22150%22%20height%3D%22150%22%20fill%3D%22%23c1bfc5%22%20x%3D%22150%22%20y%3D%22150%22%2F%3E%3Crect%20width%3D%22150%22%20height%3D%22150%22%20fill%3D%22%23c4bfc5%22%20x%3D%22300%22%20y%3D%22150%22%2F%3E%3Crect%20width%3D%22150%22%20height%3D%22150%22%20fill%3D%22%2363745e%22%20y%3D%22300%22%2F%3E%3Crect%20width%3D%22150%22%20height%3D%22150%22%20fill%3D%22%236b7279%22%20x%3D%22150%22%20y%3D%22300%22%2F%3E%3Crect%20width%3D%22150%22%20height%3D%22150%22%20fill%3D%22%23ac9c90%22%20x%3D%22300%22%20y%3D%22300%22%2F%3E%3C%2Fg%3E%3C%2Fsvg%3E\" decoding=\"async\" data-lazy=\"1\" loading=\"lazy\" data-tf-src=\"https:\/\/theartoftastingportugal.com\/wp-content\/uploads\/2024\/07\/21-1-1024x576-450x450.png\" width=\"450\" height=\"450\" class=\"tf_svg_lazy wp-post-image wp-image-16484\" title=\"21\" alt=\"21\" data-tf-srcset=\"https:\/\/theartoftastingportugal.com\/wp-content\/uploads\/2024\/07\/21-1-1024x576-450x450.png 450w, https:\/\/theartoftastingportugal.com\/wp-content\/uploads\/2024\/07\/21-1-150x150.png 150w, https:\/\/theartoftastingportugal.com\/wp-content\/uploads\/2024\/07\/21-1-300x300.png 300w, https:\/\/theartoftastingportugal.com\/wp-content\/uploads\/2024\/07\/21-1-100x100.png 100w, https:\/\/theartoftastingportugal.com\/wp-content\/uploads\/2024\/07\/21-1-1024x576-500x500.png 500w\" data-tf-sizes=\"(max-width: 450px) 100vw, 450px\" \/><noscript><img loading=\"lazy\" data-tf-not-load src=\"https:\/\/theartoftastingportugal.com\/wp-content\/uploads\/2024\/07\/21-1-1024x576-450x450.png\" width=\"450\" height=\"450\" class=\"wp-post-image wp-image-16484\" title=\"21\" alt=\"21\" srcset=\"https:\/\/theartoftastingportugal.com\/wp-content\/uploads\/2024\/07\/21-1-1024x576-450x450.png 450w, https:\/\/theartoftastingportugal.com\/wp-content\/uploads\/2024\/07\/21-1-150x150.png 150w, https:\/\/theartoftastingportugal.com\/wp-content\/uploads\/2024\/07\/21-1-300x300.png 300w, https:\/\/theartoftastingportugal.com\/wp-content\/uploads\/2024\/07\/21-1-100x100.png 100w, https:\/\/theartoftastingportugal.com\/wp-content\/uploads\/2024\/07\/21-1-1024x576-500x500.png 500w\" sizes=\"(max-width: 450px) 100vw, 450px\" \/><\/noscript><\/a>\n    <\/figure><div class='yith-wcbm-badge yith-wcbm-badge-15452 yith-wcbm-badge-image yith-wcbm-badge--on-product-16497' data-position='{&quot;top&quot;:&quot;0&quot;,&quot;right&quot;:&quot;auto&quot;,&quot;bottom&quot;:&quot;auto&quot;,&quot;left&quot;:&quot;auto&quot;,&quot;center&quot;:&quot;0&quot;}' data-transform=\"translateX(-50%)\">\n\t<div class='yith-wcbm-badge__wrap'>\n\t\t<img src=\"\/\/theartoftastingportugal.com\/wp-content\/plugins\/yith-woocommerce-badges-management\/assets\/images\/image-badges\/1.svg\" alt=\"YITH Badge\"\/>\n\t<\/div>\n<\/div>\n<!--yith-wcbm-badge-->\n<\/div><!--container-image-and-badge-->\t\t\t\t\t\t\t\t\t<div class=\"info-experiencias\">Lez\u00edria do Tejo | 3-6 people<\/div>\t\t\t\t\t\t\t\t\n\t\t\t\t\t\t\t\t<div class=\"post-content\">\n\t\t\t\t\t\t\t\t\t\t\t\t\t\t\t\t\t\t\n\t\t\t\t\t\t\t\t\t\t\t\t\t\t\t\t\t\t\t\t\t\t\t\t\t\t\t\t\t\t\t\t\t\t\t\t\t\t<h3 class=\"woocommerce-loop-product__title\">\n\t\t\t\t\t\t\t\t\t\t\t\t\t\t\t\t\t\t\t\t\t\t\t<a href=\"https:\/\/theartoftastingportugal.com\/en\/product\/gastronomic-experience-rodrigo-castelo\/\" title=\"Gastronomic Experience Rodrigo Castelo\">\n\t\t\t\t\t\t\t\t\t\t\t\t\n\t\t\t\t\t\t\t\t\t\t\t\tGastronomic Experience Rodrigo Castelo\n\t\t\t\t\t\t\t\t\t\t\t\t\t\t\t\t\t\t\t\t\t\t\t\t<\/a>\n\t\t\t\t\t\t\t\t\t\t\t\t\t\t\t\t\t\t\t\t\t<\/h3>\n\t\t\t\t\t\t\t\t\t\t\t\t\t\t\t\t\t\t\t  \n\n\t\t\t\t\t\t\t\t\t\t\t\t\t\t\t\t\t<\/div>\n\t\t\t\t\t\t\t\t\t\t\t\t\t<\/div>\n\t\t\t\t\t\t\t\t\t\t\t\t<\/li>\n\t\t\t\t\t\t\t\t\t\t\t\t<li class=\"post tf_swiper-slide slide-wrap tf_lazy has-post-title has-post-date no-post-category no-post-tag has-post-comment has-post-author product type-product post-10041 status-publish instock product_cat-alentejo-and-ribatejo has-post-thumbnail shipping-taxable purchasable product-type-phive_booking\">\n\t\t\t\t\t\t\t\t\t\t\t\t\t\t\t<div class=\"slide-inner-wrap\">\n\t\t\t\t\t\t\t\t\t\t\t\t\t\t\t\n\t\t\t\t\t\t\t\t\t\t\t\t\t\t\t\t\t\t\t\t\t\t\t\t\t\t<figure class=\"post-image\">\n            \t<a href=\"https:\/\/theartoftastingportugal.com\/en\/product\/flavors-of-alentejo-with-chef-miguel-laffan\/\" title=\"Flavors of Alentejo with Chef Miguel Laffan\"><img src=\"data:image\/svg+xml;charset=UTF-8,%3Csvg%20xmlns%3D%22http%3A%2F%2Fwww.w3.org%2F2000%2Fsvg%22%20width%3D%22450%22%20height%3D%22450%22%3E%3Cg%20fill%3D%22%23fcf6e8%22%3E%3Crect%20width%3D%22150%22%20height%3D%22150%22%2F%3E%3Crect%20width%3D%22150%22%20height%3D%22150%22%20fill%3D%22%23f4f7ec%22%20x%3D%22150%22%2F%3E%3Crect%20width%3D%22150%22%20height%3D%22150%22%20fill%3D%22%23b55e31%22%20x%3D%22300%22%2F%3E%3Crect%20width%3D%22150%22%20height%3D%22150%22%20fill%3D%22%23945430%22%20y%3D%22150%22%2F%3E%3Crect%20width%3D%22150%22%20height%3D%22150%22%20fill%3D%22%23bf5116%22%20x%3D%22150%22%20y%3D%22150%22%2F%3E%3Crect%20width%3D%22150%22%20height%3D%22150%22%20fill%3D%22%23f8f7f3%22%20x%3D%22300%22%20y%3D%22150%22%2F%3E%3Crect%20width%3D%22150%22%20height%3D%22150%22%20fill%3D%22%23e8c29b%22%20y%3D%22300%22%2F%3E%3Crect%20width%3D%22150%22%20height%3D%22150%22%20fill%3D%22%23d79f64%22%20x%3D%22150%22%20y%3D%22300%22%2F%3E%3Crect%20width%3D%22150%22%20height%3D%22150%22%20fill%3D%22%23e7973e%22%20x%3D%22300%22%20y%3D%22300%22%2F%3E%3C%2Fg%3E%3C%2Fsvg%3E\" decoding=\"async\" data-lazy=\"1\" loading=\"lazy\" data-tf-src=\"https:\/\/theartoftastingportugal.com\/wp-content\/uploads\/2022\/03\/Experiencia-Gastronomica-Chef-Miguel-Laffan-SQUARE-450x450.jpg\" width=\"450\" height=\"450\" class=\"tf_svg_lazy wp-post-image wp-image-15183\" title=\"Experi\u00eancia Gastron\u00f3mica Chef Miguel Laffan-SQUARE\" alt=\"Experi\u00eancia Gastron\u00f3mica Chef Miguel Laffan-SQUARE\" data-tf-srcset=\"https:\/\/theartoftastingportugal.com\/wp-content\/uploads\/2022\/03\/Experiencia-Gastronomica-Chef-Miguel-Laffan-SQUARE-450x450.jpg 450w, https:\/\/theartoftastingportugal.com\/wp-content\/uploads\/2022\/03\/Experiencia-Gastronomica-Chef-Miguel-Laffan-SQUARE-300x300.jpg 300w, https:\/\/theartoftastingportugal.com\/wp-content\/uploads\/2022\/03\/Experiencia-Gastronomica-Chef-Miguel-Laffan-SQUARE-150x150.jpg 150w, https:\/\/theartoftastingportugal.com\/wp-content\/uploads\/2022\/03\/Experiencia-Gastronomica-Chef-Miguel-Laffan-SQUARE-768x768.jpg 768w, https:\/\/theartoftastingportugal.com\/wp-content\/uploads\/2022\/03\/Experiencia-Gastronomica-Chef-Miguel-Laffan-SQUARE-600x600.jpg 600w, https:\/\/theartoftastingportugal.com\/wp-content\/uploads\/2022\/03\/Experiencia-Gastronomica-Chef-Miguel-Laffan-SQUARE-100x100.jpg 100w, https:\/\/theartoftastingportugal.com\/wp-content\/uploads\/2022\/03\/Experiencia-Gastronomica-Chef-Miguel-Laffan-SQUARE.jpg 1000w\" data-tf-sizes=\"(max-width: 450px) 100vw, 450px\" \/><noscript><img loading=\"lazy\" data-tf-not-load src=\"https:\/\/theartoftastingportugal.com\/wp-content\/uploads\/2022\/03\/Experiencia-Gastronomica-Chef-Miguel-Laffan-SQUARE-450x450.jpg\" width=\"450\" height=\"450\" class=\"wp-post-image wp-image-15183\" title=\"Experi\u00eancia Gastron\u00f3mica Chef Miguel Laffan-SQUARE\" alt=\"Experi\u00eancia Gastron\u00f3mica Chef Miguel Laffan-SQUARE\" srcset=\"https:\/\/theartoftastingportugal.com\/wp-content\/uploads\/2022\/03\/Experiencia-Gastronomica-Chef-Miguel-Laffan-SQUARE-450x450.jpg 450w, https:\/\/theartoftastingportugal.com\/wp-content\/uploads\/2022\/03\/Experiencia-Gastronomica-Chef-Miguel-Laffan-SQUARE-300x300.jpg 300w, https:\/\/theartoftastingportugal.com\/wp-content\/uploads\/2022\/03\/Experiencia-Gastronomica-Chef-Miguel-Laffan-SQUARE-150x150.jpg 150w, https:\/\/theartoftastingportugal.com\/wp-content\/uploads\/2022\/03\/Experiencia-Gastronomica-Chef-Miguel-Laffan-SQUARE-768x768.jpg 768w, https:\/\/theartoftastingportugal.com\/wp-content\/uploads\/2022\/03\/Experiencia-Gastronomica-Chef-Miguel-Laffan-SQUARE-600x600.jpg 600w, https:\/\/theartoftastingportugal.com\/wp-content\/uploads\/2022\/03\/Experiencia-Gastronomica-Chef-Miguel-Laffan-SQUARE-100x100.jpg 100w, https:\/\/theartoftastingportugal.com\/wp-content\/uploads\/2022\/03\/Experiencia-Gastronomica-Chef-Miguel-Laffan-SQUARE.jpg 1000w\" sizes=\"(max-width: 450px) 100vw, 450px\" \/><\/noscript><\/a>\n    <\/figure>\t\t\t\t\t\t\t\t\t<div class=\"info-experiencias\">Monforte | 2-20 people<\/div>\t\t\t\t\t\t\t\t\n\t\t\t\t\t\t\t\t<div class=\"post-content\">\n\t\t\t\t\t\t\t\t\t\t\t\t\t\t\t\t\t\t\n\t\t\t\t\t\t\t\t\t\t\t\t\t\t\t\t\t\t\t\t\t\t\t\t\t\t\t\t\t\t\t\t\t\t\t\t\t\t<h3 class=\"woocommerce-loop-product__title\">\n\t\t\t\t\t\t\t\t\t\t\t\t\t\t\t\t\t\t\t\t\t\t\t<a href=\"https:\/\/theartoftastingportugal.com\/en\/product\/flavors-of-alentejo-with-chef-miguel-laffan\/\" title=\"Flavors of Alentejo with Chef Miguel Laffan\">\n\t\t\t\t\t\t\t\t\t\t\t\t\n\t\t\t\t\t\t\t\t\t\t\t\tFlavors of Alentejo with Chef Miguel Laffan\n\t\t\t\t\t\t\t\t\t\t\t\t\t\t\t\t\t\t\t\t\t\t\t\t<\/a>\n\t\t\t\t\t\t\t\t\t\t\t\t\t\t\t\t\t\t\t\t\t<\/h3>\n\t\t\t\t\t\t\t\t\t\t\t\t\t\t\t\t\t\t\t  \n\n\t\t\t\t\t\t\t\t\t\t\t\t\t\t\t\t\t<\/div>\n\t\t\t\t\t\t\t\t\t\t\t\t\t<\/div>\n\t\t\t\t\t\t\t\t\t\t\t\t<\/li>\n\t\t\t\t\t\t\t\t\t\t\t\t<li class=\"post tf_swiper-slide slide-wrap tf_lazy has-post-title has-post-date no-post-category no-post-tag has-post-comment has-post-author product type-product post-16662 status-publish instock product_cat-alentejo-and-ribatejo has-post-thumbnail shipping-taxable purchasable product-type-phive_booking yith-wcbm-product-has-badges\">\n\t\t\t\t\t\t\t\t\t\t\t\t\t\t\t<div class=\"slide-inner-wrap\">\n\t\t\t\t\t\t\t\t\t\t\t\t\t\t\t\n\t\t\t\t\t\t\t\t\t\t\t\t\t\t\t\t\t\t\t\t\t\t\t\t\t\t<div class='container-image-and-badge  '><figure class=\"post-image\">\n            \t<a href=\"https:\/\/theartoftastingportugal.com\/en\/product\/chef-carlos-afonsos-gastronomic-experience\/\" title=\"Chef Carlos Afonso&#8217;s gastronomic experience\"><img src=\"data:image\/svg+xml;charset=UTF-8,%3Csvg%20xmlns%3D%22http%3A%2F%2Fwww.w3.org%2F2000%2Fsvg%22%20width%3D%22450%22%20height%3D%22450%22%3E%3Cg%20fill%3D%22%236fa3c6%22%3E%3Crect%20width%3D%22150%22%20height%3D%22150%22%2F%3E%3Crect%20width%3D%22150%22%20height%3D%22150%22%20fill%3D%22%2372a6c9%22%20x%3D%22150%22%2F%3E%3Crect%20width%3D%22150%22%20height%3D%22150%22%20fill%3D%22%2371a9c8%22%20x%3D%22300%22%2F%3E%3Crect%20width%3D%22150%22%20height%3D%22150%22%20fill%3D%22%238cb6cd%22%20y%3D%22150%22%2F%3E%3Crect%20width%3D%22150%22%20height%3D%22150%22%20fill%3D%22%238eb8d0%22%20x%3D%22150%22%20y%3D%22150%22%2F%3E%3Crect%20width%3D%22150%22%20height%3D%22150%22%20fill%3D%22%2391b8cf%22%20x%3D%22300%22%20y%3D%22150%22%2F%3E%3Crect%20width%3D%22150%22%20height%3D%22150%22%20fill%3D%22%23b0c4ca%22%20y%3D%22300%22%2F%3E%3Crect%20width%3D%22150%22%20height%3D%22150%22%20fill%3D%22%23b3c6ca%22%20x%3D%22150%22%20y%3D%22300%22%2F%3E%3Crect%20width%3D%22150%22%20height%3D%22150%22%20fill%3D%22%23b7c6cb%22%20x%3D%22300%22%20y%3D%22300%22%2F%3E%3C%2Fg%3E%3C%2Fsvg%3E\" decoding=\"async\" data-lazy=\"1\" loading=\"lazy\" data-tf-src=\"https:\/\/theartoftastingportugal.com\/wp-content\/uploads\/2024\/08\/22-1024x576-450x450.png\" width=\"450\" height=\"450\" class=\"tf_svg_lazy wp-post-image wp-image-16650\" title=\"22\" alt=\"22\" data-tf-srcset=\"https:\/\/theartoftastingportugal.com\/wp-content\/uploads\/2024\/08\/22-1024x576-450x450.png 450w, https:\/\/theartoftastingportugal.com\/wp-content\/uploads\/2024\/08\/22-150x150.png 150w, https:\/\/theartoftastingportugal.com\/wp-content\/uploads\/2024\/08\/22-300x300.png 300w, https:\/\/theartoftastingportugal.com\/wp-content\/uploads\/2024\/08\/22-100x100.png 100w, https:\/\/theartoftastingportugal.com\/wp-content\/uploads\/2024\/08\/22-1024x576-500x500.png 500w\" data-tf-sizes=\"(max-width: 450px) 100vw, 450px\" \/><noscript><img loading=\"lazy\" data-tf-not-load src=\"https:\/\/theartoftastingportugal.com\/wp-content\/uploads\/2024\/08\/22-1024x576-450x450.png\" width=\"450\" height=\"450\" class=\"wp-post-image wp-image-16650\" title=\"22\" alt=\"22\" srcset=\"https:\/\/theartoftastingportugal.com\/wp-content\/uploads\/2024\/08\/22-1024x576-450x450.png 450w, https:\/\/theartoftastingportugal.com\/wp-content\/uploads\/2024\/08\/22-150x150.png 150w, https:\/\/theartoftastingportugal.com\/wp-content\/uploads\/2024\/08\/22-300x300.png 300w, https:\/\/theartoftastingportugal.com\/wp-content\/uploads\/2024\/08\/22-100x100.png 100w, https:\/\/theartoftastingportugal.com\/wp-content\/uploads\/2024\/08\/22-1024x576-500x500.png 500w\" sizes=\"(max-width: 450px) 100vw, 450px\" \/><\/noscript><\/a>\n    <\/figure><div class='yith-wcbm-badge yith-wcbm-badge-15452 yith-wcbm-badge-image yith-wcbm-badge--on-product-16662' data-position='{&quot;top&quot;:&quot;0&quot;,&quot;right&quot;:&quot;auto&quot;,&quot;bottom&quot;:&quot;auto&quot;,&quot;left&quot;:&quot;auto&quot;,&quot;center&quot;:&quot;0&quot;}' data-transform=\"translateX(-50%)\">\n\t<div class='yith-wcbm-badge__wrap'>\n\t\t<img src=\"\/\/theartoftastingportugal.com\/wp-content\/plugins\/yith-woocommerce-badges-management\/assets\/images\/image-badges\/1.svg\" alt=\"YITH Badge\"\/>\n\t<\/div>\n<\/div>\n<!--yith-wcbm-badge-->\n<\/div><!--container-image-and-badge-->\t\t\t\t\t\t\t\t\t<div class=\"info-experiencias\">Alentejo | 8-12 people<\/div>\t\t\t\t\t\t\t\t\n\t\t\t\t\t\t\t\t<div class=\"post-content\">\n\t\t\t\t\t\t\t\t\t\t\t\t\t\t\t\t\t\t\n\t\t\t\t\t\t\t\t\t\t\t\t\t\t\t\t\t\t\t\t\t\t\t\t\t\t\t\t\t\t\t\t\t\t\t\t\t\t<h3 class=\"woocommerce-loop-product__title\">\n\t\t\t\t\t\t\t\t\t\t\t\t\t\t\t\t\t\t\t\t\t\t\t<a href=\"https:\/\/theartoftastingportugal.com\/en\/product\/chef-carlos-afonsos-gastronomic-experience\/\" title=\"Chef Carlos Afonso&#8217;s gastronomic experience\">\n\t\t\t\t\t\t\t\t\t\t\t\t\n\t\t\t\t\t\t\t\t\t\t\t\tChef Carlos Afonso&#8217;s gastronomic experience\n\t\t\t\t\t\t\t\t\t\t\t\t\t\t\t\t\t\t\t\t\t\t\t\t<\/a>\n\t\t\t\t\t\t\t\t\t\t\t\t\t\t\t\t\t\t\t\t\t<\/h3>\n\t\t\t\t\t\t\t\t\t\t\t\t\t\t\t\t\t\t\t  \n\n\t\t\t\t\t\t\t\t\t\t\t\t\t\t\t\t\t<\/div>\n\t\t\t\t\t\t\t\t\t\t\t\t\t<\/div>\n\t\t\t\t\t\t\t\t\t\t\t\t<\/li>\n\t\t\t\t\t\t\t\t\t\t\t\t<li class=\"post tf_swiper-slide slide-wrap tf_lazy has-post-title has-post-date no-post-category no-post-tag has-post-comment has-post-author product type-product post-12649 status-publish instock product_cat-alentejo-and-ribatejo has-post-thumbnail shipping-taxable purchasable product-type-phive_booking\">\n\t\t\t\t\t\t\t\t\t\t\t\t\t\t\t<div class=\"slide-inner-wrap\">\n\t\t\t\t\t\t\t\t\t\t\t\t\t\t\t\n\t\t\t\t\t\t\t\t\t\t\t\t\t\t\t\t\t\t\t\t\t\t\t\t\t\t<figure class=\"post-image\">\n            \t<a href=\"https:\/\/theartoftastingportugal.com\/en\/product\/casa-anadia\/\" title=\"Casa Anadia\"><img src=\"data:image\/svg+xml;charset=UTF-8,%3Csvg%20xmlns%3D%22http%3A%2F%2Fwww.w3.org%2F2000%2Fsvg%22%20width%3D%22450%22%20height%3D%22450%22%3E%3Cg%20fill%3D%22%23251714%22%3E%3Crect%20width%3D%22150%22%20height%3D%22150%22%2F%3E%3Crect%20width%3D%22150%22%20height%3D%22150%22%20fill%3D%22%232a1b14%22%20x%3D%22150%22%2F%3E%3Crect%20width%3D%22150%22%20height%3D%22150%22%20fill%3D%22%2335271e%22%20x%3D%22300%22%2F%3E%3Crect%20width%3D%22150%22%20height%3D%22150%22%20fill%3D%22%23906b34%22%20y%3D%22150%22%2F%3E%3Crect%20width%3D%22150%22%20height%3D%22150%22%20fill%3D%22%231e2c12%22%20x%3D%22150%22%20y%3D%22150%22%2F%3E%3Crect%20width%3D%22150%22%20height%3D%22150%22%20fill%3D%22%238e7d5f%22%20x%3D%22300%22%20y%3D%22150%22%2F%3E%3Crect%20width%3D%22150%22%20height%3D%22150%22%20fill%3D%22%23180d0b%22%20y%3D%22300%22%2F%3E%3Crect%20width%3D%22150%22%20height%3D%22150%22%20fill%3D%22%232a1708%22%20x%3D%22150%22%20y%3D%22300%22%2F%3E%3Crect%20width%3D%22150%22%20height%3D%22150%22%20fill%3D%22%23b07a54%22%20x%3D%22300%22%20y%3D%22300%22%2F%3E%3C%2Fg%3E%3C%2Fsvg%3E\" decoding=\"async\" data-lazy=\"1\" loading=\"lazy\" data-tf-src=\"https:\/\/theartoftastingportugal.com\/wp-content\/uploads\/2022\/05\/Experiencia-main-Azeite-Casa-Anadia-SQUARE-450x450.jpg\" width=\"450\" height=\"450\" class=\"tf_svg_lazy wp-post-image wp-image-15132\" title=\"Experi\u00eancia main Azeite Casa Anadia-SQUARE\" alt=\"Experi\u00eancia main Azeite Casa Anadia-SQUARE\" data-tf-srcset=\"https:\/\/theartoftastingportugal.com\/wp-content\/uploads\/2022\/05\/Experiencia-main-Azeite-Casa-Anadia-SQUARE-450x450.jpg 450w, https:\/\/theartoftastingportugal.com\/wp-content\/uploads\/2022\/05\/Experiencia-main-Azeite-Casa-Anadia-SQUARE-300x300.jpg 300w, https:\/\/theartoftastingportugal.com\/wp-content\/uploads\/2022\/05\/Experiencia-main-Azeite-Casa-Anadia-SQUARE-150x150.jpg 150w, https:\/\/theartoftastingportugal.com\/wp-content\/uploads\/2022\/05\/Experiencia-main-Azeite-Casa-Anadia-SQUARE-768x768.jpg 768w, https:\/\/theartoftastingportugal.com\/wp-content\/uploads\/2022\/05\/Experiencia-main-Azeite-Casa-Anadia-SQUARE-600x600.jpg 600w, https:\/\/theartoftastingportugal.com\/wp-content\/uploads\/2022\/05\/Experiencia-main-Azeite-Casa-Anadia-SQUARE-100x100.jpg 100w, https:\/\/theartoftastingportugal.com\/wp-content\/uploads\/2022\/05\/Experiencia-main-Azeite-Casa-Anadia-SQUARE.jpg 1000w\" data-tf-sizes=\"(max-width: 450px) 100vw, 450px\" \/><noscript><img loading=\"lazy\" data-tf-not-load src=\"https:\/\/theartoftastingportugal.com\/wp-content\/uploads\/2022\/05\/Experiencia-main-Azeite-Casa-Anadia-SQUARE-450x450.jpg\" width=\"450\" height=\"450\" class=\"wp-post-image wp-image-15132\" title=\"Experi\u00eancia main Azeite Casa Anadia-SQUARE\" alt=\"Experi\u00eancia main Azeite Casa Anadia-SQUARE\" srcset=\"https:\/\/theartoftastingportugal.com\/wp-content\/uploads\/2022\/05\/Experiencia-main-Azeite-Casa-Anadia-SQUARE-450x450.jpg 450w, https:\/\/theartoftastingportugal.com\/wp-content\/uploads\/2022\/05\/Experiencia-main-Azeite-Casa-Anadia-SQUARE-300x300.jpg 300w, https:\/\/theartoftastingportugal.com\/wp-content\/uploads\/2022\/05\/Experiencia-main-Azeite-Casa-Anadia-SQUARE-150x150.jpg 150w, https:\/\/theartoftastingportugal.com\/wp-content\/uploads\/2022\/05\/Experiencia-main-Azeite-Casa-Anadia-SQUARE-768x768.jpg 768w, https:\/\/theartoftastingportugal.com\/wp-content\/uploads\/2022\/05\/Experiencia-main-Azeite-Casa-Anadia-SQUARE-600x600.jpg 600w, https:\/\/theartoftastingportugal.com\/wp-content\/uploads\/2022\/05\/Experiencia-main-Azeite-Casa-Anadia-SQUARE-100x100.jpg 100w, https:\/\/theartoftastingportugal.com\/wp-content\/uploads\/2022\/05\/Experiencia-main-Azeite-Casa-Anadia-SQUARE.jpg 1000w\" sizes=\"(max-width: 450px) 100vw, 450px\" \/><\/noscript><\/a>\n    <\/figure>\t\t\t\t\t\t\t\t\t<div class=\"info-experiencias\">Abrantes | 2-20 people<\/div>\t\t\t\t\t\t\t\t\n\t\t\t\t\t\t\t\t<div class=\"post-content\">\n\t\t\t\t\t\t\t\t\t\t\t\t\t\t\t\t\t\t\n\t\t\t\t\t\t\t\t\t\t\t\t\t\t\t\t\t\t\t\t\t\t\t\t\t\t\t\t\t\t\t\t\t\t\t\t\t\t<h3 class=\"woocommerce-loop-product__title\">\n\t\t\t\t\t\t\t\t\t\t\t\t\t\t\t\t\t\t\t\t\t\t\t<a href=\"https:\/\/theartoftastingportugal.com\/en\/product\/casa-anadia\/\" title=\"Casa Anadia\">\n\t\t\t\t\t\t\t\t\t\t\t\t\n\t\t\t\t\t\t\t\t\t\t\t\tCasa Anadia\n\t\t\t\t\t\t\t\t\t\t\t\t\t\t\t\t\t\t\t\t\t\t\t\t<\/a>\n\t\t\t\t\t\t\t\t\t\t\t\t\t\t\t\t\t\t\t\t\t<\/h3>\n\t\t\t\t\t\t\t\t\t\t\t\t\t\t\t\t\t\t\t  \n\n\t\t\t\t\t\t\t\t\t\t\t\t\t\t\t\t\t<\/div>\n\t\t\t\t\t\t\t\t\t\t\t\t\t<\/div>\n\t\t\t\t\t\t\t\t\t\t\t\t<\/li>\n\t\t\t\t\t\t\t\t\t\t\t\t\t\t<\/ul>\n\t\t\t\t\t\t<\/div>\n\t\t\t\t<\/div>\n\t\t        <\/div>\n\t    \t<\/div>\n\t\t    <\/div>\n\t    <!-- \/row_inner -->\n\t<\/div>\n\t<!-- \/module_row -->\n\t\t<!-- module_row -->\n\t<div  data-css_id=\"ussd500\" data-lazy=\"1\" class=\"module_row themify_builder_row experiencias-slider-wrap repeat fullwidth tb_ussd500 tf_clearfix\" >\n\t    \t\t<div class=\"row_inner col_align_top tf_box tf_w tf_rel\">\n\t\t\t<div  data-lazy=\"1\" class=\"module_column tb-column col-full first tb_aglj501 tf_box\">\n\t    \t    \t        <div class=\"tb-column-inner tf_box tf_w\">\n\t\t    <!-- module plain text -->\n<div  class=\"module module-plain-text tb_hkwu501 intro-text-regioes\" data-lazy=\"1\">\n        <div class=\"tb_text_wrap\">\n\t<div class=\"divider-wrap\">\n<div class=\"divider-vertical\"><\/div>\n<\/div>    <\/div>\n<\/div>\n<!-- \/module plain text --><!-- module fancy heading -->\n<div  class=\"module module-fancy-heading tb_0zc0502  tb_hide_divider\" data-lazy=\"1\">\n        <h2 class=\"fancy-heading tf_textc\">\n    <span  class=\"main-head tf_block\">\n\t\t\t\t\tCenter\t\t    <\/span>\n    <span class=\"sub-head tf_block tf_rel\">\n\t\t\t\t\t\t\t    <\/span>\n    <\/h2>\n<\/div>\n<!-- \/module fancy heading -->\n\n\t<div  id=\"tb_ripa502\" class=\"module woocommerce module-products tb_ripa502   themify_builder_slider_vertical\" data-lazy=\"1\">\n\t\t\t\t\t<div  data-visible=\"4\" data-tbreakpoints=\"1024\" data-mob-visible=\"1\" data-mbreakpoints=\"600\" data-scroll=\"1\" data-speed=\"1\" data-wrapvar=\"0\" data-slider_nav=\"1\" data-pager=\"0\" data-effect=\"scroll\" data-height=\"auto\" data-css_url=\"https:\/\/theartoftastingportugal.com\/wp-content\/plugins\/builder-woocommerce\/assets\/modules\/slider.css,https:\/\/theartoftastingportugal.com\/wp-content\/themes\/themify-ultra\/themify\/themify-builder\/css\/modules\/sliders\/carousel.css\" data-nav_out=\"1\" class=\"loops-wrapper products wc-products tf_swiper-container tf_carousel tf_rel tf_overflow slider-default classic tf_clearfix\" data-lazy=\"1\">\n\t\t\t\t\t\t\t<ul class=\"tf_swiper-wrapper tf_lazy tf_rel tf_w tf_h\">\n\t\t\t\t\t\t\t\t\t\t\t\t\t\t<li class=\"post tf_swiper-slide slide-wrap tf_lazy has-post-title has-post-date no-post-category no-post-tag has-post-comment has-post-author product type-product post-9830 status-publish instock product_cat-center has-post-thumbnail shipping-taxable purchasable product-type-phive_booking\">\n\t\t\t\t\t\t\t\t\t\t\t\t\t\t\t<div class=\"slide-inner-wrap\">\n\t\t\t\t\t\t\t\t\t\t\t\t\t\t\t\n\t\t\t\t\t\t\t\t\t\t\t\t\t\t\t\t\t\t\t\t\t\t\t\t\t\t<figure class=\"post-image\">\n            \t<a href=\"https:\/\/theartoftastingportugal.com\/en\/product\/vineyard-boa-esperanca\/\" title=\"Vineyard Boa Esperan\u00e7a\"><img src=\"data:image\/svg+xml;charset=UTF-8,%3Csvg%20xmlns%3D%22http%3A%2F%2Fwww.w3.org%2F2000%2Fsvg%22%20width%3D%22450%22%20height%3D%22450%22%3E%3Cg%20fill%3D%22%23c49f8f%22%3E%3Crect%20width%3D%22150%22%20height%3D%22150%22%2F%3E%3Crect%20width%3D%22150%22%20height%3D%22150%22%20fill%3D%22%23524860%22%20x%3D%22150%22%2F%3E%3Crect%20width%3D%22150%22%20height%3D%22150%22%20fill%3D%22%23564a60%22%20x%3D%22300%22%2F%3E%3Crect%20width%3D%22150%22%20height%3D%22150%22%20fill%3D%22%23debd9a%22%20y%3D%22150%22%2F%3E%3Crect%20width%3D%22150%22%20height%3D%22150%22%20fill%3D%22%236a1d09%22%20x%3D%22150%22%20y%3D%22150%22%2F%3E%3Crect%20width%3D%22150%22%20height%3D%22150%22%20fill%3D%22%23dfa67b%22%20x%3D%22300%22%20y%3D%22150%22%2F%3E%3Crect%20width%3D%22150%22%20height%3D%22150%22%20fill%3D%22%23dab28f%22%20y%3D%22300%22%2F%3E%3Crect%20width%3D%22150%22%20height%3D%22150%22%20fill%3D%22%239c4f31%22%20x%3D%22150%22%20y%3D%22300%22%2F%3E%3Crect%20width%3D%22150%22%20height%3D%22150%22%20fill%3D%22%23745f5a%22%20x%3D%22300%22%20y%3D%22300%22%2F%3E%3C%2Fg%3E%3C%2Fsvg%3E\" decoding=\"async\" data-lazy=\"1\" loading=\"lazy\" data-tf-src=\"https:\/\/theartoftastingportugal.com\/wp-content\/uploads\/2022\/03\/Experiencia-Quinta-da-Boa-Esperanca-SQUARE-1-450x450.jpg\" width=\"450\" height=\"450\" class=\"tf_svg_lazy wp-post-image wp-image-15155\" title=\"Experiencia Quinta da Boa Esperanca-SQUARE\" alt=\"Experiencia Quinta da Boa Esperanca-SQUARE\" data-tf-srcset=\"https:\/\/theartoftastingportugal.com\/wp-content\/uploads\/2022\/03\/Experiencia-Quinta-da-Boa-Esperanca-SQUARE-1-450x450.jpg 450w, https:\/\/theartoftastingportugal.com\/wp-content\/uploads\/2022\/03\/Experiencia-Quinta-da-Boa-Esperanca-SQUARE-1-300x300.jpg 300w, https:\/\/theartoftastingportugal.com\/wp-content\/uploads\/2022\/03\/Experiencia-Quinta-da-Boa-Esperanca-SQUARE-1-150x150.jpg 150w, https:\/\/theartoftastingportugal.com\/wp-content\/uploads\/2022\/03\/Experiencia-Quinta-da-Boa-Esperanca-SQUARE-1-768x768.jpg 768w, https:\/\/theartoftastingportugal.com\/wp-content\/uploads\/2022\/03\/Experiencia-Quinta-da-Boa-Esperanca-SQUARE-1-600x600.jpg 600w, https:\/\/theartoftastingportugal.com\/wp-content\/uploads\/2022\/03\/Experiencia-Quinta-da-Boa-Esperanca-SQUARE-1-100x100.jpg 100w, https:\/\/theartoftastingportugal.com\/wp-content\/uploads\/2022\/03\/Experiencia-Quinta-da-Boa-Esperanca-SQUARE-1.jpg 1000w\" data-tf-sizes=\"(max-width: 450px) 100vw, 450px\" \/><noscript><img loading=\"lazy\" data-tf-not-load src=\"https:\/\/theartoftastingportugal.com\/wp-content\/uploads\/2022\/03\/Experiencia-Quinta-da-Boa-Esperanca-SQUARE-1-450x450.jpg\" width=\"450\" height=\"450\" class=\"wp-post-image wp-image-15155\" title=\"Experiencia Quinta da Boa Esperanca-SQUARE\" alt=\"Experiencia Quinta da Boa Esperanca-SQUARE\" srcset=\"https:\/\/theartoftastingportugal.com\/wp-content\/uploads\/2022\/03\/Experiencia-Quinta-da-Boa-Esperanca-SQUARE-1-450x450.jpg 450w, https:\/\/theartoftastingportugal.com\/wp-content\/uploads\/2022\/03\/Experiencia-Quinta-da-Boa-Esperanca-SQUARE-1-300x300.jpg 300w, https:\/\/theartoftastingportugal.com\/wp-content\/uploads\/2022\/03\/Experiencia-Quinta-da-Boa-Esperanca-SQUARE-1-150x150.jpg 150w, https:\/\/theartoftastingportugal.com\/wp-content\/uploads\/2022\/03\/Experiencia-Quinta-da-Boa-Esperanca-SQUARE-1-768x768.jpg 768w, https:\/\/theartoftastingportugal.com\/wp-content\/uploads\/2022\/03\/Experiencia-Quinta-da-Boa-Esperanca-SQUARE-1-600x600.jpg 600w, https:\/\/theartoftastingportugal.com\/wp-content\/uploads\/2022\/03\/Experiencia-Quinta-da-Boa-Esperanca-SQUARE-1-100x100.jpg 100w, https:\/\/theartoftastingportugal.com\/wp-content\/uploads\/2022\/03\/Experiencia-Quinta-da-Boa-Esperanca-SQUARE-1.jpg 1000w\" sizes=\"(max-width: 450px) 100vw, 450px\" \/><\/noscript><\/a>\n    <\/figure>\t\t\t\t\t\t\t\t\t<div class=\"info-experiencias\">Torres Vedras | 2-8 people<\/div>\t\t\t\t\t\t\t\t\n\t\t\t\t\t\t\t\t<div class=\"post-content\">\n\t\t\t\t\t\t\t\t\t\t\t\t\t\t\t\t\t\t\n\t\t\t\t\t\t\t\t\t\t\t\t\t\t\t\t\t\t\t\t\t\t\t\t\t\t\t\t\t\t\t\t\t\t\t\t\t\t<h3 class=\"woocommerce-loop-product__title\">\n\t\t\t\t\t\t\t\t\t\t\t\t\t\t\t\t\t\t\t\t\t\t\t<a href=\"https:\/\/theartoftastingportugal.com\/en\/product\/vineyard-boa-esperanca\/\" title=\"Vineyard Boa Esperan\u00e7a\">\n\t\t\t\t\t\t\t\t\t\t\t\t\n\t\t\t\t\t\t\t\t\t\t\t\tVineyard Boa Esperan\u00e7a\n\t\t\t\t\t\t\t\t\t\t\t\t\t\t\t\t\t\t\t\t\t\t\t\t<\/a>\n\t\t\t\t\t\t\t\t\t\t\t\t\t\t\t\t\t\t\t\t\t<\/h3>\n\t\t\t\t\t\t\t\t\t\t\t\t\t\t\t\t\t\t\t  \n\n\t\t\t\t\t\t\t\t\t\t\t\t\t\t\t\t\t<\/div>\n\t\t\t\t\t\t\t\t\t\t\t\t\t<\/div>\n\t\t\t\t\t\t\t\t\t\t\t\t<\/li>\n\t\t\t\t\t\t\t\t\t\t\t\t<li class=\"post tf_swiper-slide slide-wrap tf_lazy has-post-title has-post-date no-post-category no-post-tag has-post-comment has-post-author product type-product post-9833 status-publish instock product_cat-center has-post-thumbnail shipping-taxable purchasable product-type-phive_booking\">\n\t\t\t\t\t\t\t\t\t\t\t\t\t\t\t<div class=\"slide-inner-wrap\">\n\t\t\t\t\t\t\t\t\t\t\t\t\t\t\t\n\t\t\t\t\t\t\t\t\t\t\t\t\t\t\t\t\t\t\t\t\t\t\t\t\t\t<figure class=\"post-image\">\n            \t<a href=\"https:\/\/theartoftastingportugal.com\/en\/product\/vineyard-monte-doiro\/\" title=\"Vineyard  Monte d\u2019Oiro\"><img src=\"data:image\/svg+xml;charset=UTF-8,%3Csvg%20xmlns%3D%22http%3A%2F%2Fwww.w3.org%2F2000%2Fsvg%22%20width%3D%22450%22%20height%3D%22450%22%3E%3Cg%20fill%3D%22%23f09000%22%3E%3Crect%20width%3D%22150%22%20height%3D%22150%22%2F%3E%3Crect%20width%3D%22150%22%20height%3D%22150%22%20fill%3D%22%238d6d46%22%20x%3D%22150%22%2F%3E%3Crect%20width%3D%22150%22%20height%3D%22150%22%20fill%3D%22%23e5b64c%22%20x%3D%22300%22%2F%3E%3Crect%20width%3D%22150%22%20height%3D%22150%22%20fill%3D%22%23c56b15%22%20y%3D%22150%22%2F%3E%3Crect%20width%3D%22150%22%20height%3D%22150%22%20fill%3D%22%23ffefb4%22%20x%3D%22150%22%20y%3D%22150%22%2F%3E%3Crect%20width%3D%22150%22%20height%3D%22150%22%20fill%3D%22%23fffaf0%22%20x%3D%22300%22%20y%3D%22150%22%2F%3E%3Crect%20width%3D%22150%22%20height%3D%22150%22%20fill%3D%22%23bd926f%22%20y%3D%22300%22%2F%3E%3Crect%20width%3D%22150%22%20height%3D%22150%22%20fill%3D%22%23777a21%22%20x%3D%22150%22%20y%3D%22300%22%2F%3E%3Crect%20width%3D%22150%22%20height%3D%22150%22%20fill%3D%22%23211b25%22%20x%3D%22300%22%20y%3D%22300%22%2F%3E%3C%2Fg%3E%3C%2Fsvg%3E\" decoding=\"async\" data-lazy=\"1\" loading=\"lazy\" data-tf-src=\"https:\/\/theartoftastingportugal.com\/wp-content\/uploads\/2022\/03\/Experiencia-Quinta-do-Monte-Doiro-SQUARE-450x450.jpg\" width=\"450\" height=\"450\" class=\"tf_svg_lazy wp-post-image wp-image-15149\" title=\"Experi\u00eancia Quinta do Monte Doiro -SQUARE\" alt=\"Experi\u00eancia Quinta do Monte Doiro -SQUARE\" data-tf-srcset=\"https:\/\/theartoftastingportugal.com\/wp-content\/uploads\/2022\/03\/Experiencia-Quinta-do-Monte-Doiro-SQUARE-450x450.jpg 450w, https:\/\/theartoftastingportugal.com\/wp-content\/uploads\/2022\/03\/Experiencia-Quinta-do-Monte-Doiro-SQUARE-300x300.jpg 300w, https:\/\/theartoftastingportugal.com\/wp-content\/uploads\/2022\/03\/Experiencia-Quinta-do-Monte-Doiro-SQUARE-150x150.jpg 150w, https:\/\/theartoftastingportugal.com\/wp-content\/uploads\/2022\/03\/Experiencia-Quinta-do-Monte-Doiro-SQUARE-768x768.jpg 768w, https:\/\/theartoftastingportugal.com\/wp-content\/uploads\/2022\/03\/Experiencia-Quinta-do-Monte-Doiro-SQUARE-600x600.jpg 600w, https:\/\/theartoftastingportugal.com\/wp-content\/uploads\/2022\/03\/Experiencia-Quinta-do-Monte-Doiro-SQUARE-100x100.jpg 100w, https:\/\/theartoftastingportugal.com\/wp-content\/uploads\/2022\/03\/Experiencia-Quinta-do-Monte-Doiro-SQUARE.jpg 1000w\" data-tf-sizes=\"(max-width: 450px) 100vw, 450px\" \/><noscript><img loading=\"lazy\" data-tf-not-load src=\"https:\/\/theartoftastingportugal.com\/wp-content\/uploads\/2022\/03\/Experiencia-Quinta-do-Monte-Doiro-SQUARE-450x450.jpg\" width=\"450\" height=\"450\" class=\"wp-post-image wp-image-15149\" title=\"Experi\u00eancia Quinta do Monte Doiro -SQUARE\" alt=\"Experi\u00eancia Quinta do Monte Doiro -SQUARE\" srcset=\"https:\/\/theartoftastingportugal.com\/wp-content\/uploads\/2022\/03\/Experiencia-Quinta-do-Monte-Doiro-SQUARE-450x450.jpg 450w, https:\/\/theartoftastingportugal.com\/wp-content\/uploads\/2022\/03\/Experiencia-Quinta-do-Monte-Doiro-SQUARE-300x300.jpg 300w, https:\/\/theartoftastingportugal.com\/wp-content\/uploads\/2022\/03\/Experiencia-Quinta-do-Monte-Doiro-SQUARE-150x150.jpg 150w, https:\/\/theartoftastingportugal.com\/wp-content\/uploads\/2022\/03\/Experiencia-Quinta-do-Monte-Doiro-SQUARE-768x768.jpg 768w, https:\/\/theartoftastingportugal.com\/wp-content\/uploads\/2022\/03\/Experiencia-Quinta-do-Monte-Doiro-SQUARE-600x600.jpg 600w, https:\/\/theartoftastingportugal.com\/wp-content\/uploads\/2022\/03\/Experiencia-Quinta-do-Monte-Doiro-SQUARE-100x100.jpg 100w, https:\/\/theartoftastingportugal.com\/wp-content\/uploads\/2022\/03\/Experiencia-Quinta-do-Monte-Doiro-SQUARE.jpg 1000w\" sizes=\"(max-width: 450px) 100vw, 450px\" \/><\/noscript><\/a>\n    <\/figure>\t\t\t\t\t\t\t\t\t<div class=\"info-experiencias\">Alenquer | 2-8 people<\/div>\t\t\t\t\t\t\t\t\n\t\t\t\t\t\t\t\t<div class=\"post-content\">\n\t\t\t\t\t\t\t\t\t\t\t\t\t\t\t\t\t\t\n\t\t\t\t\t\t\t\t\t\t\t\t\t\t\t\t\t\t\t\t\t\t\t\t\t\t\t\t\t\t\t\t\t\t\t\t\t\t<h3 class=\"woocommerce-loop-product__title\">\n\t\t\t\t\t\t\t\t\t\t\t\t\t\t\t\t\t\t\t\t\t\t\t<a href=\"https:\/\/theartoftastingportugal.com\/en\/product\/vineyard-monte-doiro\/\" title=\"Vineyard  Monte d\u2019Oiro\">\n\t\t\t\t\t\t\t\t\t\t\t\t\n\t\t\t\t\t\t\t\t\t\t\t\tVineyard  Monte d\u2019Oiro\n\t\t\t\t\t\t\t\t\t\t\t\t\t\t\t\t\t\t\t\t\t\t\t\t<\/a>\n\t\t\t\t\t\t\t\t\t\t\t\t\t\t\t\t\t\t\t\t\t<\/h3>\n\t\t\t\t\t\t\t\t\t\t\t\t\t\t\t\t\t\t\t  \n\n\t\t\t\t\t\t\t\t\t\t\t\t\t\t\t\t\t<\/div>\n\t\t\t\t\t\t\t\t\t\t\t\t\t<\/div>\n\t\t\t\t\t\t\t\t\t\t\t\t<\/li>\n\t\t\t\t\t\t\t\t\t\t\t\t<li class=\"post tf_swiper-slide slide-wrap tf_lazy has-post-title has-post-date no-post-category no-post-tag has-post-comment has-post-author product type-product post-16729 status-publish instock product_cat-center has-post-thumbnail shipping-taxable purchasable product-type-phive_booking yith-wcbm-product-has-badges\">\n\t\t\t\t\t\t\t\t\t\t\t\t\t\t\t<div class=\"slide-inner-wrap\">\n\t\t\t\t\t\t\t\t\t\t\t\t\t\t\t\n\t\t\t\t\t\t\t\t\t\t\t\t\t\t\t\t\t\t\t\t\t\t\t\t\t\t<div class='container-image-and-badge  '><figure class=\"post-image\">\n            \t<a href=\"https:\/\/theartoftastingportugal.com\/en\/product\/chef-alexandre-silva-gastronomic-experience\/\" title=\"Chef Alexandre Silva Gastronomic Experience\"><img src=\"data:image\/svg+xml;charset=UTF-8,%3Csvg%20xmlns%3D%22http%3A%2F%2Fwww.w3.org%2F2000%2Fsvg%22%20width%3D%22450%22%20height%3D%22450%22%3E%3Cg%20fill%3D%22%231b7192%22%3E%3Crect%20width%3D%22150%22%20height%3D%22150%22%2F%3E%3Crect%20width%3D%22150%22%20height%3D%22150%22%20fill%3D%22%23076c88%22%20x%3D%22150%22%2F%3E%3Crect%20width%3D%22150%22%20height%3D%22150%22%20fill%3D%22%23d0c1b0%22%20x%3D%22300%22%2F%3E%3Crect%20width%3D%22150%22%20height%3D%22150%22%20fill%3D%22%2301667c%22%20y%3D%22150%22%2F%3E%3Crect%20width%3D%22150%22%20height%3D%22150%22%20fill%3D%22%23141422%22%20x%3D%22150%22%20y%3D%22150%22%2F%3E%3Crect%20width%3D%22150%22%20height%3D%22150%22%20fill%3D%22%238f7166%22%20x%3D%22300%22%20y%3D%22150%22%2F%3E%3Crect%20width%3D%22150%22%20height%3D%22150%22%20fill%3D%22%23014861%22%20y%3D%22300%22%2F%3E%3Crect%20width%3D%22150%22%20height%3D%22150%22%20fill%3D%22%23261111%22%20x%3D%22150%22%20y%3D%22300%22%2F%3E%3Crect%20width%3D%22150%22%20height%3D%22150%22%20fill%3D%22%23d6c3b4%22%20x%3D%22300%22%20y%3D%22300%22%2F%3E%3C%2Fg%3E%3C%2Fsvg%3E\" decoding=\"async\" data-lazy=\"1\" loading=\"lazy\" data-tf-src=\"https:\/\/theartoftastingportugal.com\/wp-content\/uploads\/2024\/11\/i-Od-O_A-450x450.png\" width=\"450\" height=\"450\" class=\"tf_svg_lazy wp-post-image wp-image-16713\" title=\"i-Od-O_A\" alt=\"i-Od-O_A\" data-tf-srcset=\"https:\/\/theartoftastingportugal.com\/wp-content\/uploads\/2024\/11\/i-Od-O_A-450x450.png 450w, https:\/\/theartoftastingportugal.com\/wp-content\/uploads\/2024\/11\/i-Od-O_A-150x150.png 150w, https:\/\/theartoftastingportugal.com\/wp-content\/uploads\/2024\/11\/i-Od-O_A-300x300.png 300w, https:\/\/theartoftastingportugal.com\/wp-content\/uploads\/2024\/11\/i-Od-O_A-100x100.png 100w\" data-tf-sizes=\"(max-width: 450px) 100vw, 450px\" \/><noscript><img loading=\"lazy\" data-tf-not-load src=\"https:\/\/theartoftastingportugal.com\/wp-content\/uploads\/2024\/11\/i-Od-O_A-450x450.png\" width=\"450\" height=\"450\" class=\"wp-post-image wp-image-16713\" title=\"i-Od-O_A\" alt=\"i-Od-O_A\" srcset=\"https:\/\/theartoftastingportugal.com\/wp-content\/uploads\/2024\/11\/i-Od-O_A-450x450.png 450w, https:\/\/theartoftastingportugal.com\/wp-content\/uploads\/2024\/11\/i-Od-O_A-150x150.png 150w, https:\/\/theartoftastingportugal.com\/wp-content\/uploads\/2024\/11\/i-Od-O_A-300x300.png 300w, https:\/\/theartoftastingportugal.com\/wp-content\/uploads\/2024\/11\/i-Od-O_A-100x100.png 100w\" sizes=\"(max-width: 450px) 100vw, 450px\" \/><\/noscript><\/a>\n    <\/figure><div class='yith-wcbm-badge yith-wcbm-badge-15452 yith-wcbm-badge-image yith-wcbm-badge--on-product-16729' data-position='{&quot;top&quot;:&quot;0&quot;,&quot;right&quot;:&quot;auto&quot;,&quot;bottom&quot;:&quot;auto&quot;,&quot;left&quot;:&quot;auto&quot;,&quot;center&quot;:&quot;0&quot;}' data-transform=\"translateX(-50%)\">\n\t<div class='yith-wcbm-badge__wrap'>\n\t\t<img src=\"\/\/theartoftastingportugal.com\/wp-content\/plugins\/yith-woocommerce-badges-management\/assets\/images\/image-badges\/1.svg\" alt=\"YITH Badge\"\/>\n\t<\/div>\n<\/div>\n<!--yith-wcbm-badge-->\n<\/div><!--container-image-and-badge-->\t\t\t\t\t\t\t\t\t<div class=\"info-experiencias\">Berlengas | 2-6 people<\/div>\t\t\t\t\t\t\t\t\n\t\t\t\t\t\t\t\t<div class=\"post-content\">\n\t\t\t\t\t\t\t\t\t\t\t\t\t\t\t\t\t\t\n\t\t\t\t\t\t\t\t\t\t\t\t\t\t\t\t\t\t\t\t\t\t\t\t\t\t\t\t\t\t\t\t\t\t\t\t\t\t<h3 class=\"woocommerce-loop-product__title\">\n\t\t\t\t\t\t\t\t\t\t\t\t\t\t\t\t\t\t\t\t\t\t\t<a href=\"https:\/\/theartoftastingportugal.com\/en\/product\/chef-alexandre-silva-gastronomic-experience\/\" title=\"Chef Alexandre Silva Gastronomic Experience\">\n\t\t\t\t\t\t\t\t\t\t\t\t\n\t\t\t\t\t\t\t\t\t\t\t\tChef Alexandre Silva Gastronomic Experience\n\t\t\t\t\t\t\t\t\t\t\t\t\t\t\t\t\t\t\t\t\t\t\t\t<\/a>\n\t\t\t\t\t\t\t\t\t\t\t\t\t\t\t\t\t\t\t\t\t<\/h3>\n\t\t\t\t\t\t\t\t\t\t\t\t\t\t\t\t\t\t\t  \n\n\t\t\t\t\t\t\t\t\t\t\t\t\t\t\t\t\t<\/div>\n\t\t\t\t\t\t\t\t\t\t\t\t\t<\/div>\n\t\t\t\t\t\t\t\t\t\t\t\t<\/li>\n\t\t\t\t\t\t\t\t\t\t\t\t<li class=\"post tf_swiper-slide slide-wrap tf_lazy has-post-title has-post-date no-post-category no-post-tag has-post-comment has-post-author product type-product post-15687 status-publish instock product_cat-center has-post-thumbnail shipping-taxable purchasable product-type-phive_booking\">\n\t\t\t\t\t\t\t\t\t\t\t\t\t\t\t<div class=\"slide-inner-wrap\">\n\t\t\t\t\t\t\t\t\t\t\t\t\t\t\t\n\t\t\t\t\t\t\t\t\t\t\t\t\t\t\t\t\t\t\t\t\t\t\t\t\t\t<figure class=\"post-image\">\n            \t<a href=\"https:\/\/theartoftastingportugal.com\/en\/product\/a-day-at-quinta-de-lemos-chef-diogo-rocha\/\" title=\"A day at Quinta de Lemos &#8211; Chef Diogo Rocha\"><img src=\"data:image\/svg+xml;charset=UTF-8,%3Csvg%20xmlns%3D%22http%3A%2F%2Fwww.w3.org%2F2000%2Fsvg%22%20width%3D%22450%22%20height%3D%22450%22%3E%3Cg%20fill%3D%22%23729dd0%22%3E%3Crect%20width%3D%22150%22%20height%3D%22150%22%2F%3E%3Crect%20width%3D%22150%22%20height%3D%22150%22%20fill%3D%22%238aafdb%22%20x%3D%22150%22%2F%3E%3Crect%20width%3D%22150%22%20height%3D%22150%22%20fill%3D%22%23abc8e6%22%20x%3D%22300%22%2F%3E%3Crect%20width%3D%22150%22%20height%3D%22150%22%20fill%3D%22%23edf1f4%22%20y%3D%22150%22%2F%3E%3Crect%20width%3D%22150%22%20height%3D%22150%22%20fill%3D%22%23fafafc%22%20x%3D%22150%22%20y%3D%22150%22%2F%3E%3Crect%20width%3D%22150%22%20height%3D%22150%22%20fill%3D%22%23fefefe%22%20x%3D%22300%22%20y%3D%22150%22%2F%3E%3Crect%20width%3D%22150%22%20height%3D%22150%22%20fill%3D%22%23bccce3%22%20y%3D%22300%22%2F%3E%3Crect%20width%3D%22150%22%20height%3D%22150%22%20fill%3D%22%23bacae4%22%20x%3D%22150%22%20y%3D%22300%22%2F%3E%3Crect%20width%3D%22150%22%20height%3D%22150%22%20fill%3D%22%23efcbbf%22%20x%3D%22300%22%20y%3D%22300%22%2F%3E%3C%2Fg%3E%3C%2Fsvg%3E\" decoding=\"async\" data-lazy=\"1\" loading=\"lazy\" data-tf-src=\"https:\/\/theartoftastingportugal.com\/wp-content\/uploads\/2023\/10\/Mesa-de-Lemos-04-17-154-450x450.jpg\" width=\"450\" height=\"450\" class=\"tf_svg_lazy wp-post-image wp-image-15833\" title=\"Mesa de Lemos 04-17 (154)\" alt=\"Mesa de Lemos 04-17 (154)\" data-tf-srcset=\"https:\/\/theartoftastingportugal.com\/wp-content\/uploads\/2023\/10\/Mesa-de-Lemos-04-17-154-450x450.jpg 450w, https:\/\/theartoftastingportugal.com\/wp-content\/uploads\/2023\/10\/Mesa-de-Lemos-04-17-154-150x150.jpg 150w, https:\/\/theartoftastingportugal.com\/wp-content\/uploads\/2023\/10\/Mesa-de-Lemos-04-17-154-300x300.jpg 300w, https:\/\/theartoftastingportugal.com\/wp-content\/uploads\/2023\/10\/Mesa-de-Lemos-04-17-154-100x100.jpg 100w\" data-tf-sizes=\"(max-width: 450px) 100vw, 450px\" \/><noscript><img loading=\"lazy\" data-tf-not-load src=\"https:\/\/theartoftastingportugal.com\/wp-content\/uploads\/2023\/10\/Mesa-de-Lemos-04-17-154-450x450.jpg\" width=\"450\" height=\"450\" class=\"wp-post-image wp-image-15833\" title=\"Mesa de Lemos 04-17 (154)\" alt=\"Mesa de Lemos 04-17 (154)\" srcset=\"https:\/\/theartoftastingportugal.com\/wp-content\/uploads\/2023\/10\/Mesa-de-Lemos-04-17-154-450x450.jpg 450w, https:\/\/theartoftastingportugal.com\/wp-content\/uploads\/2023\/10\/Mesa-de-Lemos-04-17-154-150x150.jpg 150w, https:\/\/theartoftastingportugal.com\/wp-content\/uploads\/2023\/10\/Mesa-de-Lemos-04-17-154-300x300.jpg 300w, https:\/\/theartoftastingportugal.com\/wp-content\/uploads\/2023\/10\/Mesa-de-Lemos-04-17-154-100x100.jpg 100w\" sizes=\"(max-width: 450px) 100vw, 450px\" \/><\/noscript><\/a>\n    <\/figure>\t\t\t\t\t\t\t\t\t<div class=\"info-experiencias\">Viseu | 2-6  people<\/div>\t\t\t\t\t\t\t\t\n\t\t\t\t\t\t\t\t<div class=\"post-content\">\n\t\t\t\t\t\t\t\t\t\t\t\t\t\t\t\t\t\t\n\t\t\t\t\t\t\t\t\t\t\t\t\t\t\t\t\t\t\t\t\t\t\t\t\t\t\t\t\t\t\t\t\t\t\t\t\t\t<h3 class=\"woocommerce-loop-product__title\">\n\t\t\t\t\t\t\t\t\t\t\t\t\t\t\t\t\t\t\t\t\t\t\t<a href=\"https:\/\/theartoftastingportugal.com\/en\/product\/a-day-at-quinta-de-lemos-chef-diogo-rocha\/\" title=\"A day at Quinta de Lemos &#8211; Chef Diogo Rocha\">\n\t\t\t\t\t\t\t\t\t\t\t\t\n\t\t\t\t\t\t\t\t\t\t\t\tA day at Quinta de Lemos &#8211; Chef Diogo Rocha\n\t\t\t\t\t\t\t\t\t\t\t\t\t\t\t\t\t\t\t\t\t\t\t\t<\/a>\n\t\t\t\t\t\t\t\t\t\t\t\t\t\t\t\t\t\t\t\t\t<\/h3>\n\t\t\t\t\t\t\t\t\t\t\t\t\t\t\t\t\t\t\t  \n\n\t\t\t\t\t\t\t\t\t\t\t\t\t\t\t\t\t<\/div>\n\t\t\t\t\t\t\t\t\t\t\t\t\t<\/div>\n\t\t\t\t\t\t\t\t\t\t\t\t<\/li>\n\t\t\t\t\t\t\t\t\t\t\t\t\t\t<\/ul>\n\t\t\t\t\t\t<\/div>\n\t\t\t\t<\/div>\n\t\t        <\/div>\n\t    \t<\/div>\n\t\t    <\/div>\n\t    <!-- \/row_inner -->\n\t<\/div>\n\t<!-- \/module_row -->\n\t\t<!-- module_row -->\n\t<div  data-css_id=\"aw7s379\" data-lazy=\"1\" class=\"module_row themify_builder_row experiencias-slider-wrap repeat fullwidth tb_aw7s379 tf_clearfix\" >\n\t    \t\t<div class=\"row_inner col_align_top tf_box tf_w tf_rel\">\n\t\t\t<div  data-lazy=\"1\" class=\"module_column tb-column col-full first tb_dnq4380 tf_box\">\n\t    \t    \t        <div class=\"tb-column-inner tf_box tf_w\">\n\t\t    <!-- module plain text -->\n<div  class=\"module module-plain-text tb_id0q380 intro-text-regioes\" data-lazy=\"1\">\n        <div class=\"tb_text_wrap\">\n\t<div class=\"divider-wrap\">\n<div class=\"divider-vertical\"><\/div>\n<\/div>    <\/div>\n<\/div>\n<!-- \/module plain text --><!-- module fancy heading -->\n<div  class=\"module module-fancy-heading tb_1n15380  tb_hide_divider\" data-lazy=\"1\">\n        <h2 class=\"fancy-heading tf_textc\">\n    <span  class=\"main-head tf_block\">\n\t\t\t\t\tAlgarve\t\t    <\/span>\n    <span class=\"sub-head tf_block tf_rel\">\n\t\t\t\t\t\t\t    <\/span>\n    <\/h2>\n<\/div>\n<!-- \/module fancy heading -->\n\n\t<div  id=\"tb_cmm6381\" class=\"module woocommerce module-products tb_cmm6381   themify_builder_slider_vertical\" data-lazy=\"1\">\n\t\t\t\t\t<div  data-visible=\"4\" data-tbreakpoints=\"1024\" data-mob-visible=\"1\" data-mbreakpoints=\"600\" data-scroll=\"1\" data-speed=\"1\" data-wrapvar=\"0\" data-slider_nav=\"1\" data-pager=\"0\" data-effect=\"scroll\" data-height=\"auto\" data-css_url=\"https:\/\/theartoftastingportugal.com\/wp-content\/plugins\/builder-woocommerce\/assets\/modules\/slider.css,https:\/\/theartoftastingportugal.com\/wp-content\/themes\/themify-ultra\/themify\/themify-builder\/css\/modules\/sliders\/carousel.css\" data-nav_out=\"1\" class=\"loops-wrapper products wc-products tf_swiper-container tf_carousel tf_rel tf_overflow slider-default classic tf_clearfix\" data-lazy=\"1\">\n\t\t\t\t\t\t\t<ul class=\"tf_swiper-wrapper tf_lazy tf_rel tf_w tf_h\">\n\t\t\t\t\t\t\t\t\t\t\t\t\t\t<li class=\"post tf_swiper-slide slide-wrap tf_lazy has-post-title has-post-date no-post-category no-post-tag has-post-comment has-post-author product type-product post-12643 status-publish instock product_cat-algarve-en has-post-thumbnail shipping-taxable purchasable product-type-phive_booking\">\n\t\t\t\t\t\t\t\t\t\t\t\t\t\t\t<div class=\"slide-inner-wrap\">\n\t\t\t\t\t\t\t\t\t\t\t\t\t\t\t\n\t\t\t\t\t\t\t\t\t\t\t\t\t\t\t\t\t\t\t\t\t\t\t\t\t\t<figure class=\"post-image\">\n            \t<a href=\"https:\/\/theartoftastingportugal.com\/en\/product\/salmarim\/\" title=\"Salmarim\"><img src=\"data:image\/svg+xml;charset=UTF-8,%3Csvg%20xmlns%3D%22http%3A%2F%2Fwww.w3.org%2F2000%2Fsvg%22%20width%3D%22450%22%20height%3D%22450%22%3E%3Cg%20fill%3D%22%23a4e2fb%22%3E%3Crect%20width%3D%22150%22%20height%3D%22150%22%2F%3E%3Crect%20width%3D%22150%22%20height%3D%22150%22%20fill%3D%22%23a7e3fd%22%20x%3D%22150%22%2F%3E%3Crect%20width%3D%22150%22%20height%3D%22150%22%20fill%3D%22%23a5e3fc%22%20x%3D%22300%22%2F%3E%3Crect%20width%3D%22150%22%20height%3D%22150%22%20fill%3D%22%23b2e6fc%22%20y%3D%22150%22%2F%3E%3Crect%20width%3D%22150%22%20height%3D%22150%22%20fill%3D%22%23b3e7fd%22%20x%3D%22150%22%20y%3D%22150%22%2F%3E%3Crect%20width%3D%22150%22%20height%3D%22150%22%20fill%3D%22%23b4e7fc%22%20x%3D%22300%22%20y%3D%22150%22%2F%3E%3Crect%20width%3D%22150%22%20height%3D%22150%22%20fill%3D%22%23dadfe5%22%20y%3D%22300%22%2F%3E%3Crect%20width%3D%22150%22%20height%3D%22150%22%20fill%3D%22%23e8e8ea%22%20x%3D%22150%22%20y%3D%22300%22%2F%3E%3Crect%20width%3D%22150%22%20height%3D%22150%22%20fill%3D%22%23f2f2f4%22%20x%3D%22300%22%20y%3D%22300%22%2F%3E%3C%2Fg%3E%3C%2Fsvg%3E\" decoding=\"async\" data-lazy=\"1\" loading=\"lazy\" data-tf-src=\"https:\/\/theartoftastingportugal.com\/wp-content\/uploads\/2022\/05\/Experiencia-Salmarim-SQUARE-450x450.jpg\" width=\"450\" height=\"450\" class=\"tf_svg_lazy wp-post-image wp-image-15126\" title=\"Experiencia Salmarim-SQUARE\" alt=\"Experiencia Salmarim-SQUARE\" data-tf-srcset=\"https:\/\/theartoftastingportugal.com\/wp-content\/uploads\/2022\/05\/Experiencia-Salmarim-SQUARE-450x450.jpg 450w, https:\/\/theartoftastingportugal.com\/wp-content\/uploads\/2022\/05\/Experiencia-Salmarim-SQUARE-300x300.jpg 300w, https:\/\/theartoftastingportugal.com\/wp-content\/uploads\/2022\/05\/Experiencia-Salmarim-SQUARE-150x150.jpg 150w, https:\/\/theartoftastingportugal.com\/wp-content\/uploads\/2022\/05\/Experiencia-Salmarim-SQUARE-768x768.jpg 768w, https:\/\/theartoftastingportugal.com\/wp-content\/uploads\/2022\/05\/Experiencia-Salmarim-SQUARE-600x600.jpg 600w, https:\/\/theartoftastingportugal.com\/wp-content\/uploads\/2022\/05\/Experiencia-Salmarim-SQUARE-100x100.jpg 100w, https:\/\/theartoftastingportugal.com\/wp-content\/uploads\/2022\/05\/Experiencia-Salmarim-SQUARE.jpg 1000w\" data-tf-sizes=\"(max-width: 450px) 100vw, 450px\" \/><noscript><img loading=\"lazy\" data-tf-not-load src=\"https:\/\/theartoftastingportugal.com\/wp-content\/uploads\/2022\/05\/Experiencia-Salmarim-SQUARE-450x450.jpg\" width=\"450\" height=\"450\" class=\"wp-post-image wp-image-15126\" title=\"Experiencia Salmarim-SQUARE\" alt=\"Experiencia Salmarim-SQUARE\" srcset=\"https:\/\/theartoftastingportugal.com\/wp-content\/uploads\/2022\/05\/Experiencia-Salmarim-SQUARE-450x450.jpg 450w, https:\/\/theartoftastingportugal.com\/wp-content\/uploads\/2022\/05\/Experiencia-Salmarim-SQUARE-300x300.jpg 300w, https:\/\/theartoftastingportugal.com\/wp-content\/uploads\/2022\/05\/Experiencia-Salmarim-SQUARE-150x150.jpg 150w, https:\/\/theartoftastingportugal.com\/wp-content\/uploads\/2022\/05\/Experiencia-Salmarim-SQUARE-768x768.jpg 768w, https:\/\/theartoftastingportugal.com\/wp-content\/uploads\/2022\/05\/Experiencia-Salmarim-SQUARE-600x600.jpg 600w, https:\/\/theartoftastingportugal.com\/wp-content\/uploads\/2022\/05\/Experiencia-Salmarim-SQUARE-100x100.jpg 100w, https:\/\/theartoftastingportugal.com\/wp-content\/uploads\/2022\/05\/Experiencia-Salmarim-SQUARE.jpg 1000w\" sizes=\"(max-width: 450px) 100vw, 450px\" \/><\/noscript><\/a>\n    <\/figure>\t\t\t\t\t\t\t\t\t<div class=\"info-experiencias\">Castro Marim  | 3-12 people<\/div>\t\t\t\t\t\t\t\t\n\t\t\t\t\t\t\t\t<div class=\"post-content\">\n\t\t\t\t\t\t\t\t\t\t\t\t\t\t\t\t\t\t\n\t\t\t\t\t\t\t\t\t\t\t\t\t\t\t\t\t\t\t\t\t\t\t\t\t\t\t\t\t\t\t\t\t\t\t\t\t\t<h3 class=\"woocommerce-loop-product__title\">\n\t\t\t\t\t\t\t\t\t\t\t\t\t\t\t\t\t\t\t\t\t\t\t<a href=\"https:\/\/theartoftastingportugal.com\/en\/product\/salmarim\/\" title=\"Salmarim\">\n\t\t\t\t\t\t\t\t\t\t\t\t\n\t\t\t\t\t\t\t\t\t\t\t\tSalmarim\n\t\t\t\t\t\t\t\t\t\t\t\t\t\t\t\t\t\t\t\t\t\t\t\t<\/a>\n\t\t\t\t\t\t\t\t\t\t\t\t\t\t\t\t\t\t\t\t\t<\/h3>\n\t\t\t\t\t\t\t\t\t\t\t\t\t\t\t\t\t\t\t  \n\n\t\t\t\t\t\t\t\t\t\t\t\t\t\t\t\t\t<\/div>\n\t\t\t\t\t\t\t\t\t\t\t\t\t<\/div>\n\t\t\t\t\t\t\t\t\t\t\t\t<\/li>\n\t\t\t\t\t\t\t\t\t\t\t\t<li class=\"post tf_swiper-slide slide-wrap tf_lazy has-post-title has-post-date no-post-category no-post-tag has-post-comment has-post-author product type-product post-9809 status-publish instock product_cat-algarve-en has-post-thumbnail shipping-taxable purchasable product-type-phive_booking\">\n\t\t\t\t\t\t\t\t\t\t\t\t\t\t\t<div class=\"slide-inner-wrap\">\n\t\t\t\t\t\t\t\t\t\t\t\t\t\t\t\n\t\t\t\t\t\t\t\t\t\t\t\t\t\t\t\t\t\t\t\t\t\t\t\t\t\t<figure class=\"post-image\">\n            \t<a href=\"https:\/\/theartoftastingportugal.com\/en\/product\/ria-flavors-with-chef-joao-oliveira\/\" title=\"Ria flavors with Chef Jo\u00e3o Oliveira\"><img src=\"data:image\/svg+xml;charset=UTF-8,%3Csvg%20xmlns%3D%22http%3A%2F%2Fwww.w3.org%2F2000%2Fsvg%22%20width%3D%22450%22%20height%3D%22450%22%3E%3Cg%20fill%3D%22%23a4a4a4%22%3E%3Crect%20width%3D%22150%22%20height%3D%22150%22%2F%3E%3Crect%20width%3D%22150%22%20height%3D%22150%22%20fill%3D%22%23eaeaea%22%20x%3D%22150%22%2F%3E%3Crect%20width%3D%22150%22%20height%3D%22150%22%20x%3D%22300%22%2F%3E%3Crect%20width%3D%22150%22%20height%3D%22150%22%20fill%3D%22%23d7d7d7%22%20y%3D%22150%22%2F%3E%3Crect%20width%3D%22150%22%20height%3D%22150%22%20fill%3D%22%230a0a0a%22%20x%3D%22150%22%20y%3D%22150%22%2F%3E%3Crect%20width%3D%22150%22%20height%3D%22150%22%20fill%3D%22%23191919%22%20x%3D%22300%22%20y%3D%22150%22%2F%3E%3Crect%20width%3D%22150%22%20height%3D%22150%22%20fill%3D%22%23eeeeee%22%20y%3D%22300%22%2F%3E%3Crect%20width%3D%22150%22%20height%3D%22150%22%20fill%3D%22%23040404%22%20x%3D%22150%22%20y%3D%22300%22%2F%3E%3Crect%20width%3D%22150%22%20height%3D%22150%22%20fill%3D%22%231f1f1f%22%20x%3D%22300%22%20y%3D%22300%22%2F%3E%3C%2Fg%3E%3C%2Fsvg%3E\" decoding=\"async\" data-lazy=\"1\" loading=\"lazy\" data-tf-src=\"https:\/\/theartoftastingportugal.com\/wp-content\/uploads\/2021\/01\/joao-oliveira-1-450x450.jpg\" width=\"450\" height=\"450\" class=\"tf_svg_lazy wp-post-image wp-image-6965\" title=\"joao-oliveira-1\" alt=\"joao-oliveira-1\" data-tf-srcset=\"https:\/\/theartoftastingportugal.com\/wp-content\/uploads\/2021\/01\/joao-oliveira-1-450x450.jpg 450w, https:\/\/theartoftastingportugal.com\/wp-content\/uploads\/2021\/01\/joao-oliveira-1-300x300.jpg 300w, https:\/\/theartoftastingportugal.com\/wp-content\/uploads\/2021\/01\/joao-oliveira-1-100x100.jpg 100w, https:\/\/theartoftastingportugal.com\/wp-content\/uploads\/2021\/01\/joao-oliveira-1-600x600.jpg 600w, https:\/\/theartoftastingportugal.com\/wp-content\/uploads\/2021\/01\/joao-oliveira-1-150x150.jpg 150w, https:\/\/theartoftastingportugal.com\/wp-content\/uploads\/2021\/01\/joao-oliveira-1-768x768.jpg 768w, https:\/\/theartoftastingportugal.com\/wp-content\/uploads\/2021\/01\/joao-oliveira-1-360x360.jpg 360w, https:\/\/theartoftastingportugal.com\/wp-content\/uploads\/2021\/01\/joao-oliveira-1-365x365.jpg 365w, https:\/\/theartoftastingportugal.com\/wp-content\/uploads\/2021\/01\/joao-oliveira-1-400x400.jpg 400w, https:\/\/theartoftastingportugal.com\/wp-content\/uploads\/2021\/01\/joao-oliveira-1.jpg 1000w\" data-tf-sizes=\"(max-width: 450px) 100vw, 450px\" \/><noscript><img loading=\"lazy\" data-tf-not-load src=\"https:\/\/theartoftastingportugal.com\/wp-content\/uploads\/2021\/01\/joao-oliveira-1-450x450.jpg\" width=\"450\" height=\"450\" class=\"wp-post-image wp-image-6965\" title=\"joao-oliveira-1\" alt=\"joao-oliveira-1\" srcset=\"https:\/\/theartoftastingportugal.com\/wp-content\/uploads\/2021\/01\/joao-oliveira-1-450x450.jpg 450w, https:\/\/theartoftastingportugal.com\/wp-content\/uploads\/2021\/01\/joao-oliveira-1-300x300.jpg 300w, https:\/\/theartoftastingportugal.com\/wp-content\/uploads\/2021\/01\/joao-oliveira-1-100x100.jpg 100w, https:\/\/theartoftastingportugal.com\/wp-content\/uploads\/2021\/01\/joao-oliveira-1-600x600.jpg 600w, https:\/\/theartoftastingportugal.com\/wp-content\/uploads\/2021\/01\/joao-oliveira-1-150x150.jpg 150w, https:\/\/theartoftastingportugal.com\/wp-content\/uploads\/2021\/01\/joao-oliveira-1-768x768.jpg 768w, https:\/\/theartoftastingportugal.com\/wp-content\/uploads\/2021\/01\/joao-oliveira-1-360x360.jpg 360w, https:\/\/theartoftastingportugal.com\/wp-content\/uploads\/2021\/01\/joao-oliveira-1-365x365.jpg 365w, https:\/\/theartoftastingportugal.com\/wp-content\/uploads\/2021\/01\/joao-oliveira-1-400x400.jpg 400w, https:\/\/theartoftastingportugal.com\/wp-content\/uploads\/2021\/01\/joao-oliveira-1.jpg 1000w\" sizes=\"(max-width: 450px) 100vw, 450px\" \/><\/noscript><\/a>\n    <\/figure>\t\t\t\t\t\t\t\t\t<div class=\"info-experiencias\">Portim\u00e3o | 2 people<\/div>\t\t\t\t\t\t\t\t\n\t\t\t\t\t\t\t\t<div class=\"post-content\">\n\t\t\t\t\t\t\t\t\t\t\t\t\t\t\t\t\t\t\n\t\t\t\t\t\t\t\t\t\t\t\t\t\t\t\t\t\t\t\t\t\t\t\t\t\t\t\t\t\t\t\t\t\t\t\t\t\t<h3 class=\"woocommerce-loop-product__title\">\n\t\t\t\t\t\t\t\t\t\t\t\t\t\t\t\t\t\t\t\t\t\t\t<a href=\"https:\/\/theartoftastingportugal.com\/en\/product\/ria-flavors-with-chef-joao-oliveira\/\" title=\"Ria flavors with Chef Jo\u00e3o Oliveira\">\n\t\t\t\t\t\t\t\t\t\t\t\t\n\t\t\t\t\t\t\t\t\t\t\t\tRia flavors with Chef Jo\u00e3o Oliveira\n\t\t\t\t\t\t\t\t\t\t\t\t\t\t\t\t\t\t\t\t\t\t\t\t<\/a>\n\t\t\t\t\t\t\t\t\t\t\t\t\t\t\t\t\t\t\t\t\t<\/h3>\n\t\t\t\t\t\t\t\t\t\t\t\t\t\t\t\t\t\t\t  \n\n\t\t\t\t\t\t\t\t\t\t\t\t\t\t\t\t\t<\/div>\n\t\t\t\t\t\t\t\t\t\t\t\t\t<\/div>\n\t\t\t\t\t\t\t\t\t\t\t\t<\/li>\n\t\t\t\t\t\t\t\t\t\t\t\t<li class=\"post tf_swiper-slide slide-wrap tf_lazy has-post-title has-post-date no-post-category no-post-tag has-post-comment has-post-author product type-product post-15690 status-publish instock product_cat-algarve-en has-post-thumbnail shipping-taxable purchasable product-type-phive_booking yith-wcbm-product-has-badges\">\n\t\t\t\t\t\t\t\t\t\t\t\t\t\t\t<div class=\"slide-inner-wrap\">\n\t\t\t\t\t\t\t\t\t\t\t\t\t\t\t\n\t\t\t\t\t\t\t\t\t\t\t\t\t\t\t\t\t\t\t\t\t\t\t\t\t\t<div class='container-image-and-badge  '><figure class=\"post-image\">\n            \t<a href=\"https:\/\/theartoftastingportugal.com\/en\/product\/a-day-in-the-saltpans-with-chef-noelia-jeronimo\/\" title=\"A day in the saltpans with Chef No\u00e9lia Jer\u00f3nimo\"><img src=\"data:image\/svg+xml;charset=UTF-8,%3Csvg%20xmlns%3D%22http%3A%2F%2Fwww.w3.org%2F2000%2Fsvg%22%20width%3D%22450%22%20height%3D%22450%22%3E%3Cg%20fill%3D%22%23dbe0e6%22%3E%3Crect%20width%3D%22150%22%20height%3D%22150%22%2F%3E%3Crect%20width%3D%22150%22%20height%3D%22150%22%20fill%3D%22%23c9d2db%22%20x%3D%22150%22%2F%3E%3Crect%20width%3D%22150%22%20height%3D%22150%22%20fill%3D%22%23d1d8e0%22%20x%3D%22300%22%2F%3E%3Crect%20width%3D%22150%22%20height%3D%22150%22%20fill%3D%22%23e1e2e7%22%20y%3D%22150%22%2F%3E%3Crect%20width%3D%22150%22%20height%3D%22150%22%20fill%3D%22%23c1cbd7%22%20x%3D%22150%22%20y%3D%22150%22%2F%3E%3Crect%20width%3D%22150%22%20height%3D%22150%22%20fill%3D%22%23a3baca%22%20x%3D%22300%22%20y%3D%22150%22%2F%3E%3Crect%20width%3D%22150%22%20height%3D%22150%22%20fill%3D%22%23606644%22%20y%3D%22300%22%2F%3E%3Crect%20width%3D%22150%22%20height%3D%22150%22%20fill%3D%22%2341392c%22%20x%3D%22150%22%20y%3D%22300%22%2F%3E%3Crect%20width%3D%22150%22%20height%3D%22150%22%20fill%3D%22%23112d1e%22%20x%3D%22300%22%20y%3D%22300%22%2F%3E%3C%2Fg%3E%3C%2Fsvg%3E\" decoding=\"async\" data-lazy=\"1\" loading=\"lazy\" data-tf-src=\"https:\/\/theartoftastingportugal.com\/wp-content\/uploads\/2023\/06\/the-art-of-tasting-portugal-Noelia-Jeronimo-Salmarim-06062023-168-300dpi-1024x683-450x450.jpg\" width=\"450\" height=\"450\" class=\"tf_svg_lazy wp-post-image wp-image-15710\" title=\"the-art-of-tasting-portugal-Noelia-Jeronimo-Salmarim-06062023-168-300dpi\" alt=\"the-art-of-tasting-portugal-Noelia-Jeronimo-Salmarim-06062023-168-300dpi\" data-tf-srcset=\"https:\/\/theartoftastingportugal.com\/wp-content\/uploads\/2023\/06\/the-art-of-tasting-portugal-Noelia-Jeronimo-Salmarim-06062023-168-300dpi-1024x683-450x450.jpg 450w, https:\/\/theartoftastingportugal.com\/wp-content\/uploads\/2023\/06\/the-art-of-tasting-portugal-Noelia-Jeronimo-Salmarim-06062023-168-300dpi-150x150.jpg 150w, https:\/\/theartoftastingportugal.com\/wp-content\/uploads\/2023\/06\/the-art-of-tasting-portugal-Noelia-Jeronimo-Salmarim-06062023-168-300dpi-300x300.jpg 300w, https:\/\/theartoftastingportugal.com\/wp-content\/uploads\/2023\/06\/the-art-of-tasting-portugal-Noelia-Jeronimo-Salmarim-06062023-168-300dpi-100x100.jpg 100w\" data-tf-sizes=\"(max-width: 450px) 100vw, 450px\" \/><noscript><img loading=\"lazy\" data-tf-not-load src=\"https:\/\/theartoftastingportugal.com\/wp-content\/uploads\/2023\/06\/the-art-of-tasting-portugal-Noelia-Jeronimo-Salmarim-06062023-168-300dpi-1024x683-450x450.jpg\" width=\"450\" height=\"450\" class=\"wp-post-image wp-image-15710\" title=\"the-art-of-tasting-portugal-Noelia-Jeronimo-Salmarim-06062023-168-300dpi\" alt=\"the-art-of-tasting-portugal-Noelia-Jeronimo-Salmarim-06062023-168-300dpi\" srcset=\"https:\/\/theartoftastingportugal.com\/wp-content\/uploads\/2023\/06\/the-art-of-tasting-portugal-Noelia-Jeronimo-Salmarim-06062023-168-300dpi-1024x683-450x450.jpg 450w, https:\/\/theartoftastingportugal.com\/wp-content\/uploads\/2023\/06\/the-art-of-tasting-portugal-Noelia-Jeronimo-Salmarim-06062023-168-300dpi-150x150.jpg 150w, https:\/\/theartoftastingportugal.com\/wp-content\/uploads\/2023\/06\/the-art-of-tasting-portugal-Noelia-Jeronimo-Salmarim-06062023-168-300dpi-300x300.jpg 300w, https:\/\/theartoftastingportugal.com\/wp-content\/uploads\/2023\/06\/the-art-of-tasting-portugal-Noelia-Jeronimo-Salmarim-06062023-168-300dpi-100x100.jpg 100w\" sizes=\"(max-width: 450px) 100vw, 450px\" \/><\/noscript><\/a>\n    <\/figure><div class='yith-wcbm-badge yith-wcbm-badge-15452 yith-wcbm-badge-image yith-wcbm-badge--on-product-15690' data-position='{&quot;top&quot;:&quot;0&quot;,&quot;right&quot;:&quot;auto&quot;,&quot;bottom&quot;:&quot;auto&quot;,&quot;left&quot;:&quot;auto&quot;,&quot;center&quot;:&quot;0&quot;}' data-transform=\"translateX(-50%)\">\n\t<div class='yith-wcbm-badge__wrap'>\n\t\t<img src=\"\/\/theartoftastingportugal.com\/wp-content\/plugins\/yith-woocommerce-badges-management\/assets\/images\/image-badges\/1.svg\" alt=\"YITH Badge\"\/>\n\t<\/div>\n<\/div>\n<!--yith-wcbm-badge-->\n<\/div><!--container-image-and-badge-->\t\t\t\t\t\t\t\t\t<div class=\"info-experiencias\">Castro Marim | 4-12  people<\/div>\t\t\t\t\t\t\t\t\n\t\t\t\t\t\t\t\t<div class=\"post-content\">\n\t\t\t\t\t\t\t\t\t\t\t\t\t\t\t\t\t\t\n\t\t\t\t\t\t\t\t\t\t\t\t\t\t\t\t\t\t\t\t\t\t\t\t\t\t\t\t\t\t\t\t\t\t\t\t\t\t<h3 class=\"woocommerce-loop-product__title\">\n\t\t\t\t\t\t\t\t\t\t\t\t\t\t\t\t\t\t\t\t\t\t\t<a href=\"https:\/\/theartoftastingportugal.com\/en\/product\/a-day-in-the-saltpans-with-chef-noelia-jeronimo\/\" title=\"A day in the saltpans with Chef No\u00e9lia Jer\u00f3nimo\">\n\t\t\t\t\t\t\t\t\t\t\t\t\n\t\t\t\t\t\t\t\t\t\t\t\tA day in the saltpans with Chef No\u00e9lia Jer\u00f3nimo\n\t\t\t\t\t\t\t\t\t\t\t\t\t\t\t\t\t\t\t\t\t\t\t\t<\/a>\n\t\t\t\t\t\t\t\t\t\t\t\t\t\t\t\t\t\t\t\t\t<\/h3>\n\t\t\t\t\t\t\t\t\t\t\t\t\t\t\t\t\t\t\t  \n\n\t\t\t\t\t\t\t\t\t\t\t\t\t\t\t\t\t<\/div>\n\t\t\t\t\t\t\t\t\t\t\t\t\t<\/div>\n\t\t\t\t\t\t\t\t\t\t\t\t<\/li>\n\t\t\t\t\t\t\t\t\t\t\t\t\t\t<\/ul>\n\t\t\t\t\t\t<\/div>\n\t\t\t\t<\/div>\n\t\t        <\/div>\n\t    \t<\/div>\n\t\t    <\/div>\n\t    <!-- \/row_inner -->\n\t<\/div>\n\t<!-- \/module_row -->\n\t\t<!-- module_row -->\n\t<div  data-css_id=\"e16c683\" data-lazy=\"1\" class=\"module_row themify_builder_row experiencias-slider-wrap repeat fullwidth tb_e16c683 tf_clearfix\" >\n\t    \t\t<div class=\"row_inner col_align_top tf_box tf_w tf_rel\">\n\t\t\t<div  data-lazy=\"1\" class=\"module_column tb-column col-full first tb_pvkz683 tf_box\">\n\t    \t    \t        <div class=\"tb-column-inner tf_box tf_w\">\n\t\t    <!-- module plain text -->\n<div  class=\"module module-plain-text tb_xzzp684 intro-text-regioes\" data-lazy=\"1\">\n        <div class=\"tb_text_wrap\">\n\t<div class=\"divider-wrap\">\n<div class=\"divider-vertical\"><\/div>\n<\/div>    <\/div>\n<\/div>\n<!-- \/module plain text --><!-- module fancy heading -->\n<div  class=\"module module-fancy-heading tb_xkoz684  tb_hide_divider\" data-lazy=\"1\">\n        <h2 class=\"fancy-heading tf_textc\">\n    <span  class=\"main-head tf_block\">\n\t\t\t\t\tAzores\t\t    <\/span>\n    <span class=\"sub-head tf_block tf_rel\">\n\t\t\t\t\t\t\t    <\/span>\n    <\/h2>\n<\/div>\n<!-- \/module fancy heading -->\n\n\t<div  id=\"tb_tq96684\" class=\"module woocommerce module-products tb_tq96684   themify_builder_slider_vertical\" data-lazy=\"1\">\n\t\t\t\t\t<div  data-visible=\"4\" data-tbreakpoints=\"1024\" data-mob-visible=\"1\" data-mbreakpoints=\"600\" data-scroll=\"1\" data-speed=\"1\" data-wrapvar=\"0\" data-slider_nav=\"1\" data-pager=\"0\" data-effect=\"scroll\" data-height=\"auto\" data-css_url=\"https:\/\/theartoftastingportugal.com\/wp-content\/plugins\/builder-woocommerce\/assets\/modules\/slider.css,https:\/\/theartoftastingportugal.com\/wp-content\/themes\/themify-ultra\/themify\/themify-builder\/css\/modules\/sliders\/carousel.css\" data-nav_out=\"1\" class=\"loops-wrapper products wc-products tf_swiper-container tf_carousel tf_rel tf_overflow slider-default classic tf_clearfix\" data-lazy=\"1\">\n\t\t\t\t\t\t\t<ul class=\"tf_swiper-wrapper tf_lazy tf_rel tf_w tf_h\">\n\t\t\t\t\t\t\t\t\t\t\t\t\t\t<li class=\"post tf_swiper-slide slide-wrap tf_lazy has-post-title has-post-date no-post-category no-post-tag has-post-comment has-post-author product type-product post-9836 status-publish instock product_cat-azores product_cat-destaques-home-en has-post-thumbnail shipping-taxable purchasable product-type-phive_booking yith-wcbm-product-has-badges\">\n\t\t\t\t\t\t\t\t\t\t\t\t\t\t\t<div class=\"slide-inner-wrap\">\n\t\t\t\t\t\t\t\t\t\t\t\t\t\t\t\n\t\t\t\t\t\t\t\t\t\t\t\t\t\t\t\t\t\t\t\t\t\t\t\t\t\t<div class='container-image-and-badge  '><figure class=\"post-image\">\n            \t<a href=\"https:\/\/theartoftastingportugal.com\/en\/product\/experiencia-gastronomica-chef-claudio-pontes-passeio-de-barco\/\" title=\"Porto Formoso Tour Porto with Chef Cl\u00e1udio Pontes\"><img src=\"data:image\/svg+xml;charset=UTF-8,%3Csvg%20xmlns%3D%22http%3A%2F%2Fwww.w3.org%2F2000%2Fsvg%22%20width%3D%22450%22%20height%3D%22450%22%3E%3Cg%20fill%3D%22%23025b83%22%3E%3Crect%20width%3D%22150%22%20height%3D%22150%22%2F%3E%3Crect%20width%3D%22150%22%20height%3D%22150%22%20fill%3D%22%23026489%22%20x%3D%22150%22%2F%3E%3Crect%20width%3D%22150%22%20height%3D%22150%22%20fill%3D%22%23026489%22%20x%3D%22300%22%2F%3E%3Crect%20width%3D%22150%22%20height%3D%22150%22%20fill%3D%22%23a4ba67%22%20y%3D%22150%22%2F%3E%3Crect%20width%3D%22150%22%20height%3D%22150%22%20fill%3D%22%2330344d%22%20x%3D%22150%22%20y%3D%22150%22%2F%3E%3Crect%20width%3D%22150%22%20height%3D%22150%22%20fill%3D%22%23887567%22%20x%3D%22300%22%20y%3D%22150%22%2F%3E%3Crect%20width%3D%22150%22%20height%3D%22150%22%20fill%3D%22%23bfd873%22%20y%3D%22300%22%2F%3E%3Crect%20width%3D%22150%22%20height%3D%22150%22%20fill%3D%22%23123143%22%20x%3D%22150%22%20y%3D%22300%22%2F%3E%3Crect%20width%3D%22150%22%20height%3D%22150%22%20fill%3D%22%23839680%22%20x%3D%22300%22%20y%3D%22300%22%2F%3E%3C%2Fg%3E%3C%2Fsvg%3E\" decoding=\"async\" data-lazy=\"1\" loading=\"lazy\" data-tf-src=\"https:\/\/theartoftastingportugal.com\/wp-content\/uploads\/2022\/03\/Chef-Claudio-Pontes-Passeio-de-barco-SQUARE-450x450.jpg\" width=\"450\" height=\"450\" class=\"tf_svg_lazy wp-post-image wp-image-15145\" title=\"Chef Claudio Pontes - Passeio de barco-SQUARE\" alt=\"Chef Claudio Pontes - Passeio de barco-SQUARE\" data-tf-srcset=\"https:\/\/theartoftastingportugal.com\/wp-content\/uploads\/2022\/03\/Chef-Claudio-Pontes-Passeio-de-barco-SQUARE-450x450.jpg 450w, https:\/\/theartoftastingportugal.com\/wp-content\/uploads\/2022\/03\/Chef-Claudio-Pontes-Passeio-de-barco-SQUARE-300x300.jpg 300w, https:\/\/theartoftastingportugal.com\/wp-content\/uploads\/2022\/03\/Chef-Claudio-Pontes-Passeio-de-barco-SQUARE-150x150.jpg 150w, https:\/\/theartoftastingportugal.com\/wp-content\/uploads\/2022\/03\/Chef-Claudio-Pontes-Passeio-de-barco-SQUARE-768x768.jpg 768w, https:\/\/theartoftastingportugal.com\/wp-content\/uploads\/2022\/03\/Chef-Claudio-Pontes-Passeio-de-barco-SQUARE-600x600.jpg 600w, https:\/\/theartoftastingportugal.com\/wp-content\/uploads\/2022\/03\/Chef-Claudio-Pontes-Passeio-de-barco-SQUARE-100x100.jpg 100w, https:\/\/theartoftastingportugal.com\/wp-content\/uploads\/2022\/03\/Chef-Claudio-Pontes-Passeio-de-barco-SQUARE.jpg 1000w\" data-tf-sizes=\"(max-width: 450px) 100vw, 450px\" \/><noscript><img loading=\"lazy\" data-tf-not-load src=\"https:\/\/theartoftastingportugal.com\/wp-content\/uploads\/2022\/03\/Chef-Claudio-Pontes-Passeio-de-barco-SQUARE-450x450.jpg\" width=\"450\" height=\"450\" class=\"wp-post-image wp-image-15145\" title=\"Chef Claudio Pontes - Passeio de barco-SQUARE\" alt=\"Chef Claudio Pontes - Passeio de barco-SQUARE\" srcset=\"https:\/\/theartoftastingportugal.com\/wp-content\/uploads\/2022\/03\/Chef-Claudio-Pontes-Passeio-de-barco-SQUARE-450x450.jpg 450w, https:\/\/theartoftastingportugal.com\/wp-content\/uploads\/2022\/03\/Chef-Claudio-Pontes-Passeio-de-barco-SQUARE-300x300.jpg 300w, https:\/\/theartoftastingportugal.com\/wp-content\/uploads\/2022\/03\/Chef-Claudio-Pontes-Passeio-de-barco-SQUARE-150x150.jpg 150w, https:\/\/theartoftastingportugal.com\/wp-content\/uploads\/2022\/03\/Chef-Claudio-Pontes-Passeio-de-barco-SQUARE-768x768.jpg 768w, https:\/\/theartoftastingportugal.com\/wp-content\/uploads\/2022\/03\/Chef-Claudio-Pontes-Passeio-de-barco-SQUARE-600x600.jpg 600w, https:\/\/theartoftastingportugal.com\/wp-content\/uploads\/2022\/03\/Chef-Claudio-Pontes-Passeio-de-barco-SQUARE-100x100.jpg 100w, https:\/\/theartoftastingportugal.com\/wp-content\/uploads\/2022\/03\/Chef-Claudio-Pontes-Passeio-de-barco-SQUARE.jpg 1000w\" sizes=\"(max-width: 450px) 100vw, 450px\" \/><\/noscript><\/a>\n    <\/figure><div class='yith-wcbm-badge yith-wcbm-badge-15452 yith-wcbm-badge-image yith-wcbm-badge--on-product-9836' data-position='{&quot;top&quot;:&quot;0&quot;,&quot;right&quot;:&quot;auto&quot;,&quot;bottom&quot;:&quot;auto&quot;,&quot;left&quot;:&quot;auto&quot;,&quot;center&quot;:&quot;0&quot;}' data-transform=\"translateX(-50%)\">\n\t<div class='yith-wcbm-badge__wrap'>\n\t\t<img src=\"\/\/theartoftastingportugal.com\/wp-content\/plugins\/yith-woocommerce-badges-management\/assets\/images\/image-badges\/1.svg\" alt=\"YITH Badge\"\/>\n\t<\/div>\n<\/div>\n<!--yith-wcbm-badge-->\n<\/div><!--container-image-and-badge-->\t\t\t\t\t\t\t\t\t<div class=\"info-experiencias\">S\u00e3o Miguel | 4-10 people<\/div>\t\t\t\t\t\t\t\t\n\t\t\t\t\t\t\t\t<div class=\"post-content\">\n\t\t\t\t\t\t\t\t\t\t\t\t\t\t\t\t\t\t\n\t\t\t\t\t\t\t\t\t\t\t\t\t\t\t\t\t\t\t\t\t\t\t\t\t\t\t\t\t\t\t\t\t\t\t\t\t\t<h3 class=\"woocommerce-loop-product__title\">\n\t\t\t\t\t\t\t\t\t\t\t\t\t\t\t\t\t\t\t\t\t\t\t<a href=\"https:\/\/theartoftastingportugal.com\/en\/product\/experiencia-gastronomica-chef-claudio-pontes-passeio-de-barco\/\" title=\"Porto Formoso Tour Porto with Chef Cl\u00e1udio Pontes\">\n\t\t\t\t\t\t\t\t\t\t\t\t\n\t\t\t\t\t\t\t\t\t\t\t\tPorto Formoso Tour Porto with Chef Cl\u00e1udio Pontes\n\t\t\t\t\t\t\t\t\t\t\t\t\t\t\t\t\t\t\t\t\t\t\t\t<\/a>\n\t\t\t\t\t\t\t\t\t\t\t\t\t\t\t\t\t\t\t\t\t<\/h3>\n\t\t\t\t\t\t\t\t\t\t\t\t\t\t\t\t\t\t\t  \n\n\t\t\t\t\t\t\t\t\t\t\t\t\t\t\t\t\t<\/div>\n\t\t\t\t\t\t\t\t\t\t\t\t\t<\/div>\n\t\t\t\t\t\t\t\t\t\t\t\t<\/li>\n\t\t\t\t\t\t\t\t\t\t\t\t<li class=\"post tf_swiper-slide slide-wrap tf_lazy has-post-title has-post-date no-post-category no-post-tag has-post-comment has-post-author product type-product post-9839 status-publish instock product_cat-azores has-post-thumbnail shipping-taxable purchasable product-type-phive_booking\">\n\t\t\t\t\t\t\t\t\t\t\t\t\t\t\t<div class=\"slide-inner-wrap\">\n\t\t\t\t\t\t\t\t\t\t\t\t\t\t\t\n\t\t\t\t\t\t\t\t\t\t\t\t\t\t\t\t\t\t\t\t\t\t\t\t\t\t<figure class=\"post-image\">\n            \t<a href=\"https:\/\/theartoftastingportugal.com\/en\/product\/pineapple-farm-with-chef-claudio-pontes\/\" title=\"Pineapple Farm with Chef Cl\u00e1udio Pontes\"><img src=\"data:image\/svg+xml;charset=UTF-8,%3Csvg%20xmlns%3D%22http%3A%2F%2Fwww.w3.org%2F2000%2Fsvg%22%20width%3D%22450%22%20height%3D%22450%22%3E%3Cg%20fill%3D%22%23d8cdbb%22%3E%3Crect%20width%3D%22150%22%20height%3D%22150%22%2F%3E%3Crect%20width%3D%22150%22%20height%3D%22150%22%20fill%3D%22%23ebe4da%22%20x%3D%22150%22%2F%3E%3Crect%20width%3D%22150%22%20height%3D%22150%22%20fill%3D%22%239f8f38%22%20x%3D%22300%22%2F%3E%3Crect%20width%3D%22150%22%20height%3D%22150%22%20fill%3D%22%23af9d6f%22%20y%3D%22150%22%2F%3E%3Crect%20width%3D%22150%22%20height%3D%22150%22%20fill%3D%22%23726e41%22%20x%3D%22150%22%20y%3D%22150%22%2F%3E%3Crect%20width%3D%22150%22%20height%3D%22150%22%20fill%3D%22%23ebe5d7%22%20x%3D%22300%22%20y%3D%22150%22%2F%3E%3Crect%20width%3D%22150%22%20height%3D%22150%22%20fill%3D%22%23f3c055%22%20y%3D%22300%22%2F%3E%3Crect%20width%3D%22150%22%20height%3D%22150%22%20fill%3D%22%23d0bf6d%22%20x%3D%22150%22%20y%3D%22300%22%2F%3E%3Crect%20width%3D%22150%22%20height%3D%22150%22%20fill%3D%22%239a7656%22%20x%3D%22300%22%20y%3D%22300%22%2F%3E%3C%2Fg%3E%3C%2Fsvg%3E\" decoding=\"async\" data-lazy=\"1\" loading=\"lazy\" data-tf-src=\"https:\/\/theartoftastingportugal.com\/wp-content\/uploads\/2022\/03\/experiencia-chef-claudio-pontes-herdade-SQUARE-450x450.jpg\" width=\"450\" height=\"450\" class=\"tf_svg_lazy wp-post-image wp-image-15141\" title=\"experiencia-chef-claudio-pontes-herdade-SQUARE\" alt=\"experiencia-chef-claudio-pontes-herdade-SQUARE\" data-tf-srcset=\"https:\/\/theartoftastingportugal.com\/wp-content\/uploads\/2022\/03\/experiencia-chef-claudio-pontes-herdade-SQUARE-450x450.jpg 450w, https:\/\/theartoftastingportugal.com\/wp-content\/uploads\/2022\/03\/experiencia-chef-claudio-pontes-herdade-SQUARE-300x300.jpg 300w, https:\/\/theartoftastingportugal.com\/wp-content\/uploads\/2022\/03\/experiencia-chef-claudio-pontes-herdade-SQUARE-150x150.jpg 150w, https:\/\/theartoftastingportugal.com\/wp-content\/uploads\/2022\/03\/experiencia-chef-claudio-pontes-herdade-SQUARE-768x768.jpg 768w, https:\/\/theartoftastingportugal.com\/wp-content\/uploads\/2022\/03\/experiencia-chef-claudio-pontes-herdade-SQUARE-600x600.jpg 600w, https:\/\/theartoftastingportugal.com\/wp-content\/uploads\/2022\/03\/experiencia-chef-claudio-pontes-herdade-SQUARE-100x100.jpg 100w, https:\/\/theartoftastingportugal.com\/wp-content\/uploads\/2022\/03\/experiencia-chef-claudio-pontes-herdade-SQUARE.jpg 1000w\" data-tf-sizes=\"(max-width: 450px) 100vw, 450px\" \/><noscript><img loading=\"lazy\" data-tf-not-load src=\"https:\/\/theartoftastingportugal.com\/wp-content\/uploads\/2022\/03\/experiencia-chef-claudio-pontes-herdade-SQUARE-450x450.jpg\" width=\"450\" height=\"450\" class=\"wp-post-image wp-image-15141\" title=\"experiencia-chef-claudio-pontes-herdade-SQUARE\" alt=\"experiencia-chef-claudio-pontes-herdade-SQUARE\" srcset=\"https:\/\/theartoftastingportugal.com\/wp-content\/uploads\/2022\/03\/experiencia-chef-claudio-pontes-herdade-SQUARE-450x450.jpg 450w, https:\/\/theartoftastingportugal.com\/wp-content\/uploads\/2022\/03\/experiencia-chef-claudio-pontes-herdade-SQUARE-300x300.jpg 300w, https:\/\/theartoftastingportugal.com\/wp-content\/uploads\/2022\/03\/experiencia-chef-claudio-pontes-herdade-SQUARE-150x150.jpg 150w, https:\/\/theartoftastingportugal.com\/wp-content\/uploads\/2022\/03\/experiencia-chef-claudio-pontes-herdade-SQUARE-768x768.jpg 768w, https:\/\/theartoftastingportugal.com\/wp-content\/uploads\/2022\/03\/experiencia-chef-claudio-pontes-herdade-SQUARE-600x600.jpg 600w, https:\/\/theartoftastingportugal.com\/wp-content\/uploads\/2022\/03\/experiencia-chef-claudio-pontes-herdade-SQUARE-100x100.jpg 100w, https:\/\/theartoftastingportugal.com\/wp-content\/uploads\/2022\/03\/experiencia-chef-claudio-pontes-herdade-SQUARE.jpg 1000w\" sizes=\"(max-width: 450px) 100vw, 450px\" \/><\/noscript><\/a>\n    <\/figure>\t\t\t\t\t\t\t\t\t<div class=\"info-experiencias\">S\u00e3o Miguel | 4-10 people<\/div>\t\t\t\t\t\t\t\t\n\t\t\t\t\t\t\t\t<div class=\"post-content\">\n\t\t\t\t\t\t\t\t\t\t\t\t\t\t\t\t\t\t\n\t\t\t\t\t\t\t\t\t\t\t\t\t\t\t\t\t\t\t\t\t\t\t\t\t\t\t\t\t\t\t\t\t\t\t\t\t\t<h3 class=\"woocommerce-loop-product__title\">\n\t\t\t\t\t\t\t\t\t\t\t\t\t\t\t\t\t\t\t\t\t\t\t<a href=\"https:\/\/theartoftastingportugal.com\/en\/product\/pineapple-farm-with-chef-claudio-pontes\/\" title=\"Pineapple Farm with Chef Cl\u00e1udio Pontes\">\n\t\t\t\t\t\t\t\t\t\t\t\t\n\t\t\t\t\t\t\t\t\t\t\t\tPineapple Farm with Chef Cl\u00e1udio Pontes\n\t\t\t\t\t\t\t\t\t\t\t\t\t\t\t\t\t\t\t\t\t\t\t\t<\/a>\n\t\t\t\t\t\t\t\t\t\t\t\t\t\t\t\t\t\t\t\t\t<\/h3>\n\t\t\t\t\t\t\t\t\t\t\t\t\t\t\t\t\t\t\t  \n\n\t\t\t\t\t\t\t\t\t\t\t\t\t\t\t\t\t<\/div>\n\t\t\t\t\t\t\t\t\t\t\t\t\t<\/div>\n\t\t\t\t\t\t\t\t\t\t\t\t<\/li>\n\t\t\t\t\t\t\t\t\t\t\t\t\t\t<\/ul>\n\t\t\t\t\t\t<\/div>\n\t\t\t\t<\/div>\n\t\t        <\/div>\n\t    \t<\/div>\n\t\t    <\/div>\n\t    <!-- \/row_inner -->\n\t<\/div>\n\t<!-- \/module_row -->\n\t\t<!-- module_row -->\n\t<div  data-css_id=\"0yrk637\" data-lazy=\"1\" class=\"module_row themify_builder_row experiencias-slider-wrap repeat fullwidth tb_0yrk637 tf_clearfix\" >\n\t    \t\t<div class=\"row_inner col_align_top tf_box tf_w tf_rel\">\n\t\t\t<div  data-lazy=\"1\" class=\"module_column tb-column col-full first tb_bbwg637 tf_box\">\n\t    \t    \t        <div class=\"tb-column-inner tf_box tf_w\">\n\t\t    <!-- module plain text -->\n<div  class=\"module module-plain-text tb_kgbu637 intro-text-regioes\" data-lazy=\"1\">\n        <div class=\"tb_text_wrap\">\n\t<div class=\"divider-wrap\">\n<div class=\"divider-vertical\"><\/div>\n<\/div>    <\/div>\n<\/div>\n<!-- \/module plain text --><!-- module fancy heading -->\n<div  class=\"module module-fancy-heading tb_kxhx637  tb_hide_divider\" data-lazy=\"1\">\n        <h2 class=\"fancy-heading tf_textc\">\n    <span  class=\"main-head tf_block\">\n\t\t\t\t\tMadeira\t\t    <\/span>\n    <span class=\"sub-head tf_block tf_rel\">\n\t\t\t\t\t\t\t    <\/span>\n    <\/h2>\n<\/div>\n<!-- \/module fancy heading -->\n\n\t<div  id=\"tb_pxeu638\" class=\"module woocommerce module-products tb_pxeu638   themify_builder_slider_vertical\" data-lazy=\"1\">\n\t\t\t\t\t<div  data-visible=\"4\" data-tbreakpoints=\"1024\" data-mob-visible=\"1\" data-mbreakpoints=\"600\" data-scroll=\"1\" data-speed=\"1\" data-wrapvar=\"0\" data-slider_nav=\"1\" data-pager=\"0\" data-effect=\"scroll\" data-height=\"auto\" data-css_url=\"https:\/\/theartoftastingportugal.com\/wp-content\/plugins\/builder-woocommerce\/assets\/modules\/slider.css,https:\/\/theartoftastingportugal.com\/wp-content\/themes\/themify-ultra\/themify\/themify-builder\/css\/modules\/sliders\/carousel.css\" data-nav_out=\"1\" class=\"loops-wrapper products wc-products tf_swiper-container tf_carousel tf_rel tf_overflow slider-default classic tf_clearfix\" data-lazy=\"1\">\n\t\t\t\t\t\t\t<ul class=\"tf_swiper-wrapper tf_lazy tf_rel tf_w tf_h\">\n\t\t\t\t\t\t\t\t\t\t\t\t\t\t<li class=\"post tf_swiper-slide slide-wrap tf_lazy has-post-title has-post-date no-post-category no-post-tag has-post-comment has-post-author product type-product post-15781 status-publish instock product_cat-madeira-en has-post-thumbnail shipping-taxable purchasable product-type-phive_booking yith-wcbm-product-has-badges\">\n\t\t\t\t\t\t\t\t\t\t\t\t\t\t\t<div class=\"slide-inner-wrap\">\n\t\t\t\t\t\t\t\t\t\t\t\t\t\t\t\n\t\t\t\t\t\t\t\t\t\t\t\t\t\t\t\t\t\t\t\t\t\t\t\t\t\t<div class='container-image-and-badge  '><figure class=\"post-image\">\n            \t<a href=\"https:\/\/theartoftastingportugal.com\/en\/product\/ponta-de-sao-lourenco-tour\/\" title=\"Ponta de S\u00e3o Louren\u00e7o Tour\"><img src=\"data:image\/svg+xml;charset=UTF-8,%3Csvg%20xmlns%3D%22http%3A%2F%2Fwww.w3.org%2F2000%2Fsvg%22%20width%3D%22450%22%20height%3D%22450%22%3E%3Cg%20fill%3D%22%23e4ddd3%22%3E%3Crect%20width%3D%22150%22%20height%3D%22150%22%2F%3E%3Crect%20width%3D%22150%22%20height%3D%22150%22%20fill%3D%22%23f0eee1%22%20x%3D%22150%22%2F%3E%3Crect%20width%3D%22150%22%20height%3D%22150%22%20fill%3D%22%23efecdd%22%20x%3D%22300%22%2F%3E%3Crect%20width%3D%22150%22%20height%3D%22150%22%20fill%3D%22%23e1d3b9%22%20y%3D%22150%22%2F%3E%3Crect%20width%3D%22150%22%20height%3D%22150%22%20fill%3D%22%239d998d%22%20x%3D%22150%22%20y%3D%22150%22%2F%3E%3Crect%20width%3D%22150%22%20height%3D%22150%22%20fill%3D%22%2395948f%22%20x%3D%22300%22%20y%3D%22150%22%2F%3E%3Crect%20width%3D%22150%22%20height%3D%22150%22%20fill%3D%22%23bbb3a8%22%20y%3D%22300%22%2F%3E%3Crect%20width%3D%22150%22%20height%3D%22150%22%20fill%3D%22%23938e8a%22%20x%3D%22150%22%20y%3D%22300%22%2F%3E%3Crect%20width%3D%22150%22%20height%3D%22150%22%20fill%3D%22%23817e79%22%20x%3D%22300%22%20y%3D%22300%22%2F%3E%3C%2Fg%3E%3C%2Fsvg%3E\" decoding=\"async\" data-lazy=\"1\" loading=\"lazy\" data-tf-src=\"https:\/\/theartoftastingportugal.com\/wp-content\/uploads\/2023\/09\/Experiencia-ponta-de-sao-lourenco-SQUARE-450x450.jpg\" width=\"450\" height=\"450\" class=\"tf_svg_lazy wp-post-image wp-image-15757\" title=\"Experiencia-ponta-de-sao-lourenco-SQUARE\" alt=\"Experiencia-ponta-de-sao-lourenco-SQUARE\" data-tf-srcset=\"https:\/\/theartoftastingportugal.com\/wp-content\/uploads\/2023\/09\/Experiencia-ponta-de-sao-lourenco-SQUARE-450x450.jpg 450w, https:\/\/theartoftastingportugal.com\/wp-content\/uploads\/2023\/09\/Experiencia-ponta-de-sao-lourenco-SQUARE-300x300.jpg 300w, https:\/\/theartoftastingportugal.com\/wp-content\/uploads\/2023\/09\/Experiencia-ponta-de-sao-lourenco-SQUARE-150x150.jpg 150w, https:\/\/theartoftastingportugal.com\/wp-content\/uploads\/2023\/09\/Experiencia-ponta-de-sao-lourenco-SQUARE-768x768.jpg 768w, https:\/\/theartoftastingportugal.com\/wp-content\/uploads\/2023\/09\/Experiencia-ponta-de-sao-lourenco-SQUARE-600x600.jpg 600w, https:\/\/theartoftastingportugal.com\/wp-content\/uploads\/2023\/09\/Experiencia-ponta-de-sao-lourenco-SQUARE-100x100.jpg 100w, https:\/\/theartoftastingportugal.com\/wp-content\/uploads\/2023\/09\/Experiencia-ponta-de-sao-lourenco-SQUARE.jpg 1000w\" data-tf-sizes=\"(max-width: 450px) 100vw, 450px\" \/><noscript><img loading=\"lazy\" data-tf-not-load src=\"https:\/\/theartoftastingportugal.com\/wp-content\/uploads\/2023\/09\/Experiencia-ponta-de-sao-lourenco-SQUARE-450x450.jpg\" width=\"450\" height=\"450\" class=\"wp-post-image wp-image-15757\" title=\"Experiencia-ponta-de-sao-lourenco-SQUARE\" alt=\"Experiencia-ponta-de-sao-lourenco-SQUARE\" srcset=\"https:\/\/theartoftastingportugal.com\/wp-content\/uploads\/2023\/09\/Experiencia-ponta-de-sao-lourenco-SQUARE-450x450.jpg 450w, https:\/\/theartoftastingportugal.com\/wp-content\/uploads\/2023\/09\/Experiencia-ponta-de-sao-lourenco-SQUARE-300x300.jpg 300w, https:\/\/theartoftastingportugal.com\/wp-content\/uploads\/2023\/09\/Experiencia-ponta-de-sao-lourenco-SQUARE-150x150.jpg 150w, https:\/\/theartoftastingportugal.com\/wp-content\/uploads\/2023\/09\/Experiencia-ponta-de-sao-lourenco-SQUARE-768x768.jpg 768w, https:\/\/theartoftastingportugal.com\/wp-content\/uploads\/2023\/09\/Experiencia-ponta-de-sao-lourenco-SQUARE-600x600.jpg 600w, https:\/\/theartoftastingportugal.com\/wp-content\/uploads\/2023\/09\/Experiencia-ponta-de-sao-lourenco-SQUARE-100x100.jpg 100w, https:\/\/theartoftastingportugal.com\/wp-content\/uploads\/2023\/09\/Experiencia-ponta-de-sao-lourenco-SQUARE.jpg 1000w\" sizes=\"(max-width: 450px) 100vw, 450px\" \/><\/noscript><\/a>\n    <\/figure><div class='yith-wcbm-badge yith-wcbm-badge-15452 yith-wcbm-badge-image yith-wcbm-badge--on-product-15781' data-position='{&quot;top&quot;:&quot;0&quot;,&quot;right&quot;:&quot;auto&quot;,&quot;bottom&quot;:&quot;auto&quot;,&quot;left&quot;:&quot;auto&quot;,&quot;center&quot;:&quot;0&quot;}' data-transform=\"translateX(-50%)\">\n\t<div class='yith-wcbm-badge__wrap'>\n\t\t<img src=\"\/\/theartoftastingportugal.com\/wp-content\/plugins\/yith-woocommerce-badges-management\/assets\/images\/image-badges\/1.svg\" alt=\"YITH Badge\"\/>\n\t<\/div>\n<\/div>\n<!--yith-wcbm-badge-->\n<\/div><!--container-image-and-badge-->\t\t\t\t\t\t\t\t\t<div class=\"info-experiencias\">Ponta de S\u00e3o Louren\u00e7o | 12 people<\/div>\t\t\t\t\t\t\t\t\n\t\t\t\t\t\t\t\t<div class=\"post-content\">\n\t\t\t\t\t\t\t\t\t\t\t\t\t\t\t\t\t\t\n\t\t\t\t\t\t\t\t\t\t\t\t\t\t\t\t\t\t\t\t\t\t\t\t\t\t\t\t\t\t\t\t\t\t\t\t\t\t<h3 class=\"woocommerce-loop-product__title\">\n\t\t\t\t\t\t\t\t\t\t\t\t\t\t\t\t\t\t\t\t\t\t\t<a href=\"https:\/\/theartoftastingportugal.com\/en\/product\/ponta-de-sao-lourenco-tour\/\" title=\"Ponta de S\u00e3o Louren\u00e7o Tour\">\n\t\t\t\t\t\t\t\t\t\t\t\t\n\t\t\t\t\t\t\t\t\t\t\t\tPonta de S\u00e3o Louren\u00e7o Tour\n\t\t\t\t\t\t\t\t\t\t\t\t\t\t\t\t\t\t\t\t\t\t\t\t<\/a>\n\t\t\t\t\t\t\t\t\t\t\t\t\t\t\t\t\t\t\t\t\t<\/h3>\n\t\t\t\t\t\t\t\t\t\t\t\t\t\t\t\t\t\t\t  \n\n\t\t\t\t\t\t\t\t\t\t\t\t\t\t\t\t\t<\/div>\n\t\t\t\t\t\t\t\t\t\t\t\t\t<\/div>\n\t\t\t\t\t\t\t\t\t\t\t\t<\/li>\n\t\t\t\t\t\t\t\t\t\t\t\t<li class=\"post tf_swiper-slide slide-wrap tf_lazy has-post-title has-post-date no-post-category no-post-tag has-post-comment has-post-author product type-product post-9799 status-publish instock product_cat-destaques-home-en product_cat-madeira-en has-post-thumbnail shipping-taxable purchasable product-type-phive_booking\">\n\t\t\t\t\t\t\t\t\t\t\t\t\t\t\t<div class=\"slide-inner-wrap\">\n\t\t\t\t\t\t\t\t\t\t\t\t\t\t\t\n\t\t\t\t\t\t\t\t\t\t\t\t\t\t\t\t\t\t\t\t\t\t\t\t\t\t<figure class=\"post-image\">\n            \t<a href=\"https:\/\/theartoftastingportugal.com\/en\/product\/experience-madeira-island-with-chef-benoit-sinthon\/\" title=\"Experience Madeira island with Chef Beno\u00eet Sinthon\"><img src=\"data:image\/svg+xml;charset=UTF-8,%3Csvg%20xmlns%3D%22http%3A%2F%2Fwww.w3.org%2F2000%2Fsvg%22%20width%3D%22450%22%20height%3D%22450%22%3E%3Cg%20fill%3D%22%23000000%22%3E%3Crect%20width%3D%22150%22%20height%3D%22150%22%2F%3E%3Crect%20width%3D%22150%22%20height%3D%22150%22%20fill%3D%22%23040203%22%20x%3D%22150%22%2F%3E%3Crect%20width%3D%22150%22%20height%3D%22150%22%20fill%3D%22%23080607%22%20x%3D%22300%22%2F%3E%3Crect%20width%3D%22150%22%20height%3D%22150%22%20fill%3D%22%23010101%22%20y%3D%22150%22%2F%3E%3Crect%20width%3D%22150%22%20height%3D%22150%22%20fill%3D%22%230f0d0e%22%20x%3D%22150%22%20y%3D%22150%22%2F%3E%3Crect%20width%3D%22150%22%20height%3D%22150%22%20fill%3D%22%23412c29%22%20x%3D%22300%22%20y%3D%22150%22%2F%3E%3Crect%20width%3D%22150%22%20height%3D%22150%22%20fill%3D%22%23010101%22%20y%3D%22300%22%2F%3E%3Crect%20width%3D%22150%22%20height%3D%22150%22%20fill%3D%22%23ebe5e5%22%20x%3D%22150%22%20y%3D%22300%22%2F%3E%3Crect%20width%3D%22150%22%20height%3D%22150%22%20fill%3D%22%233f302d%22%20x%3D%22300%22%20y%3D%22300%22%2F%3E%3C%2Fg%3E%3C%2Fsvg%3E\" decoding=\"async\" data-lazy=\"1\" loading=\"lazy\" data-tf-src=\"https:\/\/theartoftastingportugal.com\/wp-content\/uploads\/2021\/01\/experiencia-benoit-8-450x450.jpg\" width=\"450\" height=\"450\" class=\"tf_svg_lazy wp-post-image wp-image-6890\" title=\"experiencia-benoit-8\" alt=\"experiencia-benoit-8\" data-tf-srcset=\"https:\/\/theartoftastingportugal.com\/wp-content\/uploads\/2021\/01\/experiencia-benoit-8-450x450.jpg 450w, https:\/\/theartoftastingportugal.com\/wp-content\/uploads\/2021\/01\/experiencia-benoit-8-300x300.jpg 300w, https:\/\/theartoftastingportugal.com\/wp-content\/uploads\/2021\/01\/experiencia-benoit-8-100x100.jpg 100w, https:\/\/theartoftastingportugal.com\/wp-content\/uploads\/2021\/01\/experiencia-benoit-8-600x600.jpg 600w, https:\/\/theartoftastingportugal.com\/wp-content\/uploads\/2021\/01\/experiencia-benoit-8-150x150.jpg 150w, https:\/\/theartoftastingportugal.com\/wp-content\/uploads\/2021\/01\/experiencia-benoit-8-768x768.jpg 768w, https:\/\/theartoftastingportugal.com\/wp-content\/uploads\/2021\/01\/experiencia-benoit-8-360x360.jpg 360w, https:\/\/theartoftastingportugal.com\/wp-content\/uploads\/2021\/01\/experiencia-benoit-8-365x365.jpg 365w, https:\/\/theartoftastingportugal.com\/wp-content\/uploads\/2021\/01\/experiencia-benoit-8.jpg 1000w\" data-tf-sizes=\"(max-width: 450px) 100vw, 450px\" \/><noscript><img loading=\"lazy\" data-tf-not-load src=\"https:\/\/theartoftastingportugal.com\/wp-content\/uploads\/2021\/01\/experiencia-benoit-8-450x450.jpg\" width=\"450\" height=\"450\" class=\"wp-post-image wp-image-6890\" title=\"experiencia-benoit-8\" alt=\"experiencia-benoit-8\" srcset=\"https:\/\/theartoftastingportugal.com\/wp-content\/uploads\/2021\/01\/experiencia-benoit-8-450x450.jpg 450w, https:\/\/theartoftastingportugal.com\/wp-content\/uploads\/2021\/01\/experiencia-benoit-8-300x300.jpg 300w, https:\/\/theartoftastingportugal.com\/wp-content\/uploads\/2021\/01\/experiencia-benoit-8-100x100.jpg 100w, https:\/\/theartoftastingportugal.com\/wp-content\/uploads\/2021\/01\/experiencia-benoit-8-600x600.jpg 600w, https:\/\/theartoftastingportugal.com\/wp-content\/uploads\/2021\/01\/experiencia-benoit-8-150x150.jpg 150w, https:\/\/theartoftastingportugal.com\/wp-content\/uploads\/2021\/01\/experiencia-benoit-8-768x768.jpg 768w, https:\/\/theartoftastingportugal.com\/wp-content\/uploads\/2021\/01\/experiencia-benoit-8-360x360.jpg 360w, https:\/\/theartoftastingportugal.com\/wp-content\/uploads\/2021\/01\/experiencia-benoit-8-365x365.jpg 365w, https:\/\/theartoftastingportugal.com\/wp-content\/uploads\/2021\/01\/experiencia-benoit-8.jpg 1000w\" sizes=\"(max-width: 450px) 100vw, 450px\" \/><\/noscript><\/a>\n    <\/figure>\t\t\t\t\t\t\t\t\t<div class=\"info-experiencias\">Funchal | 2-8 people<\/div>\t\t\t\t\t\t\t\t\n\t\t\t\t\t\t\t\t<div class=\"post-content\">\n\t\t\t\t\t\t\t\t\t\t\t\t\t\t\t\t\t\t\n\t\t\t\t\t\t\t\t\t\t\t\t\t\t\t\t\t\t\t\t\t\t\t\t\t\t\t\t\t\t\t\t\t\t\t\t\t\t<h3 class=\"woocommerce-loop-product__title\">\n\t\t\t\t\t\t\t\t\t\t\t\t\t\t\t\t\t\t\t\t\t\t\t<a href=\"https:\/\/theartoftastingportugal.com\/en\/product\/experience-madeira-island-with-chef-benoit-sinthon\/\" title=\"Experience Madeira island with Chef Beno\u00eet Sinthon\">\n\t\t\t\t\t\t\t\t\t\t\t\t\n\t\t\t\t\t\t\t\t\t\t\t\tExperience Madeira island with Chef Beno\u00eet Sinthon\n\t\t\t\t\t\t\t\t\t\t\t\t\t\t\t\t\t\t\t\t\t\t\t\t<\/a>\n\t\t\t\t\t\t\t\t\t\t\t\t\t\t\t\t\t\t\t\t\t<\/h3>\n\t\t\t\t\t\t\t\t\t\t\t\t\t\t\t\t\t\t\t  \n\n\t\t\t\t\t\t\t\t\t\t\t\t\t\t\t\t\t<\/div>\n\t\t\t\t\t\t\t\t\t\t\t\t\t<\/div>\n\t\t\t\t\t\t\t\t\t\t\t\t<\/li>\n\t\t\t\t\t\t\t\t\t\t\t\t\t\t<\/ul>\n\t\t\t\t\t\t<\/div>\n\t\t\t\t<\/div>\n\t\t        <\/div>\n\t    \t<\/div>\n\t\t    <\/div>\n\t    <!-- \/row_inner -->\n\t<\/div>\n\t<!-- \/module_row -->\n\t<\/div>\n<!--\/themify_builder_content-->","protected":false},"excerpt":{"rendered":"<p>GastronomicExperiences Alentejo and Ribatejo Algarve Azores Center Lisbon Madeira Oporto and North Discover our country through the hands of Chefs, the true ambassadors of portuguese gastronomy. The gastronomic experiences unite the best products with the most renowned chefs, and make known the essence of our territory.. Oporto and North Douro | 2-6 people Chef Vasco Coelho Santos Gastronomic Experience Amarante | 2-8 people Chef Tiago Bonito Gastronomic Experience Le\u00e7a da Palmeira | 2-6 people Chef Rui Paula&#8217;s Gastronomic Experience Esposende | 2-8 people Chef Luis Gaspar&#8217;s Gastronomic Experience Douro | 6-8 people Casa de Covela&#8217;s Gastronomic Experience Lisbon Cascais | 2-8 people Experi\u00eancia Gastron\u00f3mica Chef Francisco Siopa Lisboa | 2-5 people Companhia Portuguesa de Ch\u00e1&#8217;s Gastronomic Experience Lisboa | 2-10 people Chef Vitor Sobral Gastronomic Experience Lisboa | 2-8 people Chef Henrique S\u00e1 Pessoa Gastronomic Experience Cascais | 2-8 people Chef Carlos Afonso Gastronomic Experience Alentejo and Ribatejo Abrantes | 2-20 people Olive oil Casa Anadia historical-gastronomic Experience Arraiolos | 2-8 people Herdade de Coelheiros Gastronomic Experience Monforte | 2-20 people Chef Miguel Laffan\u2019s Gastronomic Experience \u2013 Market Monforte | 2-20 people Chef Miguel Laffan&#8217;s Gastronomic Experience Abrantes | 2-20 people Azeite Casa Anadia historical-gastronomic experience &#8211; Lunch Center Torres [&hellip;]<\/p>\n","protected":false},"author":1,"featured_media":0,"parent":0,"menu_order":0,"comment_status":"closed","ping_status":"closed","template":"","meta":[],"acf":[],"yoast_head":"<!-- This site is optimized with the Yoast SEO plugin v18.8 - https:\/\/yoast.com\/wordpress\/plugins\/seo\/ -->\n<title>Gastronomic Experiences - The Art of Tasting Portugal<\/title>\n<meta name=\"robots\" content=\"index, follow, max-snippet:-1, max-image-preview:large, max-video-preview:-1\" \/>\n<link rel=\"canonical\" href=\"https:\/\/theartoftastingportugal.com\/en\/experiencias\/\" \/>\n<meta property=\"og:locale\" content=\"en_US\" \/>\n<meta property=\"og:type\" content=\"article\" \/>\n<meta property=\"og:title\" content=\"Gastronomic Experiences - The Art of Tasting Portugal\" \/>\n<meta property=\"og:description\" content=\"GastronomicExperiences Alentejo and Ribatejo Algarve Azores Center Lisbon Madeira Oporto and North Discover our country through the hands of Chefs, the true ambassadors of portuguese gastronomy. The gastronomic experiences unite the best products with the most renowned chefs, and make known the essence of our territory.. Oporto and North Douro | 2-6 people Chef Vasco Coelho Santos Gastronomic Experience Amarante | 2-8 people Chef Tiago Bonito Gastronomic Experience Le\u00e7a da Palmeira | 2-6 people Chef Rui Paula&#8217;s Gastronomic Experience Esposende | 2-8 people Chef Luis Gaspar&#8217;s Gastronomic Experience Douro | 6-8 people Casa de Covela&#8217;s Gastronomic Experience Lisbon Cascais | 2-8 people Experi\u00eancia Gastron\u00f3mica Chef Francisco Siopa Lisboa | 2-5 people Companhia Portuguesa de Ch\u00e1&#8217;s Gastronomic Experience Lisboa | 2-10 people Chef Vitor Sobral Gastronomic Experience Lisboa | 2-8 people Chef Henrique S\u00e1 Pessoa Gastronomic Experience Cascais | 2-8 people Chef Carlos Afonso Gastronomic Experience Alentejo and Ribatejo Abrantes | 2-20 people Olive oil Casa Anadia historical-gastronomic Experience Arraiolos | 2-8 people Herdade de Coelheiros Gastronomic Experience Monforte | 2-20 people Chef Miguel Laffan\u2019s Gastronomic Experience \u2013 Market Monforte | 2-20 people Chef Miguel Laffan&#8217;s Gastronomic Experience Abrantes | 2-20 people Azeite Casa Anadia historical-gastronomic experience &#8211; Lunch Center Torres [&hellip;]\" \/>\n<meta property=\"og:url\" content=\"https:\/\/theartoftastingportugal.com\/en\/experiencias\/\" \/>\n<meta property=\"og:site_name\" content=\"The Art of Tasting Portugal\" \/>\n<meta property=\"article:modified_time\" content=\"2023-03-01T17:09:09+00:00\" \/>\n<meta property=\"og:image\" content=\"https:\/\/theartoftastingportugal.com\/wp-content\/uploads\/2021\/01\/vasco-coelho-santos-8-450x450.jpg\" \/>\n<meta name=\"twitter:card\" content=\"summary_large_image\" \/>\n<script type=\"application\/ld+json\" class=\"yoast-schema-graph\">{\"@context\":\"https:\/\/schema.org\",\"@graph\":[{\"@type\":\"WebSite\",\"@id\":\"https:\/\/theartoftastingportugal.com\/#website\",\"url\":\"https:\/\/theartoftastingportugal.com\/\",\"name\":\"The Art of Tasting Portugal\",\"description\":\"The Art of Tasting Portugal\",\"potentialAction\":[{\"@type\":\"SearchAction\",\"target\":{\"@type\":\"EntryPoint\",\"urlTemplate\":\"https:\/\/theartoftastingportugal.com\/?s={search_term_string}\"},\"query-input\":\"required name=search_term_string\"}],\"inLanguage\":\"en-US\"},{\"@type\":\"ImageObject\",\"inLanguage\":\"en-US\",\"@id\":\"https:\/\/theartoftastingportugal.com\/en\/experiencias\/#primaryimage\",\"url\":\"https:\/\/theartoftastingportugal.com\/wp-content\/uploads\/2021\/01\/vasco-coelho-santos-8.jpg\",\"contentUrl\":\"https:\/\/theartoftastingportugal.com\/wp-content\/uploads\/2021\/01\/vasco-coelho-santos-8.jpg\",\"width\":1000,\"height\":1000},{\"@type\":\"WebPage\",\"@id\":\"https:\/\/theartoftastingportugal.com\/en\/experiencias\/#webpage\",\"url\":\"https:\/\/theartoftastingportugal.com\/en\/experiencias\/\",\"name\":\"Gastronomic Experiences - The Art of Tasting Portugal\",\"isPartOf\":{\"@id\":\"https:\/\/theartoftastingportugal.com\/#website\"},\"primaryImageOfPage\":{\"@id\":\"https:\/\/theartoftastingportugal.com\/en\/experiencias\/#primaryimage\"},\"datePublished\":\"2022-03-04T16:57:07+00:00\",\"dateModified\":\"2023-03-01T17:09:09+00:00\",\"breadcrumb\":{\"@id\":\"https:\/\/theartoftastingportugal.com\/en\/experiencias\/#breadcrumb\"},\"inLanguage\":\"en-US\",\"potentialAction\":[{\"@type\":\"ReadAction\",\"target\":[\"https:\/\/theartoftastingportugal.com\/en\/experiencias\/\"]}]},{\"@type\":\"BreadcrumbList\",\"@id\":\"https:\/\/theartoftastingportugal.com\/en\/experiencias\/#breadcrumb\",\"itemListElement\":[{\"@type\":\"ListItem\",\"position\":1,\"name\":\"In\u00edcio\",\"item\":\"https:\/\/theartoftastingportugal.com\/en\/\"},{\"@type\":\"ListItem\",\"position\":2,\"name\":\"Gastronomic Experiences\"}]}]}<\/script>\n<!-- \/ Yoast SEO plugin. -->","yoast_head_json":{"title":"Gastronomic Experiences - The Art of Tasting Portugal","robots":{"index":"index","follow":"follow","max-snippet":"max-snippet:-1","max-image-preview":"max-image-preview:large","max-video-preview":"max-video-preview:-1"},"canonical":"https:\/\/theartoftastingportugal.com\/en\/experiencias\/","og_locale":"en_US","og_type":"article","og_title":"Gastronomic Experiences - The Art of Tasting Portugal","og_description":"GastronomicExperiences Alentejo and Ribatejo Algarve Azores Center Lisbon Madeira Oporto and North Discover our country through the hands of Chefs, the true ambassadors of portuguese gastronomy. The gastronomic experiences unite the best products with the most renowned chefs, and make known the essence of our territory.. Oporto and North Douro | 2-6 people Chef Vasco Coelho Santos Gastronomic Experience Amarante | 2-8 people Chef Tiago Bonito Gastronomic Experience Le\u00e7a da Palmeira | 2-6 people Chef Rui Paula&#8217;s Gastronomic Experience Esposende | 2-8 people Chef Luis Gaspar&#8217;s Gastronomic Experience Douro | 6-8 people Casa de Covela&#8217;s Gastronomic Experience Lisbon Cascais | 2-8 people Experi\u00eancia Gastron\u00f3mica Chef Francisco Siopa Lisboa | 2-5 people Companhia Portuguesa de Ch\u00e1&#8217;s Gastronomic Experience Lisboa | 2-10 people Chef Vitor Sobral Gastronomic Experience Lisboa | 2-8 people Chef Henrique S\u00e1 Pessoa Gastronomic Experience Cascais | 2-8 people Chef Carlos Afonso Gastronomic Experience Alentejo and Ribatejo Abrantes | 2-20 people Olive oil Casa Anadia historical-gastronomic Experience Arraiolos | 2-8 people Herdade de Coelheiros Gastronomic Experience Monforte | 2-20 people Chef Miguel Laffan\u2019s Gastronomic Experience \u2013 Market Monforte | 2-20 people Chef Miguel Laffan&#8217;s Gastronomic Experience Abrantes | 2-20 people Azeite Casa Anadia historical-gastronomic experience &#8211; Lunch Center Torres [&hellip;]","og_url":"https:\/\/theartoftastingportugal.com\/en\/experiencias\/","og_site_name":"The Art of Tasting Portugal","article_modified_time":"2023-03-01T17:09:09+00:00","og_image":[{"url":"https:\/\/theartoftastingportugal.com\/wp-content\/uploads\/2021\/01\/vasco-coelho-santos-8-450x450.jpg"}],"twitter_card":"summary_large_image","schema":{"@context":"https:\/\/schema.org","@graph":[{"@type":"WebSite","@id":"https:\/\/theartoftastingportugal.com\/#website","url":"https:\/\/theartoftastingportugal.com\/","name":"The Art of Tasting Portugal","description":"The Art of Tasting Portugal","potentialAction":[{"@type":"SearchAction","target":{"@type":"EntryPoint","urlTemplate":"https:\/\/theartoftastingportugal.com\/?s={search_term_string}"},"query-input":"required name=search_term_string"}],"inLanguage":"en-US"},{"@type":"ImageObject","inLanguage":"en-US","@id":"https:\/\/theartoftastingportugal.com\/en\/experiencias\/#primaryimage","url":"https:\/\/theartoftastingportugal.com\/wp-content\/uploads\/2021\/01\/vasco-coelho-santos-8.jpg","contentUrl":"https:\/\/theartoftastingportugal.com\/wp-content\/uploads\/2021\/01\/vasco-coelho-santos-8.jpg","width":1000,"height":1000},{"@type":"WebPage","@id":"https:\/\/theartoftastingportugal.com\/en\/experiencias\/#webpage","url":"https:\/\/theartoftastingportugal.com\/en\/experiencias\/","name":"Gastronomic Experiences - The Art of Tasting Portugal","isPartOf":{"@id":"https:\/\/theartoftastingportugal.com\/#website"},"primaryImageOfPage":{"@id":"https:\/\/theartoftastingportugal.com\/en\/experiencias\/#primaryimage"},"datePublished":"2022-03-04T16:57:07+00:00","dateModified":"2023-03-01T17:09:09+00:00","breadcrumb":{"@id":"https:\/\/theartoftastingportugal.com\/en\/experiencias\/#breadcrumb"},"inLanguage":"en-US","potentialAction":[{"@type":"ReadAction","target":["https:\/\/theartoftastingportugal.com\/en\/experiencias\/"]}]},{"@type":"BreadcrumbList","@id":"https:\/\/theartoftastingportugal.com\/en\/experiencias\/#breadcrumb","itemListElement":[{"@type":"ListItem","position":1,"name":"In\u00edcio","item":"https:\/\/theartoftastingportugal.com\/en\/"},{"@type":"ListItem","position":2,"name":"Gastronomic Experiences"}]}]}},"builder_content":"<h1>Gastronomic<br\/>Experiences<\/h1>\n<ul id=\"menu-menu-experiencias-en-1\"><li><a href=\"https:\/\/theartoftastingportugal.com\/en\/product-category\/region\/azores\/\">Azores<\/a><\/li> <li><a href=\"https:\/\/theartoftastingportugal.com\/en\/product-category\/region\/alentejo-and-ribatejo\/\">Alentejo and Ribatejo<\/a><\/li> <li><a href=\"https:\/\/theartoftastingportugal.com\/en\/product-category\/region\/algarve-en\/\">Algarve<\/a><\/li> <li><a href=\"https:\/\/theartoftastingportugal.com\/en\/product-category\/region\/center\/\">Center<\/a><\/li> <li><a href=\"https:\/\/theartoftastingportugal.com\/en\/product-category\/region\/lisbon\/\">Lisbon<\/a><\/li> <li><a href=\"https:\/\/theartoftastingportugal.com\/en\/product-category\/region\/madeira-en\/\">Madeira<\/a><\/li> <li><a href=\"https:\/\/theartoftastingportugal.com\/en\/product-category\/region\/oporto-and-north\/\">Oporto and North<\/a><\/li> <\/ul>\n<p>Discover our country through the hands of Chefs, the true ambassadors of portuguese gastronomy. The gastronomic experiences unite the best products with the most renowned chefs, and make known the essence of our territory..<\/p>\n<h2>Oporto and North<br\/><\/h2>\n<ul> <li> <figure> <a href=\"https:\/\/theartoftastingportugal.com\/en\/product\/intimate-kitchen-with-chef-rui-paula\/\" title=\"Intimate kitchen with Chef Rui Paula\"><img src=\"data:image\/svg+xml;charset=UTF-8,%3Csvg%20xmlns%3D%22http%3A%2F%2Fwww.w3.org%2F2000%2Fsvg%22%20width%3D%22450%22%20height%3D%22450%22%3E%3Cg%20fill%3D%22%23d7d6d4%22%3E%3Crect%20width%3D%22150%22%20height%3D%22150%22%2F%3E%3Crect%20width%3D%22150%22%20height%3D%22150%22%20fill%3D%22%23f9fbfa%22%20x%3D%22150%22%2F%3E%3Crect%20width%3D%22150%22%20height%3D%22150%22%20fill%3D%22%239b918f%22%20x%3D%22300%22%2F%3E%3Crect%20width%3D%22150%22%20height%3D%22150%22%20fill%3D%22%23f2f2f2%22%20y%3D%22150%22%2F%3E%3Crect%20width%3D%22150%22%20height%3D%22150%22%20fill%3D%22%23f4f2f3%22%20x%3D%22150%22%20y%3D%22150%22%2F%3E%3Crect%20width%3D%22150%22%20height%3D%22150%22%20fill%3D%22%23a67660%22%20x%3D%22300%22%20y%3D%22150%22%2F%3E%3Crect%20width%3D%22150%22%20height%3D%22150%22%20fill%3D%22%23e17575%22%20y%3D%22300%22%2F%3E%3Crect%20width%3D%22150%22%20height%3D%22150%22%20fill%3D%22%23d8d6d9%22%20x%3D%22150%22%20y%3D%22300%22%2F%3E%3Crect%20width%3D%22150%22%20height%3D%22150%22%20fill%3D%22%23cdcbce%22%20x%3D%22300%22%20y%3D%22300%22%2F%3E%3C%2Fg%3E%3C%2Fsvg%3E\" decoding=\"async\" data-lazy=\"1\" loading=\"lazy\" data-tf-src=\"https:\/\/theartoftastingportugal.com\/wp-content\/uploads\/2021\/01\/rui-paula-3-450x450.jpg\" width=\"450\" height=\"450\" title=\"rui-paula-3\" alt=\"rui-paula-3\" data-tf-srcset=\"https:\/\/theartoftastingportugal.com\/wp-content\/uploads\/2021\/01\/rui-paula-3-450x450.jpg 450w, https:\/\/theartoftastingportugal.com\/wp-content\/uploads\/2021\/01\/rui-paula-3-300x300.jpg 300w, https:\/\/theartoftastingportugal.com\/wp-content\/uploads\/2021\/01\/rui-paula-3-100x100.jpg 100w, https:\/\/theartoftastingportugal.com\/wp-content\/uploads\/2021\/01\/rui-paula-3-600x600.jpg 600w, https:\/\/theartoftastingportugal.com\/wp-content\/uploads\/2021\/01\/rui-paula-3-150x150.jpg 150w, https:\/\/theartoftastingportugal.com\/wp-content\/uploads\/2021\/01\/rui-paula-3-768x768.jpg 768w, https:\/\/theartoftastingportugal.com\/wp-content\/uploads\/2021\/01\/rui-paula-3-360x360.jpg 360w, https:\/\/theartoftastingportugal.com\/wp-content\/uploads\/2021\/01\/rui-paula-3-365x365.jpg 365w, https:\/\/theartoftastingportugal.com\/wp-content\/uploads\/2021\/01\/rui-paula-3.jpg 1000w\" data-tf-sizes=\"(max-width: 450px) 100vw, 450px\" \/><noscript><img loading=\"lazy\" data-tf-not-load src=\"https:\/\/theartoftastingportugal.com\/wp-content\/uploads\/2021\/01\/rui-paula-3-450x450.jpg\" width=\"450\" height=\"450\" title=\"rui-paula-3\" alt=\"rui-paula-3\" srcset=\"https:\/\/theartoftastingportugal.com\/wp-content\/uploads\/2021\/01\/rui-paula-3-450x450.jpg 450w, https:\/\/theartoftastingportugal.com\/wp-content\/uploads\/2021\/01\/rui-paula-3-300x300.jpg 300w, https:\/\/theartoftastingportugal.com\/wp-content\/uploads\/2021\/01\/rui-paula-3-100x100.jpg 100w, https:\/\/theartoftastingportugal.com\/wp-content\/uploads\/2021\/01\/rui-paula-3-600x600.jpg 600w, https:\/\/theartoftastingportugal.com\/wp-content\/uploads\/2021\/01\/rui-paula-3-150x150.jpg 150w, https:\/\/theartoftastingportugal.com\/wp-content\/uploads\/2021\/01\/rui-paula-3-768x768.jpg 768w, https:\/\/theartoftastingportugal.com\/wp-content\/uploads\/2021\/01\/rui-paula-3-360x360.jpg 360w, https:\/\/theartoftastingportugal.com\/wp-content\/uploads\/2021\/01\/rui-paula-3-365x365.jpg 365w, https:\/\/theartoftastingportugal.com\/wp-content\/uploads\/2021\/01\/rui-paula-3.jpg 1000w\" sizes=\"(max-width: 450px) 100vw, 450px\" \/><\/noscript><\/a> <\/figure> Le\u00e7a da Palmeira | 2-6 people <h3> <a href=\"https:\/\/theartoftastingportugal.com\/en\/product\/intimate-kitchen-with-chef-rui-paula\/\" title=\"Intimate kitchen with Chef Rui Paula\"> Intimate kitchen with Chef Rui Paula <\/a> <\/h3> \n <\/li> <li> <figure> <a href=\"https:\/\/theartoftastingportugal.com\/en\/product\/covelas-farm\/\" title=\"Covela&#8217;s Farm\"><img src=\"data:image\/svg+xml;charset=UTF-8,%3Csvg%20xmlns%3D%22http%3A%2F%2Fwww.w3.org%2F2000%2Fsvg%22%20width%3D%22450%22%20height%3D%22450%22%3E%3Cg%20fill%3D%22%232f628d%22%3E%3Crect%20width%3D%22150%22%20height%3D%22150%22%2F%3E%3Crect%20width%3D%22150%22%20height%3D%22150%22%20fill%3D%22%2387a6c3%22%20x%3D%22150%22%2F%3E%3Crect%20width%3D%22150%22%20height%3D%22150%22%20fill%3D%22%235d7c99%22%20x%3D%22300%22%2F%3E%3Crect%20width%3D%22150%22%20height%3D%22150%22%20fill%3D%22%23738585%22%20y%3D%22150%22%2F%3E%3Crect%20width%3D%22150%22%20height%3D%22150%22%20fill%3D%22%23b1d0c1%22%20x%3D%22150%22%20y%3D%22150%22%2F%3E%3Crect%20width%3D%22150%22%20height%3D%22150%22%20fill%3D%22%23adc1ca%22%20x%3D%22300%22%20y%3D%22150%22%2F%3E%3Crect%20width%3D%22150%22%20height%3D%22150%22%20fill%3D%22%2313779b%22%20y%3D%22300%22%2F%3E%3Crect%20width%3D%22150%22%20height%3D%22150%22%20fill%3D%22%2300749f%22%20x%3D%22150%22%20y%3D%22300%22%2F%3E%3Crect%20width%3D%22150%22%20height%3D%22150%22%20fill%3D%22%2329400c%22%20x%3D%22300%22%20y%3D%22300%22%2F%3E%3C%2Fg%3E%3C%2Fsvg%3E\" decoding=\"async\" data-lazy=\"1\" loading=\"lazy\" data-tf-src=\"https:\/\/theartoftastingportugal.com\/wp-content\/uploads\/2022\/03\/experiencia-casa-da-covela-SQUARE-450x450.jpg\" width=\"450\" height=\"450\" title=\"experiencia-casa-da-covela-SQUARE\" alt=\"experiencia-casa-da-covela-SQUARE\" data-tf-srcset=\"https:\/\/theartoftastingportugal.com\/wp-content\/uploads\/2022\/03\/experiencia-casa-da-covela-SQUARE-450x450.jpg 450w, https:\/\/theartoftastingportugal.com\/wp-content\/uploads\/2022\/03\/experiencia-casa-da-covela-SQUARE-300x300.jpg 300w, https:\/\/theartoftastingportugal.com\/wp-content\/uploads\/2022\/03\/experiencia-casa-da-covela-SQUARE-150x150.jpg 150w, https:\/\/theartoftastingportugal.com\/wp-content\/uploads\/2022\/03\/experiencia-casa-da-covela-SQUARE-768x768.jpg 768w, https:\/\/theartoftastingportugal.com\/wp-content\/uploads\/2022\/03\/experiencia-casa-da-covela-SQUARE-600x600.jpg 600w, https:\/\/theartoftastingportugal.com\/wp-content\/uploads\/2022\/03\/experiencia-casa-da-covela-SQUARE-100x100.jpg 100w, https:\/\/theartoftastingportugal.com\/wp-content\/uploads\/2022\/03\/experiencia-casa-da-covela-SQUARE.jpg 1000w\" data-tf-sizes=\"(max-width: 450px) 100vw, 450px\" \/><noscript><img loading=\"lazy\" data-tf-not-load src=\"https:\/\/theartoftastingportugal.com\/wp-content\/uploads\/2022\/03\/experiencia-casa-da-covela-SQUARE-450x450.jpg\" width=\"450\" height=\"450\" title=\"experiencia-casa-da-covela-SQUARE\" alt=\"experiencia-casa-da-covela-SQUARE\" srcset=\"https:\/\/theartoftastingportugal.com\/wp-content\/uploads\/2022\/03\/experiencia-casa-da-covela-SQUARE-450x450.jpg 450w, https:\/\/theartoftastingportugal.com\/wp-content\/uploads\/2022\/03\/experiencia-casa-da-covela-SQUARE-300x300.jpg 300w, https:\/\/theartoftastingportugal.com\/wp-content\/uploads\/2022\/03\/experiencia-casa-da-covela-SQUARE-150x150.jpg 150w, https:\/\/theartoftastingportugal.com\/wp-content\/uploads\/2022\/03\/experiencia-casa-da-covela-SQUARE-768x768.jpg 768w, https:\/\/theartoftastingportugal.com\/wp-content\/uploads\/2022\/03\/experiencia-casa-da-covela-SQUARE-600x600.jpg 600w, https:\/\/theartoftastingportugal.com\/wp-content\/uploads\/2022\/03\/experiencia-casa-da-covela-SQUARE-100x100.jpg 100w, https:\/\/theartoftastingportugal.com\/wp-content\/uploads\/2022\/03\/experiencia-casa-da-covela-SQUARE.jpg 1000w\" sizes=\"(max-width: 450px) 100vw, 450px\" \/><\/noscript><\/a> <\/figure> Douro | 6-8 people <h3> <a href=\"https:\/\/theartoftastingportugal.com\/en\/product\/covelas-farm\/\" title=\"Covela&#8217;s Farm\"> Covela&#8217;s Farm <\/a> <\/h3> \n <\/li> <li> <figure> <a href=\"https:\/\/theartoftastingportugal.com\/en\/product\/chef-rui-paula-gastronomic-experience\/\" title=\"Chef Rui Paula Gastronomic Experience\"><img src=\"data:image\/svg+xml;charset=UTF-8,%3Csvg%20xmlns%3D%22http%3A%2F%2Fwww.w3.org%2F2000%2Fsvg%22%20width%3D%22450%22%20height%3D%22450%22%3E%3Cg%20fill%3D%22%23464739%22%3E%3Crect%20width%3D%22150%22%20height%3D%22150%22%2F%3E%3Crect%20width%3D%22150%22%20height%3D%22150%22%20fill%3D%22%23535045%22%20x%3D%22150%22%2F%3E%3Crect%20width%3D%22150%22%20height%3D%22150%22%20fill%3D%22%233d4238%22%20x%3D%22300%22%2F%3E%3Crect%20width%3D%22150%22%20height%3D%22150%22%20fill%3D%22%23656c68%22%20y%3D%22150%22%2F%3E%3Crect%20width%3D%22150%22%20height%3D%22150%22%20fill%3D%22%2352595c%22%20x%3D%22150%22%20y%3D%22150%22%2F%3E%3Crect%20width%3D%22150%22%20height%3D%22150%22%20fill%3D%22%236f7172%22%20x%3D%22300%22%20y%3D%22150%22%2F%3E%3Crect%20width%3D%22150%22%20height%3D%22150%22%20fill%3D%22%237a8589%22%20y%3D%22300%22%2F%3E%3Crect%20width%3D%22150%22%20height%3D%22150%22%20fill%3D%22%23687177%22%20x%3D%22150%22%20y%3D%22300%22%2F%3E%3Crect%20width%3D%22150%22%20height%3D%22150%22%20fill%3D%22%23f5f1ee%22%20x%3D%22300%22%20y%3D%22300%22%2F%3E%3C%2Fg%3E%3C%2Fsvg%3E\" decoding=\"async\" data-lazy=\"1\" loading=\"lazy\" data-tf-src=\"https:\/\/theartoftastingportugal.com\/wp-content\/uploads\/2025\/01\/9-1024x436-450x450.png\" width=\"450\" height=\"450\" title=\"9\" alt=\"9\" data-tf-srcset=\"https:\/\/theartoftastingportugal.com\/wp-content\/uploads\/2025\/01\/9-1024x436-450x450.png 450w, https:\/\/theartoftastingportugal.com\/wp-content\/uploads\/2025\/01\/9-150x150.png 150w, https:\/\/theartoftastingportugal.com\/wp-content\/uploads\/2025\/01\/9-300x300.png 300w, https:\/\/theartoftastingportugal.com\/wp-content\/uploads\/2025\/01\/9-100x100.png 100w\" data-tf-sizes=\"(max-width: 450px) 100vw, 450px\" \/><noscript><img loading=\"lazy\" data-tf-not-load src=\"https:\/\/theartoftastingportugal.com\/wp-content\/uploads\/2025\/01\/9-1024x436-450x450.png\" width=\"450\" height=\"450\" title=\"9\" alt=\"9\" srcset=\"https:\/\/theartoftastingportugal.com\/wp-content\/uploads\/2025\/01\/9-1024x436-450x450.png 450w, https:\/\/theartoftastingportugal.com\/wp-content\/uploads\/2025\/01\/9-150x150.png 150w, https:\/\/theartoftastingportugal.com\/wp-content\/uploads\/2025\/01\/9-300x300.png 300w, https:\/\/theartoftastingportugal.com\/wp-content\/uploads\/2025\/01\/9-100x100.png 100w\" sizes=\"(max-width: 450px) 100vw, 450px\" \/><\/noscript><\/a> <\/figure> <img src=\"\/\/theartoftastingportugal.com\/wp-content\/plugins\/yith-woocommerce-badges-management\/assets\/images\/image-badges\/1.svg\" alt=\"YITH Badge\"\/> \n Douro | 2-6 people <h3> <a href=\"https:\/\/theartoftastingportugal.com\/en\/product\/chef-rui-paula-gastronomic-experience\/\" title=\"Chef Rui Paula Gastronomic Experience\"> Chef Rui Paula Gastronomic Experience <\/a> <\/h3> \n <\/li> <li> <figure> <a href=\"https:\/\/theartoftastingportugal.com\/en\/product\/chef-oscar-geadas-gastronomic-experience\/\" title=\"Chef \u00d3scar Geadas gastronomic experience\"><img src=\"data:image\/svg+xml;charset=UTF-8,%3Csvg%20xmlns%3D%22http%3A%2F%2Fwww.w3.org%2F2000%2Fsvg%22%20width%3D%22450%22%20height%3D%22450%22%3E%3Cg%20fill%3D%22%23afc3db%22%3E%3Crect%20width%3D%22150%22%20height%3D%22150%22%2F%3E%3Crect%20width%3D%22150%22%20height%3D%22150%22%20fill%3D%22%239cb4d0%22%20x%3D%22150%22%2F%3E%3Crect%20width%3D%22150%22%20height%3D%22150%22%20fill%3D%22%238faac8%22%20x%3D%22300%22%2F%3E%3Crect%20width%3D%22150%22%20height%3D%22150%22%20fill%3D%22%23dee1e6%22%20y%3D%22150%22%2F%3E%3Crect%20width%3D%22150%22%20height%3D%22150%22%20fill%3D%22%23dbdee3%22%20x%3D%22150%22%20y%3D%22150%22%2F%3E%3Crect%20width%3D%22150%22%20height%3D%22150%22%20fill%3D%22%23deddd9%22%20x%3D%22300%22%20y%3D%22150%22%2F%3E%3Crect%20width%3D%22150%22%20height%3D%22150%22%20fill%3D%22%23cfcfcd%22%20y%3D%22300%22%2F%3E%3Crect%20width%3D%22150%22%20height%3D%22150%22%20fill%3D%22%23bcc0bf%22%20x%3D%22150%22%20y%3D%22300%22%2F%3E%3Crect%20width%3D%22150%22%20height%3D%22150%22%20fill%3D%22%23989174%22%20x%3D%22300%22%20y%3D%22300%22%2F%3E%3C%2Fg%3E%3C%2Fsvg%3E\" decoding=\"async\" data-lazy=\"1\" loading=\"lazy\" data-tf-src=\"https:\/\/theartoftastingportugal.com\/wp-content\/uploads\/2023\/12\/DJI_0032-1-1024x768-450x450.jpg\" width=\"450\" height=\"450\" title=\"DJI_0032\" alt=\"DJI_0032\" data-tf-srcset=\"https:\/\/theartoftastingportugal.com\/wp-content\/uploads\/2023\/12\/DJI_0032-1-1024x768-450x450.jpg 450w, https:\/\/theartoftastingportugal.com\/wp-content\/uploads\/2023\/12\/DJI_0032-1-150x150.jpg 150w, https:\/\/theartoftastingportugal.com\/wp-content\/uploads\/2023\/12\/DJI_0032-1-300x300.jpg 300w, https:\/\/theartoftastingportugal.com\/wp-content\/uploads\/2023\/12\/DJI_0032-1-100x100.jpg 100w\" data-tf-sizes=\"(max-width: 450px) 100vw, 450px\" \/><noscript><img loading=\"lazy\" data-tf-not-load src=\"https:\/\/theartoftastingportugal.com\/wp-content\/uploads\/2023\/12\/DJI_0032-1-1024x768-450x450.jpg\" width=\"450\" height=\"450\" title=\"DJI_0032\" alt=\"DJI_0032\" srcset=\"https:\/\/theartoftastingportugal.com\/wp-content\/uploads\/2023\/12\/DJI_0032-1-1024x768-450x450.jpg 450w, https:\/\/theartoftastingportugal.com\/wp-content\/uploads\/2023\/12\/DJI_0032-1-150x150.jpg 150w, https:\/\/theartoftastingportugal.com\/wp-content\/uploads\/2023\/12\/DJI_0032-1-300x300.jpg 300w, https:\/\/theartoftastingportugal.com\/wp-content\/uploads\/2023\/12\/DJI_0032-1-100x100.jpg 100w\" sizes=\"(max-width: 450px) 100vw, 450px\" \/><\/noscript><\/a> <\/figure> <img src=\"\/\/theartoftastingportugal.com\/wp-content\/plugins\/yith-woocommerce-badges-management\/assets\/images\/image-badges\/1.svg\" alt=\"YITH Badge\"\/> \n Bragan\u00e7a | 2-10 people <h3> <a href=\"https:\/\/theartoftastingportugal.com\/en\/product\/chef-oscar-geadas-gastronomic-experience\/\" title=\"Chef \u00d3scar Geadas gastronomic experience\"> Chef \u00d3scar Geadas gastronomic experience <\/a> <\/h3> \n <\/li> <li> <figure> <a href=\"https:\/\/theartoftastingportugal.com\/en\/product\/chef-arnaldo-azevedos-gastronomic-experience\/\" title=\"Chef Arnaldo Azevedo&#8217;s gastronomic experience\"><img src=\"data:image\/svg+xml;charset=UTF-8,%3Csvg%20xmlns%3D%22http%3A%2F%2Fwww.w3.org%2F2000%2Fsvg%22%20width%3D%22450%22%20height%3D%22450%22%3E%3Cg%20fill%3D%22%23e0dee3%22%3E%3Crect%20width%3D%22150%22%20height%3D%22150%22%2F%3E%3Crect%20width%3D%22150%22%20height%3D%22150%22%20fill%3D%22%23e3e2e7%22%20x%3D%22150%22%2F%3E%3Crect%20width%3D%22150%22%20height%3D%22150%22%20fill%3D%22%238c7259%22%20x%3D%22300%22%2F%3E%3Crect%20width%3D%22150%22%20height%3D%22150%22%20y%3D%22150%22%2F%3E%3Crect%20width%3D%22150%22%20height%3D%22150%22%20fill%3D%22%23e5e3e6%22%20x%3D%22150%22%20y%3D%22150%22%2F%3E%3Crect%20width%3D%22150%22%20height%3D%22150%22%20fill%3D%22%23d0b997%22%20x%3D%22300%22%20y%3D%22150%22%2F%3E%3Crect%20width%3D%22150%22%20height%3D%22150%22%20fill%3D%22%23ba895e%22%20y%3D%22300%22%2F%3E%3Crect%20width%3D%22150%22%20height%3D%22150%22%20fill%3D%22%238a5d48%22%20x%3D%22150%22%20y%3D%22300%22%2F%3E%3Crect%20width%3D%22150%22%20height%3D%22150%22%20fill%3D%22%23c5ab9a%22%20x%3D%22300%22%20y%3D%22300%22%2F%3E%3C%2Fg%3E%3C%2Fsvg%3E\" decoding=\"async\" data-lazy=\"1\" loading=\"lazy\" data-tf-src=\"https:\/\/theartoftastingportugal.com\/wp-content\/uploads\/2024\/03\/20230302_VIlaFoz_LR-35-683x1024-450x450.jpg\" width=\"450\" height=\"450\" title=\"20230302_VIlaFoz_LR-35\" alt=\"20230302_VIlaFoz_LR-35\" data-tf-srcset=\"https:\/\/theartoftastingportugal.com\/wp-content\/uploads\/2024\/03\/20230302_VIlaFoz_LR-35-683x1024-450x450.jpg 450w, https:\/\/theartoftastingportugal.com\/wp-content\/uploads\/2024\/03\/20230302_VIlaFoz_LR-35-150x150.jpg 150w, https:\/\/theartoftastingportugal.com\/wp-content\/uploads\/2024\/03\/20230302_VIlaFoz_LR-35-300x300.jpg 300w, https:\/\/theartoftastingportugal.com\/wp-content\/uploads\/2024\/03\/20230302_VIlaFoz_LR-35-100x100.jpg 100w\" data-tf-sizes=\"(max-width: 450px) 100vw, 450px\" \/><noscript><img loading=\"lazy\" data-tf-not-load src=\"https:\/\/theartoftastingportugal.com\/wp-content\/uploads\/2024\/03\/20230302_VIlaFoz_LR-35-683x1024-450x450.jpg\" width=\"450\" height=\"450\" title=\"20230302_VIlaFoz_LR-35\" alt=\"20230302_VIlaFoz_LR-35\" srcset=\"https:\/\/theartoftastingportugal.com\/wp-content\/uploads\/2024\/03\/20230302_VIlaFoz_LR-35-683x1024-450x450.jpg 450w, https:\/\/theartoftastingportugal.com\/wp-content\/uploads\/2024\/03\/20230302_VIlaFoz_LR-35-150x150.jpg 150w, https:\/\/theartoftastingportugal.com\/wp-content\/uploads\/2024\/03\/20230302_VIlaFoz_LR-35-300x300.jpg 300w, https:\/\/theartoftastingportugal.com\/wp-content\/uploads\/2024\/03\/20230302_VIlaFoz_LR-35-100x100.jpg 100w\" sizes=\"(max-width: 450px) 100vw, 450px\" \/><\/noscript><\/a> <\/figure> <img src=\"\/\/theartoftastingportugal.com\/wp-content\/plugins\/yith-woocommerce-badges-management\/assets\/images\/image-badges\/1.svg\" alt=\"YITH Badge\"\/> \n Oporto | 2 people <h3> <a href=\"https:\/\/theartoftastingportugal.com\/en\/product\/chef-arnaldo-azevedos-gastronomic-experience\/\" title=\"Chef Arnaldo Azevedo&#8217;s gastronomic experience\"> Chef Arnaldo Azevedo&#8217;s gastronomic experience <\/a> <\/h3> \n <\/li> <li> <figure> <a href=\"https:\/\/theartoftastingportugal.com\/en\/product\/experiencia-gastronomica-chef-luis-gaspar\/\" title=\"Autochthonous Races with Chef Luis Gaspar\"><img src=\"data:image\/svg+xml;charset=UTF-8,%3Csvg%20xmlns%3D%22http%3A%2F%2Fwww.w3.org%2F2000%2Fsvg%22%20width%3D%22450%22%20height%3D%22450%22%3E%3Cg%20fill%3D%22%23976b62%22%3E%3Crect%20width%3D%22150%22%20height%3D%22150%22%2F%3E%3Crect%20width%3D%22150%22%20height%3D%22150%22%20fill%3D%22%23cf641e%22%20x%3D%22150%22%2F%3E%3Crect%20width%3D%22150%22%20height%3D%22150%22%20fill%3D%22%23f9e8ce%22%20x%3D%22300%22%2F%3E%3Crect%20width%3D%22150%22%20height%3D%22150%22%20fill%3D%22%23180606%22%20y%3D%22150%22%2F%3E%3Crect%20width%3D%22150%22%20height%3D%22150%22%20fill%3D%22%23b38683%22%20x%3D%22150%22%20y%3D%22150%22%2F%3E%3Crect%20width%3D%22150%22%20height%3D%22150%22%20fill%3D%22%23f8aba1%22%20x%3D%22300%22%20y%3D%22150%22%2F%3E%3Crect%20width%3D%22150%22%20height%3D%22150%22%20fill%3D%22%23350d03%22%20y%3D%22300%22%2F%3E%3Crect%20width%3D%22150%22%20height%3D%22150%22%20fill%3D%22%23ffbcad%22%20x%3D%22150%22%20y%3D%22300%22%2F%3E%3Crect%20width%3D%22150%22%20height%3D%22150%22%20fill%3D%22%23561c10%22%20x%3D%22300%22%20y%3D%22300%22%2F%3E%3C%2Fg%3E%3C%2Fsvg%3E\" decoding=\"async\" data-lazy=\"1\" loading=\"lazy\" data-tf-src=\"https:\/\/theartoftastingportugal.com\/wp-content\/uploads\/2022\/03\/Experiencia-Gastronomica-Chef-Luis-Gaspar-SQUARE-450x450.jpg\" width=\"450\" height=\"450\" title=\"Experi\u00eancia Gastron\u00f3mica Chef Luis Gaspar-SQUARE\" alt=\"Experi\u00eancia Gastron\u00f3mica Chef Luis Gaspar-SQUARE\" data-tf-srcset=\"https:\/\/theartoftastingportugal.com\/wp-content\/uploads\/2022\/03\/Experiencia-Gastronomica-Chef-Luis-Gaspar-SQUARE-450x450.jpg 450w, https:\/\/theartoftastingportugal.com\/wp-content\/uploads\/2022\/03\/Experiencia-Gastronomica-Chef-Luis-Gaspar-SQUARE-300x300.jpg 300w, https:\/\/theartoftastingportugal.com\/wp-content\/uploads\/2022\/03\/Experiencia-Gastronomica-Chef-Luis-Gaspar-SQUARE-150x150.jpg 150w, https:\/\/theartoftastingportugal.com\/wp-content\/uploads\/2022\/03\/Experiencia-Gastronomica-Chef-Luis-Gaspar-SQUARE-768x768.jpg 768w, https:\/\/theartoftastingportugal.com\/wp-content\/uploads\/2022\/03\/Experiencia-Gastronomica-Chef-Luis-Gaspar-SQUARE-600x600.jpg 600w, https:\/\/theartoftastingportugal.com\/wp-content\/uploads\/2022\/03\/Experiencia-Gastronomica-Chef-Luis-Gaspar-SQUARE-100x100.jpg 100w, https:\/\/theartoftastingportugal.com\/wp-content\/uploads\/2022\/03\/Experiencia-Gastronomica-Chef-Luis-Gaspar-SQUARE.jpg 1000w\" data-tf-sizes=\"(max-width: 450px) 100vw, 450px\" \/><noscript><img loading=\"lazy\" data-tf-not-load src=\"https:\/\/theartoftastingportugal.com\/wp-content\/uploads\/2022\/03\/Experiencia-Gastronomica-Chef-Luis-Gaspar-SQUARE-450x450.jpg\" width=\"450\" height=\"450\" title=\"Experi\u00eancia Gastron\u00f3mica Chef Luis Gaspar-SQUARE\" alt=\"Experi\u00eancia Gastron\u00f3mica Chef Luis Gaspar-SQUARE\" srcset=\"https:\/\/theartoftastingportugal.com\/wp-content\/uploads\/2022\/03\/Experiencia-Gastronomica-Chef-Luis-Gaspar-SQUARE-450x450.jpg 450w, https:\/\/theartoftastingportugal.com\/wp-content\/uploads\/2022\/03\/Experiencia-Gastronomica-Chef-Luis-Gaspar-SQUARE-300x300.jpg 300w, https:\/\/theartoftastingportugal.com\/wp-content\/uploads\/2022\/03\/Experiencia-Gastronomica-Chef-Luis-Gaspar-SQUARE-150x150.jpg 150w, https:\/\/theartoftastingportugal.com\/wp-content\/uploads\/2022\/03\/Experiencia-Gastronomica-Chef-Luis-Gaspar-SQUARE-768x768.jpg 768w, https:\/\/theartoftastingportugal.com\/wp-content\/uploads\/2022\/03\/Experiencia-Gastronomica-Chef-Luis-Gaspar-SQUARE-600x600.jpg 600w, https:\/\/theartoftastingportugal.com\/wp-content\/uploads\/2022\/03\/Experiencia-Gastronomica-Chef-Luis-Gaspar-SQUARE-100x100.jpg 100w, https:\/\/theartoftastingportugal.com\/wp-content\/uploads\/2022\/03\/Experiencia-Gastronomica-Chef-Luis-Gaspar-SQUARE.jpg 1000w\" sizes=\"(max-width: 450px) 100vw, 450px\" \/><\/noscript><\/a> <\/figure> Esposende | 2-8 people <h3> <a href=\"https:\/\/theartoftastingportugal.com\/en\/product\/experiencia-gastronomica-chef-luis-gaspar\/\" title=\"Autochthonous Races with Chef Luis Gaspar\"> Autochthonous Races with Chef Luis Gaspar <\/a> <\/h3> \n <\/li> <\/ul>\n\n<h2>Lisbon<br\/><\/h2>\n<ul> <li> <figure> <a href=\"https:\/\/theartoftastingportugal.com\/en\/product\/experience-lisbon-with-chef-henrique-sa-pessoa\/\" title=\"Experience Lisbon with Chef Henrique S\u00e1 Pessoa\"><img src=\"data:image\/svg+xml;charset=UTF-8,%3Csvg%20xmlns%3D%22http%3A%2F%2Fwww.w3.org%2F2000%2Fsvg%22%20width%3D%22450%22%20height%3D%22450%22%3E%3Cg%20fill%3D%22%23112838%22%3E%3Crect%20width%3D%22150%22%20height%3D%22150%22%2F%3E%3Crect%20width%3D%22150%22%20height%3D%22150%22%20fill%3D%22%230a2337%22%20x%3D%22150%22%2F%3E%3Crect%20width%3D%22150%22%20height%3D%22150%22%20fill%3D%22%23052035%22%20x%3D%22300%22%2F%3E%3Crect%20width%3D%22150%22%20height%3D%22150%22%20fill%3D%22%23052035%22%20y%3D%22150%22%2F%3E%3Crect%20width%3D%22150%22%20height%3D%22150%22%20fill%3D%22%2364696d%22%20x%3D%22150%22%20y%3D%22150%22%2F%3E%3Crect%20width%3D%22150%22%20height%3D%22150%22%20fill%3D%22%23344846%22%20x%3D%22300%22%20y%3D%22150%22%2F%3E%3Crect%20width%3D%22150%22%20height%3D%22150%22%20fill%3D%22%23847136%22%20y%3D%22300%22%2F%3E%3Crect%20width%3D%22150%22%20height%3D%22150%22%20fill%3D%22%23d2d1d7%22%20x%3D%22150%22%20y%3D%22300%22%2F%3E%3Crect%20width%3D%22150%22%20height%3D%22150%22%20fill%3D%22%23a58c85%22%20x%3D%22300%22%20y%3D%22300%22%2F%3E%3C%2Fg%3E%3C%2Fsvg%3E\" decoding=\"async\" data-lazy=\"1\" loading=\"lazy\" data-tf-src=\"https:\/\/theartoftastingportugal.com\/wp-content\/uploads\/2020\/12\/exp-sa-pessoa-4-450x450.jpg\" width=\"450\" height=\"450\" title=\"exp-sa-pessoa-4\" alt=\"exp-sa-pessoa-4\" data-tf-srcset=\"https:\/\/theartoftastingportugal.com\/wp-content\/uploads\/2020\/12\/exp-sa-pessoa-4-450x450.jpg 450w, https:\/\/theartoftastingportugal.com\/wp-content\/uploads\/2020\/12\/exp-sa-pessoa-4-300x300.jpg 300w, https:\/\/theartoftastingportugal.com\/wp-content\/uploads\/2020\/12\/exp-sa-pessoa-4-100x100.jpg 100w, https:\/\/theartoftastingportugal.com\/wp-content\/uploads\/2020\/12\/exp-sa-pessoa-4-600x600.jpg 600w, https:\/\/theartoftastingportugal.com\/wp-content\/uploads\/2020\/12\/exp-sa-pessoa-4-150x150.jpg 150w, https:\/\/theartoftastingportugal.com\/wp-content\/uploads\/2020\/12\/exp-sa-pessoa-4-768x768.jpg 768w, https:\/\/theartoftastingportugal.com\/wp-content\/uploads\/2020\/12\/exp-sa-pessoa-4-400x400.jpg 400w, https:\/\/theartoftastingportugal.com\/wp-content\/uploads\/2020\/12\/exp-sa-pessoa-4.jpg 1000w\" data-tf-sizes=\"(max-width: 450px) 100vw, 450px\" \/><noscript><img loading=\"lazy\" data-tf-not-load src=\"https:\/\/theartoftastingportugal.com\/wp-content\/uploads\/2020\/12\/exp-sa-pessoa-4-450x450.jpg\" width=\"450\" height=\"450\" title=\"exp-sa-pessoa-4\" alt=\"exp-sa-pessoa-4\" srcset=\"https:\/\/theartoftastingportugal.com\/wp-content\/uploads\/2020\/12\/exp-sa-pessoa-4-450x450.jpg 450w, https:\/\/theartoftastingportugal.com\/wp-content\/uploads\/2020\/12\/exp-sa-pessoa-4-300x300.jpg 300w, https:\/\/theartoftastingportugal.com\/wp-content\/uploads\/2020\/12\/exp-sa-pessoa-4-100x100.jpg 100w, https:\/\/theartoftastingportugal.com\/wp-content\/uploads\/2020\/12\/exp-sa-pessoa-4-600x600.jpg 600w, https:\/\/theartoftastingportugal.com\/wp-content\/uploads\/2020\/12\/exp-sa-pessoa-4-150x150.jpg 150w, https:\/\/theartoftastingportugal.com\/wp-content\/uploads\/2020\/12\/exp-sa-pessoa-4-768x768.jpg 768w, https:\/\/theartoftastingportugal.com\/wp-content\/uploads\/2020\/12\/exp-sa-pessoa-4-400x400.jpg 400w, https:\/\/theartoftastingportugal.com\/wp-content\/uploads\/2020\/12\/exp-sa-pessoa-4.jpg 1000w\" sizes=\"(max-width: 450px) 100vw, 450px\" \/><\/noscript><\/a> <\/figure> <img src=\"\/\/theartoftastingportugal.com\/wp-content\/plugins\/yith-woocommerce-badges-management\/assets\/images\/image-badges\/1.svg\" alt=\"YITH Badge\"\/> \n Lisboa | 2-8 people <h3> <a href=\"https:\/\/theartoftastingportugal.com\/en\/product\/experience-lisbon-with-chef-henrique-sa-pessoa\/\" title=\"Experience Lisbon with Chef Henrique S\u00e1 Pessoa\"> Experience Lisbon with Chef Henrique S\u00e1 Pessoa <\/a> <\/h3> \n <\/li> <li> <figure> <a href=\"https:\/\/theartoftastingportugal.com\/en\/product\/experiencia-gastronomica-chef-carlos-afonso\/\" title=\"Chef Carlos Afonso Gastronomic Experience\"><img src=\"data:image\/svg+xml;charset=UTF-8,%3Csvg%20xmlns%3D%22http%3A%2F%2Fwww.w3.org%2F2000%2Fsvg%22%20width%3D%22450%22%20height%3D%22450%22%3E%3Cg%20fill%3D%22%23e8e3e0%22%3E%3Crect%20width%3D%22150%22%20height%3D%22150%22%2F%3E%3Crect%20width%3D%22150%22%20height%3D%22150%22%20fill%3D%22%23f7edeb%22%20x%3D%22150%22%2F%3E%3Crect%20width%3D%22150%22%20height%3D%22150%22%20fill%3D%22%23dcd2d1%22%20x%3D%22300%22%2F%3E%3Crect%20width%3D%22150%22%20height%3D%22150%22%20fill%3D%22%23956743%22%20y%3D%22150%22%2F%3E%3Crect%20width%3D%22150%22%20height%3D%22150%22%20fill%3D%22%23f9e0a7%22%20x%3D%22150%22%20y%3D%22150%22%2F%3E%3Crect%20width%3D%22150%22%20height%3D%22150%22%20fill%3D%22%23faf4c0%22%20x%3D%22300%22%20y%3D%22150%22%2F%3E%3Crect%20width%3D%22150%22%20height%3D%22150%22%20fill%3D%22%236f7279%22%20y%3D%22300%22%2F%3E%3Crect%20width%3D%22150%22%20height%3D%22150%22%20fill%3D%22%23a4816b%22%20x%3D%22150%22%20y%3D%22300%22%2F%3E%3Crect%20width%3D%22150%22%20height%3D%22150%22%20fill%3D%22%23a14e00%22%20x%3D%22300%22%20y%3D%22300%22%2F%3E%3C%2Fg%3E%3C%2Fsvg%3E\" decoding=\"async\" data-lazy=\"1\" loading=\"lazy\" data-tf-src=\"https:\/\/theartoftastingportugal.com\/wp-content\/uploads\/2022\/03\/Experiencia-Carlos-Afonso-SQUARE-450x450.jpg\" width=\"450\" height=\"450\" title=\"Experi\u00eancia Carlos Afonso-SQUARE\" alt=\"Experi\u00eancia Carlos Afonso-SQUARE\" data-tf-srcset=\"https:\/\/theartoftastingportugal.com\/wp-content\/uploads\/2022\/03\/Experiencia-Carlos-Afonso-SQUARE-450x450.jpg 450w, https:\/\/theartoftastingportugal.com\/wp-content\/uploads\/2022\/03\/Experiencia-Carlos-Afonso-SQUARE-300x300.jpg 300w, https:\/\/theartoftastingportugal.com\/wp-content\/uploads\/2022\/03\/Experiencia-Carlos-Afonso-SQUARE-150x150.jpg 150w, https:\/\/theartoftastingportugal.com\/wp-content\/uploads\/2022\/03\/Experiencia-Carlos-Afonso-SQUARE-768x768.jpg 768w, https:\/\/theartoftastingportugal.com\/wp-content\/uploads\/2022\/03\/Experiencia-Carlos-Afonso-SQUARE-600x600.jpg 600w, https:\/\/theartoftastingportugal.com\/wp-content\/uploads\/2022\/03\/Experiencia-Carlos-Afonso-SQUARE-100x100.jpg 100w, https:\/\/theartoftastingportugal.com\/wp-content\/uploads\/2022\/03\/Experiencia-Carlos-Afonso-SQUARE.jpg 1000w\" data-tf-sizes=\"(max-width: 450px) 100vw, 450px\" \/><noscript><img loading=\"lazy\" data-tf-not-load src=\"https:\/\/theartoftastingportugal.com\/wp-content\/uploads\/2022\/03\/Experiencia-Carlos-Afonso-SQUARE-450x450.jpg\" width=\"450\" height=\"450\" title=\"Experi\u00eancia Carlos Afonso-SQUARE\" alt=\"Experi\u00eancia Carlos Afonso-SQUARE\" srcset=\"https:\/\/theartoftastingportugal.com\/wp-content\/uploads\/2022\/03\/Experiencia-Carlos-Afonso-SQUARE-450x450.jpg 450w, https:\/\/theartoftastingportugal.com\/wp-content\/uploads\/2022\/03\/Experiencia-Carlos-Afonso-SQUARE-300x300.jpg 300w, https:\/\/theartoftastingportugal.com\/wp-content\/uploads\/2022\/03\/Experiencia-Carlos-Afonso-SQUARE-150x150.jpg 150w, https:\/\/theartoftastingportugal.com\/wp-content\/uploads\/2022\/03\/Experiencia-Carlos-Afonso-SQUARE-768x768.jpg 768w, https:\/\/theartoftastingportugal.com\/wp-content\/uploads\/2022\/03\/Experiencia-Carlos-Afonso-SQUARE-600x600.jpg 600w, https:\/\/theartoftastingportugal.com\/wp-content\/uploads\/2022\/03\/Experiencia-Carlos-Afonso-SQUARE-100x100.jpg 100w, https:\/\/theartoftastingportugal.com\/wp-content\/uploads\/2022\/03\/Experiencia-Carlos-Afonso-SQUARE.jpg 1000w\" sizes=\"(max-width: 450px) 100vw, 450px\" \/><\/noscript><\/a> <\/figure> Cascais | 2-8 people <h3> <a href=\"https:\/\/theartoftastingportugal.com\/en\/product\/experiencia-gastronomica-chef-carlos-afonso\/\" title=\"Chef Carlos Afonso Gastronomic Experience\"> Chef Carlos Afonso Gastronomic Experience <\/a> <\/h3> \n <\/li> <li> <figure> <a href=\"https:\/\/theartoftastingportugal.com\/en\/product\/chef-andre-cruzs-gastronomic-experience\/\" title=\"Chef Andr\u00e9 Cruz&#8217;s gastronomic experience\"><img src=\"data:image\/svg+xml;charset=UTF-8,%3Csvg%20xmlns%3D%22http%3A%2F%2Fwww.w3.org%2F2000%2Fsvg%22%20width%3D%22450%22%20height%3D%22450%22%3E%3Cg%20fill%3D%22%23544500%22%3E%3Crect%20width%3D%22150%22%20height%3D%22150%22%2F%3E%3Crect%20width%3D%22150%22%20height%3D%22150%22%20fill%3D%22%23493733%22%20x%3D%22150%22%2F%3E%3Crect%20width%3D%22150%22%20height%3D%22150%22%20fill%3D%22%23cb9d5f%22%20x%3D%22300%22%2F%3E%3Crect%20width%3D%22150%22%20height%3D%22150%22%20fill%3D%22%23c3a275%22%20y%3D%22150%22%2F%3E%3Crect%20width%3D%22150%22%20height%3D%22150%22%20fill%3D%22%23ddbda8%22%20x%3D%22150%22%20y%3D%22150%22%2F%3E%3Crect%20width%3D%22150%22%20height%3D%22150%22%20fill%3D%22%23b8a193%22%20x%3D%22300%22%20y%3D%22150%22%2F%3E%3Crect%20width%3D%22150%22%20height%3D%22150%22%20fill%3D%22%23d0b3a1%22%20y%3D%22300%22%2F%3E%3Crect%20width%3D%22150%22%20height%3D%22150%22%20fill%3D%22%23034a4e%22%20x%3D%22150%22%20y%3D%22300%22%2F%3E%3Crect%20width%3D%22150%22%20height%3D%22150%22%20fill%3D%22%23008581%22%20x%3D%22300%22%20y%3D%22300%22%2F%3E%3C%2Fg%3E%3C%2Fsvg%3E\" decoding=\"async\" data-lazy=\"1\" loading=\"lazy\" data-tf-src=\"https:\/\/theartoftastingportugal.com\/wp-content\/uploads\/2024\/05\/ACruz_LocalStar_February24-6-1024x768-450x450.jpg\" width=\"450\" height=\"450\" title=\"ACruz_LocalStar_February24-6\" alt=\"ACruz_LocalStar_February24-6\" data-tf-srcset=\"https:\/\/theartoftastingportugal.com\/wp-content\/uploads\/2024\/05\/ACruz_LocalStar_February24-6-1024x768-450x450.jpg 450w, https:\/\/theartoftastingportugal.com\/wp-content\/uploads\/2024\/05\/ACruz_LocalStar_February24-6-150x150.jpg 150w, https:\/\/theartoftastingportugal.com\/wp-content\/uploads\/2024\/05\/ACruz_LocalStar_February24-6-300x300.jpg 300w, https:\/\/theartoftastingportugal.com\/wp-content\/uploads\/2024\/05\/ACruz_LocalStar_February24-6-100x100.jpg 100w\" data-tf-sizes=\"(max-width: 450px) 100vw, 450px\" \/><noscript><img loading=\"lazy\" data-tf-not-load src=\"https:\/\/theartoftastingportugal.com\/wp-content\/uploads\/2024\/05\/ACruz_LocalStar_February24-6-1024x768-450x450.jpg\" width=\"450\" height=\"450\" title=\"ACruz_LocalStar_February24-6\" alt=\"ACruz_LocalStar_February24-6\" srcset=\"https:\/\/theartoftastingportugal.com\/wp-content\/uploads\/2024\/05\/ACruz_LocalStar_February24-6-1024x768-450x450.jpg 450w, https:\/\/theartoftastingportugal.com\/wp-content\/uploads\/2024\/05\/ACruz_LocalStar_February24-6-150x150.jpg 150w, https:\/\/theartoftastingportugal.com\/wp-content\/uploads\/2024\/05\/ACruz_LocalStar_February24-6-300x300.jpg 300w, https:\/\/theartoftastingportugal.com\/wp-content\/uploads\/2024\/05\/ACruz_LocalStar_February24-6-100x100.jpg 100w\" sizes=\"(max-width: 450px) 100vw, 450px\" \/><\/noscript><\/a> <\/figure> <img src=\"\/\/theartoftastingportugal.com\/wp-content\/plugins\/yith-woocommerce-badges-management\/assets\/images\/image-badges\/1.svg\" alt=\"YITH Badge\"\/> \n Set\u00fabal | 2-6 people <h3> <a href=\"https:\/\/theartoftastingportugal.com\/en\/product\/chef-andre-cruzs-gastronomic-experience\/\" title=\"Chef Andr\u00e9 Cruz&#8217;s gastronomic experience\"> Chef Andr\u00e9 Cruz&#8217;s gastronomic experience <\/a> <\/h3> \n <\/li> <\/ul>\n\n<h2>Alentejo and Ribatejo<br\/><\/h2>\n<ul> <li> <figure> <a href=\"https:\/\/theartoftastingportugal.com\/en\/product\/vineyard-coelheiros\/\" title=\"Vineyard Coelheiros\"><img src=\"data:image\/svg+xml;charset=UTF-8,%3Csvg%20xmlns%3D%22http%3A%2F%2Fwww.w3.org%2F2000%2Fsvg%22%20width%3D%22450%22%20height%3D%22450%22%3E%3Cg%20fill%3D%22%237f733f%22%3E%3Crect%20width%3D%22150%22%20height%3D%22150%22%2F%3E%3Crect%20width%3D%22150%22%20height%3D%22150%22%20fill%3D%22%23ecd58f%22%20x%3D%22150%22%2F%3E%3Crect%20width%3D%22150%22%20height%3D%22150%22%20fill%3D%22%23fdefc2%22%20x%3D%22300%22%2F%3E%3Crect%20width%3D%22150%22%20height%3D%22150%22%20fill%3D%22%23da9c53%22%20y%3D%22150%22%2F%3E%3Crect%20width%3D%22150%22%20height%3D%22150%22%20fill%3D%22%23c7a973%22%20x%3D%22150%22%20y%3D%22150%22%2F%3E%3Crect%20width%3D%22150%22%20height%3D%22150%22%20fill%3D%22%23edd693%22%20x%3D%22300%22%20y%3D%22150%22%2F%3E%3Crect%20width%3D%22150%22%20height%3D%22150%22%20fill%3D%22%23986d67%22%20y%3D%22300%22%2F%3E%3Crect%20width%3D%22150%22%20height%3D%22150%22%20fill%3D%22%234c1018%22%20x%3D%22150%22%20y%3D%22300%22%2F%3E%3Crect%20width%3D%22150%22%20height%3D%22150%22%20fill%3D%22%23a9792f%22%20x%3D%22300%22%20y%3D%22300%22%2F%3E%3C%2Fg%3E%3C%2Fsvg%3E\" decoding=\"async\" data-lazy=\"1\" loading=\"lazy\" data-tf-src=\"https:\/\/theartoftastingportugal.com\/wp-content\/uploads\/2022\/03\/Experiencia-Herdade-dos-Coelheiros-SQUARE-450x450.jpg\" width=\"450\" height=\"450\" title=\"Experi\u00eancia Herdade dos Coelheiros-SQUARE\" alt=\"Experi\u00eancia Herdade dos Coelheiros-SQUARE\" data-tf-srcset=\"https:\/\/theartoftastingportugal.com\/wp-content\/uploads\/2022\/03\/Experiencia-Herdade-dos-Coelheiros-SQUARE-450x450.jpg 450w, https:\/\/theartoftastingportugal.com\/wp-content\/uploads\/2022\/03\/Experiencia-Herdade-dos-Coelheiros-SQUARE-300x300.jpg 300w, https:\/\/theartoftastingportugal.com\/wp-content\/uploads\/2022\/03\/Experiencia-Herdade-dos-Coelheiros-SQUARE-150x150.jpg 150w, https:\/\/theartoftastingportugal.com\/wp-content\/uploads\/2022\/03\/Experiencia-Herdade-dos-Coelheiros-SQUARE-768x768.jpg 768w, https:\/\/theartoftastingportugal.com\/wp-content\/uploads\/2022\/03\/Experiencia-Herdade-dos-Coelheiros-SQUARE-600x600.jpg 600w, https:\/\/theartoftastingportugal.com\/wp-content\/uploads\/2022\/03\/Experiencia-Herdade-dos-Coelheiros-SQUARE-100x100.jpg 100w, https:\/\/theartoftastingportugal.com\/wp-content\/uploads\/2022\/03\/Experiencia-Herdade-dos-Coelheiros-SQUARE.jpg 1000w\" data-tf-sizes=\"(max-width: 450px) 100vw, 450px\" \/><noscript><img loading=\"lazy\" data-tf-not-load src=\"https:\/\/theartoftastingportugal.com\/wp-content\/uploads\/2022\/03\/Experiencia-Herdade-dos-Coelheiros-SQUARE-450x450.jpg\" width=\"450\" height=\"450\" title=\"Experi\u00eancia Herdade dos Coelheiros-SQUARE\" alt=\"Experi\u00eancia Herdade dos Coelheiros-SQUARE\" srcset=\"https:\/\/theartoftastingportugal.com\/wp-content\/uploads\/2022\/03\/Experiencia-Herdade-dos-Coelheiros-SQUARE-450x450.jpg 450w, https:\/\/theartoftastingportugal.com\/wp-content\/uploads\/2022\/03\/Experiencia-Herdade-dos-Coelheiros-SQUARE-300x300.jpg 300w, https:\/\/theartoftastingportugal.com\/wp-content\/uploads\/2022\/03\/Experiencia-Herdade-dos-Coelheiros-SQUARE-150x150.jpg 150w, https:\/\/theartoftastingportugal.com\/wp-content\/uploads\/2022\/03\/Experiencia-Herdade-dos-Coelheiros-SQUARE-768x768.jpg 768w, https:\/\/theartoftastingportugal.com\/wp-content\/uploads\/2022\/03\/Experiencia-Herdade-dos-Coelheiros-SQUARE-600x600.jpg 600w, https:\/\/theartoftastingportugal.com\/wp-content\/uploads\/2022\/03\/Experiencia-Herdade-dos-Coelheiros-SQUARE-100x100.jpg 100w, https:\/\/theartoftastingportugal.com\/wp-content\/uploads\/2022\/03\/Experiencia-Herdade-dos-Coelheiros-SQUARE.jpg 1000w\" sizes=\"(max-width: 450px) 100vw, 450px\" \/><\/noscript><\/a> <\/figure> Arraiolos | 2-8 people <h3> <a href=\"https:\/\/theartoftastingportugal.com\/en\/product\/vineyard-coelheiros\/\" title=\"Vineyard Coelheiros\"> Vineyard Coelheiros <\/a> <\/h3> \n <\/li> <li> <figure> <a href=\"https:\/\/theartoftastingportugal.com\/en\/product\/scent-of-alentejo-with-chef-miguel-laffan\/\" title=\"Scent of Alentejo with Chef Miguel Laffan\"><img src=\"data:image\/svg+xml;charset=UTF-8,%3Csvg%20xmlns%3D%22http%3A%2F%2Fwww.w3.org%2F2000%2Fsvg%22%20width%3D%22450%22%20height%3D%22450%22%3E%3Cg%20fill%3D%22%23b4bca7%22%3E%3Crect%20width%3D%22150%22%20height%3D%22150%22%2F%3E%3Crect%20width%3D%22150%22%20height%3D%22150%22%20fill%3D%22%237e9d64%22%20x%3D%22150%22%2F%3E%3Crect%20width%3D%22150%22%20height%3D%22150%22%20fill%3D%22%23c7a48e%22%20x%3D%22300%22%2F%3E%3Crect%20width%3D%22150%22%20height%3D%22150%22%20fill%3D%22%23415937%22%20y%3D%22150%22%2F%3E%3Crect%20width%3D%22150%22%20height%3D%22150%22%20fill%3D%22%23101f08%22%20x%3D%22150%22%20y%3D%22150%22%2F%3E%3Crect%20width%3D%22150%22%20height%3D%22150%22%20fill%3D%22%23282e14%22%20x%3D%22300%22%20y%3D%22150%22%2F%3E%3Crect%20width%3D%22150%22%20height%3D%22150%22%20fill%3D%22%23011a00%22%20y%3D%22300%22%2F%3E%3Crect%20width%3D%22150%22%20height%3D%22150%22%20fill%3D%22%23000900%22%20x%3D%22150%22%20y%3D%22300%22%2F%3E%3Crect%20width%3D%22150%22%20height%3D%22150%22%20fill%3D%22%23a29181%22%20x%3D%22300%22%20y%3D%22300%22%2F%3E%3C%2Fg%3E%3C%2Fsvg%3E\" decoding=\"async\" data-lazy=\"1\" loading=\"lazy\" data-tf-src=\"https:\/\/theartoftastingportugal.com\/wp-content\/uploads\/2022\/03\/Experiencia-Chef-Miguel-Laffan-mercado-SQUARE-450x450.jpg\" width=\"450\" height=\"450\" title=\"Experiencia Chef Miguel Laffan mercado-SQUARE\" alt=\"Experiencia Chef Miguel Laffan mercado-SQUARE\" data-tf-srcset=\"https:\/\/theartoftastingportugal.com\/wp-content\/uploads\/2022\/03\/Experiencia-Chef-Miguel-Laffan-mercado-SQUARE-450x450.jpg 450w, https:\/\/theartoftastingportugal.com\/wp-content\/uploads\/2022\/03\/Experiencia-Chef-Miguel-Laffan-mercado-SQUARE-300x300.jpg 300w, https:\/\/theartoftastingportugal.com\/wp-content\/uploads\/2022\/03\/Experiencia-Chef-Miguel-Laffan-mercado-SQUARE-150x150.jpg 150w, https:\/\/theartoftastingportugal.com\/wp-content\/uploads\/2022\/03\/Experiencia-Chef-Miguel-Laffan-mercado-SQUARE-768x768.jpg 768w, https:\/\/theartoftastingportugal.com\/wp-content\/uploads\/2022\/03\/Experiencia-Chef-Miguel-Laffan-mercado-SQUARE-600x600.jpg 600w, https:\/\/theartoftastingportugal.com\/wp-content\/uploads\/2022\/03\/Experiencia-Chef-Miguel-Laffan-mercado-SQUARE-100x100.jpg 100w, https:\/\/theartoftastingportugal.com\/wp-content\/uploads\/2022\/03\/Experiencia-Chef-Miguel-Laffan-mercado-SQUARE.jpg 1000w\" data-tf-sizes=\"(max-width: 450px) 100vw, 450px\" \/><noscript><img loading=\"lazy\" data-tf-not-load src=\"https:\/\/theartoftastingportugal.com\/wp-content\/uploads\/2022\/03\/Experiencia-Chef-Miguel-Laffan-mercado-SQUARE-450x450.jpg\" width=\"450\" height=\"450\" title=\"Experiencia Chef Miguel Laffan mercado-SQUARE\" alt=\"Experiencia Chef Miguel Laffan mercado-SQUARE\" srcset=\"https:\/\/theartoftastingportugal.com\/wp-content\/uploads\/2022\/03\/Experiencia-Chef-Miguel-Laffan-mercado-SQUARE-450x450.jpg 450w, https:\/\/theartoftastingportugal.com\/wp-content\/uploads\/2022\/03\/Experiencia-Chef-Miguel-Laffan-mercado-SQUARE-300x300.jpg 300w, https:\/\/theartoftastingportugal.com\/wp-content\/uploads\/2022\/03\/Experiencia-Chef-Miguel-Laffan-mercado-SQUARE-150x150.jpg 150w, https:\/\/theartoftastingportugal.com\/wp-content\/uploads\/2022\/03\/Experiencia-Chef-Miguel-Laffan-mercado-SQUARE-768x768.jpg 768w, https:\/\/theartoftastingportugal.com\/wp-content\/uploads\/2022\/03\/Experiencia-Chef-Miguel-Laffan-mercado-SQUARE-600x600.jpg 600w, https:\/\/theartoftastingportugal.com\/wp-content\/uploads\/2022\/03\/Experiencia-Chef-Miguel-Laffan-mercado-SQUARE-100x100.jpg 100w, https:\/\/theartoftastingportugal.com\/wp-content\/uploads\/2022\/03\/Experiencia-Chef-Miguel-Laffan-mercado-SQUARE.jpg 1000w\" sizes=\"(max-width: 450px) 100vw, 450px\" \/><\/noscript><\/a> <\/figure> Monforte | 2-20 people <h3> <a href=\"https:\/\/theartoftastingportugal.com\/en\/product\/scent-of-alentejo-with-chef-miguel-laffan\/\" title=\"Scent of Alentejo with Chef Miguel Laffan\"> Scent of Alentejo with Chef Miguel Laffan <\/a> <\/h3> \n <\/li> <li> <figure> <a href=\"https:\/\/theartoftastingportugal.com\/en\/product\/lagar-museu\/\" title=\"Lagar Museu\"><img src=\"data:image\/svg+xml;charset=UTF-8,%3Csvg%20xmlns%3D%22http%3A%2F%2Fwww.w3.org%2F2000%2Fsvg%22%20width%3D%22450%22%20height%3D%22450%22%3E%3Cg%20fill%3D%22%2379a78b%22%3E%3Crect%20width%3D%22150%22%20height%3D%22150%22%2F%3E%3Crect%20width%3D%22150%22%20height%3D%22150%22%20fill%3D%22%23d9b2a3%22%20x%3D%22150%22%2F%3E%3Crect%20width%3D%22150%22%20height%3D%22150%22%20fill%3D%22%23846258%22%20x%3D%22300%22%2F%3E%3Crect%20width%3D%22150%22%20height%3D%22150%22%20fill%3D%22%2375a18a%22%20y%3D%22150%22%2F%3E%3Crect%20width%3D%22150%22%20height%3D%22150%22%20fill%3D%22%236f9580%22%20x%3D%22150%22%20y%3D%22150%22%2F%3E%3Crect%20width%3D%22150%22%20height%3D%22150%22%20fill%3D%22%237f5642%22%20x%3D%22300%22%20y%3D%22150%22%2F%3E%3Crect%20width%3D%22150%22%20height%3D%22150%22%20fill%3D%22%23d8e3e9%22%20y%3D%22300%22%2F%3E%3Crect%20width%3D%22150%22%20height%3D%22150%22%20fill%3D%22%23d3e4ec%22%20x%3D%22150%22%20y%3D%22300%22%2F%3E%3Crect%20width%3D%22150%22%20height%3D%22150%22%20fill%3D%22%23d9e4ea%22%20x%3D%22300%22%20y%3D%22300%22%2F%3E%3C%2Fg%3E%3C%2Fsvg%3E\" decoding=\"async\" data-lazy=\"1\" loading=\"lazy\" data-tf-src=\"https:\/\/theartoftastingportugal.com\/wp-content\/uploads\/2022\/05\/Experiencia-Azeite-Casa-Anadia-SQUARE-450x450.jpg\" width=\"450\" height=\"450\" title=\"Experi\u00eancia Azeite Casa Anadia-SQUARE\" alt=\"Experi\u00eancia Azeite Casa Anadia-SQUARE\" data-tf-srcset=\"https:\/\/theartoftastingportugal.com\/wp-content\/uploads\/2022\/05\/Experiencia-Azeite-Casa-Anadia-SQUARE-450x450.jpg 450w, https:\/\/theartoftastingportugal.com\/wp-content\/uploads\/2022\/05\/Experiencia-Azeite-Casa-Anadia-SQUARE-300x300.jpg 300w, https:\/\/theartoftastingportugal.com\/wp-content\/uploads\/2022\/05\/Experiencia-Azeite-Casa-Anadia-SQUARE-150x150.jpg 150w, https:\/\/theartoftastingportugal.com\/wp-content\/uploads\/2022\/05\/Experiencia-Azeite-Casa-Anadia-SQUARE-768x768.jpg 768w, https:\/\/theartoftastingportugal.com\/wp-content\/uploads\/2022\/05\/Experiencia-Azeite-Casa-Anadia-SQUARE-600x600.jpg 600w, https:\/\/theartoftastingportugal.com\/wp-content\/uploads\/2022\/05\/Experiencia-Azeite-Casa-Anadia-SQUARE-100x100.jpg 100w, https:\/\/theartoftastingportugal.com\/wp-content\/uploads\/2022\/05\/Experiencia-Azeite-Casa-Anadia-SQUARE.jpg 1000w\" data-tf-sizes=\"(max-width: 450px) 100vw, 450px\" \/><noscript><img loading=\"lazy\" data-tf-not-load src=\"https:\/\/theartoftastingportugal.com\/wp-content\/uploads\/2022\/05\/Experiencia-Azeite-Casa-Anadia-SQUARE-450x450.jpg\" width=\"450\" height=\"450\" title=\"Experi\u00eancia Azeite Casa Anadia-SQUARE\" alt=\"Experi\u00eancia Azeite Casa Anadia-SQUARE\" srcset=\"https:\/\/theartoftastingportugal.com\/wp-content\/uploads\/2022\/05\/Experiencia-Azeite-Casa-Anadia-SQUARE-450x450.jpg 450w, https:\/\/theartoftastingportugal.com\/wp-content\/uploads\/2022\/05\/Experiencia-Azeite-Casa-Anadia-SQUARE-300x300.jpg 300w, https:\/\/theartoftastingportugal.com\/wp-content\/uploads\/2022\/05\/Experiencia-Azeite-Casa-Anadia-SQUARE-150x150.jpg 150w, https:\/\/theartoftastingportugal.com\/wp-content\/uploads\/2022\/05\/Experiencia-Azeite-Casa-Anadia-SQUARE-768x768.jpg 768w, https:\/\/theartoftastingportugal.com\/wp-content\/uploads\/2022\/05\/Experiencia-Azeite-Casa-Anadia-SQUARE-600x600.jpg 600w, https:\/\/theartoftastingportugal.com\/wp-content\/uploads\/2022\/05\/Experiencia-Azeite-Casa-Anadia-SQUARE-100x100.jpg 100w, https:\/\/theartoftastingportugal.com\/wp-content\/uploads\/2022\/05\/Experiencia-Azeite-Casa-Anadia-SQUARE.jpg 1000w\" sizes=\"(max-width: 450px) 100vw, 450px\" \/><\/noscript><\/a> <\/figure> Abrantes | 2-20 people <h3> <a href=\"https:\/\/theartoftastingportugal.com\/en\/product\/lagar-museu\/\" title=\"Lagar Museu\"> Lagar Museu <\/a> <\/h3> \n <\/li> <li> <figure> <a href=\"https:\/\/theartoftastingportugal.com\/en\/product\/gastronomic-experience-rodrigo-castelo\/\" title=\"Gastronomic Experience Rodrigo Castelo\"><img src=\"data:image\/svg+xml;charset=UTF-8,%3Csvg%20xmlns%3D%22http%3A%2F%2Fwww.w3.org%2F2000%2Fsvg%22%20width%3D%22450%22%20height%3D%22450%22%3E%3Cg%20fill%3D%22%23e9e4e6%22%3E%3Crect%20width%3D%22150%22%20height%3D%22150%22%2F%3E%3Crect%20width%3D%22150%22%20height%3D%22150%22%20fill%3D%22%23e6e1e7%22%20x%3D%22150%22%2F%3E%3Crect%20width%3D%22150%22%20height%3D%22150%22%20fill%3D%22%23e2e2e7%22%20x%3D%22300%22%2F%3E%3Crect%20width%3D%22150%22%20height%3D%22150%22%20fill%3D%22%23cac4c9%22%20y%3D%22150%22%2F%3E%3Crect%20width%3D%22150%22%20height%3D%22150%22%20fill%3D%22%23c1bfc5%22%20x%3D%22150%22%20y%3D%22150%22%2F%3E%3Crect%20width%3D%22150%22%20height%3D%22150%22%20fill%3D%22%23c4bfc5%22%20x%3D%22300%22%20y%3D%22150%22%2F%3E%3Crect%20width%3D%22150%22%20height%3D%22150%22%20fill%3D%22%2363745e%22%20y%3D%22300%22%2F%3E%3Crect%20width%3D%22150%22%20height%3D%22150%22%20fill%3D%22%236b7279%22%20x%3D%22150%22%20y%3D%22300%22%2F%3E%3Crect%20width%3D%22150%22%20height%3D%22150%22%20fill%3D%22%23ac9c90%22%20x%3D%22300%22%20y%3D%22300%22%2F%3E%3C%2Fg%3E%3C%2Fsvg%3E\" decoding=\"async\" data-lazy=\"1\" loading=\"lazy\" data-tf-src=\"https:\/\/theartoftastingportugal.com\/wp-content\/uploads\/2024\/07\/21-1-1024x576-450x450.png\" width=\"450\" height=\"450\" title=\"21\" alt=\"21\" data-tf-srcset=\"https:\/\/theartoftastingportugal.com\/wp-content\/uploads\/2024\/07\/21-1-1024x576-450x450.png 450w, https:\/\/theartoftastingportugal.com\/wp-content\/uploads\/2024\/07\/21-1-150x150.png 150w, https:\/\/theartoftastingportugal.com\/wp-content\/uploads\/2024\/07\/21-1-300x300.png 300w, https:\/\/theartoftastingportugal.com\/wp-content\/uploads\/2024\/07\/21-1-100x100.png 100w, https:\/\/theartoftastingportugal.com\/wp-content\/uploads\/2024\/07\/21-1-1024x576-500x500.png 500w\" data-tf-sizes=\"(max-width: 450px) 100vw, 450px\" \/><noscript><img loading=\"lazy\" data-tf-not-load src=\"https:\/\/theartoftastingportugal.com\/wp-content\/uploads\/2024\/07\/21-1-1024x576-450x450.png\" width=\"450\" height=\"450\" title=\"21\" alt=\"21\" srcset=\"https:\/\/theartoftastingportugal.com\/wp-content\/uploads\/2024\/07\/21-1-1024x576-450x450.png 450w, https:\/\/theartoftastingportugal.com\/wp-content\/uploads\/2024\/07\/21-1-150x150.png 150w, https:\/\/theartoftastingportugal.com\/wp-content\/uploads\/2024\/07\/21-1-300x300.png 300w, https:\/\/theartoftastingportugal.com\/wp-content\/uploads\/2024\/07\/21-1-100x100.png 100w, https:\/\/theartoftastingportugal.com\/wp-content\/uploads\/2024\/07\/21-1-1024x576-500x500.png 500w\" sizes=\"(max-width: 450px) 100vw, 450px\" \/><\/noscript><\/a> <\/figure> <img src=\"\/\/theartoftastingportugal.com\/wp-content\/plugins\/yith-woocommerce-badges-management\/assets\/images\/image-badges\/1.svg\" alt=\"YITH Badge\"\/> \n Lez\u00edria do Tejo | 3-6 people <h3> <a href=\"https:\/\/theartoftastingportugal.com\/en\/product\/gastronomic-experience-rodrigo-castelo\/\" title=\"Gastronomic Experience Rodrigo Castelo\"> Gastronomic Experience Rodrigo Castelo <\/a> <\/h3> \n <\/li> <li> <figure> <a href=\"https:\/\/theartoftastingportugal.com\/en\/product\/flavors-of-alentejo-with-chef-miguel-laffan\/\" title=\"Flavors of Alentejo with Chef Miguel Laffan\"><img src=\"data:image\/svg+xml;charset=UTF-8,%3Csvg%20xmlns%3D%22http%3A%2F%2Fwww.w3.org%2F2000%2Fsvg%22%20width%3D%22450%22%20height%3D%22450%22%3E%3Cg%20fill%3D%22%23fcf6e8%22%3E%3Crect%20width%3D%22150%22%20height%3D%22150%22%2F%3E%3Crect%20width%3D%22150%22%20height%3D%22150%22%20fill%3D%22%23f4f7ec%22%20x%3D%22150%22%2F%3E%3Crect%20width%3D%22150%22%20height%3D%22150%22%20fill%3D%22%23b55e31%22%20x%3D%22300%22%2F%3E%3Crect%20width%3D%22150%22%20height%3D%22150%22%20fill%3D%22%23945430%22%20y%3D%22150%22%2F%3E%3Crect%20width%3D%22150%22%20height%3D%22150%22%20fill%3D%22%23bf5116%22%20x%3D%22150%22%20y%3D%22150%22%2F%3E%3Crect%20width%3D%22150%22%20height%3D%22150%22%20fill%3D%22%23f8f7f3%22%20x%3D%22300%22%20y%3D%22150%22%2F%3E%3Crect%20width%3D%22150%22%20height%3D%22150%22%20fill%3D%22%23e8c29b%22%20y%3D%22300%22%2F%3E%3Crect%20width%3D%22150%22%20height%3D%22150%22%20fill%3D%22%23d79f64%22%20x%3D%22150%22%20y%3D%22300%22%2F%3E%3Crect%20width%3D%22150%22%20height%3D%22150%22%20fill%3D%22%23e7973e%22%20x%3D%22300%22%20y%3D%22300%22%2F%3E%3C%2Fg%3E%3C%2Fsvg%3E\" decoding=\"async\" data-lazy=\"1\" loading=\"lazy\" data-tf-src=\"https:\/\/theartoftastingportugal.com\/wp-content\/uploads\/2022\/03\/Experiencia-Gastronomica-Chef-Miguel-Laffan-SQUARE-450x450.jpg\" width=\"450\" height=\"450\" title=\"Experi\u00eancia Gastron\u00f3mica Chef Miguel Laffan-SQUARE\" alt=\"Experi\u00eancia Gastron\u00f3mica Chef Miguel Laffan-SQUARE\" data-tf-srcset=\"https:\/\/theartoftastingportugal.com\/wp-content\/uploads\/2022\/03\/Experiencia-Gastronomica-Chef-Miguel-Laffan-SQUARE-450x450.jpg 450w, https:\/\/theartoftastingportugal.com\/wp-content\/uploads\/2022\/03\/Experiencia-Gastronomica-Chef-Miguel-Laffan-SQUARE-300x300.jpg 300w, https:\/\/theartoftastingportugal.com\/wp-content\/uploads\/2022\/03\/Experiencia-Gastronomica-Chef-Miguel-Laffan-SQUARE-150x150.jpg 150w, https:\/\/theartoftastingportugal.com\/wp-content\/uploads\/2022\/03\/Experiencia-Gastronomica-Chef-Miguel-Laffan-SQUARE-768x768.jpg 768w, https:\/\/theartoftastingportugal.com\/wp-content\/uploads\/2022\/03\/Experiencia-Gastronomica-Chef-Miguel-Laffan-SQUARE-600x600.jpg 600w, https:\/\/theartoftastingportugal.com\/wp-content\/uploads\/2022\/03\/Experiencia-Gastronomica-Chef-Miguel-Laffan-SQUARE-100x100.jpg 100w, https:\/\/theartoftastingportugal.com\/wp-content\/uploads\/2022\/03\/Experiencia-Gastronomica-Chef-Miguel-Laffan-SQUARE.jpg 1000w\" data-tf-sizes=\"(max-width: 450px) 100vw, 450px\" \/><noscript><img loading=\"lazy\" data-tf-not-load src=\"https:\/\/theartoftastingportugal.com\/wp-content\/uploads\/2022\/03\/Experiencia-Gastronomica-Chef-Miguel-Laffan-SQUARE-450x450.jpg\" width=\"450\" height=\"450\" title=\"Experi\u00eancia Gastron\u00f3mica Chef Miguel Laffan-SQUARE\" alt=\"Experi\u00eancia Gastron\u00f3mica Chef Miguel Laffan-SQUARE\" srcset=\"https:\/\/theartoftastingportugal.com\/wp-content\/uploads\/2022\/03\/Experiencia-Gastronomica-Chef-Miguel-Laffan-SQUARE-450x450.jpg 450w, https:\/\/theartoftastingportugal.com\/wp-content\/uploads\/2022\/03\/Experiencia-Gastronomica-Chef-Miguel-Laffan-SQUARE-300x300.jpg 300w, https:\/\/theartoftastingportugal.com\/wp-content\/uploads\/2022\/03\/Experiencia-Gastronomica-Chef-Miguel-Laffan-SQUARE-150x150.jpg 150w, https:\/\/theartoftastingportugal.com\/wp-content\/uploads\/2022\/03\/Experiencia-Gastronomica-Chef-Miguel-Laffan-SQUARE-768x768.jpg 768w, https:\/\/theartoftastingportugal.com\/wp-content\/uploads\/2022\/03\/Experiencia-Gastronomica-Chef-Miguel-Laffan-SQUARE-600x600.jpg 600w, https:\/\/theartoftastingportugal.com\/wp-content\/uploads\/2022\/03\/Experiencia-Gastronomica-Chef-Miguel-Laffan-SQUARE-100x100.jpg 100w, https:\/\/theartoftastingportugal.com\/wp-content\/uploads\/2022\/03\/Experiencia-Gastronomica-Chef-Miguel-Laffan-SQUARE.jpg 1000w\" sizes=\"(max-width: 450px) 100vw, 450px\" \/><\/noscript><\/a> <\/figure> Monforte | 2-20 people <h3> <a href=\"https:\/\/theartoftastingportugal.com\/en\/product\/flavors-of-alentejo-with-chef-miguel-laffan\/\" title=\"Flavors of Alentejo with Chef Miguel Laffan\"> Flavors of Alentejo with Chef Miguel Laffan <\/a> <\/h3> \n <\/li> <li> <figure> <a href=\"https:\/\/theartoftastingportugal.com\/en\/product\/chef-carlos-afonsos-gastronomic-experience\/\" title=\"Chef Carlos Afonso&#8217;s gastronomic experience\"><img src=\"data:image\/svg+xml;charset=UTF-8,%3Csvg%20xmlns%3D%22http%3A%2F%2Fwww.w3.org%2F2000%2Fsvg%22%20width%3D%22450%22%20height%3D%22450%22%3E%3Cg%20fill%3D%22%236fa3c6%22%3E%3Crect%20width%3D%22150%22%20height%3D%22150%22%2F%3E%3Crect%20width%3D%22150%22%20height%3D%22150%22%20fill%3D%22%2372a6c9%22%20x%3D%22150%22%2F%3E%3Crect%20width%3D%22150%22%20height%3D%22150%22%20fill%3D%22%2371a9c8%22%20x%3D%22300%22%2F%3E%3Crect%20width%3D%22150%22%20height%3D%22150%22%20fill%3D%22%238cb6cd%22%20y%3D%22150%22%2F%3E%3Crect%20width%3D%22150%22%20height%3D%22150%22%20fill%3D%22%238eb8d0%22%20x%3D%22150%22%20y%3D%22150%22%2F%3E%3Crect%20width%3D%22150%22%20height%3D%22150%22%20fill%3D%22%2391b8cf%22%20x%3D%22300%22%20y%3D%22150%22%2F%3E%3Crect%20width%3D%22150%22%20height%3D%22150%22%20fill%3D%22%23b0c4ca%22%20y%3D%22300%22%2F%3E%3Crect%20width%3D%22150%22%20height%3D%22150%22%20fill%3D%22%23b3c6ca%22%20x%3D%22150%22%20y%3D%22300%22%2F%3E%3Crect%20width%3D%22150%22%20height%3D%22150%22%20fill%3D%22%23b7c6cb%22%20x%3D%22300%22%20y%3D%22300%22%2F%3E%3C%2Fg%3E%3C%2Fsvg%3E\" decoding=\"async\" data-lazy=\"1\" loading=\"lazy\" data-tf-src=\"https:\/\/theartoftastingportugal.com\/wp-content\/uploads\/2024\/08\/22-1024x576-450x450.png\" width=\"450\" height=\"450\" title=\"22\" alt=\"22\" data-tf-srcset=\"https:\/\/theartoftastingportugal.com\/wp-content\/uploads\/2024\/08\/22-1024x576-450x450.png 450w, https:\/\/theartoftastingportugal.com\/wp-content\/uploads\/2024\/08\/22-150x150.png 150w, https:\/\/theartoftastingportugal.com\/wp-content\/uploads\/2024\/08\/22-300x300.png 300w, https:\/\/theartoftastingportugal.com\/wp-content\/uploads\/2024\/08\/22-100x100.png 100w, https:\/\/theartoftastingportugal.com\/wp-content\/uploads\/2024\/08\/22-1024x576-500x500.png 500w\" data-tf-sizes=\"(max-width: 450px) 100vw, 450px\" \/><noscript><img loading=\"lazy\" data-tf-not-load src=\"https:\/\/theartoftastingportugal.com\/wp-content\/uploads\/2024\/08\/22-1024x576-450x450.png\" width=\"450\" height=\"450\" title=\"22\" alt=\"22\" srcset=\"https:\/\/theartoftastingportugal.com\/wp-content\/uploads\/2024\/08\/22-1024x576-450x450.png 450w, https:\/\/theartoftastingportugal.com\/wp-content\/uploads\/2024\/08\/22-150x150.png 150w, https:\/\/theartoftastingportugal.com\/wp-content\/uploads\/2024\/08\/22-300x300.png 300w, https:\/\/theartoftastingportugal.com\/wp-content\/uploads\/2024\/08\/22-100x100.png 100w, https:\/\/theartoftastingportugal.com\/wp-content\/uploads\/2024\/08\/22-1024x576-500x500.png 500w\" sizes=\"(max-width: 450px) 100vw, 450px\" \/><\/noscript><\/a> <\/figure> <img src=\"\/\/theartoftastingportugal.com\/wp-content\/plugins\/yith-woocommerce-badges-management\/assets\/images\/image-badges\/1.svg\" alt=\"YITH Badge\"\/> \n Alentejo | 8-12 people <h3> <a href=\"https:\/\/theartoftastingportugal.com\/en\/product\/chef-carlos-afonsos-gastronomic-experience\/\" title=\"Chef Carlos Afonso&#8217;s gastronomic experience\"> Chef Carlos Afonso&#8217;s gastronomic experience <\/a> <\/h3> \n <\/li> <li> <figure> <a href=\"https:\/\/theartoftastingportugal.com\/en\/product\/casa-anadia\/\" title=\"Casa Anadia\"><img src=\"data:image\/svg+xml;charset=UTF-8,%3Csvg%20xmlns%3D%22http%3A%2F%2Fwww.w3.org%2F2000%2Fsvg%22%20width%3D%22450%22%20height%3D%22450%22%3E%3Cg%20fill%3D%22%23251714%22%3E%3Crect%20width%3D%22150%22%20height%3D%22150%22%2F%3E%3Crect%20width%3D%22150%22%20height%3D%22150%22%20fill%3D%22%232a1b14%22%20x%3D%22150%22%2F%3E%3Crect%20width%3D%22150%22%20height%3D%22150%22%20fill%3D%22%2335271e%22%20x%3D%22300%22%2F%3E%3Crect%20width%3D%22150%22%20height%3D%22150%22%20fill%3D%22%23906b34%22%20y%3D%22150%22%2F%3E%3Crect%20width%3D%22150%22%20height%3D%22150%22%20fill%3D%22%231e2c12%22%20x%3D%22150%22%20y%3D%22150%22%2F%3E%3Crect%20width%3D%22150%22%20height%3D%22150%22%20fill%3D%22%238e7d5f%22%20x%3D%22300%22%20y%3D%22150%22%2F%3E%3Crect%20width%3D%22150%22%20height%3D%22150%22%20fill%3D%22%23180d0b%22%20y%3D%22300%22%2F%3E%3Crect%20width%3D%22150%22%20height%3D%22150%22%20fill%3D%22%232a1708%22%20x%3D%22150%22%20y%3D%22300%22%2F%3E%3Crect%20width%3D%22150%22%20height%3D%22150%22%20fill%3D%22%23b07a54%22%20x%3D%22300%22%20y%3D%22300%22%2F%3E%3C%2Fg%3E%3C%2Fsvg%3E\" decoding=\"async\" data-lazy=\"1\" loading=\"lazy\" data-tf-src=\"https:\/\/theartoftastingportugal.com\/wp-content\/uploads\/2022\/05\/Experiencia-main-Azeite-Casa-Anadia-SQUARE-450x450.jpg\" width=\"450\" height=\"450\" title=\"Experi\u00eancia main Azeite Casa Anadia-SQUARE\" alt=\"Experi\u00eancia main Azeite Casa Anadia-SQUARE\" data-tf-srcset=\"https:\/\/theartoftastingportugal.com\/wp-content\/uploads\/2022\/05\/Experiencia-main-Azeite-Casa-Anadia-SQUARE-450x450.jpg 450w, https:\/\/theartoftastingportugal.com\/wp-content\/uploads\/2022\/05\/Experiencia-main-Azeite-Casa-Anadia-SQUARE-300x300.jpg 300w, https:\/\/theartoftastingportugal.com\/wp-content\/uploads\/2022\/05\/Experiencia-main-Azeite-Casa-Anadia-SQUARE-150x150.jpg 150w, https:\/\/theartoftastingportugal.com\/wp-content\/uploads\/2022\/05\/Experiencia-main-Azeite-Casa-Anadia-SQUARE-768x768.jpg 768w, https:\/\/theartoftastingportugal.com\/wp-content\/uploads\/2022\/05\/Experiencia-main-Azeite-Casa-Anadia-SQUARE-600x600.jpg 600w, https:\/\/theartoftastingportugal.com\/wp-content\/uploads\/2022\/05\/Experiencia-main-Azeite-Casa-Anadia-SQUARE-100x100.jpg 100w, https:\/\/theartoftastingportugal.com\/wp-content\/uploads\/2022\/05\/Experiencia-main-Azeite-Casa-Anadia-SQUARE.jpg 1000w\" data-tf-sizes=\"(max-width: 450px) 100vw, 450px\" \/><noscript><img loading=\"lazy\" data-tf-not-load src=\"https:\/\/theartoftastingportugal.com\/wp-content\/uploads\/2022\/05\/Experiencia-main-Azeite-Casa-Anadia-SQUARE-450x450.jpg\" width=\"450\" height=\"450\" title=\"Experi\u00eancia main Azeite Casa Anadia-SQUARE\" alt=\"Experi\u00eancia main Azeite Casa Anadia-SQUARE\" srcset=\"https:\/\/theartoftastingportugal.com\/wp-content\/uploads\/2022\/05\/Experiencia-main-Azeite-Casa-Anadia-SQUARE-450x450.jpg 450w, https:\/\/theartoftastingportugal.com\/wp-content\/uploads\/2022\/05\/Experiencia-main-Azeite-Casa-Anadia-SQUARE-300x300.jpg 300w, https:\/\/theartoftastingportugal.com\/wp-content\/uploads\/2022\/05\/Experiencia-main-Azeite-Casa-Anadia-SQUARE-150x150.jpg 150w, https:\/\/theartoftastingportugal.com\/wp-content\/uploads\/2022\/05\/Experiencia-main-Azeite-Casa-Anadia-SQUARE-768x768.jpg 768w, https:\/\/theartoftastingportugal.com\/wp-content\/uploads\/2022\/05\/Experiencia-main-Azeite-Casa-Anadia-SQUARE-600x600.jpg 600w, https:\/\/theartoftastingportugal.com\/wp-content\/uploads\/2022\/05\/Experiencia-main-Azeite-Casa-Anadia-SQUARE-100x100.jpg 100w, https:\/\/theartoftastingportugal.com\/wp-content\/uploads\/2022\/05\/Experiencia-main-Azeite-Casa-Anadia-SQUARE.jpg 1000w\" sizes=\"(max-width: 450px) 100vw, 450px\" \/><\/noscript><\/a> <\/figure> Abrantes | 2-20 people <h3> <a href=\"https:\/\/theartoftastingportugal.com\/en\/product\/casa-anadia\/\" title=\"Casa Anadia\"> Casa Anadia <\/a> <\/h3> \n <\/li> <\/ul>\n\n<h2>Center<br\/><\/h2>\n<ul> <li> <figure> <a href=\"https:\/\/theartoftastingportugal.com\/en\/product\/vineyard-boa-esperanca\/\" title=\"Vineyard Boa Esperan\u00e7a\"><img src=\"data:image\/svg+xml;charset=UTF-8,%3Csvg%20xmlns%3D%22http%3A%2F%2Fwww.w3.org%2F2000%2Fsvg%22%20width%3D%22450%22%20height%3D%22450%22%3E%3Cg%20fill%3D%22%23c49f8f%22%3E%3Crect%20width%3D%22150%22%20height%3D%22150%22%2F%3E%3Crect%20width%3D%22150%22%20height%3D%22150%22%20fill%3D%22%23524860%22%20x%3D%22150%22%2F%3E%3Crect%20width%3D%22150%22%20height%3D%22150%22%20fill%3D%22%23564a60%22%20x%3D%22300%22%2F%3E%3Crect%20width%3D%22150%22%20height%3D%22150%22%20fill%3D%22%23debd9a%22%20y%3D%22150%22%2F%3E%3Crect%20width%3D%22150%22%20height%3D%22150%22%20fill%3D%22%236a1d09%22%20x%3D%22150%22%20y%3D%22150%22%2F%3E%3Crect%20width%3D%22150%22%20height%3D%22150%22%20fill%3D%22%23dfa67b%22%20x%3D%22300%22%20y%3D%22150%22%2F%3E%3Crect%20width%3D%22150%22%20height%3D%22150%22%20fill%3D%22%23dab28f%22%20y%3D%22300%22%2F%3E%3Crect%20width%3D%22150%22%20height%3D%22150%22%20fill%3D%22%239c4f31%22%20x%3D%22150%22%20y%3D%22300%22%2F%3E%3Crect%20width%3D%22150%22%20height%3D%22150%22%20fill%3D%22%23745f5a%22%20x%3D%22300%22%20y%3D%22300%22%2F%3E%3C%2Fg%3E%3C%2Fsvg%3E\" decoding=\"async\" data-lazy=\"1\" loading=\"lazy\" data-tf-src=\"https:\/\/theartoftastingportugal.com\/wp-content\/uploads\/2022\/03\/Experiencia-Quinta-da-Boa-Esperanca-SQUARE-1-450x450.jpg\" width=\"450\" height=\"450\" title=\"Experiencia Quinta da Boa Esperanca-SQUARE\" alt=\"Experiencia Quinta da Boa Esperanca-SQUARE\" data-tf-srcset=\"https:\/\/theartoftastingportugal.com\/wp-content\/uploads\/2022\/03\/Experiencia-Quinta-da-Boa-Esperanca-SQUARE-1-450x450.jpg 450w, https:\/\/theartoftastingportugal.com\/wp-content\/uploads\/2022\/03\/Experiencia-Quinta-da-Boa-Esperanca-SQUARE-1-300x300.jpg 300w, https:\/\/theartoftastingportugal.com\/wp-content\/uploads\/2022\/03\/Experiencia-Quinta-da-Boa-Esperanca-SQUARE-1-150x150.jpg 150w, https:\/\/theartoftastingportugal.com\/wp-content\/uploads\/2022\/03\/Experiencia-Quinta-da-Boa-Esperanca-SQUARE-1-768x768.jpg 768w, https:\/\/theartoftastingportugal.com\/wp-content\/uploads\/2022\/03\/Experiencia-Quinta-da-Boa-Esperanca-SQUARE-1-600x600.jpg 600w, https:\/\/theartoftastingportugal.com\/wp-content\/uploads\/2022\/03\/Experiencia-Quinta-da-Boa-Esperanca-SQUARE-1-100x100.jpg 100w, https:\/\/theartoftastingportugal.com\/wp-content\/uploads\/2022\/03\/Experiencia-Quinta-da-Boa-Esperanca-SQUARE-1.jpg 1000w\" data-tf-sizes=\"(max-width: 450px) 100vw, 450px\" \/><noscript><img loading=\"lazy\" data-tf-not-load src=\"https:\/\/theartoftastingportugal.com\/wp-content\/uploads\/2022\/03\/Experiencia-Quinta-da-Boa-Esperanca-SQUARE-1-450x450.jpg\" width=\"450\" height=\"450\" title=\"Experiencia Quinta da Boa Esperanca-SQUARE\" alt=\"Experiencia Quinta da Boa Esperanca-SQUARE\" srcset=\"https:\/\/theartoftastingportugal.com\/wp-content\/uploads\/2022\/03\/Experiencia-Quinta-da-Boa-Esperanca-SQUARE-1-450x450.jpg 450w, https:\/\/theartoftastingportugal.com\/wp-content\/uploads\/2022\/03\/Experiencia-Quinta-da-Boa-Esperanca-SQUARE-1-300x300.jpg 300w, https:\/\/theartoftastingportugal.com\/wp-content\/uploads\/2022\/03\/Experiencia-Quinta-da-Boa-Esperanca-SQUARE-1-150x150.jpg 150w, https:\/\/theartoftastingportugal.com\/wp-content\/uploads\/2022\/03\/Experiencia-Quinta-da-Boa-Esperanca-SQUARE-1-768x768.jpg 768w, https:\/\/theartoftastingportugal.com\/wp-content\/uploads\/2022\/03\/Experiencia-Quinta-da-Boa-Esperanca-SQUARE-1-600x600.jpg 600w, https:\/\/theartoftastingportugal.com\/wp-content\/uploads\/2022\/03\/Experiencia-Quinta-da-Boa-Esperanca-SQUARE-1-100x100.jpg 100w, https:\/\/theartoftastingportugal.com\/wp-content\/uploads\/2022\/03\/Experiencia-Quinta-da-Boa-Esperanca-SQUARE-1.jpg 1000w\" sizes=\"(max-width: 450px) 100vw, 450px\" \/><\/noscript><\/a> <\/figure> Torres Vedras | 2-8 people <h3> <a href=\"https:\/\/theartoftastingportugal.com\/en\/product\/vineyard-boa-esperanca\/\" title=\"Vineyard Boa Esperan\u00e7a\"> Vineyard Boa Esperan\u00e7a <\/a> <\/h3> \n <\/li> <li> <figure> <a href=\"https:\/\/theartoftastingportugal.com\/en\/product\/vineyard-monte-doiro\/\" title=\"Vineyard Monte d\u2019Oiro\"><img src=\"data:image\/svg+xml;charset=UTF-8,%3Csvg%20xmlns%3D%22http%3A%2F%2Fwww.w3.org%2F2000%2Fsvg%22%20width%3D%22450%22%20height%3D%22450%22%3E%3Cg%20fill%3D%22%23f09000%22%3E%3Crect%20width%3D%22150%22%20height%3D%22150%22%2F%3E%3Crect%20width%3D%22150%22%20height%3D%22150%22%20fill%3D%22%238d6d46%22%20x%3D%22150%22%2F%3E%3Crect%20width%3D%22150%22%20height%3D%22150%22%20fill%3D%22%23e5b64c%22%20x%3D%22300%22%2F%3E%3Crect%20width%3D%22150%22%20height%3D%22150%22%20fill%3D%22%23c56b15%22%20y%3D%22150%22%2F%3E%3Crect%20width%3D%22150%22%20height%3D%22150%22%20fill%3D%22%23ffefb4%22%20x%3D%22150%22%20y%3D%22150%22%2F%3E%3Crect%20width%3D%22150%22%20height%3D%22150%22%20fill%3D%22%23fffaf0%22%20x%3D%22300%22%20y%3D%22150%22%2F%3E%3Crect%20width%3D%22150%22%20height%3D%22150%22%20fill%3D%22%23bd926f%22%20y%3D%22300%22%2F%3E%3Crect%20width%3D%22150%22%20height%3D%22150%22%20fill%3D%22%23777a21%22%20x%3D%22150%22%20y%3D%22300%22%2F%3E%3Crect%20width%3D%22150%22%20height%3D%22150%22%20fill%3D%22%23211b25%22%20x%3D%22300%22%20y%3D%22300%22%2F%3E%3C%2Fg%3E%3C%2Fsvg%3E\" decoding=\"async\" data-lazy=\"1\" loading=\"lazy\" data-tf-src=\"https:\/\/theartoftastingportugal.com\/wp-content\/uploads\/2022\/03\/Experiencia-Quinta-do-Monte-Doiro-SQUARE-450x450.jpg\" width=\"450\" height=\"450\" title=\"Experi\u00eancia Quinta do Monte Doiro -SQUARE\" alt=\"Experi\u00eancia Quinta do Monte Doiro -SQUARE\" data-tf-srcset=\"https:\/\/theartoftastingportugal.com\/wp-content\/uploads\/2022\/03\/Experiencia-Quinta-do-Monte-Doiro-SQUARE-450x450.jpg 450w, https:\/\/theartoftastingportugal.com\/wp-content\/uploads\/2022\/03\/Experiencia-Quinta-do-Monte-Doiro-SQUARE-300x300.jpg 300w, https:\/\/theartoftastingportugal.com\/wp-content\/uploads\/2022\/03\/Experiencia-Quinta-do-Monte-Doiro-SQUARE-150x150.jpg 150w, https:\/\/theartoftastingportugal.com\/wp-content\/uploads\/2022\/03\/Experiencia-Quinta-do-Monte-Doiro-SQUARE-768x768.jpg 768w, https:\/\/theartoftastingportugal.com\/wp-content\/uploads\/2022\/03\/Experiencia-Quinta-do-Monte-Doiro-SQUARE-600x600.jpg 600w, https:\/\/theartoftastingportugal.com\/wp-content\/uploads\/2022\/03\/Experiencia-Quinta-do-Monte-Doiro-SQUARE-100x100.jpg 100w, https:\/\/theartoftastingportugal.com\/wp-content\/uploads\/2022\/03\/Experiencia-Quinta-do-Monte-Doiro-SQUARE.jpg 1000w\" data-tf-sizes=\"(max-width: 450px) 100vw, 450px\" \/><noscript><img loading=\"lazy\" data-tf-not-load src=\"https:\/\/theartoftastingportugal.com\/wp-content\/uploads\/2022\/03\/Experiencia-Quinta-do-Monte-Doiro-SQUARE-450x450.jpg\" width=\"450\" height=\"450\" title=\"Experi\u00eancia Quinta do Monte Doiro -SQUARE\" alt=\"Experi\u00eancia Quinta do Monte Doiro -SQUARE\" srcset=\"https:\/\/theartoftastingportugal.com\/wp-content\/uploads\/2022\/03\/Experiencia-Quinta-do-Monte-Doiro-SQUARE-450x450.jpg 450w, https:\/\/theartoftastingportugal.com\/wp-content\/uploads\/2022\/03\/Experiencia-Quinta-do-Monte-Doiro-SQUARE-300x300.jpg 300w, https:\/\/theartoftastingportugal.com\/wp-content\/uploads\/2022\/03\/Experiencia-Quinta-do-Monte-Doiro-SQUARE-150x150.jpg 150w, https:\/\/theartoftastingportugal.com\/wp-content\/uploads\/2022\/03\/Experiencia-Quinta-do-Monte-Doiro-SQUARE-768x768.jpg 768w, https:\/\/theartoftastingportugal.com\/wp-content\/uploads\/2022\/03\/Experiencia-Quinta-do-Monte-Doiro-SQUARE-600x600.jpg 600w, https:\/\/theartoftastingportugal.com\/wp-content\/uploads\/2022\/03\/Experiencia-Quinta-do-Monte-Doiro-SQUARE-100x100.jpg 100w, https:\/\/theartoftastingportugal.com\/wp-content\/uploads\/2022\/03\/Experiencia-Quinta-do-Monte-Doiro-SQUARE.jpg 1000w\" sizes=\"(max-width: 450px) 100vw, 450px\" \/><\/noscript><\/a> <\/figure> Alenquer | 2-8 people <h3> <a href=\"https:\/\/theartoftastingportugal.com\/en\/product\/vineyard-monte-doiro\/\" title=\"Vineyard Monte d\u2019Oiro\"> Vineyard Monte d\u2019Oiro <\/a> <\/h3> \n <\/li> <li> <figure> <a href=\"https:\/\/theartoftastingportugal.com\/en\/product\/chef-alexandre-silva-gastronomic-experience\/\" title=\"Chef Alexandre Silva Gastronomic Experience\"><img src=\"data:image\/svg+xml;charset=UTF-8,%3Csvg%20xmlns%3D%22http%3A%2F%2Fwww.w3.org%2F2000%2Fsvg%22%20width%3D%22450%22%20height%3D%22450%22%3E%3Cg%20fill%3D%22%231b7192%22%3E%3Crect%20width%3D%22150%22%20height%3D%22150%22%2F%3E%3Crect%20width%3D%22150%22%20height%3D%22150%22%20fill%3D%22%23076c88%22%20x%3D%22150%22%2F%3E%3Crect%20width%3D%22150%22%20height%3D%22150%22%20fill%3D%22%23d0c1b0%22%20x%3D%22300%22%2F%3E%3Crect%20width%3D%22150%22%20height%3D%22150%22%20fill%3D%22%2301667c%22%20y%3D%22150%22%2F%3E%3Crect%20width%3D%22150%22%20height%3D%22150%22%20fill%3D%22%23141422%22%20x%3D%22150%22%20y%3D%22150%22%2F%3E%3Crect%20width%3D%22150%22%20height%3D%22150%22%20fill%3D%22%238f7166%22%20x%3D%22300%22%20y%3D%22150%22%2F%3E%3Crect%20width%3D%22150%22%20height%3D%22150%22%20fill%3D%22%23014861%22%20y%3D%22300%22%2F%3E%3Crect%20width%3D%22150%22%20height%3D%22150%22%20fill%3D%22%23261111%22%20x%3D%22150%22%20y%3D%22300%22%2F%3E%3Crect%20width%3D%22150%22%20height%3D%22150%22%20fill%3D%22%23d6c3b4%22%20x%3D%22300%22%20y%3D%22300%22%2F%3E%3C%2Fg%3E%3C%2Fsvg%3E\" decoding=\"async\" data-lazy=\"1\" loading=\"lazy\" data-tf-src=\"https:\/\/theartoftastingportugal.com\/wp-content\/uploads\/2024\/11\/i-Od-O_A-450x450.png\" width=\"450\" height=\"450\" title=\"i-Od-O_A\" alt=\"i-Od-O_A\" data-tf-srcset=\"https:\/\/theartoftastingportugal.com\/wp-content\/uploads\/2024\/11\/i-Od-O_A-450x450.png 450w, https:\/\/theartoftastingportugal.com\/wp-content\/uploads\/2024\/11\/i-Od-O_A-150x150.png 150w, https:\/\/theartoftastingportugal.com\/wp-content\/uploads\/2024\/11\/i-Od-O_A-300x300.png 300w, https:\/\/theartoftastingportugal.com\/wp-content\/uploads\/2024\/11\/i-Od-O_A-100x100.png 100w\" data-tf-sizes=\"(max-width: 450px) 100vw, 450px\" \/><noscript><img loading=\"lazy\" data-tf-not-load src=\"https:\/\/theartoftastingportugal.com\/wp-content\/uploads\/2024\/11\/i-Od-O_A-450x450.png\" width=\"450\" height=\"450\" title=\"i-Od-O_A\" alt=\"i-Od-O_A\" srcset=\"https:\/\/theartoftastingportugal.com\/wp-content\/uploads\/2024\/11\/i-Od-O_A-450x450.png 450w, https:\/\/theartoftastingportugal.com\/wp-content\/uploads\/2024\/11\/i-Od-O_A-150x150.png 150w, https:\/\/theartoftastingportugal.com\/wp-content\/uploads\/2024\/11\/i-Od-O_A-300x300.png 300w, https:\/\/theartoftastingportugal.com\/wp-content\/uploads\/2024\/11\/i-Od-O_A-100x100.png 100w\" sizes=\"(max-width: 450px) 100vw, 450px\" \/><\/noscript><\/a> <\/figure> <img src=\"\/\/theartoftastingportugal.com\/wp-content\/plugins\/yith-woocommerce-badges-management\/assets\/images\/image-badges\/1.svg\" alt=\"YITH Badge\"\/> \n Berlengas | 2-6 people <h3> <a href=\"https:\/\/theartoftastingportugal.com\/en\/product\/chef-alexandre-silva-gastronomic-experience\/\" title=\"Chef Alexandre Silva Gastronomic Experience\"> Chef Alexandre Silva Gastronomic Experience <\/a> <\/h3> \n <\/li> <li> <figure> <a href=\"https:\/\/theartoftastingportugal.com\/en\/product\/a-day-at-quinta-de-lemos-chef-diogo-rocha\/\" title=\"A day at Quinta de Lemos &#8211; Chef Diogo Rocha\"><img src=\"data:image\/svg+xml;charset=UTF-8,%3Csvg%20xmlns%3D%22http%3A%2F%2Fwww.w3.org%2F2000%2Fsvg%22%20width%3D%22450%22%20height%3D%22450%22%3E%3Cg%20fill%3D%22%23729dd0%22%3E%3Crect%20width%3D%22150%22%20height%3D%22150%22%2F%3E%3Crect%20width%3D%22150%22%20height%3D%22150%22%20fill%3D%22%238aafdb%22%20x%3D%22150%22%2F%3E%3Crect%20width%3D%22150%22%20height%3D%22150%22%20fill%3D%22%23abc8e6%22%20x%3D%22300%22%2F%3E%3Crect%20width%3D%22150%22%20height%3D%22150%22%20fill%3D%22%23edf1f4%22%20y%3D%22150%22%2F%3E%3Crect%20width%3D%22150%22%20height%3D%22150%22%20fill%3D%22%23fafafc%22%20x%3D%22150%22%20y%3D%22150%22%2F%3E%3Crect%20width%3D%22150%22%20height%3D%22150%22%20fill%3D%22%23fefefe%22%20x%3D%22300%22%20y%3D%22150%22%2F%3E%3Crect%20width%3D%22150%22%20height%3D%22150%22%20fill%3D%22%23bccce3%22%20y%3D%22300%22%2F%3E%3Crect%20width%3D%22150%22%20height%3D%22150%22%20fill%3D%22%23bacae4%22%20x%3D%22150%22%20y%3D%22300%22%2F%3E%3Crect%20width%3D%22150%22%20height%3D%22150%22%20fill%3D%22%23efcbbf%22%20x%3D%22300%22%20y%3D%22300%22%2F%3E%3C%2Fg%3E%3C%2Fsvg%3E\" decoding=\"async\" data-lazy=\"1\" loading=\"lazy\" data-tf-src=\"https:\/\/theartoftastingportugal.com\/wp-content\/uploads\/2023\/10\/Mesa-de-Lemos-04-17-154-450x450.jpg\" width=\"450\" height=\"450\" title=\"Mesa de Lemos 04-17 (154)\" alt=\"Mesa de Lemos 04-17 (154)\" data-tf-srcset=\"https:\/\/theartoftastingportugal.com\/wp-content\/uploads\/2023\/10\/Mesa-de-Lemos-04-17-154-450x450.jpg 450w, https:\/\/theartoftastingportugal.com\/wp-content\/uploads\/2023\/10\/Mesa-de-Lemos-04-17-154-150x150.jpg 150w, https:\/\/theartoftastingportugal.com\/wp-content\/uploads\/2023\/10\/Mesa-de-Lemos-04-17-154-300x300.jpg 300w, https:\/\/theartoftastingportugal.com\/wp-content\/uploads\/2023\/10\/Mesa-de-Lemos-04-17-154-100x100.jpg 100w\" data-tf-sizes=\"(max-width: 450px) 100vw, 450px\" \/><noscript><img loading=\"lazy\" data-tf-not-load src=\"https:\/\/theartoftastingportugal.com\/wp-content\/uploads\/2023\/10\/Mesa-de-Lemos-04-17-154-450x450.jpg\" width=\"450\" height=\"450\" title=\"Mesa de Lemos 04-17 (154)\" alt=\"Mesa de Lemos 04-17 (154)\" srcset=\"https:\/\/theartoftastingportugal.com\/wp-content\/uploads\/2023\/10\/Mesa-de-Lemos-04-17-154-450x450.jpg 450w, https:\/\/theartoftastingportugal.com\/wp-content\/uploads\/2023\/10\/Mesa-de-Lemos-04-17-154-150x150.jpg 150w, https:\/\/theartoftastingportugal.com\/wp-content\/uploads\/2023\/10\/Mesa-de-Lemos-04-17-154-300x300.jpg 300w, https:\/\/theartoftastingportugal.com\/wp-content\/uploads\/2023\/10\/Mesa-de-Lemos-04-17-154-100x100.jpg 100w\" sizes=\"(max-width: 450px) 100vw, 450px\" \/><\/noscript><\/a> <\/figure> Viseu | 2-6 people <h3> <a href=\"https:\/\/theartoftastingportugal.com\/en\/product\/a-day-at-quinta-de-lemos-chef-diogo-rocha\/\" title=\"A day at Quinta de Lemos &#8211; Chef Diogo Rocha\"> A day at Quinta de Lemos &#8211; Chef Diogo Rocha <\/a> <\/h3> \n <\/li> <\/ul>\n\n<h2>Algarve<br\/><\/h2>\n<ul> <li> <figure> <a href=\"https:\/\/theartoftastingportugal.com\/en\/product\/salmarim\/\" title=\"Salmarim\"><img src=\"data:image\/svg+xml;charset=UTF-8,%3Csvg%20xmlns%3D%22http%3A%2F%2Fwww.w3.org%2F2000%2Fsvg%22%20width%3D%22450%22%20height%3D%22450%22%3E%3Cg%20fill%3D%22%23a4e2fb%22%3E%3Crect%20width%3D%22150%22%20height%3D%22150%22%2F%3E%3Crect%20width%3D%22150%22%20height%3D%22150%22%20fill%3D%22%23a7e3fd%22%20x%3D%22150%22%2F%3E%3Crect%20width%3D%22150%22%20height%3D%22150%22%20fill%3D%22%23a5e3fc%22%20x%3D%22300%22%2F%3E%3Crect%20width%3D%22150%22%20height%3D%22150%22%20fill%3D%22%23b2e6fc%22%20y%3D%22150%22%2F%3E%3Crect%20width%3D%22150%22%20height%3D%22150%22%20fill%3D%22%23b3e7fd%22%20x%3D%22150%22%20y%3D%22150%22%2F%3E%3Crect%20width%3D%22150%22%20height%3D%22150%22%20fill%3D%22%23b4e7fc%22%20x%3D%22300%22%20y%3D%22150%22%2F%3E%3Crect%20width%3D%22150%22%20height%3D%22150%22%20fill%3D%22%23dadfe5%22%20y%3D%22300%22%2F%3E%3Crect%20width%3D%22150%22%20height%3D%22150%22%20fill%3D%22%23e8e8ea%22%20x%3D%22150%22%20y%3D%22300%22%2F%3E%3Crect%20width%3D%22150%22%20height%3D%22150%22%20fill%3D%22%23f2f2f4%22%20x%3D%22300%22%20y%3D%22300%22%2F%3E%3C%2Fg%3E%3C%2Fsvg%3E\" decoding=\"async\" data-lazy=\"1\" loading=\"lazy\" data-tf-src=\"https:\/\/theartoftastingportugal.com\/wp-content\/uploads\/2022\/05\/Experiencia-Salmarim-SQUARE-450x450.jpg\" width=\"450\" height=\"450\" title=\"Experiencia Salmarim-SQUARE\" alt=\"Experiencia Salmarim-SQUARE\" data-tf-srcset=\"https:\/\/theartoftastingportugal.com\/wp-content\/uploads\/2022\/05\/Experiencia-Salmarim-SQUARE-450x450.jpg 450w, https:\/\/theartoftastingportugal.com\/wp-content\/uploads\/2022\/05\/Experiencia-Salmarim-SQUARE-300x300.jpg 300w, https:\/\/theartoftastingportugal.com\/wp-content\/uploads\/2022\/05\/Experiencia-Salmarim-SQUARE-150x150.jpg 150w, https:\/\/theartoftastingportugal.com\/wp-content\/uploads\/2022\/05\/Experiencia-Salmarim-SQUARE-768x768.jpg 768w, https:\/\/theartoftastingportugal.com\/wp-content\/uploads\/2022\/05\/Experiencia-Salmarim-SQUARE-600x600.jpg 600w, https:\/\/theartoftastingportugal.com\/wp-content\/uploads\/2022\/05\/Experiencia-Salmarim-SQUARE-100x100.jpg 100w, https:\/\/theartoftastingportugal.com\/wp-content\/uploads\/2022\/05\/Experiencia-Salmarim-SQUARE.jpg 1000w\" data-tf-sizes=\"(max-width: 450px) 100vw, 450px\" \/><noscript><img loading=\"lazy\" data-tf-not-load src=\"https:\/\/theartoftastingportugal.com\/wp-content\/uploads\/2022\/05\/Experiencia-Salmarim-SQUARE-450x450.jpg\" width=\"450\" height=\"450\" title=\"Experiencia Salmarim-SQUARE\" alt=\"Experiencia Salmarim-SQUARE\" srcset=\"https:\/\/theartoftastingportugal.com\/wp-content\/uploads\/2022\/05\/Experiencia-Salmarim-SQUARE-450x450.jpg 450w, https:\/\/theartoftastingportugal.com\/wp-content\/uploads\/2022\/05\/Experiencia-Salmarim-SQUARE-300x300.jpg 300w, https:\/\/theartoftastingportugal.com\/wp-content\/uploads\/2022\/05\/Experiencia-Salmarim-SQUARE-150x150.jpg 150w, https:\/\/theartoftastingportugal.com\/wp-content\/uploads\/2022\/05\/Experiencia-Salmarim-SQUARE-768x768.jpg 768w, https:\/\/theartoftastingportugal.com\/wp-content\/uploads\/2022\/05\/Experiencia-Salmarim-SQUARE-600x600.jpg 600w, https:\/\/theartoftastingportugal.com\/wp-content\/uploads\/2022\/05\/Experiencia-Salmarim-SQUARE-100x100.jpg 100w, https:\/\/theartoftastingportugal.com\/wp-content\/uploads\/2022\/05\/Experiencia-Salmarim-SQUARE.jpg 1000w\" sizes=\"(max-width: 450px) 100vw, 450px\" \/><\/noscript><\/a> <\/figure> Castro Marim | 3-12 people <h3> <a href=\"https:\/\/theartoftastingportugal.com\/en\/product\/salmarim\/\" title=\"Salmarim\"> Salmarim <\/a> <\/h3> \n <\/li> <li> <figure> <a href=\"https:\/\/theartoftastingportugal.com\/en\/product\/ria-flavors-with-chef-joao-oliveira\/\" title=\"Ria flavors with Chef Jo\u00e3o Oliveira\"><img src=\"data:image\/svg+xml;charset=UTF-8,%3Csvg%20xmlns%3D%22http%3A%2F%2Fwww.w3.org%2F2000%2Fsvg%22%20width%3D%22450%22%20height%3D%22450%22%3E%3Cg%20fill%3D%22%23a4a4a4%22%3E%3Crect%20width%3D%22150%22%20height%3D%22150%22%2F%3E%3Crect%20width%3D%22150%22%20height%3D%22150%22%20fill%3D%22%23eaeaea%22%20x%3D%22150%22%2F%3E%3Crect%20width%3D%22150%22%20height%3D%22150%22%20x%3D%22300%22%2F%3E%3Crect%20width%3D%22150%22%20height%3D%22150%22%20fill%3D%22%23d7d7d7%22%20y%3D%22150%22%2F%3E%3Crect%20width%3D%22150%22%20height%3D%22150%22%20fill%3D%22%230a0a0a%22%20x%3D%22150%22%20y%3D%22150%22%2F%3E%3Crect%20width%3D%22150%22%20height%3D%22150%22%20fill%3D%22%23191919%22%20x%3D%22300%22%20y%3D%22150%22%2F%3E%3Crect%20width%3D%22150%22%20height%3D%22150%22%20fill%3D%22%23eeeeee%22%20y%3D%22300%22%2F%3E%3Crect%20width%3D%22150%22%20height%3D%22150%22%20fill%3D%22%23040404%22%20x%3D%22150%22%20y%3D%22300%22%2F%3E%3Crect%20width%3D%22150%22%20height%3D%22150%22%20fill%3D%22%231f1f1f%22%20x%3D%22300%22%20y%3D%22300%22%2F%3E%3C%2Fg%3E%3C%2Fsvg%3E\" decoding=\"async\" data-lazy=\"1\" loading=\"lazy\" data-tf-src=\"https:\/\/theartoftastingportugal.com\/wp-content\/uploads\/2021\/01\/joao-oliveira-1-450x450.jpg\" width=\"450\" height=\"450\" title=\"joao-oliveira-1\" alt=\"joao-oliveira-1\" data-tf-srcset=\"https:\/\/theartoftastingportugal.com\/wp-content\/uploads\/2021\/01\/joao-oliveira-1-450x450.jpg 450w, https:\/\/theartoftastingportugal.com\/wp-content\/uploads\/2021\/01\/joao-oliveira-1-300x300.jpg 300w, https:\/\/theartoftastingportugal.com\/wp-content\/uploads\/2021\/01\/joao-oliveira-1-100x100.jpg 100w, https:\/\/theartoftastingportugal.com\/wp-content\/uploads\/2021\/01\/joao-oliveira-1-600x600.jpg 600w, https:\/\/theartoftastingportugal.com\/wp-content\/uploads\/2021\/01\/joao-oliveira-1-150x150.jpg 150w, https:\/\/theartoftastingportugal.com\/wp-content\/uploads\/2021\/01\/joao-oliveira-1-768x768.jpg 768w, https:\/\/theartoftastingportugal.com\/wp-content\/uploads\/2021\/01\/joao-oliveira-1-360x360.jpg 360w, https:\/\/theartoftastingportugal.com\/wp-content\/uploads\/2021\/01\/joao-oliveira-1-365x365.jpg 365w, https:\/\/theartoftastingportugal.com\/wp-content\/uploads\/2021\/01\/joao-oliveira-1-400x400.jpg 400w, https:\/\/theartoftastingportugal.com\/wp-content\/uploads\/2021\/01\/joao-oliveira-1.jpg 1000w\" data-tf-sizes=\"(max-width: 450px) 100vw, 450px\" \/><noscript><img loading=\"lazy\" data-tf-not-load src=\"https:\/\/theartoftastingportugal.com\/wp-content\/uploads\/2021\/01\/joao-oliveira-1-450x450.jpg\" width=\"450\" height=\"450\" title=\"joao-oliveira-1\" alt=\"joao-oliveira-1\" srcset=\"https:\/\/theartoftastingportugal.com\/wp-content\/uploads\/2021\/01\/joao-oliveira-1-450x450.jpg 450w, https:\/\/theartoftastingportugal.com\/wp-content\/uploads\/2021\/01\/joao-oliveira-1-300x300.jpg 300w, https:\/\/theartoftastingportugal.com\/wp-content\/uploads\/2021\/01\/joao-oliveira-1-100x100.jpg 100w, https:\/\/theartoftastingportugal.com\/wp-content\/uploads\/2021\/01\/joao-oliveira-1-600x600.jpg 600w, https:\/\/theartoftastingportugal.com\/wp-content\/uploads\/2021\/01\/joao-oliveira-1-150x150.jpg 150w, https:\/\/theartoftastingportugal.com\/wp-content\/uploads\/2021\/01\/joao-oliveira-1-768x768.jpg 768w, https:\/\/theartoftastingportugal.com\/wp-content\/uploads\/2021\/01\/joao-oliveira-1-360x360.jpg 360w, https:\/\/theartoftastingportugal.com\/wp-content\/uploads\/2021\/01\/joao-oliveira-1-365x365.jpg 365w, https:\/\/theartoftastingportugal.com\/wp-content\/uploads\/2021\/01\/joao-oliveira-1-400x400.jpg 400w, https:\/\/theartoftastingportugal.com\/wp-content\/uploads\/2021\/01\/joao-oliveira-1.jpg 1000w\" sizes=\"(max-width: 450px) 100vw, 450px\" \/><\/noscript><\/a> <\/figure> Portim\u00e3o | 2 people <h3> <a href=\"https:\/\/theartoftastingportugal.com\/en\/product\/ria-flavors-with-chef-joao-oliveira\/\" title=\"Ria flavors with Chef Jo\u00e3o Oliveira\"> Ria flavors with Chef Jo\u00e3o Oliveira <\/a> <\/h3> \n <\/li> <li> <figure> <a href=\"https:\/\/theartoftastingportugal.com\/en\/product\/a-day-in-the-saltpans-with-chef-noelia-jeronimo\/\" title=\"A day in the saltpans with Chef No\u00e9lia Jer\u00f3nimo\"><img src=\"data:image\/svg+xml;charset=UTF-8,%3Csvg%20xmlns%3D%22http%3A%2F%2Fwww.w3.org%2F2000%2Fsvg%22%20width%3D%22450%22%20height%3D%22450%22%3E%3Cg%20fill%3D%22%23dbe0e6%22%3E%3Crect%20width%3D%22150%22%20height%3D%22150%22%2F%3E%3Crect%20width%3D%22150%22%20height%3D%22150%22%20fill%3D%22%23c9d2db%22%20x%3D%22150%22%2F%3E%3Crect%20width%3D%22150%22%20height%3D%22150%22%20fill%3D%22%23d1d8e0%22%20x%3D%22300%22%2F%3E%3Crect%20width%3D%22150%22%20height%3D%22150%22%20fill%3D%22%23e1e2e7%22%20y%3D%22150%22%2F%3E%3Crect%20width%3D%22150%22%20height%3D%22150%22%20fill%3D%22%23c1cbd7%22%20x%3D%22150%22%20y%3D%22150%22%2F%3E%3Crect%20width%3D%22150%22%20height%3D%22150%22%20fill%3D%22%23a3baca%22%20x%3D%22300%22%20y%3D%22150%22%2F%3E%3Crect%20width%3D%22150%22%20height%3D%22150%22%20fill%3D%22%23606644%22%20y%3D%22300%22%2F%3E%3Crect%20width%3D%22150%22%20height%3D%22150%22%20fill%3D%22%2341392c%22%20x%3D%22150%22%20y%3D%22300%22%2F%3E%3Crect%20width%3D%22150%22%20height%3D%22150%22%20fill%3D%22%23112d1e%22%20x%3D%22300%22%20y%3D%22300%22%2F%3E%3C%2Fg%3E%3C%2Fsvg%3E\" decoding=\"async\" data-lazy=\"1\" loading=\"lazy\" data-tf-src=\"https:\/\/theartoftastingportugal.com\/wp-content\/uploads\/2023\/06\/the-art-of-tasting-portugal-Noelia-Jeronimo-Salmarim-06062023-168-300dpi-1024x683-450x450.jpg\" width=\"450\" height=\"450\" title=\"the-art-of-tasting-portugal-Noelia-Jeronimo-Salmarim-06062023-168-300dpi\" alt=\"the-art-of-tasting-portugal-Noelia-Jeronimo-Salmarim-06062023-168-300dpi\" data-tf-srcset=\"https:\/\/theartoftastingportugal.com\/wp-content\/uploads\/2023\/06\/the-art-of-tasting-portugal-Noelia-Jeronimo-Salmarim-06062023-168-300dpi-1024x683-450x450.jpg 450w, https:\/\/theartoftastingportugal.com\/wp-content\/uploads\/2023\/06\/the-art-of-tasting-portugal-Noelia-Jeronimo-Salmarim-06062023-168-300dpi-150x150.jpg 150w, https:\/\/theartoftastingportugal.com\/wp-content\/uploads\/2023\/06\/the-art-of-tasting-portugal-Noelia-Jeronimo-Salmarim-06062023-168-300dpi-300x300.jpg 300w, https:\/\/theartoftastingportugal.com\/wp-content\/uploads\/2023\/06\/the-art-of-tasting-portugal-Noelia-Jeronimo-Salmarim-06062023-168-300dpi-100x100.jpg 100w\" data-tf-sizes=\"(max-width: 450px) 100vw, 450px\" \/><noscript><img loading=\"lazy\" data-tf-not-load src=\"https:\/\/theartoftastingportugal.com\/wp-content\/uploads\/2023\/06\/the-art-of-tasting-portugal-Noelia-Jeronimo-Salmarim-06062023-168-300dpi-1024x683-450x450.jpg\" width=\"450\" height=\"450\" title=\"the-art-of-tasting-portugal-Noelia-Jeronimo-Salmarim-06062023-168-300dpi\" alt=\"the-art-of-tasting-portugal-Noelia-Jeronimo-Salmarim-06062023-168-300dpi\" srcset=\"https:\/\/theartoftastingportugal.com\/wp-content\/uploads\/2023\/06\/the-art-of-tasting-portugal-Noelia-Jeronimo-Salmarim-06062023-168-300dpi-1024x683-450x450.jpg 450w, https:\/\/theartoftastingportugal.com\/wp-content\/uploads\/2023\/06\/the-art-of-tasting-portugal-Noelia-Jeronimo-Salmarim-06062023-168-300dpi-150x150.jpg 150w, https:\/\/theartoftastingportugal.com\/wp-content\/uploads\/2023\/06\/the-art-of-tasting-portugal-Noelia-Jeronimo-Salmarim-06062023-168-300dpi-300x300.jpg 300w, https:\/\/theartoftastingportugal.com\/wp-content\/uploads\/2023\/06\/the-art-of-tasting-portugal-Noelia-Jeronimo-Salmarim-06062023-168-300dpi-100x100.jpg 100w\" sizes=\"(max-width: 450px) 100vw, 450px\" \/><\/noscript><\/a> <\/figure> <img src=\"\/\/theartoftastingportugal.com\/wp-content\/plugins\/yith-woocommerce-badges-management\/assets\/images\/image-badges\/1.svg\" alt=\"YITH Badge\"\/> \n Castro Marim | 4-12 people <h3> <a href=\"https:\/\/theartoftastingportugal.com\/en\/product\/a-day-in-the-saltpans-with-chef-noelia-jeronimo\/\" title=\"A day in the saltpans with Chef No\u00e9lia Jer\u00f3nimo\"> A day in the saltpans with Chef No\u00e9lia Jer\u00f3nimo <\/a> <\/h3> \n <\/li> <\/ul>\n\n<h2>Azores<br\/><\/h2>\n<ul> <li> <figure> <a href=\"https:\/\/theartoftastingportugal.com\/en\/product\/experiencia-gastronomica-chef-claudio-pontes-passeio-de-barco\/\" title=\"Porto Formoso Tour Porto with Chef Cl\u00e1udio Pontes\"><img src=\"data:image\/svg+xml;charset=UTF-8,%3Csvg%20xmlns%3D%22http%3A%2F%2Fwww.w3.org%2F2000%2Fsvg%22%20width%3D%22450%22%20height%3D%22450%22%3E%3Cg%20fill%3D%22%23025b83%22%3E%3Crect%20width%3D%22150%22%20height%3D%22150%22%2F%3E%3Crect%20width%3D%22150%22%20height%3D%22150%22%20fill%3D%22%23026489%22%20x%3D%22150%22%2F%3E%3Crect%20width%3D%22150%22%20height%3D%22150%22%20fill%3D%22%23026489%22%20x%3D%22300%22%2F%3E%3Crect%20width%3D%22150%22%20height%3D%22150%22%20fill%3D%22%23a4ba67%22%20y%3D%22150%22%2F%3E%3Crect%20width%3D%22150%22%20height%3D%22150%22%20fill%3D%22%2330344d%22%20x%3D%22150%22%20y%3D%22150%22%2F%3E%3Crect%20width%3D%22150%22%20height%3D%22150%22%20fill%3D%22%23887567%22%20x%3D%22300%22%20y%3D%22150%22%2F%3E%3Crect%20width%3D%22150%22%20height%3D%22150%22%20fill%3D%22%23bfd873%22%20y%3D%22300%22%2F%3E%3Crect%20width%3D%22150%22%20height%3D%22150%22%20fill%3D%22%23123143%22%20x%3D%22150%22%20y%3D%22300%22%2F%3E%3Crect%20width%3D%22150%22%20height%3D%22150%22%20fill%3D%22%23839680%22%20x%3D%22300%22%20y%3D%22300%22%2F%3E%3C%2Fg%3E%3C%2Fsvg%3E\" decoding=\"async\" data-lazy=\"1\" loading=\"lazy\" data-tf-src=\"https:\/\/theartoftastingportugal.com\/wp-content\/uploads\/2022\/03\/Chef-Claudio-Pontes-Passeio-de-barco-SQUARE-450x450.jpg\" width=\"450\" height=\"450\" title=\"Chef Claudio Pontes - Passeio de barco-SQUARE\" alt=\"Chef Claudio Pontes - Passeio de barco-SQUARE\" data-tf-srcset=\"https:\/\/theartoftastingportugal.com\/wp-content\/uploads\/2022\/03\/Chef-Claudio-Pontes-Passeio-de-barco-SQUARE-450x450.jpg 450w, https:\/\/theartoftastingportugal.com\/wp-content\/uploads\/2022\/03\/Chef-Claudio-Pontes-Passeio-de-barco-SQUARE-300x300.jpg 300w, https:\/\/theartoftastingportugal.com\/wp-content\/uploads\/2022\/03\/Chef-Claudio-Pontes-Passeio-de-barco-SQUARE-150x150.jpg 150w, https:\/\/theartoftastingportugal.com\/wp-content\/uploads\/2022\/03\/Chef-Claudio-Pontes-Passeio-de-barco-SQUARE-768x768.jpg 768w, https:\/\/theartoftastingportugal.com\/wp-content\/uploads\/2022\/03\/Chef-Claudio-Pontes-Passeio-de-barco-SQUARE-600x600.jpg 600w, https:\/\/theartoftastingportugal.com\/wp-content\/uploads\/2022\/03\/Chef-Claudio-Pontes-Passeio-de-barco-SQUARE-100x100.jpg 100w, https:\/\/theartoftastingportugal.com\/wp-content\/uploads\/2022\/03\/Chef-Claudio-Pontes-Passeio-de-barco-SQUARE.jpg 1000w\" data-tf-sizes=\"(max-width: 450px) 100vw, 450px\" \/><noscript><img loading=\"lazy\" data-tf-not-load src=\"https:\/\/theartoftastingportugal.com\/wp-content\/uploads\/2022\/03\/Chef-Claudio-Pontes-Passeio-de-barco-SQUARE-450x450.jpg\" width=\"450\" height=\"450\" title=\"Chef Claudio Pontes - Passeio de barco-SQUARE\" alt=\"Chef Claudio Pontes - Passeio de barco-SQUARE\" srcset=\"https:\/\/theartoftastingportugal.com\/wp-content\/uploads\/2022\/03\/Chef-Claudio-Pontes-Passeio-de-barco-SQUARE-450x450.jpg 450w, https:\/\/theartoftastingportugal.com\/wp-content\/uploads\/2022\/03\/Chef-Claudio-Pontes-Passeio-de-barco-SQUARE-300x300.jpg 300w, https:\/\/theartoftastingportugal.com\/wp-content\/uploads\/2022\/03\/Chef-Claudio-Pontes-Passeio-de-barco-SQUARE-150x150.jpg 150w, https:\/\/theartoftastingportugal.com\/wp-content\/uploads\/2022\/03\/Chef-Claudio-Pontes-Passeio-de-barco-SQUARE-768x768.jpg 768w, https:\/\/theartoftastingportugal.com\/wp-content\/uploads\/2022\/03\/Chef-Claudio-Pontes-Passeio-de-barco-SQUARE-600x600.jpg 600w, https:\/\/theartoftastingportugal.com\/wp-content\/uploads\/2022\/03\/Chef-Claudio-Pontes-Passeio-de-barco-SQUARE-100x100.jpg 100w, https:\/\/theartoftastingportugal.com\/wp-content\/uploads\/2022\/03\/Chef-Claudio-Pontes-Passeio-de-barco-SQUARE.jpg 1000w\" sizes=\"(max-width: 450px) 100vw, 450px\" \/><\/noscript><\/a> <\/figure> <img src=\"\/\/theartoftastingportugal.com\/wp-content\/plugins\/yith-woocommerce-badges-management\/assets\/images\/image-badges\/1.svg\" alt=\"YITH Badge\"\/> \n S\u00e3o Miguel | 4-10 people <h3> <a href=\"https:\/\/theartoftastingportugal.com\/en\/product\/experiencia-gastronomica-chef-claudio-pontes-passeio-de-barco\/\" title=\"Porto Formoso Tour Porto with Chef Cl\u00e1udio Pontes\"> Porto Formoso Tour Porto with Chef Cl\u00e1udio Pontes <\/a> <\/h3> \n <\/li> <li> <figure> <a href=\"https:\/\/theartoftastingportugal.com\/en\/product\/pineapple-farm-with-chef-claudio-pontes\/\" title=\"Pineapple Farm with Chef Cl\u00e1udio Pontes\"><img src=\"data:image\/svg+xml;charset=UTF-8,%3Csvg%20xmlns%3D%22http%3A%2F%2Fwww.w3.org%2F2000%2Fsvg%22%20width%3D%22450%22%20height%3D%22450%22%3E%3Cg%20fill%3D%22%23d8cdbb%22%3E%3Crect%20width%3D%22150%22%20height%3D%22150%22%2F%3E%3Crect%20width%3D%22150%22%20height%3D%22150%22%20fill%3D%22%23ebe4da%22%20x%3D%22150%22%2F%3E%3Crect%20width%3D%22150%22%20height%3D%22150%22%20fill%3D%22%239f8f38%22%20x%3D%22300%22%2F%3E%3Crect%20width%3D%22150%22%20height%3D%22150%22%20fill%3D%22%23af9d6f%22%20y%3D%22150%22%2F%3E%3Crect%20width%3D%22150%22%20height%3D%22150%22%20fill%3D%22%23726e41%22%20x%3D%22150%22%20y%3D%22150%22%2F%3E%3Crect%20width%3D%22150%22%20height%3D%22150%22%20fill%3D%22%23ebe5d7%22%20x%3D%22300%22%20y%3D%22150%22%2F%3E%3Crect%20width%3D%22150%22%20height%3D%22150%22%20fill%3D%22%23f3c055%22%20y%3D%22300%22%2F%3E%3Crect%20width%3D%22150%22%20height%3D%22150%22%20fill%3D%22%23d0bf6d%22%20x%3D%22150%22%20y%3D%22300%22%2F%3E%3Crect%20width%3D%22150%22%20height%3D%22150%22%20fill%3D%22%239a7656%22%20x%3D%22300%22%20y%3D%22300%22%2F%3E%3C%2Fg%3E%3C%2Fsvg%3E\" decoding=\"async\" data-lazy=\"1\" loading=\"lazy\" data-tf-src=\"https:\/\/theartoftastingportugal.com\/wp-content\/uploads\/2022\/03\/experiencia-chef-claudio-pontes-herdade-SQUARE-450x450.jpg\" width=\"450\" height=\"450\" title=\"experiencia-chef-claudio-pontes-herdade-SQUARE\" alt=\"experiencia-chef-claudio-pontes-herdade-SQUARE\" data-tf-srcset=\"https:\/\/theartoftastingportugal.com\/wp-content\/uploads\/2022\/03\/experiencia-chef-claudio-pontes-herdade-SQUARE-450x450.jpg 450w, https:\/\/theartoftastingportugal.com\/wp-content\/uploads\/2022\/03\/experiencia-chef-claudio-pontes-herdade-SQUARE-300x300.jpg 300w, https:\/\/theartoftastingportugal.com\/wp-content\/uploads\/2022\/03\/experiencia-chef-claudio-pontes-herdade-SQUARE-150x150.jpg 150w, https:\/\/theartoftastingportugal.com\/wp-content\/uploads\/2022\/03\/experiencia-chef-claudio-pontes-herdade-SQUARE-768x768.jpg 768w, https:\/\/theartoftastingportugal.com\/wp-content\/uploads\/2022\/03\/experiencia-chef-claudio-pontes-herdade-SQUARE-600x600.jpg 600w, https:\/\/theartoftastingportugal.com\/wp-content\/uploads\/2022\/03\/experiencia-chef-claudio-pontes-herdade-SQUARE-100x100.jpg 100w, https:\/\/theartoftastingportugal.com\/wp-content\/uploads\/2022\/03\/experiencia-chef-claudio-pontes-herdade-SQUARE.jpg 1000w\" data-tf-sizes=\"(max-width: 450px) 100vw, 450px\" \/><noscript><img loading=\"lazy\" data-tf-not-load src=\"https:\/\/theartoftastingportugal.com\/wp-content\/uploads\/2022\/03\/experiencia-chef-claudio-pontes-herdade-SQUARE-450x450.jpg\" width=\"450\" height=\"450\" title=\"experiencia-chef-claudio-pontes-herdade-SQUARE\" alt=\"experiencia-chef-claudio-pontes-herdade-SQUARE\" srcset=\"https:\/\/theartoftastingportugal.com\/wp-content\/uploads\/2022\/03\/experiencia-chef-claudio-pontes-herdade-SQUARE-450x450.jpg 450w, https:\/\/theartoftastingportugal.com\/wp-content\/uploads\/2022\/03\/experiencia-chef-claudio-pontes-herdade-SQUARE-300x300.jpg 300w, https:\/\/theartoftastingportugal.com\/wp-content\/uploads\/2022\/03\/experiencia-chef-claudio-pontes-herdade-SQUARE-150x150.jpg 150w, https:\/\/theartoftastingportugal.com\/wp-content\/uploads\/2022\/03\/experiencia-chef-claudio-pontes-herdade-SQUARE-768x768.jpg 768w, https:\/\/theartoftastingportugal.com\/wp-content\/uploads\/2022\/03\/experiencia-chef-claudio-pontes-herdade-SQUARE-600x600.jpg 600w, https:\/\/theartoftastingportugal.com\/wp-content\/uploads\/2022\/03\/experiencia-chef-claudio-pontes-herdade-SQUARE-100x100.jpg 100w, https:\/\/theartoftastingportugal.com\/wp-content\/uploads\/2022\/03\/experiencia-chef-claudio-pontes-herdade-SQUARE.jpg 1000w\" sizes=\"(max-width: 450px) 100vw, 450px\" \/><\/noscript><\/a> <\/figure> S\u00e3o Miguel | 4-10 people <h3> <a href=\"https:\/\/theartoftastingportugal.com\/en\/product\/pineapple-farm-with-chef-claudio-pontes\/\" title=\"Pineapple Farm with Chef Cl\u00e1udio Pontes\"> Pineapple Farm with Chef Cl\u00e1udio Pontes <\/a> <\/h3> \n <\/li> <\/ul>\n\n<h2>Madeira<br\/><\/h2>\n<ul> <li> <figure> <a href=\"https:\/\/theartoftastingportugal.com\/en\/product\/ponta-de-sao-lourenco-tour\/\" title=\"Ponta de S\u00e3o Louren\u00e7o Tour\"><img src=\"data:image\/svg+xml;charset=UTF-8,%3Csvg%20xmlns%3D%22http%3A%2F%2Fwww.w3.org%2F2000%2Fsvg%22%20width%3D%22450%22%20height%3D%22450%22%3E%3Cg%20fill%3D%22%23e4ddd3%22%3E%3Crect%20width%3D%22150%22%20height%3D%22150%22%2F%3E%3Crect%20width%3D%22150%22%20height%3D%22150%22%20fill%3D%22%23f0eee1%22%20x%3D%22150%22%2F%3E%3Crect%20width%3D%22150%22%20height%3D%22150%22%20fill%3D%22%23efecdd%22%20x%3D%22300%22%2F%3E%3Crect%20width%3D%22150%22%20height%3D%22150%22%20fill%3D%22%23e1d3b9%22%20y%3D%22150%22%2F%3E%3Crect%20width%3D%22150%22%20height%3D%22150%22%20fill%3D%22%239d998d%22%20x%3D%22150%22%20y%3D%22150%22%2F%3E%3Crect%20width%3D%22150%22%20height%3D%22150%22%20fill%3D%22%2395948f%22%20x%3D%22300%22%20y%3D%22150%22%2F%3E%3Crect%20width%3D%22150%22%20height%3D%22150%22%20fill%3D%22%23bbb3a8%22%20y%3D%22300%22%2F%3E%3Crect%20width%3D%22150%22%20height%3D%22150%22%20fill%3D%22%23938e8a%22%20x%3D%22150%22%20y%3D%22300%22%2F%3E%3Crect%20width%3D%22150%22%20height%3D%22150%22%20fill%3D%22%23817e79%22%20x%3D%22300%22%20y%3D%22300%22%2F%3E%3C%2Fg%3E%3C%2Fsvg%3E\" decoding=\"async\" data-lazy=\"1\" loading=\"lazy\" data-tf-src=\"https:\/\/theartoftastingportugal.com\/wp-content\/uploads\/2023\/09\/Experiencia-ponta-de-sao-lourenco-SQUARE-450x450.jpg\" width=\"450\" height=\"450\" title=\"Experiencia-ponta-de-sao-lourenco-SQUARE\" alt=\"Experiencia-ponta-de-sao-lourenco-SQUARE\" data-tf-srcset=\"https:\/\/theartoftastingportugal.com\/wp-content\/uploads\/2023\/09\/Experiencia-ponta-de-sao-lourenco-SQUARE-450x450.jpg 450w, https:\/\/theartoftastingportugal.com\/wp-content\/uploads\/2023\/09\/Experiencia-ponta-de-sao-lourenco-SQUARE-300x300.jpg 300w, https:\/\/theartoftastingportugal.com\/wp-content\/uploads\/2023\/09\/Experiencia-ponta-de-sao-lourenco-SQUARE-150x150.jpg 150w, https:\/\/theartoftastingportugal.com\/wp-content\/uploads\/2023\/09\/Experiencia-ponta-de-sao-lourenco-SQUARE-768x768.jpg 768w, https:\/\/theartoftastingportugal.com\/wp-content\/uploads\/2023\/09\/Experiencia-ponta-de-sao-lourenco-SQUARE-600x600.jpg 600w, https:\/\/theartoftastingportugal.com\/wp-content\/uploads\/2023\/09\/Experiencia-ponta-de-sao-lourenco-SQUARE-100x100.jpg 100w, https:\/\/theartoftastingportugal.com\/wp-content\/uploads\/2023\/09\/Experiencia-ponta-de-sao-lourenco-SQUARE.jpg 1000w\" data-tf-sizes=\"(max-width: 450px) 100vw, 450px\" \/><noscript><img loading=\"lazy\" data-tf-not-load src=\"https:\/\/theartoftastingportugal.com\/wp-content\/uploads\/2023\/09\/Experiencia-ponta-de-sao-lourenco-SQUARE-450x450.jpg\" width=\"450\" height=\"450\" title=\"Experiencia-ponta-de-sao-lourenco-SQUARE\" alt=\"Experiencia-ponta-de-sao-lourenco-SQUARE\" srcset=\"https:\/\/theartoftastingportugal.com\/wp-content\/uploads\/2023\/09\/Experiencia-ponta-de-sao-lourenco-SQUARE-450x450.jpg 450w, https:\/\/theartoftastingportugal.com\/wp-content\/uploads\/2023\/09\/Experiencia-ponta-de-sao-lourenco-SQUARE-300x300.jpg 300w, https:\/\/theartoftastingportugal.com\/wp-content\/uploads\/2023\/09\/Experiencia-ponta-de-sao-lourenco-SQUARE-150x150.jpg 150w, https:\/\/theartoftastingportugal.com\/wp-content\/uploads\/2023\/09\/Experiencia-ponta-de-sao-lourenco-SQUARE-768x768.jpg 768w, https:\/\/theartoftastingportugal.com\/wp-content\/uploads\/2023\/09\/Experiencia-ponta-de-sao-lourenco-SQUARE-600x600.jpg 600w, https:\/\/theartoftastingportugal.com\/wp-content\/uploads\/2023\/09\/Experiencia-ponta-de-sao-lourenco-SQUARE-100x100.jpg 100w, https:\/\/theartoftastingportugal.com\/wp-content\/uploads\/2023\/09\/Experiencia-ponta-de-sao-lourenco-SQUARE.jpg 1000w\" sizes=\"(max-width: 450px) 100vw, 450px\" \/><\/noscript><\/a> <\/figure> <img src=\"\/\/theartoftastingportugal.com\/wp-content\/plugins\/yith-woocommerce-badges-management\/assets\/images\/image-badges\/1.svg\" alt=\"YITH Badge\"\/> \n Ponta de S\u00e3o Louren\u00e7o | 12 people <h3> <a href=\"https:\/\/theartoftastingportugal.com\/en\/product\/ponta-de-sao-lourenco-tour\/\" title=\"Ponta de S\u00e3o Louren\u00e7o Tour\"> Ponta de S\u00e3o Louren\u00e7o Tour <\/a> <\/h3> \n <\/li> <li> <figure> <a href=\"https:\/\/theartoftastingportugal.com\/en\/product\/experience-madeira-island-with-chef-benoit-sinthon\/\" title=\"Experience Madeira island with Chef Beno\u00eet Sinthon\"><img src=\"data:image\/svg+xml;charset=UTF-8,%3Csvg%20xmlns%3D%22http%3A%2F%2Fwww.w3.org%2F2000%2Fsvg%22%20width%3D%22450%22%20height%3D%22450%22%3E%3Cg%20fill%3D%22%23000000%22%3E%3Crect%20width%3D%22150%22%20height%3D%22150%22%2F%3E%3Crect%20width%3D%22150%22%20height%3D%22150%22%20fill%3D%22%23040203%22%20x%3D%22150%22%2F%3E%3Crect%20width%3D%22150%22%20height%3D%22150%22%20fill%3D%22%23080607%22%20x%3D%22300%22%2F%3E%3Crect%20width%3D%22150%22%20height%3D%22150%22%20fill%3D%22%23010101%22%20y%3D%22150%22%2F%3E%3Crect%20width%3D%22150%22%20height%3D%22150%22%20fill%3D%22%230f0d0e%22%20x%3D%22150%22%20y%3D%22150%22%2F%3E%3Crect%20width%3D%22150%22%20height%3D%22150%22%20fill%3D%22%23412c29%22%20x%3D%22300%22%20y%3D%22150%22%2F%3E%3Crect%20width%3D%22150%22%20height%3D%22150%22%20fill%3D%22%23010101%22%20y%3D%22300%22%2F%3E%3Crect%20width%3D%22150%22%20height%3D%22150%22%20fill%3D%22%23ebe5e5%22%20x%3D%22150%22%20y%3D%22300%22%2F%3E%3Crect%20width%3D%22150%22%20height%3D%22150%22%20fill%3D%22%233f302d%22%20x%3D%22300%22%20y%3D%22300%22%2F%3E%3C%2Fg%3E%3C%2Fsvg%3E\" decoding=\"async\" data-lazy=\"1\" loading=\"lazy\" data-tf-src=\"https:\/\/theartoftastingportugal.com\/wp-content\/uploads\/2021\/01\/experiencia-benoit-8-450x450.jpg\" width=\"450\" height=\"450\" title=\"experiencia-benoit-8\" alt=\"experiencia-benoit-8\" data-tf-srcset=\"https:\/\/theartoftastingportugal.com\/wp-content\/uploads\/2021\/01\/experiencia-benoit-8-450x450.jpg 450w, https:\/\/theartoftastingportugal.com\/wp-content\/uploads\/2021\/01\/experiencia-benoit-8-300x300.jpg 300w, https:\/\/theartoftastingportugal.com\/wp-content\/uploads\/2021\/01\/experiencia-benoit-8-100x100.jpg 100w, https:\/\/theartoftastingportugal.com\/wp-content\/uploads\/2021\/01\/experiencia-benoit-8-600x600.jpg 600w, https:\/\/theartoftastingportugal.com\/wp-content\/uploads\/2021\/01\/experiencia-benoit-8-150x150.jpg 150w, https:\/\/theartoftastingportugal.com\/wp-content\/uploads\/2021\/01\/experiencia-benoit-8-768x768.jpg 768w, https:\/\/theartoftastingportugal.com\/wp-content\/uploads\/2021\/01\/experiencia-benoit-8-360x360.jpg 360w, https:\/\/theartoftastingportugal.com\/wp-content\/uploads\/2021\/01\/experiencia-benoit-8-365x365.jpg 365w, https:\/\/theartoftastingportugal.com\/wp-content\/uploads\/2021\/01\/experiencia-benoit-8.jpg 1000w\" data-tf-sizes=\"(max-width: 450px) 100vw, 450px\" \/><noscript><img loading=\"lazy\" data-tf-not-load src=\"https:\/\/theartoftastingportugal.com\/wp-content\/uploads\/2021\/01\/experiencia-benoit-8-450x450.jpg\" width=\"450\" height=\"450\" title=\"experiencia-benoit-8\" alt=\"experiencia-benoit-8\" srcset=\"https:\/\/theartoftastingportugal.com\/wp-content\/uploads\/2021\/01\/experiencia-benoit-8-450x450.jpg 450w, https:\/\/theartoftastingportugal.com\/wp-content\/uploads\/2021\/01\/experiencia-benoit-8-300x300.jpg 300w, https:\/\/theartoftastingportugal.com\/wp-content\/uploads\/2021\/01\/experiencia-benoit-8-100x100.jpg 100w, https:\/\/theartoftastingportugal.com\/wp-content\/uploads\/2021\/01\/experiencia-benoit-8-600x600.jpg 600w, https:\/\/theartoftastingportugal.com\/wp-content\/uploads\/2021\/01\/experiencia-benoit-8-150x150.jpg 150w, https:\/\/theartoftastingportugal.com\/wp-content\/uploads\/2021\/01\/experiencia-benoit-8-768x768.jpg 768w, https:\/\/theartoftastingportugal.com\/wp-content\/uploads\/2021\/01\/experiencia-benoit-8-360x360.jpg 360w, https:\/\/theartoftastingportugal.com\/wp-content\/uploads\/2021\/01\/experiencia-benoit-8-365x365.jpg 365w, https:\/\/theartoftastingportugal.com\/wp-content\/uploads\/2021\/01\/experiencia-benoit-8.jpg 1000w\" sizes=\"(max-width: 450px) 100vw, 450px\" \/><\/noscript><\/a> <\/figure> Funchal | 2-8 people <h3> <a href=\"https:\/\/theartoftastingportugal.com\/en\/product\/experience-madeira-island-with-chef-benoit-sinthon\/\" title=\"Experience Madeira island with Chef Beno\u00eet Sinthon\"> Experience Madeira island with Chef Beno\u00eet Sinthon <\/a> <\/h3> \n <\/li> <\/ul>","_links":{"self":[{"href":"https:\/\/theartoftastingportugal.com\/en\/wp-json\/wp\/v2\/pages\/9766"}],"collection":[{"href":"https:\/\/theartoftastingportugal.com\/en\/wp-json\/wp\/v2\/pages"}],"about":[{"href":"https:\/\/theartoftastingportugal.com\/en\/wp-json\/wp\/v2\/types\/page"}],"author":[{"embeddable":true,"href":"https:\/\/theartoftastingportugal.com\/en\/wp-json\/wp\/v2\/users\/1"}],"replies":[{"embeddable":true,"href":"https:\/\/theartoftastingportugal.com\/en\/wp-json\/wp\/v2\/comments?post=9766"}],"version-history":[{"count":34,"href":"https:\/\/theartoftastingportugal.com\/en\/wp-json\/wp\/v2\/pages\/9766\/revisions"}],"predecessor-version":[{"id":15507,"href":"https:\/\/theartoftastingportugal.com\/en\/wp-json\/wp\/v2\/pages\/9766\/revisions\/15507"}],"wp:attachment":[{"href":"https:\/\/theartoftastingportugal.com\/en\/wp-json\/wp\/v2\/media?parent=9766"}],"curies":[{"name":"wp","href":"https:\/\/api.w.org\/{rel}","templated":true}]}}