{"id":16136,"date":"2023-11-17T11:19:05","date_gmt":"2023-11-17T11:19:05","guid":{"rendered":"https:\/\/theartoftastingportugal.com\/experiencias-michelin\/"},"modified":"2024-07-19T13:56:19","modified_gmt":"2024-07-19T13:56:19","slug":"michelin-experiences","status":"publish","type":"page","link":"https:\/\/theartoftastingportugal.com\/en\/michelin-experiences\/","title":{"rendered":"Michelin Experiences"},"content":{"rendered":"<!--themify_builder_content-->\n<div id=\"themify_builder_content-16136\" data-postid=\"16136\" class=\"themify_builder_content themify_builder_content-16136 themify_builder tf_clear\">\n    \t<!-- module_row -->\n\t<div  data-css_id=\"rn2h929\" data-lazy=\"1\" class=\"module_row themify_builder_row banner-default text-center experiencias fullcover fullwidth tb_rn2h929 tb_first tf_clearfix\" >\n\t    <div class=\"tf_abs builder_row_cover\"><\/div>\t\t<div class=\"row_inner col_align_middle tf_box tf_w tf_rel\">\n\t\t\t<div  data-lazy=\"1\" class=\"module_column tb-column col-full first tb_0t5a930 tf_box\">\n\t    \t    \t        <div class=\"tb-column-inner tf_box tf_w\">\n\t\t    <!-- module fancy heading -->\n<div  class=\"module module-fancy-heading tb_ubjz930  tb_hide_divider\" data-lazy=\"1\">\n        <h1 class=\"fancy-heading\">\n    <span  class=\"main-head tf_block\">\n\t\t\t\t\tMichelin Experiences\t\t    <\/span>\n    <span class=\"sub-head tf_block tf_rel\">\n\t\t\t\t\t\t\t    <\/span>\n    <\/h1>\n<\/div>\n<!-- \/module fancy heading -->\n<!-- module plain text -->\n<div  class=\"module module-plain-text tb_u137867 \" data-lazy=\"1\">\n        <div class=\"tb_text_wrap\">\n\t<p class=\"text-center white\">The Art of Tasting Portugal experiences are developed in collaboration with the Michelin Guide.<\/p>    <\/div>\n<\/div>\n<!-- \/module plain text -->\t        <\/div>\n\t    \t<\/div>\n\t\t    <\/div>\n\t    <!-- \/row_inner -->\n\t<\/div>\n\t<!-- \/module_row -->\n\t\t<!-- module_row -->\n\t<div  data-lazy=\"1\" class=\"module_row themify_builder_row tb_1j6e759 tf_clearfix\" >\n\t    \t\t<div class=\"row_inner col_align_top tf_box tf_w tf_rel\">\n\t\t\t<div  data-lazy=\"1\" class=\"module_column tb-column col-full first tb_enbx760 tf_box\">\n\t    \t    \t        <div class=\"tb-column-inner tf_box tf_w\">\n\t\t    <!-- module image -->\n<div  class=\"module module-image tb_2ahv926   image-center tf_mw\" data-lazy=\"1\">\n        <div class=\"image-wrap tf_rel tf_mw\">\n\t\t    <img loading=\"lazy\" src=\"https:\/\/theartoftastingportugal.com\/wp-content\/uploads\/2023\/11\/taotp-cnn-350x91.png\" width=\"350\" height=\"91\" class=\"wp-post-image wp-image-15902\" title=\"taotp-cnn\" alt=\"taotp-cnn\" srcset=\"https:\/\/theartoftastingportugal.com\/wp-content\/uploads\/2023\/11\/taotp-cnn-350x91.png 350w, https:\/\/theartoftastingportugal.com\/wp-content\/uploads\/2023\/11\/taotp-cnn-300x78.png 300w, https:\/\/theartoftastingportugal.com\/wp-content\/uploads\/2023\/11\/taotp-cnn-250x65.png 250w, https:\/\/theartoftastingportugal.com\/wp-content\/uploads\/2023\/11\/taotp-cnn.png 579w\" sizes=\"(max-width: 350px) 100vw, 350px\" \/>\t\n\t\t<\/div>\n\t<!-- \/image-wrap -->\n    \n    \t<\/div>\n<!-- \/module image -->\t        <\/div>\n\t    \t<\/div>\n\t\t    <\/div>\n\t    <!-- \/row_inner -->\n\t<\/div>\n\t<!-- \/module_row -->\n\t\t<!-- module_row -->\n\t<div  data-lazy=\"1\" class=\"module_row themify_builder_row tb_4paw653 tf_clearfix\" >\n\t    \t\t<div class=\"row_inner col_align_top tf_box tf_w tf_rel\">\n\t\t\t<div  data-lazy=\"1\" class=\"module_column tb-column col-full first tb_gsr3653 tf_box\">\n\t    \t    \t        <div class=\"tb-column-inner tf_box tf_w\">\n\t\t    <!-- module plain text -->\n<div  class=\"module module-plain-text tb_1we0653 intro-text-regioes\" data-lazy=\"1\">\n        <div class=\"tb_text_wrap\">\n\t<p>Together with CNN Portugal, The Art of Tasting Portugal materialises its concept of immersing in Portuguese gastronomy in an eight-episode television series, with each episode representing a tourism product developed in collaboration with MICHELIN Guide, in what represents a worldwide partnership.<\/p>\n\n<p>\u00a0Each episode of the series is dedicated to a different Portuguese region with eight of Portugal&#8217;s most renowned chefs as ambassadors, and whose restaurants are distinguished by MICHELIN Guide Portugal 2023: Alexandre Silva, Louis Anjos, Hans Neuner, Rodrigo Castelo, Marlene Vieira, Arnaldo Azevedo, Vasco Coelho Santos and Beno\u00eet Sinthon.<\/p>\n\n<p>This TV series had the support of Turismo de Portugal, ViniPortugal, Makro and Cupra as main sponsors, and production was also supported by Zwiesel Glas and Costa Nova.<\/p>\n    <\/div>\n<\/div>\n<!-- \/module plain text -->\t        <\/div>\n\t    \t<\/div>\n\t\t    <\/div>\n\t    <!-- \/row_inner -->\n\t<\/div>\n\t<!-- \/module_row -->\n\t\t<!-- module_row -->\n\t<div  data-lazy=\"1\" class=\"module_row themify_builder_row tb_pb7484 tf_clearfix\" >\n\t    \t\t<div class=\"row_inner col_align_middle tf_box tf_w tf_rel\">\n\t\t\t<div  data-lazy=\"1\" class=\"module_column tb-column col4-2 first tb_695p84 tf_box\">\n\t    \t    \t        <div class=\"tb-column-inner tf_box tf_w\">\n\t\t    <!-- module plain text -->\n<div  class=\"module module-plain-text tb_aso884 \" data-lazy=\"1\">\n        <div class=\"tb_text_wrap\">\n\t<div class=\"youtube-player\" data-id=\"RrrykxU3_Fs\"><\/div>    <\/div>\n<\/div>\n<!-- \/module plain text -->\t        <\/div>\n\t    \t<\/div>\n\t\t<div  data-lazy=\"1\" class=\"module_column tb-column col4-2 last tb_qi9n84 tf_box\">\n\t    \t    \t        <div class=\"tb-column-inner tf_box tf_w\">\n\t\t    <!-- module text -->\n<div  class=\"module module-text tb_02q984   \" data-lazy=\"1\">\n        <div  class=\"tb_text_wrap\">\n    <div class=\"experiencias-cnn-wrapper\">\n<h3>Experience<br \/>Chef Alexandre Silva<br \/>Berlengas<\/h3>\n<p><a href=\"#themify-popup-16421\" class=\"tf_popup  \">Programme<\/a> <a href=\"#themify-popup-16424\" class=\"tf_popup  \">General Information<\/a><\/p>\n<p><span style=\"color: #424242; font-size: 1em; font-weight: 600; letter-spacing: 0.05em; background-color: initial;\">Price<\/span><\/p>\n<p>Upon request<\/p>\n<div class=\"btn-reservar-cnn\"><a href=\"mailto:hello@theartoftastingportugal?subject=Pre-reservation Experience Alexandre Silva - Berlengas\">Pre-reservation<\/a><\/div>\n<\/div>    <\/div>\n<\/div>\n<!-- \/module text -->\t        <\/div>\n\t    \t<\/div>\n\t\t    <\/div>\n\t    <!-- \/row_inner -->\n\t<\/div>\n\t<!-- \/module_row -->\n\t\t<!-- module_row -->\n\t<div  data-lazy=\"1\" class=\"module_row themify_builder_row tb_a0cf232 tf_clearfix\" >\n\t    \t\t<div class=\"row_inner col_align_middle tf_box tf_w tf_rel\">\n\t\t\t<div  data-lazy=\"1\" class=\"module_column tb-column col4-2 first tb_donn232 tf_box\">\n\t    \t    \t        <div class=\"tb-column-inner tf_box tf_w\">\n\t\t    <!-- module plain text -->\n<div  class=\"module module-plain-text tb_tlua38 \" data-lazy=\"1\">\n        <div class=\"tb_text_wrap\">\n\t<div class=\"youtube-player\" data-id=\"ZezqIbs8nOQ\"><\/div>    <\/div>\n<\/div>\n<!-- \/module plain text -->\t        <\/div>\n\t    \t<\/div>\n\t\t<div  data-lazy=\"1\" class=\"module_column tb-column col4-2 last tb_qnmk276 tf_box\">\n\t    \t    \t        <div class=\"tb-column-inner tf_box tf_w\">\n\t\t    <!-- module text -->\n<div  class=\"module module-text tb_3yen177   \" data-lazy=\"1\">\n        <div  class=\"tb_text_wrap\">\n    <div class=\"experiencias-cnn-wrapper\">\n<h3>Experience<br \/>Chef Rodrigo Castelo<br \/>Santar\u00e9m<\/h3>\n<p><a href=\"#themify-popup-16619\" class=\"tf_popup  \">Programme<\/a> <a href=\"#themify-popup-16622\" class=\"tf_popup  \">General Information<\/a><\/p>\n<\/div>\n<div class=\"experiencias-cnn-wrapper\">\n<h4>Price<\/h4>\n<p>Upon request<\/p>\n<div class=\"btn-reservar-cnn\"><a href=\"mailto:hello@theartoftastingportugal?subject=Pre-reservation Experience Rodrigo Castelo - Santar\u00e9m\">Pre-reservation<\/a><\/div>\n<\/div>    <\/div>\n<\/div>\n<!-- \/module text -->\t        <\/div>\n\t    \t<\/div>\n\t\t    <\/div>\n\t    <!-- \/row_inner -->\n\t<\/div>\n\t<!-- \/module_row -->\n\t\t<!-- module_row -->\n\t<div  data-lazy=\"1\" class=\"module_row themify_builder_row tb_lvg2119 tf_clearfix\" >\n\t    \t\t<div class=\"row_inner col_align_middle tf_box tf_w tf_rel\">\n\t\t\t<div  data-lazy=\"1\" class=\"module_column tb-column col4-2 first tb_j5wi119 tf_box\">\n\t    \t    \t        <div class=\"tb-column-inner tf_box tf_w\">\n\t\t    <!-- module plain text -->\n<div  class=\"module module-plain-text tb_2z4y120 \" data-lazy=\"1\">\n        <div class=\"tb_text_wrap\">\n\t<div class=\"youtube-player\" data-id=\"_OObMMzOCWw\"><\/div>    <\/div>\n<\/div>\n<!-- \/module plain text -->\t        <\/div>\n\t    \t<\/div>\n\t\t<div  data-lazy=\"1\" class=\"module_column tb-column col4-2 last tb_thxo120 tf_box\">\n\t    \t    \t        <div class=\"tb-column-inner tf_box tf_w\">\n\t\t    <!-- module text -->\n<div  class=\"module module-text tb_hirf120   \" data-lazy=\"1\">\n        <div  class=\"tb_text_wrap\">\n    <div class=\"experiencias-cnn-wrapper\">\n<h3>Experience<br \/>Chef Arnaldo Azevedo<br \/>Porto<\/h3>\n<p><a href=\"#themify-popup-16510\" class=\"tf_popup  \">Programme<\/a> <a href=\"#themify-popup-16516\" class=\"tf_popup  \">General Information<\/a><\/p>\n<\/div>\n<div class=\"experiencias-cnn-wrapper\">\n<h4>Price<\/h4>\n<p>Upon request<\/p>\n<div class=\"btn-reservar-cnn\"><a href=\"mailto:hello@theartoftastingportugal?subject=Pre-reservation Experience Arnaldo Azevedo - Porto\">Pre-reservation<\/a><\/div>\n<\/div>    <\/div>\n<\/div>\n<!-- \/module text -->\t        <\/div>\n\t    \t<\/div>\n\t\t    <\/div>\n\t    <!-- \/row_inner -->\n\t<\/div>\n\t<!-- \/module_row -->\n\t\t<!-- module_row -->\n\t<div  data-lazy=\"1\" class=\"module_row themify_builder_row tb_uz5j231 tf_clearfix\" >\n\t    \t\t<div class=\"row_inner col_align_middle tf_box tf_w tf_rel\">\n\t\t\t<div  data-lazy=\"1\" class=\"module_column tb-column col4-2 first tb_izf3231 tf_box\">\n\t    \t    \t        <div class=\"tb-column-inner tf_box tf_w\">\n\t\t    <!-- module plain text -->\n<div  class=\"module module-plain-text tb_e3s2231 \" data-lazy=\"1\">\n        <div class=\"tb_text_wrap\">\n\t<div class=\"youtube-player\" data-id=\"9Sp0jj_zCuk\"><\/div>    <\/div>\n<\/div>\n<!-- \/module plain text -->\t        <\/div>\n\t    \t<\/div>\n\t\t<div  data-lazy=\"1\" class=\"module_column tb-column col4-2 last tb_j300231 tf_box\">\n\t    \t    \t        <div class=\"tb-column-inner tf_box tf_w\">\n\t\t    <!-- module text -->\n<div  class=\"module module-text tb_ipjo231   \" data-lazy=\"1\">\n        <div  class=\"tb_text_wrap\">\n    <div class=\"experiencias-cnn-wrapper\">\n<h3>Experience<br \/>Chef Vasco Coelho Santos<br \/>Douro Valley<\/h3>\n<p><a href=\"#themify-popup-16608\" class=\"tf_popup  \">Programme<\/a> <a href=\"#themify-popup-16612\" class=\"tf_popup  \">General Information<\/a><\/p>\n<\/div>\n<div class=\"experiencias-cnn-wrapper\">\n<h4>Price<\/h4>\n<p>Upon request<\/p>\n<div class=\"btn-reservar-cnn\"><a href=\"mailto:hello@theartoftastingportugal?subject=Pre-reservation Experience Vasco C Santos - Douro\">Pre-reservation<\/a><\/div>\n<\/div>    <\/div>\n<\/div>\n<!-- \/module text -->\t        <\/div>\n\t    \t<\/div>\n\t\t    <\/div>\n\t    <!-- \/row_inner -->\n\t<\/div>\n\t<!-- \/module_row -->\n\t\t<!-- module_row -->\n\t<div  data-lazy=\"1\" class=\"module_row themify_builder_row tb_weo4958 tf_clearfix\" >\n\t    \t\t<div class=\"row_inner col_align_middle tf_box tf_w tf_rel\">\n\t\t\t<div  data-lazy=\"1\" class=\"module_column tb-column col4-2 first tb_nwl7958 tf_box\">\n\t    \t    \t        <div class=\"tb-column-inner tf_box tf_w\">\n\t\t    <!-- module plain text -->\n<div  class=\"module module-plain-text tb_9em9959 \" data-lazy=\"1\">\n        <div class=\"tb_text_wrap\">\n\t<div class=\"youtube-player\" data-id=\"VQOEboFx0hg\"><\/div>    <\/div>\n<\/div>\n<!-- \/module plain text -->\t        <\/div>\n\t    \t<\/div>\n\t\t<div  data-lazy=\"1\" class=\"module_column tb-column col4-2 last tb_157i959 tf_box\">\n\t    \t    \t        <div class=\"tb-column-inner tf_box tf_w\">\n\t\t    <!-- module text -->\n<div  class=\"module module-text tb_sghm959   \" data-lazy=\"1\">\n        <div  class=\"tb_text_wrap\">\n    <div class=\"experiencias-cnn-wrapper\">\n<h3>Experience<br \/>Chef Beno\u00eet Sinthon<br \/>Madeira<\/h3>\n<p><a href=\"#themify-popup-16557\" class=\"tf_popup  \">Programme<\/a> <a href=\"#themify-popup-16561\" class=\"tf_popup  \">General Information<\/a><\/p>\n<\/div>\n<div class=\"experiencias-cnn-wrapper\">\n<h4>Price<\/h4>\n<p>Upon request<\/p>\n<div class=\"btn-reservar-cnn\"><a href=\"mailto:hello@theartoftastingportugal?subject=Pre-reservation Experience Beno\u00eet Sinthon - Madeira\">Pre-reservation<\/a><\/div>\n<\/div>    <\/div>\n<\/div>\n<!-- \/module text -->\t        <\/div>\n\t    \t<\/div>\n\t\t    <\/div>\n\t    <!-- \/row_inner -->\n\t<\/div>\n\t<!-- \/module_row -->\n\t\t<!-- module_row -->\n\t<div  data-lazy=\"1\" class=\"module_row themify_builder_row tb_vsqw441 tf_clearfix\" >\n\t    \t\t<div class=\"row_inner col_align_middle tf_box tf_w tf_rel\">\n\t\t\t<div  data-lazy=\"1\" class=\"module_column tb-column col4-2 first tb_2nh4441 tf_box\">\n\t    \t    \t        <div class=\"tb-column-inner tf_box tf_w\">\n\t\t    <!-- module plain text -->\n<div  class=\"module module-plain-text tb_5bf3441 \" data-lazy=\"1\">\n        <div class=\"tb_text_wrap\">\n\t<div class=\"youtube-player\" data-id=\"APRGRMQfoNg\"><\/div>    <\/div>\n<\/div>\n<!-- \/module plain text -->\t        <\/div>\n\t    \t<\/div>\n\t\t<div  data-lazy=\"1\" class=\"module_column tb-column col4-2 last tb_jwq3441 tf_box\">\n\t    \t    \t        <div class=\"tb-column-inner tf_box tf_w\">\n\t\t    <!-- module text -->\n<div  class=\"module module-text tb_zjxp441   \" data-lazy=\"1\">\n        <div  class=\"tb_text_wrap\">\n    <div class=\"experiencias-cnn-wrapper\">\n<h3>Experience<br \/>Chef Marlene Vieira<br \/>Set\u00fabal<\/h3>\n<p><a href=\"#themify-popup-16599\" class=\"tf_popup  \">Programme<\/a> <a href=\"#themify-popup-16603\" class=\"tf_popup  \">General Information<\/a><\/p>\n<\/div>\n<div class=\"experiencias-cnn-wrapper\">\n<h4>Price<\/h4>\n<p>Upon request<\/p>\n<div class=\"btn-reservar-cnn\"><a href=\"mailto:hello@theartoftastingportugal?subject=Pre-reservation Experience Marlene Vieira - Set\u00fabal\">Pre-reservation<\/a><\/div>\n<\/div>    <\/div>\n<\/div>\n<!-- \/module text -->\t        <\/div>\n\t    \t<\/div>\n\t\t    <\/div>\n\t    <!-- \/row_inner -->\n\t<\/div>\n\t<!-- \/module_row -->\n\t\t<!-- module_row -->\n\t<div  data-lazy=\"1\" class=\"module_row themify_builder_row tb_bh6443 tf_clearfix\" >\n\t    \t\t<div class=\"row_inner col_align_middle tf_box tf_w tf_rel\">\n\t\t\t<div  data-lazy=\"1\" class=\"module_column tb-column col4-2 first tb_6k5p43 tf_box\">\n\t    \t    \t        <div class=\"tb-column-inner tf_box tf_w\">\n\t\t    <!-- module plain text -->\n<div  class=\"module module-plain-text tb_9svq43 \" data-lazy=\"1\">\n        <div class=\"tb_text_wrap\">\n\t<div class=\"youtube-player\" data-id=\"IhzJsJR9jiU\"><\/div>    <\/div>\n<\/div>\n<!-- \/module plain text -->\t        <\/div>\n\t    \t<\/div>\n\t\t<div  data-lazy=\"1\" class=\"module_column tb-column col4-2 last tb_mybr44 tf_box\">\n\t    \t    \t        <div class=\"tb-column-inner tf_box tf_w\">\n\t\t    <!-- module text -->\n<div  class=\"module module-text tb_l4nd44   \" data-lazy=\"1\">\n        <div  class=\"tb_text_wrap\">\n    <div class=\"experiencias-cnn-wrapper\">\n<h3>Experience<br \/>Chef Louis Anjos<br \/>Lagos<\/h3>\n<p><a href=\"#themify-popup-16586\" class=\"tf_popup  \">Programme<\/a> <a href=\"#themify-popup-16590\" class=\"tf_popup  \">General Information<\/a><\/p>\n<\/div>\n<div class=\"experiencias-cnn-wrapper\">\n<h4>Price<\/h4>\n<p>Upon request<\/p>\n<div class=\"btn-reservar-cnn\"><a href=\"mailto:hello@theartoftastingportugal?subject=Pre-reservation Experience Louis Anjos - Lagos\">Pre-reservation<\/a><\/div>\n<\/div>    <\/div>\n<\/div>\n<!-- \/module text -->\t        <\/div>\n\t    \t<\/div>\n\t\t    <\/div>\n\t    <!-- \/row_inner -->\n\t<\/div>\n\t<!-- \/module_row -->\n\t\t<!-- module_row -->\n\t<div  data-lazy=\"1\" class=\"module_row themify_builder_row tb_awb7319 tf_clearfix\" >\n\t    \t\t<div class=\"row_inner col_align_middle tf_box tf_w tf_rel\">\n\t\t\t<div  data-lazy=\"1\" class=\"module_column tb-column col4-2 first tb_ng9o320 tf_box\">\n\t    \t    \t        <div class=\"tb-column-inner tf_box tf_w\">\n\t\t    <!-- module plain text -->\n<div  class=\"module module-plain-text tb_wmef320 \" data-lazy=\"1\">\n        <div class=\"tb_text_wrap\">\n\t<div class=\"youtube-player\" data-id=\"DCpnbTWrLBc\"><\/div>    <\/div>\n<\/div>\n<!-- \/module plain text -->\t        <\/div>\n\t    \t<\/div>\n\t\t<div  data-lazy=\"1\" class=\"module_column tb-column col4-2 last tb_zd8z320 tf_box\">\n\t    \t    \t        <div class=\"tb-column-inner tf_box tf_w\">\n\t\t    <!-- module text -->\n<div  class=\"module module-text tb_w2rq320   \" data-lazy=\"1\">\n        <div  class=\"tb_text_wrap\">\n    <div class=\"experiencias-cnn-wrapper\">\n<h3>Experience<br \/>Chef Hans Neuner<br \/>Olh\u00e3o<\/h3>\n<p><a href=\"#themify-popup-16576\" class=\"tf_popup  \">Programme<\/a> <a href=\"#themify-popup-16580\" class=\"tf_popup  \">General Information<\/a><\/p>\n<\/div>\n<div class=\"experiencias-cnn-wrapper\">\n<h4>Price<\/h4>\n<p>Upon request<\/p>\n<div class=\"btn-reservar-cnn\"><a href=\"mailto:hello@theartoftastingportugal?subject=Pre-reservation Experience Hans Neuner - Olh\u00e3o\">Pre-reservation<\/a><\/div>\n<\/div>    <\/div>\n<\/div>\n<!-- \/module text -->\t        <\/div>\n\t    \t<\/div>\n\t\t    <\/div>\n\t    <!-- \/row_inner -->\n\t<\/div>\n\t<!-- \/module_row -->\n\t\t<!-- module_row -->\n\t<div  data-css_id=\"sj9i486\" data-lazy=\"1\" class=\"module_row themify_builder_row repeat fullwidth_row_container tb_sj9i486 tf_clearfix\" >\n\t    \t\t<div class=\"row_inner col_align_top tf_box tf_w tf_rel\">\n\t\t\t<div  data-lazy=\"1\" class=\"module_column tb-column col-full first tb_k2kw486 tf_box\">\n\t    \t    \t        <div class=\"tb-column-inner tf_box tf_w\">\n\t\t    <!-- module fancy heading -->\n<div  class=\"module module-fancy-heading tb_y38l952  tb_hide_divider\" data-lazy=\"1\">\n        <h2 class=\"fancy-heading tf_textc\">\n    <span  class=\"main-head tf_block\">\n\t\t\t\t\tNews\t\t    <\/span>\n    <span class=\"sub-head tf_block tf_rel\">\n\t\t\t\t\t\t\t    <\/span>\n    <\/h2>\n<\/div>\n<!-- \/module fancy heading -->\n\t        <\/div>\n\t    \t<\/div>\n\t\t    <\/div>\n\t    <!-- \/row_inner -->\n\t<\/div>\n\t<!-- \/module_row -->\n\t\t<!-- module_row -->\n\t<div  data-css_id=\"63u9394\" data-lazy=\"1\" class=\"module_row themify_builder_row repeat fullwidth_row_container tb_63u9394 tf_clearfix\" >\n\t    \t\t<div class=\"row_inner col_align_top tf_box tf_w tf_rel\">\n\t\t\t<div  data-lazy=\"1\" class=\"module_column tb-column col-full first tb_ohl3395 tf_box\">\n\t    \t    \t        <div class=\"tb-column-inner tf_box tf_w\">\n\t\t    <!-- module plain text -->\n<div  class=\"module module-plain-text tb_hpfs395 \" data-lazy=\"1\">\n        <div class=\"tb_text_wrap\">\n\t<div class=\"news-wrapper\">\n\n\n\t<div class=\"news-card\">\t\n\t\t<div class=\"news-img\">\t\t\n\t\t\t<img src=\"\/wp-content\/uploads\/2023\/11\/noticias_CNN-01-min.png\" alt=\"NIT\">\t\n\t\t<\/div>\n\t\t\n\t\t<div class=\"news-title\">\n\t\t\tThe Art of Tasting Portugal chega \u00e0 televis\u00e3o para promover gastronomia do pa\u00eds\n\t\t<\/div>\n\t\t\n\t\t<div class=\"news-date\">\n\t\t\t09\/11\/2023\n\t\t<\/div>\n\n\t\t<a class=\"link-overlay\" href=\"https:\/\/www.nit.pt\/cultura\/televisao\/the-art-of-tasting-portugal-estreia-este-sabado-na-cnn-portugal\" target=\"_blank\"><\/a>\n\t<\/div>\n\t\n\t\n\t\n\t\n\t<div class=\"news-card\">\t\n\t\t<div class=\"news-img\">\t\t\n\t\t\t<img src=\"\/wp-content\/uploads\/2023\/11\/noticia-iol-01-min.png\" alt=\"IOL\">\t\n\t\t<\/div>\n\t\t\n\t\t<div class=\"news-title\">\n\t\t\t &#8220;\u00c9 uma viagem gastron\u00f3mica e pelas paisagens do pa\u00eds&#8221;: The Art of Tasting Portugal estreia a 11 de novembro\n\t\t<\/div>\n\t\t\n\t\t<div class=\"news-date\">\n\t\t\t09\/11\/2023\n\t\t<\/div>\n\n\t\t<a class=\"link-overlay\" href=\"https:\/\/tviplayer.iol.pt\/programa\/noticias-cnn\/6193fe4b0cf2c7ea0f090b1e\/video\/654cd3b70cf265bc96880f75\" target=\"_blank\"><\/a>\n\t<\/div>\t\n\t\n\t\n\t\n\t<div class=\"news-card\">\t\n\t\t<div class=\"news-img\">\t\t\n\t\t\t<img src=\"\/wp-content\/uploads\/2023\/11\/noticia-publico-01-min.png\" alt=\"P\u00fablico\">\t\n\t\t<\/div>\n\t\t\n\t\t<div class=\"news-title\">\n\t\t\t The Art of Tasting Portugal chega \u00e0 televis\u00e3o para promover gastronomia do pa\u00eds\n\t\t<\/div>\n\t\t\n\t\t<div class=\"news-date\">\n\t\t\t08\/11\/2023\n\t\t<\/div>\n\n\t\t<a class=\"link-overlay\" href=\"https:\/\/www.publico.pt\/2023\/11\/08\/fugas\/noticia\/the-art-of-tasting-portugal-chega-televisao-promover-gastronomia-pais-2069442\" target=\"_blank\"><\/a>\n\t<\/div>\n\t\n\t\n\t\n\t\n\t<div class=\"news-card\">\t\n\t\t<div class=\"news-img\">\t\t\n\t\t\t<img src=\"\/wp-content\/uploads\/2023\/11\/noticia-briefing-01-min.png\" alt=\"Briefing\">\t\n\t\t<\/div>\n\t\t\n\t\t<div class=\"news-title\">\n\t\t\tThe Art of Tasting Portugal e CNN Portugal apresentam programa televisivo que destaca o melhor da gastronomia nacional\n\t\t<\/div>\n\t\t\n\t\t<div class=\"news-date\">\n\t\t\t08\/11\/2023\n\t\t<\/div>\n\n\t\t<a class=\"link-overlay\" href=\"https:\/\/www.briefing.pt\/cetera\/fwd-the-art-of-tasting-portugal-e-cnn-portugal-apresentam-programa-televisivo-que-destaca-o-melhor-da-gastronomia-nacional\/\" target=\"_blank\"><\/a>\n\t<\/div>\t\n\t\n\t\n\n\n\t<div class=\"news-card\">\t\n\t\t<div class=\"news-img\">\t\t\n\t\t\t<img src=\"\/wp-content\/uploads\/2023\/11\/noticia-jm-01-min.png\" alt=\"JM MADEIRA\">\t\n\t\t<\/div>\n\t\t\n\t\t<div class=\"news-title\">\n\t\t\tThe Art of Tasting Portugal e CNN Portugal apresentam programa com o melhor da gastronomia nacional\n\t\t<\/div>\n\t\t\n\t\t<div class=\"news-date\">\n\t\t\t08\/11\/2023\n\t\t<\/div>\n\n\t\t<a class=\"link-overlay\" href=\"https:\/\/www.jm-madeira.pt\/regiao\/ver\/222727\/The_Art_of_Tasting_Portugal_e_CNN_Portugal_apresentam_programa_com_o_melhor_da_gastronomia_nacional\" target=\"_blank\"><\/a>\n\t<\/div>\n\t\n\n\n\n\t<div class=\"news-card\">\t\n\t\t<div class=\"news-img\">\t\t\n\t\t\t<img src=\"\/wp-content\/uploads\/2023\/11\/noticia-a-noticia-01-min.png\" alt=\"A Not\u00edcia\">\t\n\t\t<\/div>\n\t\t\n\t\t<div class=\"news-title\">\n\t\t\t \u201cThe Art of Tasting\u201d: O melhor da gastronomia nacional com destaque em s\u00e9rie televisiva\n\t\t<\/div>\n\t\t\n\t\t<div class=\"news-date\">\n\t\t\t08\/11\/2023\n\t\t<\/div>\n\n\t\t<a class=\"link-overlay\" href=\"https:\/\/anoticia.pt\/2023\/11\/08\/the-art-of-tasting-o-melhor-da-gastronomia-nacional-com-destaque-em-serie-televisiva\/\" target=\"_blank\"><\/a>\n\t<\/div>\t\n\n\n\n\t<div class=\"news-card\">\t\n\t\t<div class=\"news-img\">\t\t\n\t\t\t<img src=\"\/wp-content\/uploads\/2023\/11\/noticia-versa-01-01-min.png\" alt=\"VERSA\">\t\n\t\t<\/div>\n\t\t\n\t\t<div class=\"news-title\">\n\t\t\tOs produtos, vinhos e territ\u00f3rio \u00e0 boleia de chefs no novo programa da CNN\n\t\t<\/div>\n\t\t\n\t\t<div class=\"news-date\">\n\t\t\t07\/11\/2023\n\t\t<\/div>\n\n\t\t<a class=\"link-overlay\" href=\"https:\/\/versa.iol.pt\/gourmet\/the-art-of-tasting-portugal\/os-produtos-vinhos-e-territorio-a-boleia-de-chefs-no-novo-programa-da-cnn\/20231107\/654a04d3d34e371fc0b9916f\" target=\"_blank\"><\/a>\n\t<\/div>\n\n\n\n\n\t<div class=\"news-card\">\t\n\t\t<div class=\"news-img\">\t\t\n\t\t\t<img src=\"\/wp-content\/uploads\/2023\/11\/noticia-meios-e-pulicidade-01-min.png\" alt=\"Meios e Publicidade\">\t\n\t\t<\/div>\n\t\t\n\t\t<div class=\"news-title\">\n\t\t\t The Art of Tasting Portugal e CNN Portugal d\u00e3o a conhecer o melhor da gastronomia nacional\n\t\t<\/div>\n\t\t\n\t\t<div class=\"news-date\">\n\t\t\t07\/11\/2023\n\t\t<\/div>\n\n\t\t<a class=\"link-overlay\" href=\"https:\/\/www.meiosepublicidade.pt\/2023\/11\/art-tasting-portugal-e-cnn-portugal-dao-conhecer-o-melhor-da-gastronomia-nacional\/\" target=\"_blank\"><\/a>\n\t<\/div>\n\n\n\n\n\n\t<div class=\"news-card\">\t\n\t\t<div class=\"news-img\">\t\t\n\t\t\t<img src=\"\/wp-content\/uploads\/2023\/11\/noticia-magg-01-min.png\" alt=\"MAGG\">\t\n\t\t<\/div>\n\t\t\n\t\t<div class=\"news-title\">\n\t\t\tVem a\u00ed um novo programa de TV com o melhor da gastronomia nacional. Saiba quando estreia\n\t\t<\/div>\n\t\t\n\t\t<div class=\"news-date\">\n\t\t\t07\/11\/2023\n\t\t<\/div>\n\n\t\t<a class=\"link-overlay\" href=\"https:\/\/magg.sapo.pt\/televisao\/artigos\/vem-ai-um-novo-programa-de-tv-com-o-melhor-da-gastronomia-nacional-saiba-quando-estreia\" target=\"_blank\"><\/a>\n\t<\/div>\t\n\t\n\n\n<\/div>    <\/div>\n<\/div>\n<!-- \/module plain text -->\t        <\/div>\n\t    \t<\/div>\n\t\t    <\/div>\n\t    <!-- \/row_inner -->\n\t<\/div>\n\t<!-- \/module_row -->\n\t\t<!-- module_row -->\n\t<div  data-anchor=\"row-logos\" data-css_id=\"71ov395\" data-lazy=\"1\" class=\"module_row themify_builder_row row-logos fullwidth tb_has_section tb_section-row-logos tb_71ov395 tf_clearfix\" >\n\t    \t\t<div class=\"row_inner col_align_top tf_box tf_w tf_rel\">\n\t\t\t<div  data-lazy=\"1\" class=\"module_column tb-column col-full first tb_w6vp395 tf_box\">\n\t    \t    \t        <div class=\"tb-column-inner tf_box tf_w\">\n\t\t    <!-- module plain text -->\n<div  class=\"module module-plain-text tb_r1m1758 \" data-lazy=\"1\">\n        <div class=\"tb_text_wrap\">\n\t<div class=\"logo-wrapper\">\n<div class=\"logos\">\n\t<div class=\"logos-slide\">\n\t\t<img src=\"\/wp-content\/uploads\/2023\/11\/cnn.png\">\n\t\t<img src=\"\/wp-content\/uploads\/2023\/11\/makro.png\">\n\t\t<img src=\"\/wp-content\/uploads\/2023\/11\/cupra.png\">\n\t\t<img src=\"\/wp-content\/uploads\/2023\/11\/viniportugal.png\">\n\t\t<img src=\"\/wp-content\/uploads\/2023\/11\/visitportugal.png\">\n\t\t<img src=\"\/wp-content\/uploads\/2023\/11\/zwisel-logo.png\">\n\t\t<img src=\"\/wp-content\/uploads\/2023\/11\/costa-nova.png\">\n\t<\/div>\n\t<div class=\"logos-slide\">\n\t\t<img src=\"\/wp-content\/uploads\/2023\/11\/cnn.png\">\n\t\t<img src=\"\/wp-content\/uploads\/2023\/11\/makro.png\">\n\t\t<img src=\"\/wp-content\/uploads\/2023\/11\/cupra.png\">\n\t\t<img src=\"\/wp-content\/uploads\/2023\/11\/viniportugal.png\">\n\t\t<img src=\"\/wp-content\/uploads\/2023\/11\/visitportugal.png\">\n\t\t<img src=\"\/wp-content\/uploads\/2023\/11\/zwisel-logo.png\">\n\t\t<img src=\"\/wp-content\/uploads\/2023\/11\/costa-nova.png\">\n\t<\/div>\n\t<div class=\"logos-slide\">\n\t\t<img src=\"\/wp-content\/uploads\/2023\/11\/cnn.png\">\n\t\t<img src=\"\/wp-content\/uploads\/2023\/11\/makro.png\">\n\t\t<img src=\"\/wp-content\/uploads\/2023\/11\/cupra.png\">\n\t\t<img src=\"\/wp-content\/uploads\/2023\/11\/viniportugal.png\">\n\t\t<img src=\"\/wp-content\/uploads\/2023\/11\/visitportugal.png\">\n\t\t<img src=\"\/wp-content\/uploads\/2023\/11\/zwisel-logo.png\">\n\t\t<img src=\"\/wp-content\/uploads\/2023\/11\/costa-nova.png\">\n\t<\/div>\n<\/div>\n<\/div>    <\/div>\n<\/div>\n<!-- \/module plain text -->\t        <\/div>\n\t    \t<\/div>\n\t\t    <\/div>\n\t    <!-- \/row_inner -->\n\t<\/div>\n\t<!-- \/module_row -->\n\t<\/div>\n<!--\/themify_builder_content-->","protected":false},"excerpt":{"rendered":"<p>ExperienceChef Alexandre SilvaBerlengas <a href=\"#themify-popup-16421\" class=\"tf_popup  \">Programme<\/a> <a href=\"#themify-popup-16424\" class=\"tf_popup  \">General Information<\/a> Price Upon request Pre-reservation<\/p>\n","protected":false},"author":1,"featured_media":0,"parent":0,"menu_order":0,"comment_status":"closed","ping_status":"closed","template":"","meta":[],"acf":[],"yoast_head":"<!-- This site is optimized with the Yoast SEO plugin v18.8 - https:\/\/yoast.com\/wordpress\/plugins\/seo\/ -->\n<title>Michelin Experiences - The Art of Tasting Portugal<\/title>\n<meta name=\"robots\" content=\"index, follow, max-snippet:-1, max-image-preview:large, max-video-preview:-1\" \/>\n<link rel=\"canonical\" href=\"https:\/\/theartoftastingportugal.com\/en\/michelin-experiences\/\" \/>\n<meta property=\"og:locale\" content=\"en_US\" \/>\n<meta property=\"og:type\" content=\"article\" \/>\n<meta property=\"og:title\" content=\"Michelin Experiences - The Art of Tasting Portugal\" \/>\n<meta property=\"og:description\" content=\"ExperienceChef Alexandre SilvaBerlengas  Price Upon request Pre-reservation\" \/>\n<meta property=\"og:url\" content=\"https:\/\/theartoftastingportugal.com\/en\/michelin-experiences\/\" \/>\n<meta property=\"og:site_name\" content=\"The Art of Tasting Portugal\" \/>\n<meta property=\"article:modified_time\" content=\"2024-07-19T13:56:19+00:00\" \/>\n<meta name=\"twitter:card\" content=\"summary_large_image\" \/>\n<script type=\"application\/ld+json\" class=\"yoast-schema-graph\">{\"@context\":\"https:\/\/schema.org\",\"@graph\":[{\"@type\":\"WebSite\",\"@id\":\"https:\/\/theartoftastingportugal.com\/#website\",\"url\":\"https:\/\/theartoftastingportugal.com\/\",\"name\":\"The Art of Tasting Portugal\",\"description\":\"The Art of Tasting Portugal\",\"potentialAction\":[{\"@type\":\"SearchAction\",\"target\":{\"@type\":\"EntryPoint\",\"urlTemplate\":\"https:\/\/theartoftastingportugal.com\/?s={search_term_string}\"},\"query-input\":\"required name=search_term_string\"}],\"inLanguage\":\"en-US\"},{\"@type\":\"WebPage\",\"@id\":\"https:\/\/theartoftastingportugal.com\/en\/michelin-experiences\/#webpage\",\"url\":\"https:\/\/theartoftastingportugal.com\/en\/michelin-experiences\/\",\"name\":\"Michelin Experiences - The Art of Tasting Portugal\",\"isPartOf\":{\"@id\":\"https:\/\/theartoftastingportugal.com\/#website\"},\"datePublished\":\"2023-11-17T11:19:05+00:00\",\"dateModified\":\"2024-07-19T13:56:19+00:00\",\"breadcrumb\":{\"@id\":\"https:\/\/theartoftastingportugal.com\/en\/michelin-experiences\/#breadcrumb\"},\"inLanguage\":\"en-US\",\"potentialAction\":[{\"@type\":\"ReadAction\",\"target\":[\"https:\/\/theartoftastingportugal.com\/en\/michelin-experiences\/\"]}]},{\"@type\":\"BreadcrumbList\",\"@id\":\"https:\/\/theartoftastingportugal.com\/en\/michelin-experiences\/#breadcrumb\",\"itemListElement\":[{\"@type\":\"ListItem\",\"position\":1,\"name\":\"In\u00edcio\",\"item\":\"https:\/\/theartoftastingportugal.com\/en\/\"},{\"@type\":\"ListItem\",\"position\":2,\"name\":\"Michelin Experiences\"}]}]}<\/script>\n<!-- \/ Yoast SEO plugin. -->","yoast_head_json":{"title":"Michelin Experiences - The Art of Tasting Portugal","robots":{"index":"index","follow":"follow","max-snippet":"max-snippet:-1","max-image-preview":"max-image-preview:large","max-video-preview":"max-video-preview:-1"},"canonical":"https:\/\/theartoftastingportugal.com\/en\/michelin-experiences\/","og_locale":"en_US","og_type":"article","og_title":"Michelin Experiences - The Art of Tasting Portugal","og_description":"ExperienceChef Alexandre SilvaBerlengas  Price Upon request Pre-reservation","og_url":"https:\/\/theartoftastingportugal.com\/en\/michelin-experiences\/","og_site_name":"The Art of Tasting Portugal","article_modified_time":"2024-07-19T13:56:19+00:00","twitter_card":"summary_large_image","schema":{"@context":"https:\/\/schema.org","@graph":[{"@type":"WebSite","@id":"https:\/\/theartoftastingportugal.com\/#website","url":"https:\/\/theartoftastingportugal.com\/","name":"The Art of Tasting Portugal","description":"The Art of Tasting Portugal","potentialAction":[{"@type":"SearchAction","target":{"@type":"EntryPoint","urlTemplate":"https:\/\/theartoftastingportugal.com\/?s={search_term_string}"},"query-input":"required name=search_term_string"}],"inLanguage":"en-US"},{"@type":"WebPage","@id":"https:\/\/theartoftastingportugal.com\/en\/michelin-experiences\/#webpage","url":"https:\/\/theartoftastingportugal.com\/en\/michelin-experiences\/","name":"Michelin Experiences - The Art of Tasting Portugal","isPartOf":{"@id":"https:\/\/theartoftastingportugal.com\/#website"},"datePublished":"2023-11-17T11:19:05+00:00","dateModified":"2024-07-19T13:56:19+00:00","breadcrumb":{"@id":"https:\/\/theartoftastingportugal.com\/en\/michelin-experiences\/#breadcrumb"},"inLanguage":"en-US","potentialAction":[{"@type":"ReadAction","target":["https:\/\/theartoftastingportugal.com\/en\/michelin-experiences\/"]}]},{"@type":"BreadcrumbList","@id":"https:\/\/theartoftastingportugal.com\/en\/michelin-experiences\/#breadcrumb","itemListElement":[{"@type":"ListItem","position":1,"name":"In\u00edcio","item":"https:\/\/theartoftastingportugal.com\/en\/"},{"@type":"ListItem","position":2,"name":"Michelin Experiences"}]}]}},"builder_content":"<h1>Michelin Experiences<br\/><\/h1>\n<p>The Art of Tasting Portugal experiences are developed in collaboration with the Michelin Guide.<\/p>\n<img loading=\"lazy\" src=\"https:\/\/theartoftastingportugal.com\/wp-content\/uploads\/2023\/11\/taotp-cnn-350x91.png\" width=\"350\" height=\"91\" title=\"taotp-cnn\" alt=\"taotp-cnn\" srcset=\"https:\/\/theartoftastingportugal.com\/wp-content\/uploads\/2023\/11\/taotp-cnn-350x91.png 350w, https:\/\/theartoftastingportugal.com\/wp-content\/uploads\/2023\/11\/taotp-cnn-300x78.png 300w, https:\/\/theartoftastingportugal.com\/wp-content\/uploads\/2023\/11\/taotp-cnn-250x65.png 250w, https:\/\/theartoftastingportugal.com\/wp-content\/uploads\/2023\/11\/taotp-cnn.png 579w\" sizes=\"(max-width: 350px) 100vw, 350px\" \/>\n<p>Together with CNN Portugal, The Art of Tasting Portugal materialises its concept of immersing in Portuguese gastronomy in an eight-episode television series, with each episode representing a tourism product developed in collaboration with MICHELIN Guide, in what represents a worldwide partnership.<\/p>\n<p>\u00a0Each episode of the series is dedicated to a different Portuguese region with eight of Portugal's most renowned chefs as ambassadors, and whose restaurants are distinguished by MICHELIN Guide Portugal 2023: Alexandre Silva, Louis Anjos, Hans Neuner, Rodrigo Castelo, Marlene Vieira, Arnaldo Azevedo, Vasco Coelho Santos and Beno\u00eet Sinthon.<\/p>\n<p>This TV series had the support of Turismo de Portugal, ViniPortugal, Makro and Cupra as main sponsors, and production was also supported by Zwiesel Glas and Costa Nova.<\/p>\n\n<h3>Experience<br \/>Chef Alexandre Silva<br \/>Berlengas<\/h3> <p>[tf_popup link=\"16421\"]Programme[\/tf_popup] [tf_popup link=\"16424\"]General Information[\/tf_popup]<\/p> <p>Price<\/p> <p>Upon request<\/p> <a href=\"mailto:hello@theartoftastingportugal?subject=Pre-reservation Experience Alexandre Silva - Berlengas\">Pre-reservation<\/a>\n\n<h3>Experience<br \/>Chef Rodrigo Castelo<br \/>Santar\u00e9m<\/h3> <p>[tf_popup link=\"16619\"]Programme[\/tf_popup] [tf_popup link=\"16622\"]General Information[\/tf_popup]<\/p>\n<h4>Price<\/h4> <p>Upon request<\/p> <a href=\"mailto:hello@theartoftastingportugal?subject=Pre-reservation Experience Rodrigo Castelo - Santar\u00e9m\">Pre-reservation<\/a>\n\n<h3>Experience<br \/>Chef Arnaldo Azevedo<br \/>Porto<\/h3> <p>[tf_popup link=\"16510\"]Programme[\/tf_popup] [tf_popup link=\"16516\"]General Information[\/tf_popup]<\/p>\n<h4>Price<\/h4> <p>Upon request<\/p> <a href=\"mailto:hello@theartoftastingportugal?subject=Pre-reservation Experience Arnaldo Azevedo - Porto\">Pre-reservation<\/a>\n\n<h3>Experience<br \/>Chef Vasco Coelho Santos<br \/>Douro Valley<\/h3> <p>[tf_popup link=\"16608\"]Programme[\/tf_popup] [tf_popup link=\"16612\"]General Information[\/tf_popup]<\/p>\n<h4>Price<\/h4> <p>Upon request<\/p> <a href=\"mailto:hello@theartoftastingportugal?subject=Pre-reservation Experience Vasco C Santos - Douro\">Pre-reservation<\/a>\n\n<h3>Experience<br \/>Chef Beno\u00eet Sinthon<br \/>Madeira<\/h3> <p>[tf_popup link=\"16554\"]Programme[\/tf_popup] [tf_popup link=\"16559\"]General Information[\/tf_popup]<\/p>\n<h4>Price<\/h4> <p>Upon request<\/p> <a href=\"mailto:hello@theartoftastingportugal?subject=Pre-reservation Experience Beno\u00eet Sinthon - Madeira\">Pre-reservation<\/a>\n\n<h3>Experience<br \/>Chef Marlene Vieira<br \/>Set\u00fabal<\/h3> <p>[tf_popup link=\"16599\"]Programme[\/tf_popup] [tf_popup link=\"16603\"]General Information[\/tf_popup]<\/p>\n<h4>Price<\/h4> <p>Upon request<\/p> <a href=\"mailto:hello@theartoftastingportugal?subject=Pre-reservation Experience Marlene Vieira - Set\u00fabal\">Pre-reservation<\/a>\n\n<h3>Experience<br \/>Chef Louis Anjos<br \/>Lagos<\/h3> <p>[tf_popup link=\"16586\"]Programme[\/tf_popup] [tf_popup link=\"16590\"]General Information[\/tf_popup]<\/p>\n<h4>Price<\/h4> <p>Upon request<\/p> <a href=\"mailto:hello@theartoftastingportugal?subject=Pre-reservation Experience Louis Anjos - Lagos\">Pre-reservation<\/a>\n\n<h3>Experience<br \/>Chef Hans Neuner<br \/>Olh\u00e3o<\/h3> <p>[tf_popup link=\"16576\"]Programme[\/tf_popup] [tf_popup link=\"16580\"]General Information[\/tf_popup]<\/p>\n<h4>Price<\/h4> <p>Upon request<\/p> <a href=\"mailto:hello@theartoftastingportugal?subject=Pre-reservation Experience Hans Neuner - Olh\u00e3o\">Pre-reservation<\/a>\n<h2>News<br\/><\/h2>\n<img src=\"\/wp-content\/uploads\/2023\/11\/noticias_CNN-01-min.png\" alt=\"NIT\"> The Art of Tasting Portugal chega \u00e0 televis\u00e3o para promover gastronomia do pa\u00eds 09\/11\/2023 \n <a href=\"https:\/\/www.nit.pt\/cultura\/televisao\/the-art-of-tasting-portugal-estreia-este-sabado-na-cnn-portugal\" target=\"_blank\"><\/a> <img src=\"\/wp-content\/uploads\/2023\/11\/noticia-iol-01-min.png\" alt=\"IOL\"> \"\u00c9 uma viagem gastron\u00f3mica e pelas paisagens do pa\u00eds\": The Art of Tasting Portugal estreia a 11 de novembro 09\/11\/2023 \n <a href=\"https:\/\/tviplayer.iol.pt\/programa\/noticias-cnn\/6193fe4b0cf2c7ea0f090b1e\/video\/654cd3b70cf265bc96880f75\" target=\"_blank\"><\/a> <img src=\"\/wp-content\/uploads\/2023\/11\/noticia-publico-01-min.png\" alt=\"P\u00fablico\"> The Art of Tasting Portugal chega \u00e0 televis\u00e3o para promover gastronomia do pa\u00eds 08\/11\/2023 \n <a href=\"https:\/\/www.publico.pt\/2023\/11\/08\/fugas\/noticia\/the-art-of-tasting-portugal-chega-televisao-promover-gastronomia-pais-2069442\" target=\"_blank\"><\/a> <img src=\"\/wp-content\/uploads\/2023\/11\/noticia-briefing-01-min.png\" alt=\"Briefing\"> The Art of Tasting Portugal e CNN Portugal apresentam programa televisivo que destaca o melhor da gastronomia nacional 08\/11\/2023 \n <a href=\"https:\/\/www.briefing.pt\/cetera\/fwd-the-art-of-tasting-portugal-e-cnn-portugal-apresentam-programa-televisivo-que-destaca-o-melhor-da-gastronomia-nacional\/\" target=\"_blank\"><\/a> \n <img src=\"\/wp-content\/uploads\/2023\/11\/noticia-jm-01-min.png\" alt=\"JM MADEIRA\"> The Art of Tasting Portugal e CNN Portugal apresentam programa com o melhor da gastronomia nacional 08\/11\/2023 \n <a href=\"https:\/\/www.jm-madeira.pt\/regiao\/ver\/222727\/The_Art_of_Tasting_Portugal_e_CNN_Portugal_apresentam_programa_com_o_melhor_da_gastronomia_nacional\" target=\"_blank\"><\/a> \n <img src=\"\/wp-content\/uploads\/2023\/11\/noticia-a-noticia-01-min.png\" alt=\"A Not\u00edcia\"> \u201cThe Art of Tasting\u201d: O melhor da gastronomia nacional com destaque em s\u00e9rie televisiva 08\/11\/2023 \n <a href=\"https:\/\/anoticia.pt\/2023\/11\/08\/the-art-of-tasting-o-melhor-da-gastronomia-nacional-com-destaque-em-serie-televisiva\/\" target=\"_blank\"><\/a> \n <img src=\"\/wp-content\/uploads\/2023\/11\/noticia-versa-01-01-min.png\" alt=\"VERSA\"> Os produtos, vinhos e territ\u00f3rio \u00e0 boleia de chefs no novo programa da CNN 07\/11\/2023 \n <a href=\"https:\/\/versa.iol.pt\/gourmet\/the-art-of-tasting-portugal\/os-produtos-vinhos-e-territorio-a-boleia-de-chefs-no-novo-programa-da-cnn\/20231107\/654a04d3d34e371fc0b9916f\" target=\"_blank\"><\/a> \n <img src=\"\/wp-content\/uploads\/2023\/11\/noticia-meios-e-pulicidade-01-min.png\" alt=\"Meios e Publicidade\"> The Art of Tasting Portugal e CNN Portugal d\u00e3o a conhecer o melhor da gastronomia nacional 07\/11\/2023 \n <a href=\"https:\/\/www.meiosepublicidade.pt\/2023\/11\/art-tasting-portugal-e-cnn-portugal-dao-conhecer-o-melhor-da-gastronomia-nacional\/\" target=\"_blank\"><\/a> \n <img src=\"\/wp-content\/uploads\/2023\/11\/noticia-magg-01-min.png\" alt=\"MAGG\"> Vem a\u00ed um novo programa de TV com o melhor da gastronomia nacional. Saiba quando estreia 07\/11\/2023 \n <a href=\"https:\/\/magg.sapo.pt\/televisao\/artigos\/vem-ai-um-novo-programa-de-tv-com-o-melhor-da-gastronomia-nacional-saiba-quando-estreia\" target=\"_blank\"><\/a>\n<img src=\"\/wp-content\/uploads\/2023\/11\/cnn.png\"> <img src=\"\/wp-content\/uploads\/2023\/11\/makro.png\"> <img src=\"\/wp-content\/uploads\/2023\/11\/cupra.png\"> <img src=\"\/wp-content\/uploads\/2023\/11\/viniportugal.png\"> <img src=\"\/wp-content\/uploads\/2023\/11\/visitportugal.png\"> <img src=\"\/wp-content\/uploads\/2023\/11\/zwisel-logo.png\"> <img src=\"\/wp-content\/uploads\/2023\/11\/costa-nova.png\"> <img src=\"\/wp-content\/uploads\/2023\/11\/cnn.png\"> <img src=\"\/wp-content\/uploads\/2023\/11\/makro.png\"> <img src=\"\/wp-content\/uploads\/2023\/11\/cupra.png\"> <img src=\"\/wp-content\/uploads\/2023\/11\/viniportugal.png\"> <img src=\"\/wp-content\/uploads\/2023\/11\/visitportugal.png\"> <img src=\"\/wp-content\/uploads\/2023\/11\/zwisel-logo.png\"> <img src=\"\/wp-content\/uploads\/2023\/11\/costa-nova.png\"> <img src=\"\/wp-content\/uploads\/2023\/11\/cnn.png\"> <img src=\"\/wp-content\/uploads\/2023\/11\/makro.png\"> <img src=\"\/wp-content\/uploads\/2023\/11\/cupra.png\"> <img src=\"\/wp-content\/uploads\/2023\/11\/viniportugal.png\"> <img src=\"\/wp-content\/uploads\/2023\/11\/visitportugal.png\"> <img src=\"\/wp-content\/uploads\/2023\/11\/zwisel-logo.png\"> <img src=\"\/wp-content\/uploads\/2023\/11\/costa-nova.png\">","_links":{"self":[{"href":"https:\/\/theartoftastingportugal.com\/en\/wp-json\/wp\/v2\/pages\/16136"}],"collection":[{"href":"https:\/\/theartoftastingportugal.com\/en\/wp-json\/wp\/v2\/pages"}],"about":[{"href":"https:\/\/theartoftastingportugal.com\/en\/wp-json\/wp\/v2\/types\/page"}],"author":[{"embeddable":true,"href":"https:\/\/theartoftastingportugal.com\/en\/wp-json\/wp\/v2\/users\/1"}],"replies":[{"embeddable":true,"href":"https:\/\/theartoftastingportugal.com\/en\/wp-json\/wp\/v2\/comments?post=16136"}],"version-history":[{"count":67,"href":"https:\/\/theartoftastingportugal.com\/en\/wp-json\/wp\/v2\/pages\/16136\/revisions"}],"predecessor-version":[{"id":16645,"href":"https:\/\/theartoftastingportugal.com\/en\/wp-json\/wp\/v2\/pages\/16136\/revisions\/16645"}],"wp:attachment":[{"href":"https:\/\/theartoftastingportugal.com\/en\/wp-json\/wp\/v2\/media?parent=16136"}],"curies":[{"name":"wp","href":"https:\/\/api.w.org\/{rel}","templated":true}]}}